{"version":"1.0","provider_name":"Instytut Polski w Budapeszcie","provider_url":"https:\/\/instytutpolski.pl\/budapest","author_name":"takacsm","author_url":"https:\/\/instytutpolski.pl\/budapest\/author\/takacsm\/","title":"56 '\/ 16' - Do\u015bwiadczenie i pami\u0119\u0107 o rewolucji - Instytut Polski w Budapeszcie","type":"rich","width":600,"height":338,"html":"<blockquote class=\"wp-embedded-content\" data-secret=\"jiunzYFMbw\"><a href=\"https:\/\/instytutpolski.pl\/budapest\/pl\/2016\/10\/05\/56-16-doswiadczenie-i-pamiec-o-rewolucji\/\">56 '\/ 16&#8242; &#8211; Do\u015bwiadczenie i pami\u0119\u0107 o rewolucji<\/a><\/blockquote><iframe sandbox=\"allow-scripts\" security=\"restricted\" src=\"https:\/\/instytutpolski.pl\/budapest\/pl\/2016\/10\/05\/56-16-doswiadczenie-i-pamiec-o-rewolucji\/embed\/#?secret=jiunzYFMbw\" width=\"600\" height=\"338\" title=\"&#8222;56 &#039;\/ 16&#8242; &#8211; Do\u015bwiadczenie i pami\u0119\u0107 o rewolucji&#8221; &#8212; Instytut Polski w Budapeszcie\" data-secret=\"jiunzYFMbw\" frameborder=\"0\" marginwidth=\"0\" marginheight=\"0\" scrolling=\"no\" class=\"wp-embedded-content\"><\/iframe><script type=\"text\/javascript\">\n\/* <![CDATA[ *\/\n\/*! This file is auto-generated *\/\n!function(d,l){\"use strict\";l.querySelector&&d.addEventListener&&\"undefined\"!=typeof URL&&(d.wp=d.wp||{},d.wp.receiveEmbedMessage||(d.wp.receiveEmbedMessage=function(e){var t=e.data;if((t||t.secret||t.message||t.value)&&!\/[^a-zA-Z0-9]\/.test(t.secret)){for(var s,r,n,a=l.querySelectorAll('iframe[data-secret=\"'+t.secret+'\"]'),o=l.querySelectorAll('blockquote[data-secret=\"'+t.secret+'\"]'),c=new RegExp(\"^https?:$\",\"i\"),i=0;i<o.length;i++)o[i].style.display=\"none\";for(i=0;i<a.length;i++)s=a[i],e.source===s.contentWindow&&(s.removeAttribute(\"style\"),\"height\"===t.message?(1e3<(r=parseInt(t.value,10))?r=1e3:~~r<200&&(r=200),s.height=r):\"link\"===t.message&&(r=new URL(s.getAttribute(\"src\")),n=new URL(t.value),c.test(n.protocol))&&n.host===r.host&&l.activeElement===s&&(d.top.location.href=t.value))}},d.addEventListener(\"message\",d.wp.receiveEmbedMessage,!1),l.addEventListener(\"DOMContentLoaded\",function(){for(var e,t,s=l.querySelectorAll(\"iframe.wp-embedded-content\"),r=0;r<s.length;r++)(t=(e=s[r]).getAttribute(\"data-secret\"))||(t=Math.random().toString(36).substring(2,12),e.src+=\"#?secret=\"+t,e.setAttribute(\"data-secret\",t)),e.contentWindow.postMessage({message:\"ready\",secret:t},\"*\")},!1)))}(window,document);\n\/* ]]> *\/\n<\/script>\n","thumbnail_url":"https:\/\/instytutpolski.pl\/budapest\/wp-content\/uploads\/sites\/21\/2020\/04\/56-16.jpg","thumbnail_width":350,"thumbnail_height":261,"description":"5 pa\u017adziernika (\u015broda), godz. 19.00 \u2014 27 pa\u017adziernika 2016 r. (czwartek)1061 Budapest, Andr\u00e1ssy \u00fat. 32Wernisa\u017c: 5 pa\u017adziernika\u00a02016.\u00a0 \/ 19:00 h. Archiwalne zdj\u0119cia rewolucji 1956. roku autorstwa Gyula Nagy\u2019a s\u0105 rzadko widzianym sprawozdaniem, s\u0105 dowodami osobistej historii. Zosta\u0142y zrobione tam i wtedy, podczas gdy fotograf by uczestnikiem historycznych wydarze\u0144.\u00a0\u00a0Te archiwalne zdj\u0119cia prawdziwej historycznej osi czasu s\u0105 [&hellip;]"}