{"version":"1.0","provider_name":"Instytut Polski w Budapeszcie","provider_url":"https:\/\/instytutpolski.pl\/budapest","author_name":"takacsm","author_url":"https:\/\/instytutpolski.pl\/budapest\/author\/takacsm\/","title":"ZNAKI NA NIEBIE - Instytut Polski w Budapeszcie","type":"rich","width":600,"height":338,"html":"<blockquote class=\"wp-embedded-content\" data-secret=\"pIoMrEKh4J\"><a href=\"https:\/\/instytutpolski.pl\/budapest\/pl\/2018\/08\/03\/znaki-na-niebie\/\">ZNAKI NA NIEBIE<\/a><\/blockquote><iframe sandbox=\"allow-scripts\" security=\"restricted\" src=\"https:\/\/instytutpolski.pl\/budapest\/pl\/2018\/08\/03\/znaki-na-niebie\/embed\/#?secret=pIoMrEKh4J\" width=\"600\" height=\"338\" title=\"&#8222;ZNAKI NA NIEBIE&#8221; &#8212; Instytut Polski w Budapeszcie\" data-secret=\"pIoMrEKh4J\" frameborder=\"0\" marginwidth=\"0\" marginheight=\"0\" scrolling=\"no\" class=\"wp-embedded-content\"><\/iframe><script type=\"text\/javascript\">\n\/* <![CDATA[ *\/\n\/*! This file is auto-generated *\/\n!function(d,l){\"use strict\";l.querySelector&&d.addEventListener&&\"undefined\"!=typeof URL&&(d.wp=d.wp||{},d.wp.receiveEmbedMessage||(d.wp.receiveEmbedMessage=function(e){var t=e.data;if((t||t.secret||t.message||t.value)&&!\/[^a-zA-Z0-9]\/.test(t.secret)){for(var s,r,n,a=l.querySelectorAll('iframe[data-secret=\"'+t.secret+'\"]'),o=l.querySelectorAll('blockquote[data-secret=\"'+t.secret+'\"]'),c=new RegExp(\"^https?:$\",\"i\"),i=0;i<o.length;i++)o[i].style.display=\"none\";for(i=0;i<a.length;i++)s=a[i],e.source===s.contentWindow&&(s.removeAttribute(\"style\"),\"height\"===t.message?(1e3<(r=parseInt(t.value,10))?r=1e3:~~r<200&&(r=200),s.height=r):\"link\"===t.message&&(r=new URL(s.getAttribute(\"src\")),n=new URL(t.value),c.test(n.protocol))&&n.host===r.host&&l.activeElement===s&&(d.top.location.href=t.value))}},d.addEventListener(\"message\",d.wp.receiveEmbedMessage,!1),l.addEventListener(\"DOMContentLoaded\",function(){for(var e,t,s=l.querySelectorAll(\"iframe.wp-embedded-content\"),r=0;r<s.length;r++)(t=(e=s[r]).getAttribute(\"data-secret\"))||(t=Math.random().toString(36).substring(2,12),e.src+=\"#?secret=\"+t,e.setAttribute(\"data-secret\",t)),e.contentWindow.postMessage({message:\"ready\",secret:t},\"*\")},!1)))}(window,document);\n\/* ]]> *\/\n<\/script>\n","thumbnail_url":"https:\/\/instytutpolski.pl\/budapest\/wp-content\/uploads\/sites\/21\/2020\/04\/ciemna_noc_2016_120x100_1800pix_0.jpg","thumbnail_width":160,"thumbnail_height":160,"description":"ZNAKI NA NIEBIEWernisa\u017c wystawy odb\u0119dzie si\u0119 3 sierpnia o godzinie 18.00 w Galerii PlatanArtysta\u00a0\u0141ukasz PatelczykWystaw\u0119 otworzy\u00a0Endre Lehel Paksi\u00a0historyk sztuki R\u00f3\u017cnorodne znaki na niebie od zawsze wp\u0142ywa\u0142y na ludzk\u0105 fantazj\u0119. Zjawiska meteorologiczne, astronomiczne lub po prostu chmury przybieraj\u0105ce antropomorficzne kszta\u0142ty rozbudza\u0142y wyobra\u017ani\u0119, kreowa\u0142y mity a nawet religie. Dzi\u015b wci\u0105\u017c bezmiar nieba oraz \u00a0zdarzenia daj\u0105ce si\u0119 na [&hellip;]"}