{"id":1179,"date":"2019-07-03T09:03:30","date_gmt":"2019-07-03T07:03:30","guid":{"rendered":"https:\/\/instytutpolski.pl\/budapeszt\/?page_id=1179"},"modified":"2020-05-31T14:40:24","modified_gmt":"2020-05-31T12:40:24","slug":"allamkozi-osztondijak","status":"publish","type":"page","link":"https:\/\/instytutpolski.pl\/budapest\/fedezd-fel-lengyelorszagot\/osztondijak-lengyelorszagban\/allamkozi-osztondijak\/","title":{"rendered":"\u00c1llamk\u00f6zi \u00f6szt\u00f6nd\u00edjak"},"content":{"rendered":"\n<p><strong>K\u00e9toldal\u00fa meg\u00e1llapod\u00e1sok keretein bel\u00fcl biztos\u00edtott \u00f6szt\u00f6nd\u00edjak<\/strong>:<\/p>\n\n\n\n<p>Az egy\u00fcttm\u0171k\u00f6d\u00e9s az al\u00e1bbi orsz\u00e1gokra, r\u00e9gi\u00f3kra terjed ki.:\u00a0Belga R\u00e9gi\u00f3, Bulg\u00e1ria, Csehorsz\u00e1g, Egyiptom, Feh\u00e9roroszorsz\u00e1g, Franciaorsz\u00e1g, Horv\u00e1torsz\u00e1g, Izrael, Jap\u00e1n, Jemen, Kazahszt\u00e1n, K\u00edna, Korea, Maced\u00f3nia, Magyarorsz\u00e1g, Mong\u00f3lia, Olaszorsz\u00e1g, \u00d6rm\u00e9nyorsz\u00e1g, Rom\u00e1nia, Szerbia, Szlov\u00e1kia, Szlov\u00e9nia, Tajvan, Ukrajna, Vallon R\u00e9gi\u00f3, Vietn\u00e1m. A program keretein bel\u00fcl az \u00f6szt\u00f6nd\u00edj id\u0151tartama egy adott tan\u00e9vben 3 napt\u00f3l 12 h\u00f3napig terjedhet. <\/p>\n\n\n\n<p>B\u0151vebb inform\u00e1ci\u00f3: <a href=\"https:\/\/www.nawa.gov.pl\/studenci\/studenci-zagraniczni\/program-wymiany-osobowej-studentow-i-naukowcow-w-ramach-wspolpracy-bilateralnej-oferta-przyjazdowa\">https:\/\/www.nawa.gov.pl\/studenci\/studenci-zagraniczni\/program-wymiany-osobowej-studentow-i-naukowcow-w-ramach-wspolpracy-bilateralnej-oferta-przyjazdowa<\/a> &nbsp;<\/p>\n\n\n\n<p>Int\u00e9zm\u00e9nyi projektek: Prom\u00f3ci\u00f3 K\u00fclf\u00f6ldre (Promocja Zagraniczna); PROM Program; <a href=\"https:\/\/www.nawa.gov.pl\/instytucje\/akademickie-partnerstwa-miedzynarodowe\">Akademickie Partnerstwa Mi\u0119dzynarodowe<\/a>; Welcome to Poland; <a href=\"https:\/\/www.nawa.gov.pl\/instytucje\/ster-stypendia-doktorskie-dla-cudzoziemcow\">STER &#8211; Doktori \u00f6szt\u00f6nd\u00edjak k\u00fclf\u00f6ldiek sz\u00e1m\u00e1ra<\/a>; KATAMARAN &#8211; M\u00e1sodfok\u00fa k\u00e9pz\u00e9s el\u0151k\u00e9sz\u00edt\u00e9se \u00e9s realiz\u00e1l\u00e1sa: <a href=\"https:\/\/www.nawa.gov.pl\/instytucje\">https:\/\/www.nawa.gov.pl\/instytucje<\/a><\/p>\n","protected":false},"excerpt":{"rendered":"<p>K\u00e9toldal\u00fa meg\u00e1llapod\u00e1sok keretein bel\u00fcl biztos\u00edtott \u00f6szt\u00f6nd\u00edjak: Az egy\u00fcttm\u0171k\u00f6d\u00e9s az al\u00e1bbi orsz\u00e1gokra, r\u00e9gi\u00f3kra terjed ki.:\u00a0Belga R\u00e9gi\u00f3, Bulg\u00e1ria, Csehorsz\u00e1g, Egyiptom, Feh\u00e9roroszorsz\u00e1g, Franciaorsz\u00e1g, Horv\u00e1torsz\u00e1g, Izrael, Jap\u00e1n, Jemen, Kazahszt\u00e1n, K\u00edna, Korea, Maced\u00f3nia, Magyarorsz\u00e1g, Mong\u00f3lia, Olaszorsz\u00e1g, \u00d6rm\u00e9nyorsz\u00e1g, Rom\u00e1nia, Szerbia, Szlov\u00e1kia, Szlov\u00e9nia, Tajvan, Ukrajna, Vallon R\u00e9gi\u00f3, Vietn\u00e1m. A program keretein bel\u00fcl az \u00f6szt\u00f6nd\u00edj id\u0151tartama egy adott tan\u00e9vben 3 napt\u00f3l 12 h\u00f3napig [&hellip;]<\/p>\n","protected":false},"author":1,"featured_media":8284,"parent":1165,"menu_order":0,"comment_status":"closed","ping_status":"closed","template":"","meta":{"inline_featured_image":false,"_monsterinsights_skip_tracking":false,"_monsterinsights_sitenote_active":false,"_monsterinsights_sitenote_note":"","_monsterinsights_sitenote_category":0,"footnotes":""},"class_list":["post-1179","page","type-page","status-publish","has-post-thumbnail","hentry"],"yoast_head":"<!-- This site is optimized with the Yoast SEO plugin v24.6 - https:\/\/yoast.com\/wordpress\/plugins\/seo\/ -->\n<title>\u00c1llamk\u00f6zi \u00f6szt\u00f6nd\u00edjak - Instytut Polski w Budapeszcie<\/title>\n<meta name=\"robots\" content=\"index, follow, max-snippet:-1, max-image-preview:large, max-video-preview:-1\" \/>\n<link rel=\"canonical\" href=\"https:\/\/instytutpolski.pl\/budapest\/fedezd-fel-lengyelorszagot\/osztondijak-lengyelorszagban\/allamkozi-osztondijak\/\" \/>\n<meta property=\"og:locale\" content=\"pl_PL\" \/>\n<meta property=\"og:type\" content=\"article\" \/>\n<meta property=\"og:title\" content=\"\u00c1llamk\u00f6zi \u00f6szt\u00f6nd\u00edjak - Instytut Polski w Budapeszcie\" \/>\n<meta property=\"og:description\" content=\"K\u00e9toldal\u00fa meg\u00e1llapod\u00e1sok keretein bel\u00fcl biztos\u00edtott \u00f6szt\u00f6nd\u00edjak: Az egy\u00fcttm\u0171k\u00f6d\u00e9s az al\u00e1bbi orsz\u00e1gokra, r\u00e9gi\u00f3kra terjed ki.:\u00a0Belga R\u00e9gi\u00f3, Bulg\u00e1ria, Csehorsz\u00e1g, Egyiptom, Feh\u00e9roroszorsz\u00e1g, Franciaorsz\u00e1g, Horv\u00e1torsz\u00e1g, Izrael, Jap\u00e1n, Jemen, Kazahszt\u00e1n, K\u00edna, Korea, Maced\u00f3nia, Magyarorsz\u00e1g, Mong\u00f3lia, Olaszorsz\u00e1g, \u00d6rm\u00e9nyorsz\u00e1g, Rom\u00e1nia, Szerbia, Szlov\u00e1kia, Szlov\u00e9nia, Tajvan, Ukrajna, Vallon R\u00e9gi\u00f3, Vietn\u00e1m. A program keretein bel\u00fcl az \u00f6szt\u00f6nd\u00edj id\u0151tartama egy adott tan\u00e9vben 3 napt\u00f3l 12 h\u00f3napig [&hellip;]\" \/>\n<meta property=\"og:url\" content=\"https:\/\/instytutpolski.pl\/budapest\/fedezd-fel-lengyelorszagot\/osztondijak-lengyelorszagban\/allamkozi-osztondijak\/\" \/>\n<meta property=\"og:site_name\" content=\"Instytut Polski w Budapeszcie\" \/>\n<meta property=\"article:modified_time\" content=\"2020-05-31T12:40:24+00:00\" \/>\n<meta property=\"og:image\" content=\"https:\/\/instytutpolski.pl\/budapest\/wp-content\/uploads\/sites\/21\/2020\/05\/14214486902_06d92247c2_c.jpg\" \/>\n\t<meta property=\"og:image:width\" content=\"799\" \/>\n\t<meta property=\"og:image:height\" content=\"533\" \/>\n\t<meta property=\"og:image:type\" content=\"image\/jpeg\" \/>\n<meta name=\"twitter:card\" content=\"summary_large_image\" \/>\n<meta name=\"twitter:label1\" content=\"Szacowany czas czytania\" \/>\n\t<meta name=\"twitter:data1\" content=\"1 minuta\" \/>\n<script type=\"application\/ld+json\" class=\"yoast-schema-graph\">{\"@context\":\"https:\/\/schema.org\",\"@graph\":[{\"@type\":\"WebPage\",\"@id\":\"https:\/\/instytutpolski.pl\/budapest\/fedezd-fel-lengyelorszagot\/osztondijak-lengyelorszagban\/allamkozi-osztondijak\/\",\"url\":\"https:\/\/instytutpolski.pl\/budapest\/fedezd-fel-lengyelorszagot\/osztondijak-lengyelorszagban\/allamkozi-osztondijak\/\",\"name\":\"\u00c1llamk\u00f6zi \u00f6szt\u00f6nd\u00edjak - Instytut Polski w Budapeszcie\",\"isPartOf\":{\"@id\":\"https:\/\/instytutpolski.pl\/budapest\/#website\"},\"primaryImageOfPage\":{\"@id\":\"https:\/\/instytutpolski.pl\/budapest\/fedezd-fel-lengyelorszagot\/osztondijak-lengyelorszagban\/allamkozi-osztondijak\/#primaryimage\"},\"image\":{\"@id\":\"https:\/\/instytutpolski.pl\/budapest\/fedezd-fel-lengyelorszagot\/osztondijak-lengyelorszagban\/allamkozi-osztondijak\/#primaryimage\"},\"thumbnailUrl\":\"https:\/\/instytutpolski.pl\/budapest\/wp-content\/uploads\/sites\/21\/2020\/05\/14214486902_06d92247c2_c.jpg\",\"datePublished\":\"2019-07-03T07:03:30+00:00\",\"dateModified\":\"2020-05-31T12:40:24+00:00\",\"breadcrumb\":{\"@id\":\"https:\/\/instytutpolski.pl\/budapest\/fedezd-fel-lengyelorszagot\/osztondijak-lengyelorszagban\/allamkozi-osztondijak\/#breadcrumb\"},\"inLanguage\":\"pl-PL\",\"potentialAction\":[{\"@type\":\"ReadAction\",\"target\":[\"https:\/\/instytutpolski.pl\/budapest\/fedezd-fel-lengyelorszagot\/osztondijak-lengyelorszagban\/allamkozi-osztondijak\/\"]}]},{\"@type\":\"ImageObject\",\"inLanguage\":\"pl-PL\",\"@id\":\"https:\/\/instytutpolski.pl\/budapest\/fedezd-fel-lengyelorszagot\/osztondijak-lengyelorszagban\/allamkozi-osztondijak\/#primaryimage\",\"url\":\"https:\/\/instytutpolski.pl\/budapest\/wp-content\/uploads\/sites\/21\/2020\/05\/14214486902_06d92247c2_c.jpg\",\"contentUrl\":\"https:\/\/instytutpolski.pl\/budapest\/wp-content\/uploads\/sites\/21\/2020\/05\/14214486902_06d92247c2_c.jpg\",\"width\":799,\"height\":533},{\"@type\":\"BreadcrumbList\",\"@id\":\"https:\/\/instytutpolski.pl\/budapest\/fedezd-fel-lengyelorszagot\/osztondijak-lengyelorszagban\/allamkozi-osztondijak\/#breadcrumb\",\"itemListElement\":[{\"@type\":\"ListItem\",\"position\":1,\"name\":\"Home\",\"item\":\"https:\/\/instytutpolski.pl\/budapest\/\"},{\"@type\":\"ListItem\",\"position\":2,\"name\":\"Fedezd fel Lengyelorsz\u00e1got!\",\"item\":\"https:\/\/instytutpolski.pl\/budapest\/pl\/fedezd-fel-lengyelorszagot\/\"},{\"@type\":\"ListItem\",\"position\":3,\"name\":\"\u00d6szt\u00f6nd\u00edjak Lengyelorsz\u00e1gban\",\"item\":\"https:\/\/instytutpolski.pl\/budapest\/fedezd-fel-lengyelorszagot\/osztondijak-lengyelorszagban\/\"},{\"@type\":\"ListItem\",\"position\":4,\"name\":\"\u00c1llamk\u00f6zi \u00f6szt\u00f6nd\u00edjak\"}]},{\"@type\":\"WebSite\",\"@id\":\"https:\/\/instytutpolski.pl\/budapest\/#website\",\"url\":\"https:\/\/instytutpolski.pl\/budapest\/\",\"name\":\"Instytut Polski w Budapeszcie\",\"description\":\"Instytuty Polskie\",\"potentialAction\":[{\"@type\":\"SearchAction\",\"target\":{\"@type\":\"EntryPoint\",\"urlTemplate\":\"https:\/\/instytutpolski.pl\/budapest\/?s={search_term_string}\"},\"query-input\":{\"@type\":\"PropertyValueSpecification\",\"valueRequired\":true,\"valueName\":\"search_term_string\"}}],\"inLanguage\":\"pl-PL\"}]}<\/script>\n<!-- \/ Yoast SEO plugin. -->","yoast_head_json":{"title":"\u00c1llamk\u00f6zi \u00f6szt\u00f6nd\u00edjak - Instytut Polski w Budapeszcie","robots":{"index":"index","follow":"follow","max-snippet":"max-snippet:-1","max-image-preview":"max-image-preview:large","max-video-preview":"max-video-preview:-1"},"canonical":"https:\/\/instytutpolski.pl\/budapest\/fedezd-fel-lengyelorszagot\/osztondijak-lengyelorszagban\/allamkozi-osztondijak\/","og_locale":"pl_PL","og_type":"article","og_title":"\u00c1llamk\u00f6zi \u00f6szt\u00f6nd\u00edjak - Instytut Polski w Budapeszcie","og_description":"K\u00e9toldal\u00fa meg\u00e1llapod\u00e1sok keretein bel\u00fcl biztos\u00edtott \u00f6szt\u00f6nd\u00edjak: Az egy\u00fcttm\u0171k\u00f6d\u00e9s az al\u00e1bbi orsz\u00e1gokra, r\u00e9gi\u00f3kra terjed ki.:\u00a0Belga R\u00e9gi\u00f3, Bulg\u00e1ria, Csehorsz\u00e1g, Egyiptom, Feh\u00e9roroszorsz\u00e1g, Franciaorsz\u00e1g, Horv\u00e1torsz\u00e1g, Izrael, Jap\u00e1n, Jemen, Kazahszt\u00e1n, K\u00edna, Korea, Maced\u00f3nia, Magyarorsz\u00e1g, Mong\u00f3lia, Olaszorsz\u00e1g, \u00d6rm\u00e9nyorsz\u00e1g, Rom\u00e1nia, Szerbia, Szlov\u00e1kia, Szlov\u00e9nia, Tajvan, Ukrajna, Vallon R\u00e9gi\u00f3, Vietn\u00e1m. A program keretein bel\u00fcl az \u00f6szt\u00f6nd\u00edj id\u0151tartama egy adott tan\u00e9vben 3 napt\u00f3l 12 h\u00f3napig [&hellip;]","og_url":"https:\/\/instytutpolski.pl\/budapest\/fedezd-fel-lengyelorszagot\/osztondijak-lengyelorszagban\/allamkozi-osztondijak\/","og_site_name":"Instytut Polski w Budapeszcie","article_modified_time":"2020-05-31T12:40:24+00:00","og_image":[{"width":799,"height":533,"url":"https:\/\/instytutpolski.pl\/budapest\/wp-content\/uploads\/sites\/21\/2020\/05\/14214486902_06d92247c2_c.jpg","type":"image\/jpeg"}],"twitter_card":"summary_large_image","twitter_misc":{"Szacowany czas czytania":"1 minuta"},"schema":{"@context":"https:\/\/schema.org","@graph":[{"@type":"WebPage","@id":"https:\/\/instytutpolski.pl\/budapest\/fedezd-fel-lengyelorszagot\/osztondijak-lengyelorszagban\/allamkozi-osztondijak\/","url":"https:\/\/instytutpolski.pl\/budapest\/fedezd-fel-lengyelorszagot\/osztondijak-lengyelorszagban\/allamkozi-osztondijak\/","name":"\u00c1llamk\u00f6zi \u00f6szt\u00f6nd\u00edjak - Instytut Polski w Budapeszcie","isPartOf":{"@id":"https:\/\/instytutpolski.pl\/budapest\/#website"},"primaryImageOfPage":{"@id":"https:\/\/instytutpolski.pl\/budapest\/fedezd-fel-lengyelorszagot\/osztondijak-lengyelorszagban\/allamkozi-osztondijak\/#primaryimage"},"image":{"@id":"https:\/\/instytutpolski.pl\/budapest\/fedezd-fel-lengyelorszagot\/osztondijak-lengyelorszagban\/allamkozi-osztondijak\/#primaryimage"},"thumbnailUrl":"https:\/\/instytutpolski.pl\/budapest\/wp-content\/uploads\/sites\/21\/2020\/05\/14214486902_06d92247c2_c.jpg","datePublished":"2019-07-03T07:03:30+00:00","dateModified":"2020-05-31T12:40:24+00:00","breadcrumb":{"@id":"https:\/\/instytutpolski.pl\/budapest\/fedezd-fel-lengyelorszagot\/osztondijak-lengyelorszagban\/allamkozi-osztondijak\/#breadcrumb"},"inLanguage":"pl-PL","potentialAction":[{"@type":"ReadAction","target":["https:\/\/instytutpolski.pl\/budapest\/fedezd-fel-lengyelorszagot\/osztondijak-lengyelorszagban\/allamkozi-osztondijak\/"]}]},{"@type":"ImageObject","inLanguage":"pl-PL","@id":"https:\/\/instytutpolski.pl\/budapest\/fedezd-fel-lengyelorszagot\/osztondijak-lengyelorszagban\/allamkozi-osztondijak\/#primaryimage","url":"https:\/\/instytutpolski.pl\/budapest\/wp-content\/uploads\/sites\/21\/2020\/05\/14214486902_06d92247c2_c.jpg","contentUrl":"https:\/\/instytutpolski.pl\/budapest\/wp-content\/uploads\/sites\/21\/2020\/05\/14214486902_06d92247c2_c.jpg","width":799,"height":533},{"@type":"BreadcrumbList","@id":"https:\/\/instytutpolski.pl\/budapest\/fedezd-fel-lengyelorszagot\/osztondijak-lengyelorszagban\/allamkozi-osztondijak\/#breadcrumb","itemListElement":[{"@type":"ListItem","position":1,"name":"Home","item":"https:\/\/instytutpolski.pl\/budapest\/"},{"@type":"ListItem","position":2,"name":"Fedezd fel Lengyelorsz\u00e1got!","item":"https:\/\/instytutpolski.pl\/budapest\/pl\/fedezd-fel-lengyelorszagot\/"},{"@type":"ListItem","position":3,"name":"\u00d6szt\u00f6nd\u00edjak Lengyelorsz\u00e1gban","item":"https:\/\/instytutpolski.pl\/budapest\/fedezd-fel-lengyelorszagot\/osztondijak-lengyelorszagban\/"},{"@type":"ListItem","position":4,"name":"\u00c1llamk\u00f6zi \u00f6szt\u00f6nd\u00edjak"}]},{"@type":"WebSite","@id":"https:\/\/instytutpolski.pl\/budapest\/#website","url":"https:\/\/instytutpolski.pl\/budapest\/","name":"Instytut Polski w Budapeszcie","description":"Instytuty Polskie","potentialAction":[{"@type":"SearchAction","target":{"@type":"EntryPoint","urlTemplate":"https:\/\/instytutpolski.pl\/budapest\/?s={search_term_string}"},"query-input":{"@type":"PropertyValueSpecification","valueRequired":true,"valueName":"search_term_string"}}],"inLanguage":"pl-PL"}]}},"_links":{"self":[{"href":"https:\/\/instytutpolski.pl\/budapest\/wp-json\/wp\/v2\/pages\/1179","targetHints":{"allow":["GET"]}}],"collection":[{"href":"https:\/\/instytutpolski.pl\/budapest\/wp-json\/wp\/v2\/pages"}],"about":[{"href":"https:\/\/instytutpolski.pl\/budapest\/wp-json\/wp\/v2\/types\/page"}],"author":[{"embeddable":true,"href":"https:\/\/instytutpolski.pl\/budapest\/wp-json\/wp\/v2\/users\/1"}],"replies":[{"embeddable":true,"href":"https:\/\/instytutpolski.pl\/budapest\/wp-json\/wp\/v2\/comments?post=1179"}],"version-history":[{"count":9,"href":"https:\/\/instytutpolski.pl\/budapest\/wp-json\/wp\/v2\/pages\/1179\/revisions"}],"predecessor-version":[{"id":8834,"href":"https:\/\/instytutpolski.pl\/budapest\/wp-json\/wp\/v2\/pages\/1179\/revisions\/8834"}],"up":[{"embeddable":true,"href":"https:\/\/instytutpolski.pl\/budapest\/wp-json\/wp\/v2\/pages\/1165"}],"wp:featuredmedia":[{"embeddable":true,"href":"https:\/\/instytutpolski.pl\/budapest\/wp-json\/wp\/v2\/media\/8284"}],"wp:attachment":[{"href":"https:\/\/instytutpolski.pl\/budapest\/wp-json\/wp\/v2\/media?parent=1179"}],"curies":[{"name":"wp","href":"https:\/\/api.w.org\/{rel}","templated":true}]}}