{"id":1304,"date":"2020-05-07T09:48:05","date_gmt":"2020-05-07T07:48:05","guid":{"rendered":"https:\/\/instytutpolski.pl\/budapeszt\/?page_id=1304"},"modified":"2025-11-28T13:46:13","modified_gmt":"2025-11-28T12:46:13","slug":"kontakt","status":"publish","type":"page","link":"https:\/\/instytutpolski.pl\/budapest\/pl\/o-instytucie-polskim\/kontakt\/","title":{"rendered":"Kontakt"},"content":{"rendered":"\n<p><strong>Instytut Polski &#8211; <\/strong>1065 Budapeszt, Nagymez\u0151 u. 15.\u00a0<\/p>\n<p><span class=\"caps\">Sekretariat &#8211; tel: (+361) 505 4660, e-mail: <a href=\"mailto:budapeszt@instytutpolski.pl\">budapeszt@instytutpolski.pl<\/a>, fax: (+361) 331 0341<\/span><\/p>\n<p>Godziny otwarcia: poniedzia\u0142ek &#8211; pi\u0105tek: 9.00 &#8211; 17.00<\/p>\n<p><strong>Biblioteka<\/strong> czynna we wtorki, od godz. 15.00 do godz. 19.00.<\/p>\n<div class=\"x14z9mp xat24cr x1lziwak x1vvkbs xtlvy1s x126k92a\">\n<div dir=\"auto\"><strong><em><span style=\"color: initial\">Uprzejmie informujemy, \u017ce w dniach 18.11., 25.11. i 2.12. biblioteka Instytutu Polskiego w Budapeszcie b\u0119dzie zamkni\u0119ta z powodu remontu. Zapraszamy ponownie 9 grudnia!<\/span><\/em><\/strong><\/div>\n<\/div>\n<p><strong style=\"font-size: revert;color: initial\"><span class=\"caps\">Galeria Platan <\/span><\/strong><span class=\"caps\" style=\"font-size: revert;color: initial\">&#8211; 1061 Budapeszt, Andr\u00e1ssy \u00fat 32.; tel: (+361) 505 4668<\/span><\/p>\n<p>Godziny otwarcia: poniedzia\u0142ek &#8211; pi\u0105tek: 10.00 &#8211; 18.00<\/p>\n<hr \/>\n<p><strong>Zesp\u00f3\u0142:<\/strong><\/p>\n<p><strong>Jaros\u0142aw Bajaczyk<\/strong> &#8211; <em>Dyrektor<\/em><\/p>\n<p><strong>Dominika Teske\u00a0<\/strong>&#8211; <em>Wicedyrektor<\/em><\/p>\n<p>(+361) 505 4660, <a href=\"mailto:budapeszt@instytutpolski.pl\">budapeszt@instytutpolski.pl<\/a><\/p>\n<p><strong>Aneta Sygizman<\/strong> &#8211; sekretariat<\/p>\n<p>\u00a0(+361) 505 4660, <a href=\"mailto:budapeszt@instytutpolski.pl\">budapeszt@instytutpolski.pl<\/a><\/p>\n<p><strong>Eszter Felvid\u00e9ki &#8211; <\/strong>literatura, teatr<\/p>\n<p>(+361) 505 4664, <a href=\"mailto:eszter.felvideki@instytutpolski.pl\">eszter.felvideki@instytutpolski.pl<\/a><\/p>\n<p><strong>Tomasz Piars <\/strong>&#8211; muzyka, sztuki wizualne, Galeria Platan<\/p>\n<p>(+361) 505 4668, <a href=\"mailto:tomasz.piars@instytutpolski.pl\">tomasz.piars@instytutpolski.pl<\/a><\/p>\n<p><strong>T\u00edmea Jerger\u00a0<\/strong>&#8211; film, wystawy, kontakt z mediami<\/p>\n<p>(+361) 505 4667, <a href=\"mailto:timea.jerger@instytutpolski.pl\">timea.jerger@instytutpolski.pl<\/a><\/p>\n<p><strong>Kamila B\u00e9key<\/strong> &#8211; biblioteka<\/p>\n<p>(+361) 505 46 65,\u00a0<a href=\"mailto:budapest.biblioteka@instytutpolski.pl\">budapest.biblioteka@instytutpolski.pl<\/a><\/p>\n<p><strong>Przemys\u0142aw Honkisz<\/strong> &#8211; ksi\u0119gowo\u015b\u0107<\/p>\n<p><strong>Endre\u00a0<\/strong><strong>M\u00e1t\u00e9\u00a0<\/strong>&#8211; logistyka<br \/><br \/><\/p>\n","protected":false},"excerpt":{"rendered":"<p>Instytut Polski &#8211; 1065 Budapeszt, Nagymez\u0151 u. 15.\u00a0 Sekretariat &#8211; tel: (+361) 505 4660, e-mail: budapeszt@instytutpolski.pl, fax: (+361) 331 0341 Godziny otwarcia: poniedzia\u0142ek &#8211; pi\u0105tek: 9.00 &#8211; 17.00 Biblioteka czynna we wtorki, od godz. 15.00 do godz. 19.00. Uprzejmie informujemy, \u017ce w dniach 18.11., 25.11. i 2.12. biblioteka Instytutu Polskiego w Budapeszcie b\u0119dzie zamkni\u0119ta z [&hellip;]<\/p>\n","protected":false},"author":124,"featured_media":2149,"parent":1294,"menu_order":0,"comment_status":"closed","ping_status":"closed","template":"","meta":{"inline_featured_image":false,"_monsterinsights_skip_tracking":false,"_monsterinsights_sitenote_active":false,"_monsterinsights_sitenote_note":"","_monsterinsights_sitenote_category":0,"footnotes":""},"class_list":["post-1304","page","type-page","status-publish","has-post-thumbnail","hentry"],"yoast_head":"<!-- This site is optimized with the Yoast SEO plugin v24.6 - https:\/\/yoast.com\/wordpress\/plugins\/seo\/ -->\n<title>Kontakt - Instytut Polski w Budapeszcie<\/title>\n<meta name=\"robots\" content=\"index, follow, max-snippet:-1, max-image-preview:large, max-video-preview:-1\" \/>\n<link rel=\"canonical\" href=\"https:\/\/instytutpolski.pl\/budapest\/pl\/o-instytucie-polskim\/kontakt\/\" \/>\n<meta property=\"og:locale\" content=\"pl_PL\" \/>\n<meta property=\"og:type\" content=\"article\" \/>\n<meta property=\"og:title\" content=\"Kontakt - Instytut Polski w Budapeszcie\" \/>\n<meta property=\"og:description\" content=\"Instytut Polski &#8211; 1065 Budapeszt, Nagymez\u0151 u. 15.\u00a0 Sekretariat &#8211; tel: (+361) 505 4660, e-mail: budapeszt@instytutpolski.pl, fax: (+361) 331 0341 Godziny otwarcia: poniedzia\u0142ek &#8211; pi\u0105tek: 9.00 &#8211; 17.00 Biblioteka czynna we wtorki, od godz. 15.00 do godz. 19.00. Uprzejmie informujemy, \u017ce w dniach 18.11., 25.11. i 2.12. biblioteka Instytutu Polskiego w Budapeszcie b\u0119dzie zamkni\u0119ta z [&hellip;]\" \/>\n<meta property=\"og:url\" content=\"https:\/\/instytutpolski.pl\/budapest\/pl\/o-instytucie-polskim\/kontakt\/\" \/>\n<meta property=\"og:site_name\" content=\"Instytut Polski w Budapeszcie\" \/>\n<meta property=\"article:modified_time\" content=\"2025-11-28T12:46:13+00:00\" \/>\n<meta property=\"og:image\" content=\"https:\/\/instytutpolski.pl\/budapest\/wp-content\/uploads\/sites\/21\/2020\/01\/JB-2014-03-20-00215-1.jpg\" \/>\n\t<meta property=\"og:image:width\" content=\"1200\" \/>\n\t<meta property=\"og:image:height\" content=\"600\" \/>\n\t<meta property=\"og:image:type\" content=\"image\/jpeg\" \/>\n<meta name=\"twitter:card\" content=\"summary_large_image\" \/>\n<meta name=\"twitter:label1\" content=\"Szacowany czas czytania\" \/>\n\t<meta name=\"twitter:data1\" content=\"2 minuty\" \/>\n<script type=\"application\/ld+json\" class=\"yoast-schema-graph\">{\"@context\":\"https:\/\/schema.org\",\"@graph\":[{\"@type\":\"WebPage\",\"@id\":\"https:\/\/instytutpolski.pl\/budapest\/pl\/o-instytucie-polskim\/kontakt\/\",\"url\":\"https:\/\/instytutpolski.pl\/budapest\/pl\/o-instytucie-polskim\/kontakt\/\",\"name\":\"Kontakt - Instytut Polski w Budapeszcie\",\"isPartOf\":{\"@id\":\"https:\/\/instytutpolski.pl\/budapest\/#website\"},\"primaryImageOfPage\":{\"@id\":\"https:\/\/instytutpolski.pl\/budapest\/pl\/o-instytucie-polskim\/kontakt\/#primaryimage\"},\"image\":{\"@id\":\"https:\/\/instytutpolski.pl\/budapest\/pl\/o-instytucie-polskim\/kontakt\/#primaryimage\"},\"thumbnailUrl\":\"https:\/\/instytutpolski.pl\/budapest\/wp-content\/uploads\/sites\/21\/2020\/01\/JB-2014-03-20-00215-1.jpg\",\"datePublished\":\"2020-05-07T07:48:05+00:00\",\"dateModified\":\"2025-11-28T12:46:13+00:00\",\"breadcrumb\":{\"@id\":\"https:\/\/instytutpolski.pl\/budapest\/pl\/o-instytucie-polskim\/kontakt\/#breadcrumb\"},\"inLanguage\":\"pl-PL\",\"potentialAction\":[{\"@type\":\"ReadAction\",\"target\":[\"https:\/\/instytutpolski.pl\/budapest\/pl\/o-instytucie-polskim\/kontakt\/\"]}]},{\"@type\":\"ImageObject\",\"inLanguage\":\"pl-PL\",\"@id\":\"https:\/\/instytutpolski.pl\/budapest\/pl\/o-instytucie-polskim\/kontakt\/#primaryimage\",\"url\":\"https:\/\/instytutpolski.pl\/budapest\/wp-content\/uploads\/sites\/21\/2020\/01\/JB-2014-03-20-00215-1.jpg\",\"contentUrl\":\"https:\/\/instytutpolski.pl\/budapest\/wp-content\/uploads\/sites\/21\/2020\/01\/JB-2014-03-20-00215-1.jpg\",\"width\":1200,\"height\":600},{\"@type\":\"BreadcrumbList\",\"@id\":\"https:\/\/instytutpolski.pl\/budapest\/pl\/o-instytucie-polskim\/kontakt\/#breadcrumb\",\"itemListElement\":[{\"@type\":\"ListItem\",\"position\":1,\"name\":\"Home\",\"item\":\"https:\/\/instytutpolski.pl\/budapest\/\"},{\"@type\":\"ListItem\",\"position\":2,\"name\":\"O Instytucie Polskim w Budapszcie\",\"item\":\"https:\/\/instytutpolski.pl\/budapest\/pl\/o-instytucie-polskim\/\"},{\"@type\":\"ListItem\",\"position\":3,\"name\":\"Kontakt\"}]},{\"@type\":\"WebSite\",\"@id\":\"https:\/\/instytutpolski.pl\/budapest\/#website\",\"url\":\"https:\/\/instytutpolski.pl\/budapest\/\",\"name\":\"Instytut Polski w Budapeszcie\",\"description\":\"Instytuty Polskie\",\"potentialAction\":[{\"@type\":\"SearchAction\",\"target\":{\"@type\":\"EntryPoint\",\"urlTemplate\":\"https:\/\/instytutpolski.pl\/budapest\/?s={search_term_string}\"},\"query-input\":{\"@type\":\"PropertyValueSpecification\",\"valueRequired\":true,\"valueName\":\"search_term_string\"}}],\"inLanguage\":\"pl-PL\"}]}<\/script>\n<!-- \/ Yoast SEO plugin. -->","yoast_head_json":{"title":"Kontakt - Instytut Polski w Budapeszcie","robots":{"index":"index","follow":"follow","max-snippet":"max-snippet:-1","max-image-preview":"max-image-preview:large","max-video-preview":"max-video-preview:-1"},"canonical":"https:\/\/instytutpolski.pl\/budapest\/pl\/o-instytucie-polskim\/kontakt\/","og_locale":"pl_PL","og_type":"article","og_title":"Kontakt - Instytut Polski w Budapeszcie","og_description":"Instytut Polski &#8211; 1065 Budapeszt, Nagymez\u0151 u. 15.\u00a0 Sekretariat &#8211; tel: (+361) 505 4660, e-mail: budapeszt@instytutpolski.pl, fax: (+361) 331 0341 Godziny otwarcia: poniedzia\u0142ek &#8211; pi\u0105tek: 9.00 &#8211; 17.00 Biblioteka czynna we wtorki, od godz. 15.00 do godz. 19.00. Uprzejmie informujemy, \u017ce w dniach 18.11., 25.11. i 2.12. biblioteka Instytutu Polskiego w Budapeszcie b\u0119dzie zamkni\u0119ta z [&hellip;]","og_url":"https:\/\/instytutpolski.pl\/budapest\/pl\/o-instytucie-polskim\/kontakt\/","og_site_name":"Instytut Polski w Budapeszcie","article_modified_time":"2025-11-28T12:46:13+00:00","og_image":[{"width":1200,"height":600,"url":"https:\/\/instytutpolski.pl\/budapest\/wp-content\/uploads\/sites\/21\/2020\/01\/JB-2014-03-20-00215-1.jpg","type":"image\/jpeg"}],"twitter_card":"summary_large_image","twitter_misc":{"Szacowany czas czytania":"2 minuty"},"schema":{"@context":"https:\/\/schema.org","@graph":[{"@type":"WebPage","@id":"https:\/\/instytutpolski.pl\/budapest\/pl\/o-instytucie-polskim\/kontakt\/","url":"https:\/\/instytutpolski.pl\/budapest\/pl\/o-instytucie-polskim\/kontakt\/","name":"Kontakt - Instytut Polski w Budapeszcie","isPartOf":{"@id":"https:\/\/instytutpolski.pl\/budapest\/#website"},"primaryImageOfPage":{"@id":"https:\/\/instytutpolski.pl\/budapest\/pl\/o-instytucie-polskim\/kontakt\/#primaryimage"},"image":{"@id":"https:\/\/instytutpolski.pl\/budapest\/pl\/o-instytucie-polskim\/kontakt\/#primaryimage"},"thumbnailUrl":"https:\/\/instytutpolski.pl\/budapest\/wp-content\/uploads\/sites\/21\/2020\/01\/JB-2014-03-20-00215-1.jpg","datePublished":"2020-05-07T07:48:05+00:00","dateModified":"2025-11-28T12:46:13+00:00","breadcrumb":{"@id":"https:\/\/instytutpolski.pl\/budapest\/pl\/o-instytucie-polskim\/kontakt\/#breadcrumb"},"inLanguage":"pl-PL","potentialAction":[{"@type":"ReadAction","target":["https:\/\/instytutpolski.pl\/budapest\/pl\/o-instytucie-polskim\/kontakt\/"]}]},{"@type":"ImageObject","inLanguage":"pl-PL","@id":"https:\/\/instytutpolski.pl\/budapest\/pl\/o-instytucie-polskim\/kontakt\/#primaryimage","url":"https:\/\/instytutpolski.pl\/budapest\/wp-content\/uploads\/sites\/21\/2020\/01\/JB-2014-03-20-00215-1.jpg","contentUrl":"https:\/\/instytutpolski.pl\/budapest\/wp-content\/uploads\/sites\/21\/2020\/01\/JB-2014-03-20-00215-1.jpg","width":1200,"height":600},{"@type":"BreadcrumbList","@id":"https:\/\/instytutpolski.pl\/budapest\/pl\/o-instytucie-polskim\/kontakt\/#breadcrumb","itemListElement":[{"@type":"ListItem","position":1,"name":"Home","item":"https:\/\/instytutpolski.pl\/budapest\/"},{"@type":"ListItem","position":2,"name":"O Instytucie Polskim w Budapszcie","item":"https:\/\/instytutpolski.pl\/budapest\/pl\/o-instytucie-polskim\/"},{"@type":"ListItem","position":3,"name":"Kontakt"}]},{"@type":"WebSite","@id":"https:\/\/instytutpolski.pl\/budapest\/#website","url":"https:\/\/instytutpolski.pl\/budapest\/","name":"Instytut Polski w Budapeszcie","description":"Instytuty Polskie","potentialAction":[{"@type":"SearchAction","target":{"@type":"EntryPoint","urlTemplate":"https:\/\/instytutpolski.pl\/budapest\/?s={search_term_string}"},"query-input":{"@type":"PropertyValueSpecification","valueRequired":true,"valueName":"search_term_string"}}],"inLanguage":"pl-PL"}]}},"_links":{"self":[{"href":"https:\/\/instytutpolski.pl\/budapest\/wp-json\/wp\/v2\/pages\/1304","targetHints":{"allow":["GET"]}}],"collection":[{"href":"https:\/\/instytutpolski.pl\/budapest\/wp-json\/wp\/v2\/pages"}],"about":[{"href":"https:\/\/instytutpolski.pl\/budapest\/wp-json\/wp\/v2\/types\/page"}],"author":[{"embeddable":true,"href":"https:\/\/instytutpolski.pl\/budapest\/wp-json\/wp\/v2\/users\/124"}],"replies":[{"embeddable":true,"href":"https:\/\/instytutpolski.pl\/budapest\/wp-json\/wp\/v2\/comments?post=1304"}],"version-history":[{"count":54,"href":"https:\/\/instytutpolski.pl\/budapest\/wp-json\/wp\/v2\/pages\/1304\/revisions"}],"predecessor-version":[{"id":21121,"href":"https:\/\/instytutpolski.pl\/budapest\/wp-json\/wp\/v2\/pages\/1304\/revisions\/21121"}],"up":[{"embeddable":true,"href":"https:\/\/instytutpolski.pl\/budapest\/wp-json\/wp\/v2\/pages\/1294"}],"wp:featuredmedia":[{"embeddable":true,"href":"https:\/\/instytutpolski.pl\/budapest\/wp-json\/wp\/v2\/media\/2149"}],"wp:attachment":[{"href":"https:\/\/instytutpolski.pl\/budapest\/wp-json\/wp\/v2\/media?parent=1304"}],"curies":[{"name":"wp","href":"https:\/\/api.w.org\/{rel}","templated":true}]}}