{"id":145,"date":"2019-05-29T08:53:30","date_gmt":"2019-05-29T06:53:30","guid":{"rendered":"https:\/\/instytutpolski.pl\/budapeszt\/?page_id=145"},"modified":"2019-05-29T08:53:31","modified_gmt":"2019-05-29T06:53:31","slug":"lengyelorszagi-osztondijak","status":"publish","type":"page","link":"https:\/\/instytutpolski.pl\/budapest\/lengyelorszagi-osztondijak\/","title":{"rendered":"Lengyelorsz\u00e1gi \u00f6szt\u00f6nd\u00edjak"},"content":{"rendered":"\n<ul>\n<li><strong>T\u00d6BB MINT 450 FELS\u0150OKTAT\u00c1SI INT\u00c9ZM\u00c9NY<\/strong><\/li>\n<li><strong>315 ERASMUS UNIVERSITY CHARTER<\/strong><\/li>\n<li><strong>T\u00d6BB MINT 200 TANULM\u00c1NYI SZAK<\/strong><\/li>\n<li><strong>1998 \u00d3TA 36 EZER DI\u00c1K VETT R\u00c9SZT LENGYELORSZ\u00c1GBAN ERASMUS PROGRAMBAN<\/strong><\/li>\n<\/ul>\n<p>\u00a0<\/p>\n<p style=\"text-align: center\"><strong>MAGYAR \u00d6SZT\u00d6ND\u00cdJ BIZOTTS\u00c1G (M\u00d6B) \u00c1LTAL KI\u00cdRT P\u00c1LY\u00c1ZATOK\u00a0(K\u00c9TOLDAL\u00da OKTAT\u00c1SI EGY\u00dcTTM\u0170K\u00d6D\u00c9SI MEG\u00c1LLAPOD\u00c1SOK KERETEIN BEL\u00dcL)<\/strong><\/p>\n<p><a href=\"https:\/\/instytutpolski.pl\/budapeszt\/wp-content\/uploads\/sites\/21\/2019\/05\/g6.jpg\"><img loading=\"lazy\" decoding=\"async\" class=\"size-full wp-image-147 alignleft\" src=\"https:\/\/instytutpolski.pl\/budapeszt\/wp-content\/uploads\/sites\/21\/2019\/05\/g6.jpg\" alt=\"\" width=\"100\" height=\"100\" \/><\/a>A Magyar \u00d6szt\u00f6nd\u00edj Bizotts\u00e1g \u00e1ltal meghirdetett lengyel-magyar egy\u00fcttm\u0171k\u00f6d\u00e9si meg\u00e1llapod\u00e1sban szerepl\u0151, lengyel fels\u0151oktat\u00e1si int\u00e9zm\u00e9nyekbe sz\u00f3l\u00f3 tanulm\u00e1nyi programok<\/p>\n<p>Lengyel filol\u00f3gia szakos hallgat\u00f3k r\u00e9sz\u00e9re ki\u00edrt \u00f6szt\u00f6nd\u00edjak<\/p>\n<p>\u00c9vi negyven f\u0151 sz\u00e1m\u00e1ra felk\u00edn\u00e1lt \u00f6th\u00f3napos (f\u00e9l\u00e9ves) \u00f6szt\u00f6nd\u00edj valamely lengyel fels\u0151oktat\u00e1si int\u00e9zm\u00e9nybe. Az \u00f6szt\u00f6nd\u00edjprogram keret\u00e9ben a tanulm\u00e1nyok t\u00e9r\u00edt\u00e9smentesen folytathat\u00f3k, a koll\u00e9giumi sz\u00e1ll\u00e1shely biztos\u00edtott, az \u00fatik\u00f6lts\u00e9get pedig az \u00f6szt\u00f6nd\u00edjas hallgat\u00f3 r\u00e9sz\u00e9re visszat\u00e9r\u00edtik. A tanulm\u00e1nyi \u00f6szt\u00f6nd\u00edj havonta 250USD. A lengyel nyelv ismeret\u00e9t a program el\u0151felt\u00e9telk\u00e9nt \u00edrja el\u0151.\u00a0\u00a0<\/p>\n<p>F\u0151iskol\u00e1k \u00e9s egyetemek hallgat\u00f3i r\u00e9sz\u00e9re ki\u00edrt \u00f6szt\u00f6nd\u00edjak<\/p>\n<p>\u00c9vi t\u00edz f\u0151 sz\u00e1m\u00e1ra felk\u00edn\u00e1lt \u00f6th\u00f3napos (f\u00e9l\u00e9ves) \u00f6szt\u00f6nd\u00edj valamely lengyel fels\u0151oktat\u00e1si int\u00e9zm\u00e9nybe (m\u0171v\u00e9szeti iskol\u00e1k kiv\u00e9tel\u00e9vel). Az \u00f6szt\u00f6nd\u00edjprogram keret\u00e9ben a tanulm\u00e1nyok t\u00e9r\u00edt\u00e9smentesen folytathat\u00f3k, a koll\u00e9giumi sz\u00e1ll\u00e1shely biztos\u00edtott, az \u00fatik\u00f6lts\u00e9get pedig az \u00f6szt\u00f6nd\u00edjas hallgat\u00f3 r\u00e9sz\u00e9re visszat\u00e9r\u00edtik. A tanulm\u00e1nyi \u00f6szt\u00f6nd\u00edj havonta 250USD. A lengyel nyelv ismeret\u00e9t a program el\u0151felt\u00e9telk\u00e9nt \u00edrja el\u0151.\u00a0\u00a0<\/p>\n<p>Egyetemek, tanint\u00e9zm\u00e9nyek dolgoz\u00f3i sz\u00e1m\u00e1ra ki\u00edrt kutat\u00f3i \u00f6szt\u00f6nd\u00edjak (r\u00f6vidt\u00e1v\u00fa)<\/p>\n<p>N\u00e9h\u00e1nynapos (5-21 napos), \u00e9vente 5 f\u0151 sz\u00e1m\u00e1ra felk\u00edn\u00e1lt \u00f6szt\u00f6nd\u00edj, valamely lengyel fels\u0151oktat\u00e1si int\u00e9zm\u00e9nybe, tudom\u00e1nyos tev\u00e9kenys\u00e9get v\u00e9gz\u0151 tan\u00e1rok, oktat\u00f3k r\u00e9sz\u00e9re. Az \u00f6szt\u00f6nd\u00edjprogram keret\u00e9ben a tanulm\u00e1nyok t\u00e9r\u00edt\u00e9smentesen folytathat\u00f3k, a koll\u00e9giumi sz\u00e1ll\u00e1shely biztos\u00edtott, az \u00fatik\u00f6lts\u00e9get pedig az \u00f6szt\u00f6nd\u00edjas r\u00e9sz\u00e9re visszat\u00e9r\u00edtik. A tanulm\u00e1nyi \u00f6szt\u00f6nd\u00edj napid\u00edjat k\u00edn\u00e1l.<\/p>\n<p>Egyetemek, tanint\u00e9zm\u00e9nyek dolgoz\u00f3i sz\u00e1m\u00e1ra ki\u00edrt kutat\u00f3i \u00f6szt\u00f6nd\u00edjak (hossz\u00fa t\u00e1v\u00fa)<\/p>\n<p>1-9 h\u00f3napra sz\u00f3l\u00f3, \u00e9vi 18 f\u0151 sz\u00e1m\u00e1ra felk\u00edn\u00e1lt \u00f6szt\u00f6nd\u00edj, valamely lengyel fels\u0151oktat\u00e1si int\u00e9zm\u00e9nybe, tudom\u00e1nyos tev\u00e9kenys\u00e9get v\u00e9gz\u0151 tan\u00e1rok, oktat\u00f3k r\u00e9sz\u00e9re. Az \u00f6szt\u00f6nd\u00edjprogram keret\u00e9ben a tanulm\u00e1nyok t\u00e9r\u00edt\u00e9smentesen folytathat\u00f3k, a koll\u00e9giumi sz\u00e1ll\u00e1shely biztos\u00edtott, tanulm\u00e1nyi \u00f6szt\u00f6nd\u00edj j\u00e1r, valamint az \u00fatik\u00f6lts\u00e9get az \u00f6szt\u00f6nd\u00edjas r\u00e9sz\u00e9re visszat\u00e9r\u00edtik.<\/p>\n<p>Lengyel ny\u00e1ri nyelviskola\u00a0\u2013\u00a0f\u0151iskol\u00e1k \u00e9s egyetemek hallgat\u00f3i r\u00e9sz\u00e9re ki\u00edrt \u00f6szt\u00f6nd\u00edjak\u00a0(f\u0151k\u00e9nt filol\u00f3giai \u00e9s lengyel filol\u00f3giai szakir\u00e1ny). \u00c9vi 12 f\u0151 r\u00e9sz\u00e9re felk\u00edn\u00e1lt, 3-4 hetes lengyelorsz\u00e1gi nyelviskola, t\u00e9r\u00edt\u00e9smentes nyelvtanul\u00e1si lehet\u0151s\u00e9ggel, \u00e9tkeztet\u00e9ssel, sz\u00e1ll\u00e1ssal, valamint \u00fatik\u00f6lts\u00e9g visszat\u00e9r\u00edt\u00e9ssel.<\/p>\n<p>Tov\u00e1bbi inform\u00e1ci\u00f3 a\u00a0Magyar \u00d6szt\u00f6nd\u00edjbizotts\u00e1g honlapj\u00e1n<\/p>\n<p><a href=\"https:\/\/instytutpolski.pl\/budapeszt\/wp-content\/uploads\/sites\/21\/2019\/05\/sztondijak_lengyelorszagba_tabela.pdf\">\u00f6szt\u00f6nd\u00edjak Lengyelorsz\u00e1gba_tabela.pdf<\/a><\/p>\n<p style=\"text-align: center\"><strong>A TEMPUS K\u00d6ZALAP\u00cdTV\u00c1NY P\u00c1LY\u00c1ZATI PROGRAMJAI\u00a0<\/strong><\/p>\n<p><strong><a href=\"http:\/\/www.tpf.hu\/pages\/content\/index.php?page_id=578\"><img loading=\"lazy\" decoding=\"async\" class=\"alignleft wp-image-150 size-full\" src=\"https:\/\/instytutpolski.pl\/budapeszt\/wp-content\/uploads\/sites\/21\/2019\/05\/logo._tempus_png.png\" alt=\"\" width=\"240\" height=\"208\" \/><\/a><a href=\"http:\/\/www.tpf.hu\/pages\/content\/index.php?page_id=578\">ERASMUS PROGRAM<\/a><\/strong><\/p>\n<p>Az Erasmus program a fels\u0151oktat\u00e1snak teremt p\u00e1ly\u00e1zati lehet\u0151s\u00e9geket, az Eur\u00f3pai Bizotts\u00e1g egyik legsikeresebb \u00e9s legismertebb projektje, mely mostan\u00e1ig t\u00f6bb mint 2,3 milli\u00f3 egyetemi hallgat\u00f3 mobilit\u00e1s\u00e1t seg\u00edtette el\u0151 Eur\u00f3p\u00e1ban.\u00a0\u00a0<\/p>\n<p><strong><a href=\"http:\/\/www.tpf.hu\/pages\/content\/index.php?page_id=54\">CEEPUS CSEREPROGRAM<\/a><\/strong><\/p>\n<p>CEEPUS &#8211; Central European Exchange Program for University Studies\u00a0(K\u00f6z\u00e9p-Eur\u00f3pai Fels\u0151oktat\u00e1si Csereprogram).<\/p>\n<p>Jelenleg a k\u00f6vetkez\u0151 orsz\u00e1gok akkredit\u00e1lt fels\u0151oktat\u00e1si int\u00e9zm\u00e9nyeibe lehet utazni CEEPUS t\u00e1mogat\u00e1ssal:<br \/>Alb\u00e1nia, Ausztria, Bosznia-Hercegovina, Bulg\u00e1ria, Csehorsz\u00e1g, Horv\u00e1torsz\u00e1g, Koszov\u00f3,\u00a0Lengyelorsz\u00e1g, Maced\u00f3nia, Magyarorsz\u00e1g, Montenegr\u00f3, Rom\u00e1nia, Szerbia, Szlov\u00e1kia, Szlov\u00e9nia.\u00a0<\/p>\n<p style=\"text-align: center\"><strong>EGY\u00c9B \u00d6SZT\u00d6ND\u00cdJAK<\/strong><\/p>\n<p><strong><a href=\"http:\/\/www.bi.uj.edu.pl\/wlasne-fundusze-stypendialne\"><img loading=\"lazy\" decoding=\"async\" class=\"alignleft wp-image-152 size-full\" src=\"https:\/\/instytutpolski.pl\/budapeszt\/wp-content\/uploads\/sites\/21\/2019\/05\/uj-194x240.png\" alt=\"\" width=\"194\" height=\"240\" \/><\/a>Az el\u0151z\u0151 \u00e9vekhez hasonl\u00f3an a 2013\/2014-es tan\u00e9vre is meghirdeti \u00f6szt\u00f6nd\u00edj\u00e1t a lengyelorsz\u00e1gi Fundusz Kr\u00f3lowej Jadwigi (Hedvig Kir\u00e1lyn\u0151 Alap).<\/strong><\/p>\n<p>A felh\u00edv\u00e1sra K\u00f6z\u00e9p- \u00e9s Kelet-Eur\u00f3p\u00e1b\u00f3l \u00e9rkez\u0151 fiatal tudom\u00e1nyos dolgoz\u00f3k, \u00e9s doktorok jelentkez\u00e9s\u00e9t v\u00e1rj\u00e1k, akiknek a Krakk\u00f3i Jagello Egyetemen lesz lehet\u0151s\u00e9g\u00fck 1 h\u00f3napos tudom\u00e1nyos kutat\u00f3munk\u00e1ra.<\/p>\n<p>jelentkez\u00e9si hat\u00e1rid\u0151: 2013 j\u00fanius 15.<\/p>\n<p><a href=\"http:\/\/www.bi.uj.edu.pl\/wlasne-fundusze-stypendialne\/jadwiga\" target=\"_blank\" rel=\"noopener noreferrer\">Tov\u00e1bb az \u00f6szt\u00f6nd\u00edj honlapj\u00e1ra<\/a><\/p>\n<p>A\u00a0<strong>Nemzetk\u00f6zi Visegr\u00e1di Alap<\/strong>\u00a0minden \u00e9vben \u00f6szt\u00f6nd\u00edj programokat hirdet, amelyek a V4 orsz\u00e1gai \u2013 vagyis Csehorsz\u00e1g, Magyarorsz\u00e1g, Lengyelorsz\u00e1g \u00e9s Szlov\u00e1kia \u2013 \u00e9s m\u00e1s k\u00f6z\u00e9p- \u00e9s d\u00e9lkelet-eur\u00f3pai nem EU tag\u00e1llamok, illetve a D\u00e9l-Kauk\u00e1zus orsz\u00e1gai k\u00f6z\u00f6tti tudom\u00e1nyos egy\u00fcttm\u0171k\u00f6d\u00e9st hivatottak el\u0151seg\u00edteni.<\/p>\n<p><span class=\"image-caption-container image-caption-container-\"><img decoding=\"async\" class=\"imagecache-program caption alignleft\" src=\"http:\/\/polithu1.megacp.hu\/sites\/default\/files\/imagecache\/program\/visegrad_fund_logo_2010_blue_200.jpg\" align=\"\" \/><\/span>Az \u00f6szt\u00f6nd\u00edjak h\u00e1rom kateg\u00f3ri\u00e1ban p\u00e1ly\u00e1zhat\u00f3k:<\/p>\n<p>A Visegr\u00e1di N\u00e9gyek orsz\u00e1gaib\u00f3l (CZ, HU, SK, PL) a V4 valamely az anyaorsz\u00e1gt\u00f3l elt\u00e9r\u0151 orsz\u00e1g\u00e1ba p\u00e1ly\u00e1zhat\u00f3 \u00f6szt\u00f6nd\u00edjak (akkredit\u00e1ci\u00f3val rendelkez\u0151 egyetemekre).<\/p>\n<p>A Visegr\u00e1di N\u00e9gyek orsz\u00e1gaib\u00f3l (CZ, HU, SK, PL) p\u00e1ly\u00e1zhat\u00f3 \u00f6szt\u00f6nd\u00edjak Alb\u00e1ni\u00e1ba, \u00d6rm\u00e9nyorsz\u00e1gba, Azerbajdzs\u00e1nba, Feh\u00e9roroszorsz\u00e1gba, Bosznia-Hercegovin\u00e1ba, Horv\u00e1torsz\u00e1gba, Montenegr\u00f3ba, Gr\u00fazi\u00e1ba, Maced\u00f3ni\u00e1ba, Mold\u00e1vi\u00e1ba, Szerbi\u00e1ba vagy Ukrajn\u00e1ba (akkredit\u00e1ci\u00f3val rendelkez\u0151 egyetemekre).<\/p>\n<p>\u00d6szt\u00f6nd\u00edjak alb\u00e1n, \u00f6rm\u00e9ny, azerbajdzs\u00e1ni, feh\u00e9rorosz, bosznia-hercegovinai, horv\u00e1t, montenegr\u00f3i, gr\u00faz, maced\u00f3n, mold\u00e1viai, szerb vagy ukr\u00e1n di\u00e1kok r\u00e9sz\u00e9re a V4 orsz\u00e1gok akkredit\u00e1ci\u00f3val rendelkez\u0151 egyetemeire.<\/p>\n<p>Az \u00f6szt\u00f6nd\u00edj mag\u00e1ban foglalja: 2300 EUR \u00e9rt\u00e9k\u0171 juttat\u00e1st szemeszterenk\u00e9nt az \u00f6szt\u00f6nd\u00edjat elnyert di\u00e1k sz\u00e1m\u00e1ra, illetve 1500 EUR \u00e9rt\u00e9k\u0171 juttat\u00e1st a befogad\u00f3 int\u00e9zm\u00e9ny sz\u00e1m\u00e1ra minden egyes di\u00e1k ut\u00e1n szemeszterenk\u00e9nt.<\/p>\n<p>B\u0151vebb inform\u00e1ci\u00f3 a Visegr\u00e1di Alap \u00f6szt\u00f6nd\u00edj programjair\u00f3l az\u00a0<a href=\"http:\/\/scholarships.visegradfund.org\/\" target=\"_blank\" rel=\"noopener noreferrer\">internetes oldalon<\/a>, vagy telefonon a Nemzetk\u00f6zi Visegr\u00e1di Alap pozsonyi titk\u00e1rs\u00e1g\u00e1n: +421 259 203811<\/p>\n<p>\u00a0<\/p>\n<p><strong> <a href=\"https:\/\/instytutpolski.pl\/budapeszt\/wp-content\/uploads\/sites\/21\/2019\/05\/tp_akt_thumb_1.jpg\"><img loading=\"lazy\" decoding=\"async\" class=\"size-full wp-image-153 alignleft\" src=\"https:\/\/instytutpolski.pl\/budapeszt\/wp-content\/uploads\/sites\/21\/2019\/05\/tp_akt_thumb_1.jpg\" alt=\"\" width=\"231\" height=\"88\" \/><\/a>A Thesaurus Poloniae\u00a0<\/strong>a Lengyel K\u00f6zt\u00e1rsas\u00e1g Nemzeti Kultur\u00e1lis \u00d6r\u00f6ks\u00e9g Miniszt\u00e9rium\u00e1nak \u00f6szt\u00f6nd\u00edja, melynek koordin\u00e1tora a krakk\u00f3i Nemzetk\u00f6zi Kultur\u00e1lis K\u00f6zpont (MCK). Az \u00f6szt\u00f6nd\u00edjra azok jelentkez\u00e9s\u00e9t v\u00e1rj\u00e1k, kiknek kutat\u00e1si ter\u00fclet\u00fck a r\u00e9gi \u00e9s a mai lengyelorsz\u00e1gi, vagy t\u00e1gabban \u00e9rtett k\u00f6z\u00e9p-eur\u00f3pai kult\u00fara, t\u00f6rt\u00e9nelem \u00e9s multikultur\u00e1lis nemzeti \u00f6r\u00f6ks\u00e9g. Az \u00f6szt\u00f6nd\u00edjnak k\u00e9t r\u00e9sze van. Az egyik egy Senior program, mely a professzoroknak, \u00e9s m\u00e1r gazdag tapasztalattal rendelkez\u0151 egyetemi tan\u00e1roknak sz\u00f3l. A m\u00e1sik r\u00e9sz a Junior program, melynek c\u00edmzettjei phd tan\u00e1rok \u00e9s phd hallgat\u00f3k.\u00a0\u00a0\u00a0<\/p>\n<p>Nemzetk\u00f6zi Kultur\u00e1lis K\u00f6zpont (MCK) az \u00f6szt\u00f6nd\u00edj keretein bel\u00fcl biztos\u00edtja:<\/p>\n<p>&#8211;\u00a0 Kutat\u00e1si \u00a0h\u00e1tteret (a krakk\u00f3i lev\u00e9lt\u00e1rak, k\u00f6nyvt\u00e1rak haszn\u00e1lat\u00e1t)<\/p>\n<p>&#8211;\u00a0 f\u00fcggetlen lak\u00e1st Krakk\u00f3 belv\u00e1ros\u00e1ban<\/p>\n<p>&#8211;\u00a0 anyagi t\u00e1mogat\u00e1st (mely Senior \u00f6szt\u00f6nd\u00edj eset\u00e9n 850 EUR, Junior \u00f6szt\u00f6nd\u00edj eset\u00e9n 600 EUR t\u00e1mogat\u00e1st jelent)<\/p>\n<p>&#8211;\u00a0 egyszeri k\u00f6nyvt\u00e1mogat\u00e1st (400 EUR)<\/p>\n<p>\u00a0<\/p>\n<p>Az \u00f6szt\u00f6nd\u00edj h\u00e1rom h\u00f3napra sz\u00f3l\u00a0<\/p>\n<p>Jelentkez\u00e9si hat\u00e1rid\u0151k k\u00e9t id\u0151pontban:<\/p>\n<p><strong>Tavaszi id\u0151pontra:<\/strong><\/p>\n<p>01.15-t\u00f3l &#8211; 02.28-ig<\/p>\n<p>A program m\u00e1jus 1-t\u0151l j\u00falius 31-ig tart.<\/p>\n<p><strong>\u0150szi id\u0151pontra:<\/strong><\/p>\n<p>04.15-t\u0151l \u2013 05.30-ig<\/p>\n<p>A program szeptember 1-t\u0151l november 30-ig tart.<\/p>\n<p>\u00a0<\/p>\n<p><strong>A jelentkez\u00e9seket az al\u00e1bbi c\u00edmre v\u00e1rj\u00e1k:<\/strong><\/p>\n<p><strong>Program stypendialny Thesaurus Poloniae<\/strong><\/p>\n<p><strong>Mi\u0119dzynarodowe Centrum Kultury<\/strong><\/p>\n<p><strong>Rynek G\u0142\u00f3wny 25<\/strong><\/p>\n<p><strong>31-008 Krak\u00f3w<\/strong><\/p>\n<p><strong>Poland<\/strong><\/p>\n<p>\u00a0<\/p>\n<p><strong>Jelentkez\u00e9si lapok, inform\u00e1ci\u00f3:<\/strong><\/p>\n<p><a href=\"http:\/\/www.mck.krakow.pl\/\" target=\"_blank\" rel=\"noopener noreferrer\">www.mck.krakow.pl<\/a><\/p>\n<p><a href=\"mailto:thesaurus@mck.krakow.pl\">thesaurus@mck.krakow.pl<\/a><\/p>\n<p><a href=\"https:\/\/instytutpolski.pl\/budapeszt\/wp-content\/uploads\/sites\/21\/2019\/04\/logo-ip-budapeszt.png\">thesaurus_poloniae.eng_.doc<\/a><\/p>\n<p><a href=\"https:\/\/instytutpolski.pl\/budapeszt\/wp-content\/uploads\/sites\/21\/2019\/05\/thesaurus_poloniae_application_form.doc\">thesaurus_poloniae_application_form.doc<\/a><\/p>\n<p>\u00a0<\/p>\n<h2>&#8222;GAUDE PO\u00adLO\u00adNIA&#8221;\u00a0\u00d6SZT\u00d6ND\u00cdJPROGRAM<\/h2>\n<p>A Kultur\u00e1lis Miniszter\u00a0&#8222;Gaude Po\u00adlo\u00adnia&#8221;\u00a0\u00f6szt\u00f6nd\u00edjprogramja fiatal m\u0171v\u00e9szeknek, alkot\u00f3knak \u00e9s lengyel irodalomra szakosodott k\u00f6z\u00e9p- \u00e9s kelet-eur\u00f3pai ford\u00edt\u00f3knak sz\u00f3l.<\/p>\n<p>Az alkot\u00f3i \u00f6szt\u00f6nd\u00edjra az al\u00e1bbi m\u0171v\u00e9szeti \u00e1gak k\u00e9pvisel\u0151i p\u00e1ly\u00e1zhatnak:<\/p>\n<ul>\n<li>film<\/li>\n<li>fot\u00f3m\u0171v\u00e9szet<\/li>\n<li>m\u0171eml\u00e9k restaur\u00e1l\u00e1s<\/li>\n<li>irodalom\/ford\u00edt\u00e1s, zene<\/li>\n<li>vizu\u00e1lis m\u0171v\u00e9szetek<\/li>\n<li>sz\u00ednh\u00e1z<\/li>\n<li>m\u0171v\u00e9szet,\u00a0sz\u00ednh\u00e1z \u00e9s zenekritika<\/li>\n<\/ul>\n<p>Ter\u00fcletek:<br \/>\u2022 irodalom<br \/>\u2022 ford\u00edt\u00e1s<br \/>\u2022 irodalomtudom\u00e1ny<br \/>\u2022 zene, k\u00e9pz\u0151m\u0171v\u00e9szet<br \/>\u2022 film<br \/>\u2022 kultur\u00e1lis \u00f6r\u00f6ks\u00e9gv\u00e9delem<br \/>\u2022 sz\u00ednh\u00e1z<br \/><br \/>Jelentkezni lehet<br \/>\u2022 40 \u00e9ves korig (indokolt esetben 45 \u00e9ves korig)<br \/>\u2022 megfelel\u0151 szakmai referenci\u00e1val\u00a0<br \/><br \/>form\u00e1lis k\u00f6vetelm\u00e9nyek<br \/>\u2022 a jelentkez\u0151nek feh\u00e9rorosz vagy ukr\u00e1n, illetve m\u00e1s k\u00f6z\u00e9p-\u00e9s keleteur\u00f3pai orsz\u00e1g \u00e1llampolg\u00e1r\u00e1nak kell lennie, bejelentett \u00e1lland\u00f3 lakc\u00edmmeli\u00a0<br \/>\u2022 fels\u0151fok\u00fa v\u00e9gzetts\u00e9g<br \/>\u2022 lengyel nyelv alap t\u00e1rsalg\u00e1si szint\u0171 ismerete<\/p>\n<p>Jelentkezni lehet: minden \u00e9v okt\u00f3ber 15-ig<\/p>\n<p>Jelentkezni lengyel diplom\u00e1ciai \u00e9s konzuli k\u00e9pviseleteken kereszt\u00fcl lehets\u00e9ges, valamint a Nemzeti Kultur\u00e1lis Centrumhoz is el lehet k\u00fcldeni a jelentkez\u00e9shez sz\u00fcks\u00e9ges dokumentumok m\u00e1solat\u00e1t:<\/p>\n<p>fax (+ 48 22) 2\u00a0100 104,\u00a0e-\u200bma\u00adil: nck@\u200bnck.\u200bpl\u00a0<\/p>\n<p>inform\u00e1ci\u00f3:\u00a0<a href=\"http:\/\/www.nck.pl\/sub,pl,oprogramie.html\" target=\"_blank\" rel=\"noopener noreferrer\">http:\/\/www.nck.pl\/sub,pl,oprogramie.html<\/a><\/p>\n\n\n\n<p><\/p>\n","protected":false},"excerpt":{"rendered":"<p>T\u00d6BB MINT 450 FELS\u0150OKTAT\u00c1SI INT\u00c9ZM\u00c9NY 315 ERASMUS UNIVERSITY CHARTER T\u00d6BB MINT 200 TANULM\u00c1NYI SZAK 1998 \u00d3TA 36 EZER DI\u00c1K VETT R\u00c9SZT LENGYELORSZ\u00c1GBAN ERASMUS PROGRAMBAN \u00a0 MAGYAR \u00d6SZT\u00d6ND\u00cdJ BIZOTTS\u00c1G (M\u00d6B) \u00c1LTAL KI\u00cdRT P\u00c1LY\u00c1ZATOK\u00a0(K\u00c9TOLDAL\u00da OKTAT\u00c1SI EGY\u00dcTTM\u0170K\u00d6D\u00c9SI MEG\u00c1LLAPOD\u00c1SOK KERETEIN BEL\u00dcL) A Magyar \u00d6szt\u00f6nd\u00edj Bizotts\u00e1g \u00e1ltal meghirdetett lengyel-magyar egy\u00fcttm\u0171k\u00f6d\u00e9si meg\u00e1llapod\u00e1sban szerepl\u0151, lengyel fels\u0151oktat\u00e1si int\u00e9zm\u00e9nyekbe sz\u00f3l\u00f3 tanulm\u00e1nyi programok Lengyel filol\u00f3gia [&hellip;]<\/p>\n","protected":false},"author":1,"featured_media":0,"parent":0,"menu_order":0,"comment_status":"closed","ping_status":"closed","template":"","meta":{"inline_featured_image":false,"_monsterinsights_skip_tracking":false,"_monsterinsights_sitenote_active":false,"_monsterinsights_sitenote_note":"","_monsterinsights_sitenote_category":0,"footnotes":""},"class_list":["post-145","page","type-page","status-publish","hentry"],"yoast_head":"<!-- This site is optimized with the Yoast SEO plugin v24.6 - https:\/\/yoast.com\/wordpress\/plugins\/seo\/ -->\n<title>Lengyelorsz\u00e1gi \u00f6szt\u00f6nd\u00edjak - Instytut Polski w Budapeszcie<\/title>\n<meta name=\"robots\" content=\"index, follow, max-snippet:-1, max-image-preview:large, max-video-preview:-1\" \/>\n<link rel=\"canonical\" href=\"https:\/\/instytutpolski.pl\/budapest\/lengyelorszagi-osztondijak\/\" \/>\n<meta property=\"og:locale\" content=\"pl_PL\" \/>\n<meta property=\"og:type\" content=\"article\" \/>\n<meta property=\"og:title\" content=\"Lengyelorsz\u00e1gi \u00f6szt\u00f6nd\u00edjak - Instytut Polski w Budapeszcie\" \/>\n<meta property=\"og:description\" content=\"T\u00d6BB MINT 450 FELS\u0150OKTAT\u00c1SI INT\u00c9ZM\u00c9NY 315 ERASMUS UNIVERSITY CHARTER T\u00d6BB MINT 200 TANULM\u00c1NYI SZAK 1998 \u00d3TA 36 EZER DI\u00c1K VETT R\u00c9SZT LENGYELORSZ\u00c1GBAN ERASMUS PROGRAMBAN \u00a0 MAGYAR \u00d6SZT\u00d6ND\u00cdJ BIZOTTS\u00c1G (M\u00d6B) \u00c1LTAL KI\u00cdRT P\u00c1LY\u00c1ZATOK\u00a0(K\u00c9TOLDAL\u00da OKTAT\u00c1SI EGY\u00dcTTM\u0170K\u00d6D\u00c9SI MEG\u00c1LLAPOD\u00c1SOK KERETEIN BEL\u00dcL) A Magyar \u00d6szt\u00f6nd\u00edj Bizotts\u00e1g \u00e1ltal meghirdetett lengyel-magyar egy\u00fcttm\u0171k\u00f6d\u00e9si meg\u00e1llapod\u00e1sban szerepl\u0151, lengyel fels\u0151oktat\u00e1si int\u00e9zm\u00e9nyekbe sz\u00f3l\u00f3 tanulm\u00e1nyi programok Lengyel filol\u00f3gia [&hellip;]\" \/>\n<meta property=\"og:url\" content=\"https:\/\/instytutpolski.pl\/budapest\/lengyelorszagi-osztondijak\/\" \/>\n<meta property=\"og:site_name\" content=\"Instytut Polski w Budapeszcie\" \/>\n<meta property=\"article:modified_time\" content=\"2019-05-29T06:53:31+00:00\" \/>\n<meta property=\"og:image\" content=\"https:\/\/instytutpolski.pl\/budapeszt\/wp-content\/uploads\/sites\/21\/2019\/05\/g6.jpg\" \/>\n<meta name=\"twitter:card\" content=\"summary_large_image\" \/>\n<meta name=\"twitter:label1\" content=\"Szacowany czas czytania\" \/>\n\t<meta name=\"twitter:data1\" content=\"8 minut\" \/>\n<script type=\"application\/ld+json\" class=\"yoast-schema-graph\">{\"@context\":\"https:\/\/schema.org\",\"@graph\":[{\"@type\":\"WebPage\",\"@id\":\"https:\/\/instytutpolski.pl\/budapest\/lengyelorszagi-osztondijak\/\",\"url\":\"https:\/\/instytutpolski.pl\/budapest\/lengyelorszagi-osztondijak\/\",\"name\":\"Lengyelorsz\u00e1gi \u00f6szt\u00f6nd\u00edjak - Instytut Polski w Budapeszcie\",\"isPartOf\":{\"@id\":\"https:\/\/instytutpolski.pl\/budapest\/#website\"},\"primaryImageOfPage\":{\"@id\":\"https:\/\/instytutpolski.pl\/budapest\/lengyelorszagi-osztondijak\/#primaryimage\"},\"image\":{\"@id\":\"https:\/\/instytutpolski.pl\/budapest\/lengyelorszagi-osztondijak\/#primaryimage\"},\"thumbnailUrl\":\"https:\/\/instytutpolski.pl\/budapeszt\/wp-content\/uploads\/sites\/21\/2019\/05\/g6.jpg\",\"datePublished\":\"2019-05-29T06:53:30+00:00\",\"dateModified\":\"2019-05-29T06:53:31+00:00\",\"breadcrumb\":{\"@id\":\"https:\/\/instytutpolski.pl\/budapest\/lengyelorszagi-osztondijak\/#breadcrumb\"},\"inLanguage\":\"pl-PL\",\"potentialAction\":[{\"@type\":\"ReadAction\",\"target\":[\"https:\/\/instytutpolski.pl\/budapest\/lengyelorszagi-osztondijak\/\"]}]},{\"@type\":\"ImageObject\",\"inLanguage\":\"pl-PL\",\"@id\":\"https:\/\/instytutpolski.pl\/budapest\/lengyelorszagi-osztondijak\/#primaryimage\",\"url\":\"https:\/\/instytutpolski.pl\/budapeszt\/wp-content\/uploads\/sites\/21\/2019\/05\/g6.jpg\",\"contentUrl\":\"https:\/\/instytutpolski.pl\/budapeszt\/wp-content\/uploads\/sites\/21\/2019\/05\/g6.jpg\"},{\"@type\":\"BreadcrumbList\",\"@id\":\"https:\/\/instytutpolski.pl\/budapest\/lengyelorszagi-osztondijak\/#breadcrumb\",\"itemListElement\":[{\"@type\":\"ListItem\",\"position\":1,\"name\":\"Home\",\"item\":\"https:\/\/instytutpolski.pl\/budapest\/\"},{\"@type\":\"ListItem\",\"position\":2,\"name\":\"Lengyelorsz\u00e1gi \u00f6szt\u00f6nd\u00edjak\"}]},{\"@type\":\"WebSite\",\"@id\":\"https:\/\/instytutpolski.pl\/budapest\/#website\",\"url\":\"https:\/\/instytutpolski.pl\/budapest\/\",\"name\":\"Instytut Polski w Budapeszcie\",\"description\":\"Instytuty Polskie\",\"potentialAction\":[{\"@type\":\"SearchAction\",\"target\":{\"@type\":\"EntryPoint\",\"urlTemplate\":\"https:\/\/instytutpolski.pl\/budapest\/?s={search_term_string}\"},\"query-input\":{\"@type\":\"PropertyValueSpecification\",\"valueRequired\":true,\"valueName\":\"search_term_string\"}}],\"inLanguage\":\"pl-PL\"}]}<\/script>\n<!-- \/ Yoast SEO plugin. -->","yoast_head_json":{"title":"Lengyelorsz\u00e1gi \u00f6szt\u00f6nd\u00edjak - Instytut Polski w Budapeszcie","robots":{"index":"index","follow":"follow","max-snippet":"max-snippet:-1","max-image-preview":"max-image-preview:large","max-video-preview":"max-video-preview:-1"},"canonical":"https:\/\/instytutpolski.pl\/budapest\/lengyelorszagi-osztondijak\/","og_locale":"pl_PL","og_type":"article","og_title":"Lengyelorsz\u00e1gi \u00f6szt\u00f6nd\u00edjak - Instytut Polski w Budapeszcie","og_description":"T\u00d6BB MINT 450 FELS\u0150OKTAT\u00c1SI INT\u00c9ZM\u00c9NY 315 ERASMUS UNIVERSITY CHARTER T\u00d6BB MINT 200 TANULM\u00c1NYI SZAK 1998 \u00d3TA 36 EZER DI\u00c1K VETT R\u00c9SZT LENGYELORSZ\u00c1GBAN ERASMUS PROGRAMBAN \u00a0 MAGYAR \u00d6SZT\u00d6ND\u00cdJ BIZOTTS\u00c1G (M\u00d6B) \u00c1LTAL KI\u00cdRT P\u00c1LY\u00c1ZATOK\u00a0(K\u00c9TOLDAL\u00da OKTAT\u00c1SI EGY\u00dcTTM\u0170K\u00d6D\u00c9SI MEG\u00c1LLAPOD\u00c1SOK KERETEIN BEL\u00dcL) A Magyar \u00d6szt\u00f6nd\u00edj Bizotts\u00e1g \u00e1ltal meghirdetett lengyel-magyar egy\u00fcttm\u0171k\u00f6d\u00e9si meg\u00e1llapod\u00e1sban szerepl\u0151, lengyel fels\u0151oktat\u00e1si int\u00e9zm\u00e9nyekbe sz\u00f3l\u00f3 tanulm\u00e1nyi programok Lengyel filol\u00f3gia [&hellip;]","og_url":"https:\/\/instytutpolski.pl\/budapest\/lengyelorszagi-osztondijak\/","og_site_name":"Instytut Polski w Budapeszcie","article_modified_time":"2019-05-29T06:53:31+00:00","og_image":[{"url":"https:\/\/instytutpolski.pl\/budapeszt\/wp-content\/uploads\/sites\/21\/2019\/05\/g6.jpg","type":"","width":"","height":""}],"twitter_card":"summary_large_image","twitter_misc":{"Szacowany czas czytania":"8 minut"},"schema":{"@context":"https:\/\/schema.org","@graph":[{"@type":"WebPage","@id":"https:\/\/instytutpolski.pl\/budapest\/lengyelorszagi-osztondijak\/","url":"https:\/\/instytutpolski.pl\/budapest\/lengyelorszagi-osztondijak\/","name":"Lengyelorsz\u00e1gi \u00f6szt\u00f6nd\u00edjak - Instytut Polski w Budapeszcie","isPartOf":{"@id":"https:\/\/instytutpolski.pl\/budapest\/#website"},"primaryImageOfPage":{"@id":"https:\/\/instytutpolski.pl\/budapest\/lengyelorszagi-osztondijak\/#primaryimage"},"image":{"@id":"https:\/\/instytutpolski.pl\/budapest\/lengyelorszagi-osztondijak\/#primaryimage"},"thumbnailUrl":"https:\/\/instytutpolski.pl\/budapeszt\/wp-content\/uploads\/sites\/21\/2019\/05\/g6.jpg","datePublished":"2019-05-29T06:53:30+00:00","dateModified":"2019-05-29T06:53:31+00:00","breadcrumb":{"@id":"https:\/\/instytutpolski.pl\/budapest\/lengyelorszagi-osztondijak\/#breadcrumb"},"inLanguage":"pl-PL","potentialAction":[{"@type":"ReadAction","target":["https:\/\/instytutpolski.pl\/budapest\/lengyelorszagi-osztondijak\/"]}]},{"@type":"ImageObject","inLanguage":"pl-PL","@id":"https:\/\/instytutpolski.pl\/budapest\/lengyelorszagi-osztondijak\/#primaryimage","url":"https:\/\/instytutpolski.pl\/budapeszt\/wp-content\/uploads\/sites\/21\/2019\/05\/g6.jpg","contentUrl":"https:\/\/instytutpolski.pl\/budapeszt\/wp-content\/uploads\/sites\/21\/2019\/05\/g6.jpg"},{"@type":"BreadcrumbList","@id":"https:\/\/instytutpolski.pl\/budapest\/lengyelorszagi-osztondijak\/#breadcrumb","itemListElement":[{"@type":"ListItem","position":1,"name":"Home","item":"https:\/\/instytutpolski.pl\/budapest\/"},{"@type":"ListItem","position":2,"name":"Lengyelorsz\u00e1gi \u00f6szt\u00f6nd\u00edjak"}]},{"@type":"WebSite","@id":"https:\/\/instytutpolski.pl\/budapest\/#website","url":"https:\/\/instytutpolski.pl\/budapest\/","name":"Instytut Polski w Budapeszcie","description":"Instytuty Polskie","potentialAction":[{"@type":"SearchAction","target":{"@type":"EntryPoint","urlTemplate":"https:\/\/instytutpolski.pl\/budapest\/?s={search_term_string}"},"query-input":{"@type":"PropertyValueSpecification","valueRequired":true,"valueName":"search_term_string"}}],"inLanguage":"pl-PL"}]}},"_links":{"self":[{"href":"https:\/\/instytutpolski.pl\/budapest\/wp-json\/wp\/v2\/pages\/145","targetHints":{"allow":["GET"]}}],"collection":[{"href":"https:\/\/instytutpolski.pl\/budapest\/wp-json\/wp\/v2\/pages"}],"about":[{"href":"https:\/\/instytutpolski.pl\/budapest\/wp-json\/wp\/v2\/types\/page"}],"author":[{"embeddable":true,"href":"https:\/\/instytutpolski.pl\/budapest\/wp-json\/wp\/v2\/users\/1"}],"replies":[{"embeddable":true,"href":"https:\/\/instytutpolski.pl\/budapest\/wp-json\/wp\/v2\/comments?post=145"}],"version-history":[{"count":5,"href":"https:\/\/instytutpolski.pl\/budapest\/wp-json\/wp\/v2\/pages\/145\/revisions"}],"predecessor-version":[{"id":157,"href":"https:\/\/instytutpolski.pl\/budapest\/wp-json\/wp\/v2\/pages\/145\/revisions\/157"}],"wp:attachment":[{"href":"https:\/\/instytutpolski.pl\/budapest\/wp-json\/wp\/v2\/media?parent=145"}],"curies":[{"name":"wp","href":"https:\/\/api.w.org\/{rel}","templated":true}]}}