{"id":231,"date":"2019-05-29T11:58:55","date_gmt":"2019-05-29T09:58:55","guid":{"rendered":"https:\/\/instytutpolski.pl\/budapeszt\/?page_id=231"},"modified":"2019-05-29T11:46:03","modified_gmt":"2019-05-29T09:46:03","slug":"zespol","status":"publish","type":"page","link":"https:\/\/instytutpolski.pl\/budapest\/pl\/zespol\/","title":{"rendered":"Zesp\u00f3\u0142"},"content":{"rendered":"\n<p style=\"text-align: left\"><strong><a href=\"https:\/\/instytutpolski.pl\/budapeszt\/wp-content\/uploads\/sites\/21\/2019\/05\/urbanska_joanna3_0-1.jpg\"><img loading=\"lazy\" decoding=\"async\" class=\"size-full wp-image-233 alignleft\" src=\"https:\/\/instytutpolski.pl\/budapeszt\/wp-content\/uploads\/sites\/21\/2019\/05\/urbanska_joanna3_0-1.jpg\" alt=\"\" width=\"333\" height=\"500\" srcset=\"https:\/\/instytutpolski.pl\/budapest\/wp-content\/uploads\/sites\/21\/2019\/05\/urbanska_joanna3_0-1.jpg 333w, https:\/\/instytutpolski.pl\/budapest\/wp-content\/uploads\/sites\/21\/2019\/05\/urbanska_joanna3_0-1-200x300.jpg 200w\" sizes=\"auto, (max-width: 333px) 100vw, 333px\" \/><\/a>Joanna Urba\u0144ska<\/strong>\u00a0&#8211; absolwentka filologii w\u0119gierskiej, studiowa\u0142a na Uniwersytecie Adama Mickiewicza w Poznaniu oraz na E\u00f6tv\u00f6s Lor\u00e1nd Tudom\u00e1nyegyetem w Budapeszcie. T\u0142umaczka tekst\u00f3w specjalistycznych i autorka przek\u0142ad\u00f3w literackich, od lat zaanga\u017cowana jest w dzia\u0142alno\u015b\u0107 propaguj\u0105c\u0105 i umacniaj\u0105c\u0105 wsp\u00f3\u0142prac\u0119 polsko-w\u0119giersk\u0105 na niwie kultury i sztuki. G\u0142\u00f3wny przedmiot jej zainteresowa\u0144 stanowi historia oraz literatura. Od 2018 roku dyrektor Instytutu Polskiego.<\/p>\n<p>\u00a0<\/p>\n<p>\u00a0<\/p>\n<p>\u00a0<\/p>\n<p>\u00a0<\/p>\n<p>\u00a0<\/p>\n<p>\u00a0<\/p>\n<p>\u00a0<\/p>\n<p>\u00a0<\/p>\n<p>\u00a0<\/p>\n<p><strong><a href=\"https:\/\/instytutpolski.pl\/budapeszt\/wp-content\/uploads\/sites\/21\/2019\/05\/gosia_zdjecie.jpg\"><img loading=\"lazy\" decoding=\"async\" class=\"size-full wp-image-234 alignleft\" src=\"https:\/\/instytutpolski.pl\/budapeszt\/wp-content\/uploads\/sites\/21\/2019\/05\/gosia_zdjecie.jpg\" alt=\"\" width=\"350\" height=\"234\" srcset=\"https:\/\/instytutpolski.pl\/budapest\/wp-content\/uploads\/sites\/21\/2019\/05\/gosia_zdjecie.jpg 350w, https:\/\/instytutpolski.pl\/budapest\/wp-content\/uploads\/sites\/21\/2019\/05\/gosia_zdjecie-300x201.jpg 300w\" sizes=\"auto, (max-width: 350px) 100vw, 350px\" \/><\/a>Ma\u0142gorzata Tak\u00e1cs<\/strong>\u00a0&#8211;\u00a0 od 1996 roku ekspert ds. projekt\u00f3w filmowych i organizowania wystaw w Instytucie Polskim w Budapeszcie.<\/p>\n<p>\u00a0<\/p>\n<p>\u00a0<\/p>\n<p>\u00a0<\/p>\n<p>\u00a0<\/p>\n<p>\u00a0<\/p>\n<p><strong><a href=\"https:\/\/instytutpolski.pl\/budapeszt\/wp-content\/uploads\/sites\/21\/2019\/05\/wojtek_zdjecie.jpg\"><img loading=\"lazy\" decoding=\"async\" class=\"size-full wp-image-235 alignleft\" src=\"https:\/\/instytutpolski.pl\/budapeszt\/wp-content\/uploads\/sites\/21\/2019\/05\/wojtek_zdjecie.jpg\" alt=\"\" width=\"334\" height=\"500\" srcset=\"https:\/\/instytutpolski.pl\/budapest\/wp-content\/uploads\/sites\/21\/2019\/05\/wojtek_zdjecie.jpg 334w, https:\/\/instytutpolski.pl\/budapest\/wp-content\/uploads\/sites\/21\/2019\/05\/wojtek_zdjecie-200x300.jpg 200w\" sizes=\"auto, (max-width: 334px) 100vw, 334px\" \/><\/a>Wojtek Kriston<\/strong>\u00a0&#8211; od 1996 roku\u00a0ekspert ds. projekt\u00f3w muzycznych, teatralnych i tanecznych\u00a0w Instytucie Polskim w Budapeszcie.<\/p>\n<p>\u00a0<\/p>\n<p>\u00a0<\/p>\n<p>\u00a0<\/p>\n<p>\u00a0<\/p>\n<p>\u00a0<\/p>\n<p>\u00a0<\/p>\n<p>\u00a0<\/p>\n<p>\u00a0<\/p>\n<p>\u00a0<\/p>\n<p>\u00a0<\/p>\n<p>\u00a0<\/p>\n<p><strong><a href=\"https:\/\/instytutpolski.pl\/budapeszt\/wp-content\/uploads\/sites\/21\/2019\/05\/timi.jpg\"><img loading=\"lazy\" decoding=\"async\" class=\"size-full wp-image-236 alignleft\" src=\"https:\/\/instytutpolski.pl\/budapeszt\/wp-content\/uploads\/sites\/21\/2019\/05\/timi.jpg\" alt=\"\" width=\"350\" height=\"330\" srcset=\"https:\/\/instytutpolski.pl\/budapest\/wp-content\/uploads\/sites\/21\/2019\/05\/timi.jpg 350w, https:\/\/instytutpolski.pl\/budapest\/wp-content\/uploads\/sites\/21\/2019\/05\/timi-300x283.jpg 300w\" sizes=\"auto, (max-width: 350px) 100vw, 350px\" \/><\/a>T\u00edmea Jerger\u00a0<\/strong>\u2013 od 2002 roku ekspert ds. sztuk plastycznych oraz kurator Galerii Platan Instytutu Polskiego w Budapeszcie (Platan).\u00a0<\/p>\n<p>\u00a0<\/p>\n<p>\u00a0<\/p>\n<p>\u00a0<\/p>\n<p>\u00a0<\/p>\n<p>\u00a0<\/p>\n<p>\u00a0<\/p>\n<p>\u00a0<\/p>\n<p><strong><a href=\"https:\/\/instytutpolski.pl\/budapeszt\/wp-content\/uploads\/sites\/21\/2019\/05\/m.bekey_zdjecie.jpg\"><img loading=\"lazy\" decoding=\"async\" class=\"size-full wp-image-237 alignleft\" src=\"https:\/\/instytutpolski.pl\/budapeszt\/wp-content\/uploads\/sites\/21\/2019\/05\/m.bekey_zdjecie.jpg\" alt=\"\" width=\"350\" height=\"234\" srcset=\"https:\/\/instytutpolski.pl\/budapest\/wp-content\/uploads\/sites\/21\/2019\/05\/m.bekey_zdjecie.jpg 350w, https:\/\/instytutpolski.pl\/budapest\/wp-content\/uploads\/sites\/21\/2019\/05\/m.bekey_zdjecie-300x201.jpg 300w\" sizes=\"auto, (max-width: 350px) 100vw, 350px\" \/><\/a>M\u00e1ria\u00a0B\u00e9key<\/strong>\u00a0&#8211; od 2009 roku bibliotekarka\u00a0Instytutu Polskiego w Budapeszcie.<\/p>\n<p>\u00a0<\/p>\n<p>\u00a0<\/p>\n<p>\u00a0<\/p>\n<p>\u00a0<\/p>\n<p>\u00a0<\/p>\n<p><strong><a href=\"https:\/\/instytutpolski.pl\/budapeszt\/wp-content\/uploads\/sites\/21\/2019\/05\/jb-2014-03-18-00016.jpg\"><img loading=\"lazy\" decoding=\"async\" class=\"size-full wp-image-238 alignleft\" src=\"https:\/\/instytutpolski.pl\/budapeszt\/wp-content\/uploads\/sites\/21\/2019\/05\/jb-2014-03-18-00016.jpg\" alt=\"\" width=\"334\" height=\"500\" srcset=\"https:\/\/instytutpolski.pl\/budapest\/wp-content\/uploads\/sites\/21\/2019\/05\/jb-2014-03-18-00016.jpg 334w, https:\/\/instytutpolski.pl\/budapest\/wp-content\/uploads\/sites\/21\/2019\/05\/jb-2014-03-18-00016-200x300.jpg 200w\" sizes=\"auto, (max-width: 334px) 100vw, 334px\" \/><\/a>El\u017cbieta Forusi\u0144ska-Hamar<\/strong>\u00a0&#8211; od 1996 roku pe\u0142ni funkcj\u0119 kierownika sekretariatu\u00a0Instytutu Polskiego w Budapeszcie. Koordynuje organizacj\u0119 kurs\u00f3w j\u0119zykowych<\/p>\n<p>\u00a0<\/p>\n<p>\u00a0<\/p>\n<p>\u00a0<\/p>\n<p>\u00a0<\/p>\n<p>\u00a0<\/p>\n<p>\u00a0<\/p>\n<p>\u00a0<\/p>\n<p>\u00a0<\/p>\n<p>\u00a0<\/p>\n<p>\u00a0<\/p>\n<p>\u00a0<\/p>\n<p><strong><a href=\"https:\/\/instytutpolski.pl\/budapeszt\/wp-content\/uploads\/sites\/21\/2019\/05\/endre_zdjecie.jpg\"><img loading=\"lazy\" decoding=\"async\" class=\"size-full wp-image-239 alignleft\" src=\"https:\/\/instytutpolski.pl\/budapeszt\/wp-content\/uploads\/sites\/21\/2019\/05\/endre_zdjecie.jpg\" alt=\"\" width=\"334\" height=\"500\" srcset=\"https:\/\/instytutpolski.pl\/budapest\/wp-content\/uploads\/sites\/21\/2019\/05\/endre_zdjecie.jpg 334w, https:\/\/instytutpolski.pl\/budapest\/wp-content\/uploads\/sites\/21\/2019\/05\/endre_zdjecie-200x300.jpg 200w\" sizes=\"auto, (max-width: 334px) 100vw, 334px\" \/><\/a>Endre\u00a0M\u00e1t\u00e9<\/strong>\u00a0&#8211; od 2006 roku kierowca\u00a0Instytutu Polskiego w Budapeszcie.<\/p>\n<p>\u00a0<\/p>\n<p>\u00a0<\/p>\n<p>\u00a0<\/p>\n<p>\u00a0<\/p>\n<p>\u00a0<\/p>\n<p>\u00a0<\/p>\n<p>\u00a0<\/p>\n<p>\u00a0<\/p>\n<p>\u00a0<\/p>\n<p>\u00a0<\/p>\n<p>\u00a0<\/p>\n<p><strong><a href=\"https:\/\/instytutpolski.pl\/budapeszt\/wp-content\/uploads\/sites\/21\/2019\/05\/zoltan_zdjecie.jpg\"><img loading=\"lazy\" decoding=\"async\" class=\"size-full wp-image-240 alignleft\" src=\"https:\/\/instytutpolski.pl\/budapeszt\/wp-content\/uploads\/sites\/21\/2019\/05\/zoltan_zdjecie.jpg\" alt=\"\" width=\"334\" height=\"500\" srcset=\"https:\/\/instytutpolski.pl\/budapest\/wp-content\/uploads\/sites\/21\/2019\/05\/zoltan_zdjecie.jpg 334w, https:\/\/instytutpolski.pl\/budapest\/wp-content\/uploads\/sites\/21\/2019\/05\/zoltan_zdjecie-200x300.jpg 200w\" sizes=\"auto, (max-width: 334px) 100vw, 334px\" \/><\/a>Zolt\u00e1n\u00a0V\u00e9ber<\/strong>\u00a0&#8211; od 2007 roku pe\u0142ni funkcj\u0119\u00a0technika w Instytucie Polskim w Budapeszcie.<\/p>\n<p>\u00a0<\/p>\n<p>\u00a0<\/p>\n<p>\u00a0<\/p>\n<p>\u00a0<\/p>\n<p>\u00a0<\/p>\n<p>\u00a0<\/p>\n<p>\u00a0<\/p>\n<p>\u00a0<\/p>\n<p>\u00a0<\/p>\n<p>\u00a0<\/p>\n<p>\u00a0<\/p>\n<p><strong><a href=\"https:\/\/instytutpolski.pl\/budapeszt\/wp-content\/uploads\/sites\/21\/2019\/05\/jb-2014-03-19-00035.jpg\"><img loading=\"lazy\" decoding=\"async\" class=\"size-full wp-image-241 alignleft\" src=\"https:\/\/instytutpolski.pl\/budapeszt\/wp-content\/uploads\/sites\/21\/2019\/05\/jb-2014-03-19-00035.jpg\" alt=\"\" width=\"334\" height=\"500\" srcset=\"https:\/\/instytutpolski.pl\/budapest\/wp-content\/uploads\/sites\/21\/2019\/05\/jb-2014-03-19-00035.jpg 334w, https:\/\/instytutpolski.pl\/budapest\/wp-content\/uploads\/sites\/21\/2019\/05\/jb-2014-03-19-00035-200x300.jpg 200w\" sizes=\"auto, (max-width: 334px) 100vw, 334px\" \/><\/a>Eszter\u00a0Felvid\u00e9ki<\/strong>\u00a0&#8211; od 2010 roku\u00a0specjalista ds. PR i komunikacji, ponadto od\u00a02013 roku ekspert ds. literatury\u00a0w Instytucie Polskim w Budapeszcie. Obecnie przebywa na urlopie macierzy\u0144skim.\u00a0<\/p>\n","protected":false},"excerpt":{"rendered":"<p>Joanna Urba\u0144ska\u00a0&#8211; absolwentka filologii w\u0119gierskiej, studiowa\u0142a na Uniwersytecie Adama Mickiewicza w Poznaniu oraz na E\u00f6tv\u00f6s Lor\u00e1nd Tudom\u00e1nyegyetem w Budapeszcie. T\u0142umaczka tekst\u00f3w specjalistycznych i autorka przek\u0142ad\u00f3w literackich, od lat zaanga\u017cowana jest w dzia\u0142alno\u015b\u0107 propaguj\u0105c\u0105 i umacniaj\u0105c\u0105 wsp\u00f3\u0142prac\u0119 polsko-w\u0119giersk\u0105 na niwie kultury i sztuki. G\u0142\u00f3wny przedmiot jej zainteresowa\u0144 stanowi historia oraz literatura. Od 2018 roku dyrektor Instytutu [&hellip;]<\/p>\n","protected":false},"author":1,"featured_media":0,"parent":0,"menu_order":0,"comment_status":"closed","ping_status":"closed","template":"","meta":{"inline_featured_image":false,"_monsterinsights_skip_tracking":false,"_monsterinsights_sitenote_active":false,"_monsterinsights_sitenote_note":"","_monsterinsights_sitenote_category":0,"footnotes":""},"class_list":["post-231","page","type-page","status-publish","hentry"],"yoast_head":"<!-- This site is optimized with the Yoast SEO plugin v24.6 - https:\/\/yoast.com\/wordpress\/plugins\/seo\/ -->\n<title>Zesp\u00f3\u0142 - Instytut Polski w Budapeszcie<\/title>\n<meta name=\"robots\" content=\"index, follow, max-snippet:-1, max-image-preview:large, max-video-preview:-1\" \/>\n<link rel=\"canonical\" href=\"https:\/\/instytutpolski.pl\/budapest\/pl\/zespol\/\" \/>\n<meta property=\"og:locale\" content=\"pl_PL\" \/>\n<meta property=\"og:type\" content=\"article\" \/>\n<meta property=\"og:title\" content=\"Zesp\u00f3\u0142 - Instytut Polski w Budapeszcie\" \/>\n<meta property=\"og:description\" content=\"Joanna Urba\u0144ska\u00a0&#8211; absolwentka filologii w\u0119gierskiej, studiowa\u0142a na Uniwersytecie Adama Mickiewicza w Poznaniu oraz na E\u00f6tv\u00f6s Lor\u00e1nd Tudom\u00e1nyegyetem w Budapeszcie. T\u0142umaczka tekst\u00f3w specjalistycznych i autorka przek\u0142ad\u00f3w literackich, od lat zaanga\u017cowana jest w dzia\u0142alno\u015b\u0107 propaguj\u0105c\u0105 i umacniaj\u0105c\u0105 wsp\u00f3\u0142prac\u0119 polsko-w\u0119giersk\u0105 na niwie kultury i sztuki. G\u0142\u00f3wny przedmiot jej zainteresowa\u0144 stanowi historia oraz literatura. Od 2018 roku dyrektor Instytutu [&hellip;]\" \/>\n<meta property=\"og:url\" content=\"https:\/\/instytutpolski.pl\/budapest\/pl\/zespol\/\" \/>\n<meta property=\"og:site_name\" content=\"Instytut Polski w Budapeszcie\" \/>\n<meta property=\"og:image\" content=\"https:\/\/instytutpolski.pl\/budapeszt\/wp-content\/uploads\/sites\/21\/2019\/05\/urbanska_joanna3_0-1.jpg\" \/>\n<meta name=\"twitter:card\" content=\"summary_large_image\" \/>\n<meta name=\"twitter:label1\" content=\"Szacowany czas czytania\" \/>\n\t<meta name=\"twitter:data1\" content=\"1 minuta\" \/>\n<script type=\"application\/ld+json\" class=\"yoast-schema-graph\">{\"@context\":\"https:\/\/schema.org\",\"@graph\":[{\"@type\":\"WebPage\",\"@id\":\"https:\/\/instytutpolski.pl\/budapest\/pl\/zespol\/\",\"url\":\"https:\/\/instytutpolski.pl\/budapest\/pl\/zespol\/\",\"name\":\"Zesp\u00f3\u0142 - Instytut Polski w Budapeszcie\",\"isPartOf\":{\"@id\":\"https:\/\/instytutpolski.pl\/budapest\/#website\"},\"primaryImageOfPage\":{\"@id\":\"https:\/\/instytutpolski.pl\/budapest\/pl\/zespol\/#primaryimage\"},\"image\":{\"@id\":\"https:\/\/instytutpolski.pl\/budapest\/pl\/zespol\/#primaryimage\"},\"thumbnailUrl\":\"https:\/\/instytutpolski.pl\/budapeszt\/wp-content\/uploads\/sites\/21\/2019\/05\/urbanska_joanna3_0-1.jpg\",\"datePublished\":\"2019-05-29T09:58:55+00:00\",\"breadcrumb\":{\"@id\":\"https:\/\/instytutpolski.pl\/budapest\/pl\/zespol\/#breadcrumb\"},\"inLanguage\":\"pl-PL\",\"potentialAction\":[{\"@type\":\"ReadAction\",\"target\":[\"https:\/\/instytutpolski.pl\/budapest\/pl\/zespol\/\"]}]},{\"@type\":\"ImageObject\",\"inLanguage\":\"pl-PL\",\"@id\":\"https:\/\/instytutpolski.pl\/budapest\/pl\/zespol\/#primaryimage\",\"url\":\"https:\/\/instytutpolski.pl\/budapeszt\/wp-content\/uploads\/sites\/21\/2019\/05\/urbanska_joanna3_0-1.jpg\",\"contentUrl\":\"https:\/\/instytutpolski.pl\/budapeszt\/wp-content\/uploads\/sites\/21\/2019\/05\/urbanska_joanna3_0-1.jpg\"},{\"@type\":\"BreadcrumbList\",\"@id\":\"https:\/\/instytutpolski.pl\/budapest\/pl\/zespol\/#breadcrumb\",\"itemListElement\":[{\"@type\":\"ListItem\",\"position\":1,\"name\":\"Home\",\"item\":\"https:\/\/instytutpolski.pl\/budapest\/\"},{\"@type\":\"ListItem\",\"position\":2,\"name\":\"Zesp\u00f3\u0142\"}]},{\"@type\":\"WebSite\",\"@id\":\"https:\/\/instytutpolski.pl\/budapest\/#website\",\"url\":\"https:\/\/instytutpolski.pl\/budapest\/\",\"name\":\"Instytut Polski w Budapeszcie\",\"description\":\"Instytuty Polskie\",\"potentialAction\":[{\"@type\":\"SearchAction\",\"target\":{\"@type\":\"EntryPoint\",\"urlTemplate\":\"https:\/\/instytutpolski.pl\/budapest\/?s={search_term_string}\"},\"query-input\":{\"@type\":\"PropertyValueSpecification\",\"valueRequired\":true,\"valueName\":\"search_term_string\"}}],\"inLanguage\":\"pl-PL\"}]}<\/script>\n<!-- \/ Yoast SEO plugin. -->","yoast_head_json":{"title":"Zesp\u00f3\u0142 - Instytut Polski w Budapeszcie","robots":{"index":"index","follow":"follow","max-snippet":"max-snippet:-1","max-image-preview":"max-image-preview:large","max-video-preview":"max-video-preview:-1"},"canonical":"https:\/\/instytutpolski.pl\/budapest\/pl\/zespol\/","og_locale":"pl_PL","og_type":"article","og_title":"Zesp\u00f3\u0142 - Instytut Polski w Budapeszcie","og_description":"Joanna Urba\u0144ska\u00a0&#8211; absolwentka filologii w\u0119gierskiej, studiowa\u0142a na Uniwersytecie Adama Mickiewicza w Poznaniu oraz na E\u00f6tv\u00f6s Lor\u00e1nd Tudom\u00e1nyegyetem w Budapeszcie. T\u0142umaczka tekst\u00f3w specjalistycznych i autorka przek\u0142ad\u00f3w literackich, od lat zaanga\u017cowana jest w dzia\u0142alno\u015b\u0107 propaguj\u0105c\u0105 i umacniaj\u0105c\u0105 wsp\u00f3\u0142prac\u0119 polsko-w\u0119giersk\u0105 na niwie kultury i sztuki. G\u0142\u00f3wny przedmiot jej zainteresowa\u0144 stanowi historia oraz literatura. Od 2018 roku dyrektor Instytutu [&hellip;]","og_url":"https:\/\/instytutpolski.pl\/budapest\/pl\/zespol\/","og_site_name":"Instytut Polski w Budapeszcie","og_image":[{"url":"https:\/\/instytutpolski.pl\/budapeszt\/wp-content\/uploads\/sites\/21\/2019\/05\/urbanska_joanna3_0-1.jpg","type":"","width":"","height":""}],"twitter_card":"summary_large_image","twitter_misc":{"Szacowany czas czytania":"1 minuta"},"schema":{"@context":"https:\/\/schema.org","@graph":[{"@type":"WebPage","@id":"https:\/\/instytutpolski.pl\/budapest\/pl\/zespol\/","url":"https:\/\/instytutpolski.pl\/budapest\/pl\/zespol\/","name":"Zesp\u00f3\u0142 - Instytut Polski w Budapeszcie","isPartOf":{"@id":"https:\/\/instytutpolski.pl\/budapest\/#website"},"primaryImageOfPage":{"@id":"https:\/\/instytutpolski.pl\/budapest\/pl\/zespol\/#primaryimage"},"image":{"@id":"https:\/\/instytutpolski.pl\/budapest\/pl\/zespol\/#primaryimage"},"thumbnailUrl":"https:\/\/instytutpolski.pl\/budapeszt\/wp-content\/uploads\/sites\/21\/2019\/05\/urbanska_joanna3_0-1.jpg","datePublished":"2019-05-29T09:58:55+00:00","breadcrumb":{"@id":"https:\/\/instytutpolski.pl\/budapest\/pl\/zespol\/#breadcrumb"},"inLanguage":"pl-PL","potentialAction":[{"@type":"ReadAction","target":["https:\/\/instytutpolski.pl\/budapest\/pl\/zespol\/"]}]},{"@type":"ImageObject","inLanguage":"pl-PL","@id":"https:\/\/instytutpolski.pl\/budapest\/pl\/zespol\/#primaryimage","url":"https:\/\/instytutpolski.pl\/budapeszt\/wp-content\/uploads\/sites\/21\/2019\/05\/urbanska_joanna3_0-1.jpg","contentUrl":"https:\/\/instytutpolski.pl\/budapeszt\/wp-content\/uploads\/sites\/21\/2019\/05\/urbanska_joanna3_0-1.jpg"},{"@type":"BreadcrumbList","@id":"https:\/\/instytutpolski.pl\/budapest\/pl\/zespol\/#breadcrumb","itemListElement":[{"@type":"ListItem","position":1,"name":"Home","item":"https:\/\/instytutpolski.pl\/budapest\/"},{"@type":"ListItem","position":2,"name":"Zesp\u00f3\u0142"}]},{"@type":"WebSite","@id":"https:\/\/instytutpolski.pl\/budapest\/#website","url":"https:\/\/instytutpolski.pl\/budapest\/","name":"Instytut Polski w Budapeszcie","description":"Instytuty Polskie","potentialAction":[{"@type":"SearchAction","target":{"@type":"EntryPoint","urlTemplate":"https:\/\/instytutpolski.pl\/budapest\/?s={search_term_string}"},"query-input":{"@type":"PropertyValueSpecification","valueRequired":true,"valueName":"search_term_string"}}],"inLanguage":"pl-PL"}]}},"_links":{"self":[{"href":"https:\/\/instytutpolski.pl\/budapest\/wp-json\/wp\/v2\/pages\/231","targetHints":{"allow":["GET"]}}],"collection":[{"href":"https:\/\/instytutpolski.pl\/budapest\/wp-json\/wp\/v2\/pages"}],"about":[{"href":"https:\/\/instytutpolski.pl\/budapest\/wp-json\/wp\/v2\/types\/page"}],"author":[{"embeddable":true,"href":"https:\/\/instytutpolski.pl\/budapest\/wp-json\/wp\/v2\/users\/1"}],"replies":[{"embeddable":true,"href":"https:\/\/instytutpolski.pl\/budapest\/wp-json\/wp\/v2\/comments?post=231"}],"version-history":[{"count":1,"href":"https:\/\/instytutpolski.pl\/budapest\/wp-json\/wp\/v2\/pages\/231\/revisions"}],"predecessor-version":[{"id":242,"href":"https:\/\/instytutpolski.pl\/budapest\/wp-json\/wp\/v2\/pages\/231\/revisions\/242"}],"wp:attachment":[{"href":"https:\/\/instytutpolski.pl\/budapest\/wp-json\/wp\/v2\/media?parent=231"}],"curies":[{"name":"wp","href":"https:\/\/api.w.org\/{rel}","templated":true}]}}