{"id":26,"date":"2019-05-28T13:29:00","date_gmt":"2019-05-28T11:29:00","guid":{"rendered":"https:\/\/instytutpolski.pl\/budapeszt\/?page_id=26"},"modified":"2019-05-28T13:29:00","modified_gmt":"2019-05-28T11:29:00","slug":"linki","status":"publish","type":"page","link":"https:\/\/instytutpolski.pl\/budapest\/pl\/linki\/","title":{"rendered":"Linki"},"content":{"rendered":"\n<div class=\"item-list\">\n<h3>INSTYTUTY POLSKIE NA \u015aWIECIE<\/h3>\n<pre>    <\/pre>\n<ul>\n<li class=\"views-row views-row-1 views-row-odd views-row-first\">\n<div class=\"views-field-title\"><span class=\"field-content\"><a href=\"http:\/\/berlin.polnischekultur.de\/\" target=\"_blank\" rel=\"noopener noreferrer\">Berlin<\/a><\/span><\/div>\n<\/li>\n<li class=\"views-row views-row-2 views-row-even\">\n<div class=\"views-field-title\"><span class=\"field-content\"><a href=\"http:\/\/www.polinst.sk\/\" target=\"_blank\" rel=\"noopener noreferrer\">Bratys\u0142awa<\/a><\/span><\/div>\n<\/li>\n<li class=\"views-row views-row-3 views-row-odd\">\n<div class=\"views-field-title\"><span class=\"field-content\"><a href=\"http:\/\/www.culturepolonaise.eu\/\" target=\"_blank\" rel=\"noopener noreferrer\">Bruksela<\/a><\/span><\/div>\n<\/li>\n<li class=\"views-row views-row-4 views-row-even\">\n<div class=\"views-field-title\"><span class=\"field-content\"><a href=\"http:\/\/polinst.hu\/\">Budapest<\/a><\/span><\/div>\n<\/li>\n<li class=\"views-row views-row-5 views-row-odd\">\n<div class=\"views-field-title\"><span class=\"field-content\"><a href=\"http:\/\/www.culturapoloneza.ro\/\" target=\"_blank\" rel=\"noopener noreferrer\">Bukarest<\/a><\/span><\/div>\n<\/li>\n<li class=\"views-row views-row-6 views-row-even\">\n<div class=\"views-field-title\"><span class=\"field-content\"><a href=\"http:\/\/www.polnisches-institut.de\/\" target=\"_blank\" rel=\"noopener noreferrer\">D\u00fcsseldorf<\/a><\/span><\/div>\n<\/li>\n<li class=\"views-row views-row-7 views-row-odd\">\n<div class=\"views-field-title\"><span class=\"field-content\"><a href=\"http:\/\/www.polinst.kiev.ua\/\" target=\"_blank\" rel=\"noopener noreferrer\">Kijev<\/a><\/span><\/div>\n<\/li>\n<li class=\"views-row views-row-8 views-row-even\">\n<div class=\"views-field-title\"><span class=\"field-content\"><a href=\"http:\/\/www.polishculture.org.uk\/\" target=\"_blank\" rel=\"noopener noreferrer\">Londyn<\/a><\/span><\/div>\n<\/li>\n<li class=\"views-row views-row-9 views-row-odd\">\n<div class=\"views-field-title\"><span class=\"field-content\"><a href=\"http:\/\/www.culturapolaca.es\/\" target=\"_blank\" rel=\"noopener noreferrer\">Madryt<\/a><\/span><\/div>\n<\/li>\n<li class=\"views-row views-row-10 views-row-even\">\n<div class=\"views-field-title\"><span class=\"field-content\"><a href=\"http:\/\/www.instpol.by\/\" target=\"_blank\" rel=\"noopener noreferrer\">Mi\u0144sk<\/a><\/span><\/div>\n<\/li>\n<li class=\"views-row views-row-11 views-row-odd\">\n<div class=\"views-field-title\"><span class=\"field-content\"><a href=\"http:\/\/www.ipol.ru\/\" target=\"_blank\" rel=\"noopener noreferrer\">Moskwa<\/a><\/span><\/div>\n<\/li>\n<li class=\"views-row views-row-12 views-row-even\">\n<div class=\"views-field-title\"><span class=\"field-content\"><a href=\"http:\/\/www.polishculture-nyc.org\/\" target=\"_blank\" rel=\"noopener noreferrer\">Nowy York<\/a><\/span><\/div>\n<\/li>\n<li class=\"views-row views-row-13 views-row-odd\">\n<div class=\"views-field-title\"><span class=\"field-content\"><a href=\"http:\/\/www.institutpolonais.fr\/\" target=\"_blank\" rel=\"noopener noreferrer\">Pary\u017c<\/a><\/span><\/div>\n<\/li>\n<li class=\"views-row views-row-14 views-row-even\">\n<div class=\"views-field-title\"><span class=\"field-content\"><a href=\"http:\/\/www.polskyinstitut.cz\/\" target=\"_blank\" rel=\"noopener noreferrer\">Praga<\/a><\/span><\/div>\n<\/li>\n<li class=\"views-row views-row-15 views-row-odd\">\n<div class=\"views-field-title\"><span class=\"field-content\"><a href=\"http:\/\/www.istitutopolacco.it\/\" target=\"_blank\" rel=\"noopener noreferrer\">Rzym<\/a><\/span><\/div>\n<\/li>\n<li class=\"views-row views-row-16 views-row-even\">\n<div class=\"views-field-title\"><span class=\"field-content\"><a href=\"http:\/\/www.polinst.ru\/\" target=\"_blank\" rel=\"noopener noreferrer\">Sankt Petersburg<\/a><\/span><\/div>\n<\/li>\n<li class=\"views-row views-row-17 views-row-odd\">\n<div class=\"views-field-title\"><span class=\"field-content\"><a href=\"http:\/\/www.polinst-bg.org\/\" target=\"_blank\" rel=\"noopener noreferrer\">Sofia<\/a><\/span><\/div>\n<\/li>\n<li class=\"views-row views-row-18 views-row-even\">\n<div class=\"views-field-title\"><span class=\"field-content\"><a href=\"http:\/\/www.polskainstitutet.se\/\" target=\"_blank\" rel=\"noopener noreferrer\">Sztokholm<\/a><\/span><\/div>\n<\/li>\n<li class=\"views-row views-row-19 views-row-odd\">\n<div class=\"views-field-title\"><span class=\"field-content\"><a href=\"http:\/\/www.polishinstitiute.org.il\/\" target=\"_blank\" rel=\"noopener noreferrer\">Tel Awiw<\/a><\/span><\/div>\n<\/li>\n<li class=\"views-row views-row-20 views-row-even\">\n<div class=\"views-field-title\"><span class=\"field-content\"><a href=\"http:\/\/www.polnisches-institut.at\/\" target=\"_blank\" rel=\"noopener noreferrer\">Wiede\u0144<\/a><\/span><\/div>\n<\/li>\n<li class=\"views-row views-row-21 views-row-odd views-row-last\">\n<div class=\"views-field-title\"><span class=\"field-content\"><a href=\"http:\/\/www.lenkukultura.lt\/\" target=\"_blank\" rel=\"noopener noreferrer\">Wilno<\/a><\/span><\/div>\n<div class=\"views-field-edit-node\">\u00a0<\/div>\n<\/li>\n<\/ul>\n<\/div>\n<div class=\"item-list\">\n<h3>URZ\u0118DY PA\u0143STWOWE W POLSCE<\/h3>\n<pre>    <\/pre>\n<ul>\n<li class=\"views-row views-row-1 views-row-odd views-row-first\">\n<div class=\"views-field-title\"><span class=\"field-content\"><a href=\"http:\/\/www.cie.gov.pl\/\" target=\"_blank\" rel=\"noopener noreferrer\">Centrum Informacji Europejskiej<\/a><\/span><\/div>\n<\/li>\n<li class=\"views-row views-row-2 views-row-even\">\n<div class=\"views-field-title\"><span class=\"field-content\"><a href=\"http:\/\/www.stat.gov.pl\/\" target=\"_blank\" rel=\"noopener noreferrer\">G\u0142\u00f3wny Urz\u0105d Statystyczny<\/a><\/span><\/div>\n<\/li>\n<li class=\"views-row views-row-3 views-row-odd\">\n<div class=\"views-field-title\"><span class=\"field-content\"><a href=\"http:\/\/www.kprm.gov.pl\/\" target=\"_blank\" rel=\"noopener noreferrer\">Kancelaria Premiera<\/a><\/span><\/div>\n<\/li>\n<li class=\"views-row views-row-4 views-row-even\">\n<div class=\"views-field-title\"><span class=\"field-content\"><a href=\"http:\/\/www.prezydent.pl\/\" target=\"_blank\" rel=\"noopener noreferrer\">Kancelaria Prezydenta<\/a><\/span><\/div>\n<\/li>\n<li class=\"views-row views-row-5 views-row-odd\">\n<div class=\"views-field-title\"><span class=\"field-content\"><a href=\"http:\/\/www.kbn.gov.pl\/\" target=\"_blank\" rel=\"noopener noreferrer\">Komitet Bada\u0144 Naukowych<\/a><\/span><\/div>\n<\/li>\n<li class=\"views-row views-row-6 views-row-even\">\n<div class=\"views-field-title\"><span class=\"field-content\"><a href=\"http:\/\/www.men.waw.pl\/\" target=\"_blank\" rel=\"noopener noreferrer\">Ministerstwo Edukacji Narodowej i Sportu<\/a><\/span><\/div>\n<\/li>\n<li class=\"views-row views-row-7 views-row-odd\">\n<div class=\"views-field-title\"><span class=\"field-content\"><a href=\"http:\/\/www.mkis.gov.pl\/\" target=\"_blank\" rel=\"noopener noreferrer\">Ministerstwo Kultury<\/a><\/span><\/div>\n<\/li>\n<li class=\"views-row views-row-8 views-row-even\">\n<div class=\"views-field-title\"><span class=\"field-content\"><a href=\"http:\/\/www.wp.mil.pl\/\" target=\"_blank\" rel=\"noopener noreferrer\">Ministerstwo Obrony Narodowej<\/a><\/span><\/div>\n<\/li>\n<li class=\"views-row views-row-9 views-row-odd\">\n<div class=\"views-field-title\"><span class=\"field-content\"><a href=\"http:\/\/www.msz.gov.pl\/\" target=\"_blank\" rel=\"noopener noreferrer\">Ministerstwo Spraw Zagranicznych<\/a><\/span><\/div>\n<\/li>\n<li class=\"views-row views-row-10 views-row-even\">\n<div class=\"views-field-title\"><span class=\"field-content\"><a href=\"http:\/\/www.nbp.pl\/\" target=\"_blank\" rel=\"noopener noreferrer\">Narodowy Bank Polski<\/a><\/span><\/div>\n<\/li>\n<li class=\"views-row views-row-11 views-row-odd\">\n<div class=\"views-field-title\"><span class=\"field-content\"><a href=\"https:\/\/ipn.gov.pl\/en\" target=\"_blank\" rel=\"noopener noreferrer\">Nemzeti Eml\u00e9kezet Int\u00e9zete<\/a><\/span><\/div>\n<\/li>\n<li class=\"views-row views-row-12 views-row-even\">\n<div class=\"views-field-title\"><span class=\"field-content\"><a href=\"http:\/\/www.sejm.gov.pl\/\" target=\"_blank\" rel=\"noopener noreferrer\">SEJM RP<\/a><\/span><\/div>\n<\/li>\n<li class=\"views-row views-row-13 views-row-odd\">\n<div class=\"views-field-title\"><span class=\"field-content\"><a href=\"http:\/\/www.senat.gov.pl\/\" target=\"_blank\" rel=\"noopener noreferrer\">SENAT RP<\/a><\/span><\/div>\n<\/li>\n<li class=\"views-row views-row-14 views-row-even views-row-last\">\n<div class=\"views-field-title\"><span class=\"field-content\"><a href=\"http:\/\/www.ukie.gov.pl\/\" target=\"_blank\" rel=\"noopener noreferrer\">Urz\u0105d Komitetu Integracji Europejskiej<\/a><\/span><\/div>\n<div class=\"views-field-edit-node\">\u00a0<\/div>\n<\/li>\n<\/ul>\n<\/div>\n<div class=\"item-list\">\n<h3>POLSKIE INSTYTUCJE NA W\u0118GRZECH<\/h3>\n<pre>    <\/pre>\n<ul>\n<li class=\"views-row views-row-1 views-row-odd views-row-first views-row-last\">\n<div class=\"views-field-title\"><span class=\"field-content\"><a href=\"http:\/\/www.budapeszt.msz.gov.pl\/hu\/\" target=\"_blank\" rel=\"noopener noreferrer\">A Lengyel K\u00f6zt\u00e1rsas\u00e1g Nagyk\u00f6vets\u00e9ge<\/a><\/span><\/div>\n<div class=\"views-field-edit-node\">\u00a0<\/div>\n<\/li>\n<\/ul>\n<\/div>\n<div class=\"item-list\">\n<h3>FESTIWALE W POLSCE<\/h3>\n<pre>    <\/pre>\n<ul>\n<li class=\"views-row views-row-1 views-row-odd views-row-first\">\n<div class=\"views-field-title\"><span class=\"field-content\"><a href=\"http:\/\/www.bravefestival.pl\/\" target=\"_blank\" rel=\"noopener noreferrer\">Brave Fesztiv\u00e1l<\/a><\/span><\/div>\n<\/li>\n<li class=\"views-row views-row-2 views-row-even\">\n<div class=\"views-field-title\"><span class=\"field-content\"><a href=\"http:\/\/www.pluscamerimage.pl\/\" target=\"_blank\" rel=\"noopener noreferrer\">Camerimage Mi\u0119dzynarodowy Festiwal Sztuki Autor\u00f3w Zdj\u0119\u0107 Filmowych<\/a><\/span><\/div>\n<\/li>\n<li class=\"views-row views-row-3 views-row-odd\">\n<div class=\"views-field-title\"><span class=\"field-content\"><a href=\"http:\/\/www.festiwalnauki.edu.pl\/\" target=\"_blank\" rel=\"noopener noreferrer\">Festiwal Nauki<\/a><\/span><\/div>\n<\/li>\n<li class=\"views-row views-row-4 views-row-even\">\n<div class=\"views-field-title\"><span class=\"field-content\"><a href=\"http:\/\/pl.fpff.pl\/\" target=\"_blank\" rel=\"noopener noreferrer\">Festiwal Polskich Film\u00f3w Fabularnych<\/a><\/span><\/div>\n<\/li>\n<li class=\"views-row views-row-5 views-row-odd\">\n<div class=\"views-field-title\"><span class=\"field-content\"><a href=\"http:\/\/www.rozstaje.pl\/\" target=\"_blank\" rel=\"noopener noreferrer\">Festiwal Rozstaje<\/a><\/span><\/div>\n<\/li>\n<li class=\"views-row views-row-6 views-row-even\">\n<div class=\"views-field-title\"><span class=\"field-content\"><a href=\"http:\/\/www.jewishfestival.pl\/\" target=\"_blank\" rel=\"noopener noreferrer\">Krakk\u00f3i Zsid\u00f3 Fesztiv\u00e1l\u2028<\/a><\/span><\/div>\n<\/li>\n<li class=\"views-row views-row-7 views-row-odd\">\n<div class=\"views-field-title\"><span class=\"field-content\"><a href=\"http:\/\/www.malta-festival.pl\/\" target=\"_blank\" rel=\"noopener noreferrer\">Malta Nemzetk\u00f6zi Sz\u00ednh\u00e1zi Fesztiv\u00e1l<\/a><\/span><\/div>\n<\/li>\n<li class=\"views-row views-row-8 views-row-even\">\n<div class=\"views-field-title\"><span class=\"field-content\"><a href=\"http:\/\/www.warszawska-jesien.art.pl\/\" target=\"_blank\" rel=\"noopener noreferrer\">Mi\u0119dzynarodowy Festiwal Muzyki Wsp\u00f3\u0142czesnej<\/a><\/span><\/div>\n<\/li>\n<li class=\"views-row views-row-9 views-row-odd\">\n<div class=\"views-field-title\"><span class=\"field-content\"><a href=\"http:\/\/www.teatr.torun.pl\/portal.php?aid=116885573045ab52b2294ac\" target=\"_blank\" rel=\"noopener noreferrer\">Mi\u0119dzynarodowy Festiwal Teatralny KONTAKT<\/a><\/span><\/div>\n<\/li>\n<li class=\"views-row views-row-10 views-row-even\">\n<div class=\"views-field-title\"><span class=\"field-content\"><a href=\"http:\/\/www.4kultury.pl\/\" target=\"_blank\" rel=\"noopener noreferrer\">N\u00e9gy Kult\u00fara Fesztiv\u00e1lja, Lodz<\/a><\/span><\/div>\n<\/li>\n<li class=\"views-row views-row-11 views-row-odd\">\n<div class=\"views-field-title\"><span class=\"field-content\"><a href=\"http:\/\/wratislaviacantans.pl\/\" target=\"_blank\" rel=\"noopener noreferrer\">Nemzetk\u00f6zi Fesztiv\u00e1l Wratisllavia Cantans<\/a><\/span><\/div>\n<\/li>\n<li class=\"views-row views-row-12 views-row-even\">\n<div class=\"views-field-title\"><span class=\"field-content\"><a href=\"http:\/\/www.nowehoryzonty.pl\/\" target=\"_blank\" rel=\"noopener noreferrer\">Nowe Horyzonty Nemzetk\u00f6zi Filmfesztiv\u00e1l \u2028<\/a><\/span><\/div>\n<\/li>\n<li class=\"views-row views-row-13 views-row-odd\">\n<div class=\"views-field-title\"><span class=\"field-content\"><a href=\"http:\/\/www.opener.pl\/\" target=\"_blank\" rel=\"noopener noreferrer\">Open\u00b4er<\/a><\/span><\/div>\n<\/li>\n<li class=\"views-row views-row-14 views-row-even views-row-last\">\n<div class=\"views-field-title\"><span class=\"field-content\"><a href=\"http:\/\/www.cracjazz.com\/eng\/hm.htm\" target=\"_blank\" rel=\"noopener noreferrer\">Summer Jazz Festival Piwnica pod Baranami, Krakow<\/a><\/span><\/div>\n<div class=\"views-field-edit-node\">\u00a0<\/div>\n<\/li>\n<\/ul>\n<\/div>\n<div class=\"item-list\">\n<h3>KINEMATOGRAFIA<\/h3>\n<pre>    <\/pre>\n<ul>\n<li class=\"views-row views-row-1 views-row-odd views-row-first\">\n<div class=\"views-field-title\"><span class=\"field-content\"><a href=\"http:\/\/www.filmpolski.pl\/\" target=\"_blank\" rel=\"noopener noreferrer\">Baza filmu polskiego<\/a><\/span><\/div>\n<\/li>\n<li class=\"views-row views-row-2 views-row-even\">\n<div class=\"views-field-title\"><span class=\"field-content\"><a href=\"http:\/\/www.csf.katowice.pl\/\" target=\"_blank\" rel=\"noopener noreferrer\">Centrum Sztuki Filmowej<\/a><\/span><\/div>\n<\/li>\n<li class=\"views-row views-row-3 views-row-odd\">\n<div class=\"views-field-title\"><span class=\"field-content\"><a href=\"http:\/\/www.filmfederacja.pl\/\" target=\"_blank\" rel=\"noopener noreferrer\">Federacja Niezale\u017cnych Tw\u00f3rc\u00f3w Filmowych<\/a><\/span><\/div>\n<\/li>\n<li class=\"views-row views-row-4 views-row-even\">\n<div class=\"views-field-title\"><span class=\"field-content\"><a href=\"http:\/\/www.fn.org.pl\/\" target=\"_blank\" rel=\"noopener noreferrer\">Filmoteka Narodowa<\/a><\/span><\/div>\n<\/li>\n<li class=\"views-row views-row-5 views-row-odd\">\n<div class=\"views-field-title\"><span class=\"field-content\"><a href=\"http:\/\/www.cinemaart.pl\/\" target=\"_blank\" rel=\"noopener noreferrer\">Fundacja Cinema Art<\/a><\/span><\/div>\n<\/li>\n<li class=\"views-row views-row-6 views-row-even\">\n<div class=\"views-field-title\"><span class=\"field-content\"><a href=\"http:\/\/www.kff.com.pl\/\" target=\"_blank\" rel=\"noopener noreferrer\">Krakowska Fundacja Filmowa<\/a><\/span><\/div>\n<\/li>\n<li class=\"views-row views-row-7 views-row-odd\">\n<div class=\"views-field-title\"><span class=\"field-content\"><a href=\"http:\/\/www.kinomuzeum.pl\/\" target=\"_blank\" rel=\"noopener noreferrer\">Muzeum Kinematografii w \u0141odzi<\/a><\/span><\/div>\n<\/li>\n<li class=\"views-row views-row-8 views-row-even\">\n<div class=\"views-field-title\"><span class=\"field-content\"><a href=\"http:\/\/www.pwa.gov.pl\/\" target=\"_blank\" rel=\"noopener noreferrer\">Narodowy Instytut Audiowizualny<\/a><\/span><\/div>\n<\/li>\n<li class=\"views-row views-row-9 views-row-odd\">\n<div class=\"views-field-title\"><span class=\"field-content\"><a href=\"http:\/\/www.pisf.pl\/\" target=\"_blank\" rel=\"noopener noreferrer\">Polski Instytut Sztuki Filmowej<\/a><\/span><\/div>\n<\/li>\n<li class=\"views-row views-row-10 views-row-even\">\n<div class=\"views-field-title\"><span class=\"field-content\"><a href=\"http:\/\/www.fpff.pl\/\" target=\"_blank\" rel=\"noopener noreferrer\">Pomorska Fundacja Filmowa<\/a><\/span><\/div>\n<\/li>\n<li class=\"views-row views-row-11 views-row-odd\">\n<div class=\"views-field-title\"><span class=\"field-content\"><a href=\"http:\/\/www.sfp.org.pl\/\" target=\"_blank\" rel=\"noopener noreferrer\">Stowarzyszenie Filmowc\u00f3w Polskich<\/a><\/span><\/div>\n<\/li>\n<li class=\"views-row views-row-12 views-row-even views-row-last\">\n<div class=\"views-field-title\"><span class=\"field-content\"><a href=\"http:\/\/www.wff.pl\/\" target=\"_blank\" rel=\"noopener noreferrer\">Warszawska Fundacja Filmowa<\/a><\/span><\/div>\n<div class=\"views-field-edit-node\">\u00a0<\/div>\n<\/li>\n<\/ul>\n<\/div>\n<div class=\"item-list\">\n<h3>IRODALOM<\/h3>\n<pre>    <\/pre>\n<ul>\n<li class=\"views-row views-row-1 views-row-odd views-row-first\">\n<div class=\"views-field-title\"><span class=\"field-content\"><a href=\"http:\/\/lengyelirodalom.lap.hu\/\" target=\"_blank\" rel=\"noopener noreferrer\">lengyelirodalom.lap.hu<\/a><\/span><\/div>\n<\/li>\n<li class=\"views-row views-row-2 views-row-even views-row-last\">\n<div class=\"views-field-title\"><span class=\"field-content\"><a href=\"http:\/\/www.literaturanaswiecie.art.pl\/\" target=\"_blank\" rel=\"noopener noreferrer\">Literatura na \u015bwiecie<\/a><\/span><\/div>\n<div class=\"views-field-edit-node\">\u00a0<\/div>\n<\/li>\n<\/ul>\n<\/div>\n<div class=\"item-list\">\n<h3>SZTUKI PLASTYCZNE<\/h3>\n<pre>    <\/pre>\n<ul>\n<li class=\"views-row views-row-1 views-row-odd views-row-first\">\n<div class=\"views-field-title\"><span class=\"field-content\"><a href=\"http:\/\/csw.art.pl\/\" target=\"_blank\" rel=\"noopener noreferrer\">Centrum Sztuki Wsp\u00f3\u0142czesnej Zamek Ujazdowski<\/a><\/span><\/div>\n<\/li>\n<li class=\"views-row views-row-2 views-row-even\">\n<div class=\"views-field-title\"><span class=\"field-content\"><a href=\"http:\/\/www.laznia.pl\/\" target=\"_blank\" rel=\"noopener noreferrer\">Centrum Sztuki Wsp\u00f3\u0142czesnej \u0141a\u017ania, Gda\u0144sk<\/a><\/span><\/div>\n<\/li>\n<li class=\"views-row views-row-3 views-row-odd\">\n<div class=\"views-field-title\"><span class=\"field-content\"><a href=\"http:\/\/www.cricoteka.pl\/pl\/main.php?d=tkantor&amp;kat=33&amp;id=16\" target=\"_blank\" rel=\"noopener noreferrer\">Cricoteca &#8211; O\u015brodek Dokumetacji Sztuki Tadeusza Kantora<\/a><\/span><\/div>\n<\/li>\n<li class=\"views-row views-row-4 views-row-even\">\n<div class=\"views-field-title\"><span class=\"field-content\"><a href=\"http:\/\/www.fgf.com.pl\/\" target=\"_blank\" rel=\"noopener noreferrer\">Fundacja Galerii Foksal<\/a><\/span><\/div>\n<\/li>\n<li class=\"views-row views-row-5 views-row-odd\">\n<div class=\"views-field-title\"><span class=\"field-content\"><a href=\"http:\/\/www.galeria-arsenal.pl\/\" target=\"_blank\" rel=\"noopener noreferrer\">Galeria Arsena\u0142, Bia\u0142ystok<\/a><\/span><\/div>\n<\/li>\n<li class=\"views-row views-row-6 views-row-even\">\n<div class=\"views-field-title\"><span class=\"field-content\"><a href=\"http:\/\/artyzm.com\/\" target=\"_blank\" rel=\"noopener noreferrer\">Galeria malarstwa polskiego<\/a><\/span><\/div>\n<\/li>\n<li class=\"views-row views-row-7 views-row-odd\">\n<div class=\"views-field-title\"><span class=\"field-content\"><a href=\"http:\/\/www.raster.art.pl\/\" target=\"_blank\" rel=\"noopener noreferrer\">Galeria Raster<\/a><\/span><\/div>\n<\/li>\n<li class=\"views-row views-row-8 views-row-even\">\n<div class=\"views-field-title\"><span class=\"field-content\"><a href=\"http:\/\/www.bunkier.art.pl\/\" target=\"_blank\" rel=\"noopener noreferrer\">Galeria Sztuki Wsp\u00f3\u0142czesnej Bunkier Sztuki, Krak\u00f3w<\/a><\/span><\/div>\n<\/li>\n<li class=\"views-row views-row-9 views-row-odd\">\n<div class=\"views-field-title\"><span class=\"field-content\"><a href=\"http:\/\/www.wyspa.art.pl\/\" target=\"_blank\" rel=\"noopener noreferrer\">Instytut Sztuki Wyspa<\/a><\/span><\/div>\n<\/li>\n<li class=\"views-row views-row-10 views-row-even\">\n<div class=\"views-field-title\"><span class=\"field-content\"><a href=\"http:\/\/www.mocak.com.pl\/\" target=\"_blank\" rel=\"noopener noreferrer\">MOCAK &#8211; Muzeum Sztuki Wsp\u00f3\u0142czesnej w Krakowie<\/a><\/span><\/div>\n<\/li>\n<li class=\"views-row views-row-11 views-row-odd\">\n<div class=\"views-field-title\"><span class=\"field-content\"><a href=\"http:\/\/www.muzeum.narodowe.gda.pl\/\" target=\"_blank\" rel=\"noopener noreferrer\">Muzeum Narodowe w Gda\u0144sku<\/a><\/span><\/div>\n<\/li>\n<li class=\"views-row views-row-12 views-row-even\">\n<div class=\"views-field-title\"><span class=\"field-content\"><a href=\"http:\/\/www.muzeum.krakow.pl\/\" target=\"_blank\" rel=\"noopener noreferrer\">Muzeum Narodowe w Krakowie<\/a><\/span><\/div>\n<\/li>\n<li class=\"views-row views-row-13 views-row-odd\">\n<div class=\"views-field-title\"><span class=\"field-content\"><a href=\"http:\/\/www.mnw.art.pl\/\" target=\"_blank\" rel=\"noopener noreferrer\">Muzeum Narodowe w Warszawie<\/a><\/span><\/div>\n<\/li>\n<li class=\"views-row views-row-14 views-row-even\">\n<div class=\"views-field-title\"><span class=\"field-content\"><a href=\"http:\/\/www.mnwr.art.pl\/\" target=\"_blank\" rel=\"noopener noreferrer\">Muzeum Narodowe we Wroc\u0142awiu<\/a><\/span><\/div>\n<\/li>\n<li class=\"views-row views-row-15 views-row-odd\">\n<div class=\"views-field-title\"><span class=\"field-content\"><a href=\"http:\/\/www.postermuseum.pl\/\" target=\"_blank\" rel=\"noopener noreferrer\">Muzeum Plakatu w Wilanowie<\/a><\/span><\/div>\n<\/li>\n<li class=\"views-row views-row-16 views-row-even\">\n<div class=\"views-field-title\"><span class=\"field-content\"><a href=\"http:\/\/www.muzeumslaskie.pl\/\" target=\"_blank\" rel=\"noopener noreferrer\">Muzeum \u015al\u0105skie, Katowice<\/a><\/span><\/div>\n<\/li>\n<li class=\"views-row views-row-17 views-row-odd\">\n<div class=\"views-field-title\"><span class=\"field-content\"><a href=\"http:\/\/www.artmuseum.pl\/\" target=\"_blank\" rel=\"noopener noreferrer\">Muzeum Sztuki Nowoczesnej w Warszawie<\/a><\/span><\/div>\n<\/li>\n<li class=\"views-row views-row-18 views-row-even\">\n<div class=\"views-field-title\"><span class=\"field-content\"><a href=\"http:\/\/msl.org.pl\/\" target=\"_blank\" rel=\"noopener noreferrer\">Muzeum Sztuki w \u0141odzi<\/a><\/span><\/div>\n<\/li>\n<li class=\"views-row views-row-19 views-row-odd\">\n<div class=\"views-field-title\"><span class=\"field-content\"><a href=\"http:\/\/www.mocak.com.pl\/\" target=\"_blank\" rel=\"noopener noreferrer\">Muzeum Sztuki Wsp\u00f3\u0142czesnej w Krakowie<\/a><\/span><\/div>\n<\/li>\n<li class=\"views-row views-row-20 views-row-even\">\n<div class=\"views-field-title\"><span class=\"field-content\"><a href=\"http:\/\/www.obieg.pl\/\" target=\"_blank\" rel=\"noopener noreferrer\">Obieg<\/a><\/span><\/div>\n<\/li>\n<li class=\"views-row views-row-21 views-row-odd\">\n<div class=\"views-field-title\"><span class=\"field-content\"><a href=\"http:\/\/polinst.hu\/sites\/default\/files\/platanlatarka-web_1.pdf\">PLATAN &#8211; LATARKA KATAL\u00d3GUS ONLINE<\/a><\/span><\/div>\n<\/li>\n<li class=\"views-row views-row-22 views-row-even\">\n<div class=\"views-field-title\"><span class=\"field-content\"><a href=\"http:\/\/www.zamekcieszyn.pl\/pl\/index.php\" target=\"_blank\" rel=\"noopener noreferrer\">\u015al\u0105ski Zamek Sztuki i Przedsi\u0119biorczo\u015bci w Cieszynie<\/a><\/span><\/div>\n<\/li>\n<li class=\"views-row views-row-23 views-row-odd views-row-last\">\n<div class=\"views-field-title\"><span class=\"field-content\"><a href=\"http:\/\/www.zacheta.art.pl\/\" target=\"_blank\" rel=\"noopener noreferrer\">Zach\u0119ta Narodowa Galeria Sztuki<\/a><\/span><\/div>\n<div class=\"views-field-edit-node\">\u00a0<\/div>\n<\/li>\n<\/ul>\n<\/div>\n<div class=\"item-list\">\n<h3>TEATR<\/h3>\n<pre>    <\/pre>\n<ul>\n<li class=\"views-row views-row-1 views-row-odd views-row-first\">\n<div class=\"views-field-title\"><span class=\"field-content\"><a href=\"http:\/\/www.e-teatr.pl\/pl\/instytucje\/lista.html\" target=\"_blank\" rel=\"noopener noreferrer\">Baza teleadresowa polskiego teatru<\/a><\/span><\/div>\n<\/li>\n<li class=\"views-row views-row-2 views-row-even\">\n<div class=\"views-field-title\"><span class=\"field-content\"><a href=\"http:\/\/e-teatr.pl\/pl\/index.html\" target=\"_blank\" rel=\"noopener noreferrer\">E-teatr \u2013 polski portal teatralny<\/a><\/span><\/div>\n<\/li>\n<li class=\"views-row views-row-3 views-row-odd\">\n<div class=\"views-field-title\"><span class=\"field-content\"><a href=\"http:\/\/www.instytut-teatralny.pl\/\" target=\"_blank\" rel=\"noopener noreferrer\">Instytut Teatralny im. Zbigniewa Raszewskiego<\/a><\/span><\/div>\n<\/li>\n<li class=\"views-row views-row-4 views-row-even\">\n<div class=\"views-field-title\"><span class=\"field-content\"><a href=\"http:\/\/www.e-teatr.tv\/\" target=\"_blank\" rel=\"noopener noreferrer\">Teatr Telewizji<\/a><\/span><\/div>\n<\/li>\n<li class=\"views-row views-row-5 views-row-odd views-row-last\">\n<div class=\"views-field-title\"><span class=\"field-content\"><a href=\"http:\/\/www.zasp.pl\/\" target=\"_blank\" rel=\"noopener noreferrer\">Zwi\u0105zek Artyst\u00f3w Scen Polskich<\/a><\/span><\/div>\n<div class=\"views-field-edit-node\">\u00a0<\/div>\n<\/li>\n<\/ul>\n<\/div>\n<div class=\"item-list\">\n<h3>MUZYKA<\/h3>\n<pre>    <\/pre>\n<ul>\n<li class=\"views-row views-row-1 views-row-odd views-row-first\">\n<div class=\"views-field-title\"><span class=\"field-content\"><a href=\"http:\/\/www.dux.pl\/\" target=\"_blank\" rel=\"noopener noreferrer\">Firma fonograficzna DUX<\/a><\/span><\/div>\n<\/li>\n<li class=\"views-row views-row-2 views-row-even\">\n<div class=\"views-field-title\"><span class=\"field-content\"><a href=\"http:\/\/www.pwm.com.pl\/\" target=\"_blank\" rel=\"noopener noreferrer\">Polskie Wydawnictwo Muzyczne<\/a><\/span><\/div>\n<\/li>\n<li class=\"views-row views-row-3 views-row-odd\">\n<div class=\"views-field-title\"><span class=\"field-content\"><a href=\"http:\/\/www.polskirock.com\/\" target=\"_blank\" rel=\"noopener noreferrer\">Serwis muzyczny polski rock<\/a><\/span><\/div>\n<\/li>\n<li class=\"views-row views-row-4 views-row-even\">\n<div class=\"views-field-title\"><span class=\"field-content\"><a href=\"http:\/\/www.fmp.org.pl\/\" target=\"_blank\" rel=\"noopener noreferrer\">Stowarzyszenie Muzyki Polskiej<\/a><\/span><\/div>\n<\/li>\n<li class=\"views-row views-row-5 views-row-odd views-row-last\">\n<div class=\"views-field-title\"><span class=\"field-content\"><a href=\"http:\/\/www.pwm.com.pl\/Wypozyczenia__index__hireMaterials.html\" target=\"_blank\" rel=\"noopener noreferrer\">Wypo\u017cyczenia nut<\/a><\/span><\/div>\n<div class=\"views-field-edit-node\">\u00a0<\/div>\n<\/li>\n<\/ul>\n<\/div>\n<div class=\"item-list\">\n<h3>HISTORIA<\/h3>\n<pre>    <\/pre>\n<ul>\n<li class=\"views-row views-row-1 views-row-odd views-row-first\">\n<div class=\"views-field-title\"><span class=\"field-content\"><a href=\"http:\/\/mhk.pl\/oddzialy\/fabryka_schindlera\" target=\"_blank\" rel=\"noopener noreferrer\">Fabryka Schindlera<\/a><\/span><\/div>\n<\/li>\n<li class=\"views-row views-row-2 views-row-even\">\n<div class=\"views-field-title\"><span class=\"field-content\"><a href=\"http:\/\/www.muzhp.pl\/\" target=\"_blank\" rel=\"noopener noreferrer\">Muzeum Historii Polski<\/a><\/span><\/div>\n<\/li>\n<li class=\"views-row views-row-3 views-row-odd\">\n<div class=\"views-field-title\"><span class=\"field-content\"><a href=\"http:\/\/www.jewishmuseum.org.pl\/pl\/cms\/strona-glowna\/\" target=\"_blank\" rel=\"noopener noreferrer\">Muzeum Historii \u017byd\u00f3w Polskich<\/a><\/span><\/div>\n<\/li>\n<li class=\"views-row views-row-4 views-row-even\">\n<div class=\"views-field-title\"><span class=\"field-content\"><a href=\"http:\/\/www.mhw.pl\/mhw\/intro.jsp?place=Menu01&amp;news_cat_id=-1&amp;layout=0\" target=\"_blank\" rel=\"noopener noreferrer\">Muzeum Historyczne miasta sto\u0142ecznego Warszawa<\/a><\/span><\/div>\n<\/li>\n<li class=\"views-row views-row-5 views-row-odd views-row-last\">\n<div class=\"views-field-title\"><span class=\"field-content\"><a href=\"http:\/\/www.1944.pl\/\" target=\"_blank\" rel=\"noopener noreferrer\">Muzeum Powstania Warszawskiego<\/a><\/span><\/div>\n<div class=\"views-field-edit-node\">\u00a0<\/div>\n<\/li>\n<\/ul>\n<\/div>\n<div class=\"item-list\">\n<h3>MEDIA W POLSCE<\/h3>\n<pre>    <\/pre>\n<ul>\n<li class=\"views-row views-row-1 views-row-odd views-row-first\">\n<div class=\"views-field-title\"><span class=\"field-content\"><a href=\"http:\/\/www.aktivist.pl\/\" target=\"_blank\" rel=\"noopener noreferrer\">Aktivist<\/a><\/span><\/div>\n<\/li>\n<li class=\"views-row views-row-2 views-row-even\">\n<div class=\"views-field-title\"><span class=\"field-content\"><a href=\"http:\/\/www.artbiznes.pl\/\" target=\"_blank\" rel=\"noopener noreferrer\">Art&amp;Business<\/a><\/span><\/div>\n<\/li>\n<li class=\"views-row views-row-3 views-row-odd\">\n<div class=\"views-field-title\"><span class=\"field-content\"><a href=\"http:\/\/www.dwutygodnik.com\/\" target=\"_blank\" rel=\"noopener noreferrer\">Dwutygodnik, strona kultury<\/a><\/span><\/div>\n<\/li>\n<li class=\"views-row views-row-4 views-row-even\">\n<div class=\"views-field-title\"><span class=\"field-content\"><a href=\"http:\/\/www.filmweb.pl\/\" target=\"_blank\" rel=\"noopener noreferrer\">Filmweb<\/a><\/span><\/div>\n<\/li>\n<li class=\"views-row views-row-5 views-row-odd\">\n<div class=\"views-field-title\"><span class=\"field-content\"><a href=\"http:\/\/www.gazeta.pl\/\" target=\"_blank\" rel=\"noopener noreferrer\">Gazeta Wyborcza<\/a><\/span><\/div>\n<\/li>\n<li class=\"views-row views-row-6 views-row-even\">\n<div class=\"views-field-title\"><span class=\"field-content\"><a href=\"http:\/\/www.independent.pl\/\" target=\"_blank\" rel=\"noopener noreferrer\">Independent &#8211; a f\u00fcggetlen kult\u00fara port\u00e1lja<\/a><\/span><\/div>\n<\/li>\n<li class=\"views-row views-row-7 views-row-odd\">\n<div class=\"views-field-title\"><span class=\"field-content\"><a href=\"http:\/\/www.interia.pl\/\" target=\"_blank\" rel=\"noopener noreferrer\">Interia inform\u00e1ci\u00f3s port\u00e1l<\/a><\/span><\/div>\n<\/li>\n<li class=\"views-row views-row-8 views-row-even\">\n<div class=\"views-field-title\"><span class=\"field-content\"><a href=\"http:\/\/www.jazzforum.com.pl\/\" target=\"_blank\" rel=\"noopener noreferrer\">Jazz Forum<\/a><\/span><\/div>\n<\/li>\n<li class=\"views-row views-row-9 views-row-odd\">\n<div class=\"views-field-title\"><span class=\"field-content\"><a href=\"http:\/\/www.polskieradio.pl\/\" target=\"_blank\" rel=\"noopener noreferrer\">Lengyel R\u00e1dio<\/a><\/span><\/div>\n<\/li>\n<li class=\"views-row views-row-10 views-row-even\">\n<div class=\"views-field-title\"><span class=\"field-content\"><a href=\"http:\/\/www.pap.com.pl\/\" target=\"_blank\" rel=\"noopener noreferrer\">Lengyel T\u00e1virati Iroda<\/a><\/span><\/div>\n<\/li>\n<li class=\"views-row views-row-11 views-row-odd\">\n<div class=\"views-field-title\"><span class=\"field-content\"><a href=\"http:\/\/www.tvp.pl\/\" target=\"_blank\" rel=\"noopener noreferrer\">Lengyel Televiz\u00ed<\/a><a href=\"http:\/\/www.tvp.pl\/\" target=\"_blank\" rel=\"noopener noreferrer\">\u00f3<\/a><\/span><\/div>\n<\/li>\n<li class=\"views-row views-row-12 views-row-even\">\n<div class=\"views-field-title\"><span class=\"field-content\"><a href=\"http:\/\/programtv.onet.pl\/\" target=\"_blank\" rel=\"noopener noreferrer\">Lengyel televizi\u00f3k m\u0171sora<\/a><\/span><\/div>\n<\/li>\n<li class=\"views-row views-row-13 views-row-odd\">\n<div class=\"views-field-title\"><span class=\"field-content\"><a href=\"http:\/\/www.machina.pl\/\" target=\"_blank\" rel=\"noopener noreferrer\">Machina<\/a><\/span><\/div>\n<\/li>\n<li class=\"views-row views-row-14 views-row-even\">\n<div class=\"views-field-title\"><span class=\"field-content\"><a href=\"http:\/\/www.polityka.pl\/\" target=\"_blank\" rel=\"noopener noreferrer\">Polityka<\/a><\/span><\/div>\n<\/li>\n<li class=\"views-row views-row-15 views-row-odd\">\n<div class=\"views-field-title\"><span class=\"field-content\"><a href=\"http:\/\/www.rmf.fm\/\" target=\"_blank\" rel=\"noopener noreferrer\">Radio RMF FM<\/a><\/span><\/div>\n<\/li>\n<li class=\"views-row views-row-16 views-row-even\">\n<div class=\"views-field-title\"><span class=\"field-content\"><a href=\"http:\/\/www.ruchmuzyczny.pl\/\" target=\"_blank\" rel=\"noopener noreferrer\">Ruch Muzyczny<\/a><\/span><\/div>\n<\/li>\n<li class=\"views-row views-row-17 views-row-odd\">\n<div class=\"views-field-title\"><span class=\"field-content\"><a href=\"http:\/\/www.rp.pl\/\" target=\"_blank\" rel=\"noopener noreferrer\">Rzeczpospolita<\/a><\/span><\/div>\n<\/li>\n<li class=\"views-row views-row-18 views-row-even\">\n<div class=\"views-field-title\"><span class=\"field-content\"><a href=\"http:\/\/www.wp.pl\/\" target=\"_blank\" rel=\"noopener noreferrer\">Wirtualna Polska h\u00edrport\u00e1l<\/a><\/span><\/div>\n<\/li>\n<li class=\"views-row views-row-19 views-row-odd views-row-last\">\n<div class=\"views-field-title\"><span class=\"field-content\"><a href=\"http:\/\/www.wprost.pl\/\" target=\"_blank\" rel=\"noopener noreferrer\">Wprost<\/a><\/span><\/div>\n<div class=\"views-field-edit-node\">\u00a0<\/div>\n<\/li>\n<\/ul>\n<\/div>\n<div class=\"item-list\">\n<h3>TURYSTYKA<\/h3>\n<pre>    <\/pre>\n<ul>\n<li class=\"views-row views-row-1 views-row-odd views-row-first\">\n<div class=\"views-field-title\"><span class=\"field-content\"><a href=\"https:\/\/www.flixbus.pl\/\" target=\"_blank\" rel=\"noopener noreferrer\">FlixBus &#8211; olcs\u00f3 bel- \u00e9s k\u00fclf\u00f6ldi buszj\u00e1ratok<\/a><\/span><\/div>\n<\/li>\n<li class=\"views-row views-row-2 views-row-even\">\n<div class=\"views-field-title\"><span class=\"field-content\"><a href=\"http:\/\/www.krakow.pl\/\" target=\"_blank\" rel=\"noopener noreferrer\">Krakk\u00f3 hivatalos oldala<\/a><\/span><\/div>\n<\/li>\n<li class=\"views-row views-row-3 views-row-odd\">\n<div class=\"views-field-title\"><span class=\"field-content\"><a href=\"http:\/\/www.krakow.pl\/otwarty_na_swiat\/\" target=\"_blank\" rel=\"noopener noreferrer\">Krak\u00f3w Otwarty na \u015awiat<\/a><\/span><\/div>\n<\/li>\n<li class=\"views-row views-row-4 views-row-even\">\n<div class=\"views-field-title\"><span class=\"field-content\"><a href=\"http:\/\/www.pkp.com.pl\/\" target=\"_blank\" rel=\"noopener noreferrer\">Lengyel \u00c1llamvasutak<\/a><\/span><\/div>\n<\/li>\n<li class=\"views-row views-row-5 views-row-odd\">\n<div class=\"views-field-title\"><span class=\"field-content\"><a href=\"http:\/\/www.poland.gov.pl\/\" target=\"_blank\" rel=\"noopener noreferrer\">Lengyelorsz\u00e1g hivatalos port\u00e1lja<\/a><\/span><\/div>\n<\/li>\n<li class=\"views-row views-row-6 views-row-even\">\n<div class=\"views-field-title\"><span class=\"field-content\"><a href=\"http:\/\/www.lengyelorszag.travel\/hu\" target=\"_blank\" rel=\"noopener noreferrer\">Lengyelorsz\u00e1g nemzeti idegenforgalmi honlapja (magyar nyelven)<\/a><\/span><\/div>\n<\/li>\n<li class=\"views-row views-row-7 views-row-odd\">\n<div class=\"views-field-title\"><span class=\"field-content\"><a href=\"http:\/\/mapa.szukacz.pl\/\" target=\"_blank\" rel=\"noopener noreferrer\">Lengyelorsz\u00e1g t\u00e9rk\u00e9pe<\/a><\/span><\/div>\n<\/li>\n<li class=\"views-row views-row-8 views-row-even\">\n<div class=\"views-field-title\"><span class=\"field-content\"><a href=\"http:\/\/www.poland.pl\/\" target=\"_blank\" rel=\"noopener noreferrer\">Lengyelorsz\u00e1g turisztikai honlapja &#8211; az \u00fatik\u00f6nyvkiad\u00f3k t\u00e1mogat\u00e1s\u00e1val (angol \u00e9s lengyel nyelven)<\/a><\/span><\/div>\n<\/li>\n<li class=\"views-row views-row-9 views-row-odd\">\n<div class=\"views-field-title\"><span class=\"field-content\"><a href=\"http:\/\/www.lengyelorszag.lap.hu\/\" target=\"_blank\" rel=\"noopener noreferrer\">lengyelorszag.lap.hu<\/a><\/span><\/div>\n<\/li>\n<li class=\"views-row views-row-10 views-row-even\">\n<div class=\"views-field-title\"><span class=\"field-content\"><a href=\"http:\/\/www.kula.gov.pl\/\" target=\"_blank\" rel=\"noopener noreferrer\">Lengyelorsz\u00e1gr\u00f3l &#8211; gyerekeknek (angol, k\u00ednai \u00e9s lengyel nyelven)<\/a><\/span><\/div>\n<\/li>\n<li class=\"views-row views-row-11 views-row-odd\">\n<div class=\"views-field-title\"><span class=\"field-content\"><a href=\"http:\/\/www.lot.com\/pl\/pl\/web\/newlot\/home\" target=\"_blank\" rel=\"noopener noreferrer\">LOT Lengyel L\u00e9git\u00e1rsas\u00e1g<\/a><\/span><\/div>\n<\/li>\n<li class=\"views-row views-row-12 views-row-even\">\n<div class=\"views-field-title\"><span class=\"field-content\"><a href=\"http:\/\/www.rozklady.com.pl\/\" target=\"_blank\" rel=\"noopener noreferrer\">Online busz- \u00e9s vas\u00fati menetrendek<\/a><\/span><\/div>\n<\/li>\n<li class=\"views-row views-row-13 views-row-odd views-row-last\">\n<div class=\"views-field-title\"><span class=\"field-content\"><a href=\"http:\/\/turystyka.onet.pl\/\" target=\"_blank\" rel=\"noopener noreferrer\">Utaz\u00e1sr\u00f3l az onet.pl oldalon<\/a><\/span><\/div>\n<div class=\"views-field-edit-node\">\u00a0<\/div>\n<\/li>\n<\/ul>\n<\/div>\n<div class=\"item-list\">\n<h3>POLONIA NA W\u0118GRZECH<\/h3>\n<pre>    <\/pre>\n<ul>\n<li class=\"views-row views-row-1 views-row-odd views-row-first\">\n<div class=\"views-field-title\"><span class=\"field-content\"><a href=\"http:\/\/www.bem.hu\/\" target=\"_blank\" rel=\"noopener noreferrer\">Bem J\u00f3zsef Lengyel Kultur\u00e1lis Egyes\u00fclet<\/a><\/span><\/div>\n<\/li>\n<li class=\"views-row views-row-2 views-row-even\">\n<div class=\"views-field-title\"><span class=\"field-content\"><a href=\"http:\/\/www.vkkboglar.hu\/\" target=\"_blank\" rel=\"noopener noreferrer\">Lengyel-Magyar Bar\u00e1ts\u00e1g H\u00e1za (Balatonbogl\u00e1r)<\/a><\/span><\/div>\n<\/li>\n<li class=\"views-row views-row-3 views-row-odd\">\n<div class=\"views-field-title\"><span class=\"field-content\"><a href=\"http:\/\/www.leki17.hu\/index.html\" target=\"_blank\" rel=\"noopener noreferrer\">Lengyelorsz\u00e1g magyarul &#8211; a 17. ker\u00fcleti kisebbs\u00e9gi \u00f6nkorm\u00e1nyzat oldala<\/a><\/span><\/div>\n<\/li>\n<li class=\"views-row views-row-4 views-row-even\">\n<div class=\"views-field-title\"><span class=\"field-content\"><a href=\"http:\/\/www.polonia.hu\/index.php?option=com_content&amp;view=article&amp;id=1059&amp;Itemid=2...\" target=\"_blank\" rel=\"noopener noreferrer\">Magyarorsz\u00e1gi Lengyels\u00e9g M\u00fazeuma \u00e9s Lev\u00e9lt\u00e1ra<\/a><\/span><\/div>\n<\/li>\n<li class=\"views-row views-row-5 views-row-odd\">\n<div class=\"views-field-title\"><span class=\"field-content\"><a href=\"http:\/\/www.polonia.hu\/\" target=\"_blank\" rel=\"noopener noreferrer\">Polonia Online<\/a><\/span><\/div>\n<\/li>\n<li class=\"views-row views-row-6 views-row-even\">\n<div class=\"views-field-title\"><a href=\"http:\/\/www.pilsudskigyor.pl.tl\/\" target=\"_blank\" rel=\"noopener noreferrer\">Polsko-W\u0119gierskie Towarzystwo Historyczne im. J. Pi\u0142sudskiego<\/a><\/div>\n<\/li>\n<li><a href=\"http:\/\/dwabratanki.gportal.hu\/\" target=\"_blank\" rel=\"noopener noreferrer\">Portal polsko-w\u0119gierski<\/a><\/li>\n<li class=\"views-row views-row-8 views-row-even\">\n<div class=\"views-field-title\"><span class=\"field-content\"><a href=\"http:\/\/www.wysocki.hu\/\" target=\"_blank\" rel=\"noopener noreferrer\">Stowarzyszenie Grupa Rekonstrukcji Historycznej Legion Wysockiego<\/a><\/span><\/div>\n<\/li>\n<li class=\"views-row views-row-9 views-row-odd\">\n<div class=\"views-field-title\"><span class=\"field-content\"><a href=\"http:\/\/www.polonianova.hu\/\" target=\"_blank\" rel=\"noopener noreferrer\">Stowarzyszenie Kulturalne Polonia Nova<\/a><\/span><\/div>\n<\/li>\n<li class=\"views-row views-row-10 views-row-even views-row-last\">\n<div class=\"views-field-title\"><span class=\"field-content\"><a href=\"http:\/\/www.mlbke.hu\/\" target=\"_blank\" rel=\"noopener noreferrer\">Stowarzyszenie Kulturalne Przyja\u017ani Polsko-W\u0119gierskiej<\/a><\/span><\/div>\n<div class=\"views-field-edit-node\">\u00a0<\/div>\n<\/li>\n<\/ul>\n<\/div>\n<div class=\"item-list\">\n<h3>EGY\u00c9B<\/h3>\n<pre>    <\/pre>\n<ul>\n<li class=\"views-row views-row-1 views-row-odd views-row-first\">\n<div class=\"views-field-title\"><span class=\"field-content\"><a href=\"http:\/\/www.aktivist.pl\/\" target=\"_blank\" rel=\"noopener noreferrer\">Aktivist &#8211; kultur\u00e1lis programok<\/a><\/span><\/div>\n<\/li>\n<li class=\"views-row views-row-2 views-row-even\">\n<div class=\"views-field-title\"><span class=\"field-content\"><a href=\"http:\/\/panoramafirm.pl\/\" target=\"_blank\" rel=\"noopener noreferrer\">C\u00e9gpanor\u00e1ma<\/a><\/span><\/div>\n<\/li>\n<li class=\"views-row views-row-3 views-row-odd\">\n<div class=\"views-field-title\"><span class=\"field-content\"><a href=\"http:\/\/www.empik.com\/\" target=\"_blank\" rel=\"noopener noreferrer\">Empik &#8211; lengyel k\u00f6nyv\u00e1ruh\u00e1z<\/a><\/span><\/div>\n<\/li>\n<li class=\"views-row views-row-4 views-row-even\">\n<div class=\"views-field-title\"><span class=\"field-content\"><a href=\"http:\/\/kurspolskiego.pl\/\" target=\"_blank\" rel=\"noopener noreferrer\">Varia Centrum J\u0119zyka Polskiego<\/a><\/span><\/div>\n<\/li>\n<li class=\"views-row views-row-5 views-row-odd views-row-last\">\n<div class=\"views-field-title\"><span class=\"field-content\"><a href=\"http:\/\/www.mfte.hu\/members.php\" target=\"_blank\" rel=\"noopener noreferrer\">W\u0119gierskie Stowarzyszenie T\u0142umaczy<\/a><\/span><\/div>\n<\/li>\n<\/ul>\n<\/div>\n","protected":false},"excerpt":{"rendered":"<p>INSTYTUTY POLSKIE NA \u015aWIECIE Berlin Bratys\u0142awa Bruksela Budapest Bukarest D\u00fcsseldorf Kijev Londyn Madryt Mi\u0144sk Moskwa Nowy York Pary\u017c Praga Rzym Sankt Petersburg Sofia Sztokholm Tel Awiw Wiede\u0144 Wilno \u00a0 URZ\u0118DY PA\u0143STWOWE W POLSCE Centrum Informacji Europejskiej G\u0142\u00f3wny Urz\u0105d Statystyczny Kancelaria Premiera Kancelaria Prezydenta Komitet Bada\u0144 Naukowych Ministerstwo Edukacji Narodowej i Sportu Ministerstwo Kultury Ministerstwo Obrony [&hellip;]<\/p>\n","protected":false},"author":1,"featured_media":0,"parent":0,"menu_order":0,"comment_status":"closed","ping_status":"closed","template":"","meta":{"inline_featured_image":false,"_monsterinsights_skip_tracking":false,"_monsterinsights_sitenote_active":false,"_monsterinsights_sitenote_note":"","_monsterinsights_sitenote_category":0,"footnotes":""},"class_list":["post-26","page","type-page","status-publish","hentry"],"yoast_head":"<!-- This site is optimized with the Yoast SEO plugin v24.6 - https:\/\/yoast.com\/wordpress\/plugins\/seo\/ -->\n<title>Linki - Instytut Polski w Budapeszcie<\/title>\n<meta name=\"robots\" content=\"index, follow, max-snippet:-1, max-image-preview:large, max-video-preview:-1\" \/>\n<link rel=\"canonical\" href=\"https:\/\/instytutpolski.pl\/budapest\/pl\/linki\/\" \/>\n<meta property=\"og:locale\" content=\"pl_PL\" \/>\n<meta property=\"og:type\" content=\"article\" \/>\n<meta property=\"og:title\" content=\"Linki - Instytut Polski w Budapeszcie\" \/>\n<meta property=\"og:description\" content=\"INSTYTUTY POLSKIE NA \u015aWIECIE Berlin Bratys\u0142awa Bruksela Budapest Bukarest D\u00fcsseldorf Kijev Londyn Madryt Mi\u0144sk Moskwa Nowy York Pary\u017c Praga Rzym Sankt Petersburg Sofia Sztokholm Tel Awiw Wiede\u0144 Wilno \u00a0 URZ\u0118DY PA\u0143STWOWE W POLSCE Centrum Informacji Europejskiej G\u0142\u00f3wny Urz\u0105d Statystyczny Kancelaria Premiera Kancelaria Prezydenta Komitet Bada\u0144 Naukowych Ministerstwo Edukacji Narodowej i Sportu Ministerstwo Kultury Ministerstwo Obrony [&hellip;]\" \/>\n<meta property=\"og:url\" content=\"https:\/\/instytutpolski.pl\/budapest\/pl\/linki\/\" \/>\n<meta property=\"og:site_name\" content=\"Instytut Polski w Budapeszcie\" \/>\n<meta name=\"twitter:card\" content=\"summary_large_image\" \/>\n<meta name=\"twitter:label1\" content=\"Szacowany czas czytania\" \/>\n\t<meta name=\"twitter:data1\" content=\"3 minuty\" \/>\n<script type=\"application\/ld+json\" class=\"yoast-schema-graph\">{\"@context\":\"https:\/\/schema.org\",\"@graph\":[{\"@type\":\"WebPage\",\"@id\":\"https:\/\/instytutpolski.pl\/budapest\/pl\/linki\/\",\"url\":\"https:\/\/instytutpolski.pl\/budapest\/pl\/linki\/\",\"name\":\"Linki - Instytut Polski w Budapeszcie\",\"isPartOf\":{\"@id\":\"https:\/\/instytutpolski.pl\/budapest\/#website\"},\"datePublished\":\"2019-05-28T11:29:00+00:00\",\"breadcrumb\":{\"@id\":\"https:\/\/instytutpolski.pl\/budapest\/pl\/linki\/#breadcrumb\"},\"inLanguage\":\"pl-PL\",\"potentialAction\":[{\"@type\":\"ReadAction\",\"target\":[\"https:\/\/instytutpolski.pl\/budapest\/pl\/linki\/\"]}]},{\"@type\":\"BreadcrumbList\",\"@id\":\"https:\/\/instytutpolski.pl\/budapest\/pl\/linki\/#breadcrumb\",\"itemListElement\":[{\"@type\":\"ListItem\",\"position\":1,\"name\":\"Home\",\"item\":\"https:\/\/instytutpolski.pl\/budapest\/\"},{\"@type\":\"ListItem\",\"position\":2,\"name\":\"Linki\"}]},{\"@type\":\"WebSite\",\"@id\":\"https:\/\/instytutpolski.pl\/budapest\/#website\",\"url\":\"https:\/\/instytutpolski.pl\/budapest\/\",\"name\":\"Instytut Polski w Budapeszcie\",\"description\":\"Instytuty Polskie\",\"potentialAction\":[{\"@type\":\"SearchAction\",\"target\":{\"@type\":\"EntryPoint\",\"urlTemplate\":\"https:\/\/instytutpolski.pl\/budapest\/?s={search_term_string}\"},\"query-input\":{\"@type\":\"PropertyValueSpecification\",\"valueRequired\":true,\"valueName\":\"search_term_string\"}}],\"inLanguage\":\"pl-PL\"}]}<\/script>\n<!-- \/ Yoast SEO plugin. -->","yoast_head_json":{"title":"Linki - Instytut Polski w Budapeszcie","robots":{"index":"index","follow":"follow","max-snippet":"max-snippet:-1","max-image-preview":"max-image-preview:large","max-video-preview":"max-video-preview:-1"},"canonical":"https:\/\/instytutpolski.pl\/budapest\/pl\/linki\/","og_locale":"pl_PL","og_type":"article","og_title":"Linki - Instytut Polski w Budapeszcie","og_description":"INSTYTUTY POLSKIE NA \u015aWIECIE Berlin Bratys\u0142awa Bruksela Budapest Bukarest D\u00fcsseldorf Kijev Londyn Madryt Mi\u0144sk Moskwa Nowy York Pary\u017c Praga Rzym Sankt Petersburg Sofia Sztokholm Tel Awiw Wiede\u0144 Wilno \u00a0 URZ\u0118DY PA\u0143STWOWE W POLSCE Centrum Informacji Europejskiej G\u0142\u00f3wny Urz\u0105d Statystyczny Kancelaria Premiera Kancelaria Prezydenta Komitet Bada\u0144 Naukowych Ministerstwo Edukacji Narodowej i Sportu Ministerstwo Kultury Ministerstwo Obrony [&hellip;]","og_url":"https:\/\/instytutpolski.pl\/budapest\/pl\/linki\/","og_site_name":"Instytut Polski w Budapeszcie","twitter_card":"summary_large_image","twitter_misc":{"Szacowany czas czytania":"3 minuty"},"schema":{"@context":"https:\/\/schema.org","@graph":[{"@type":"WebPage","@id":"https:\/\/instytutpolski.pl\/budapest\/pl\/linki\/","url":"https:\/\/instytutpolski.pl\/budapest\/pl\/linki\/","name":"Linki - Instytut Polski w Budapeszcie","isPartOf":{"@id":"https:\/\/instytutpolski.pl\/budapest\/#website"},"datePublished":"2019-05-28T11:29:00+00:00","breadcrumb":{"@id":"https:\/\/instytutpolski.pl\/budapest\/pl\/linki\/#breadcrumb"},"inLanguage":"pl-PL","potentialAction":[{"@type":"ReadAction","target":["https:\/\/instytutpolski.pl\/budapest\/pl\/linki\/"]}]},{"@type":"BreadcrumbList","@id":"https:\/\/instytutpolski.pl\/budapest\/pl\/linki\/#breadcrumb","itemListElement":[{"@type":"ListItem","position":1,"name":"Home","item":"https:\/\/instytutpolski.pl\/budapest\/"},{"@type":"ListItem","position":2,"name":"Linki"}]},{"@type":"WebSite","@id":"https:\/\/instytutpolski.pl\/budapest\/#website","url":"https:\/\/instytutpolski.pl\/budapest\/","name":"Instytut Polski w Budapeszcie","description":"Instytuty Polskie","potentialAction":[{"@type":"SearchAction","target":{"@type":"EntryPoint","urlTemplate":"https:\/\/instytutpolski.pl\/budapest\/?s={search_term_string}"},"query-input":{"@type":"PropertyValueSpecification","valueRequired":true,"valueName":"search_term_string"}}],"inLanguage":"pl-PL"}]}},"_links":{"self":[{"href":"https:\/\/instytutpolski.pl\/budapest\/wp-json\/wp\/v2\/pages\/26","targetHints":{"allow":["GET"]}}],"collection":[{"href":"https:\/\/instytutpolski.pl\/budapest\/wp-json\/wp\/v2\/pages"}],"about":[{"href":"https:\/\/instytutpolski.pl\/budapest\/wp-json\/wp\/v2\/types\/page"}],"author":[{"embeddable":true,"href":"https:\/\/instytutpolski.pl\/budapest\/wp-json\/wp\/v2\/users\/1"}],"replies":[{"embeddable":true,"href":"https:\/\/instytutpolski.pl\/budapest\/wp-json\/wp\/v2\/comments?post=26"}],"version-history":[{"count":1,"href":"https:\/\/instytutpolski.pl\/budapest\/wp-json\/wp\/v2\/pages\/26\/revisions"}],"predecessor-version":[{"id":27,"href":"https:\/\/instytutpolski.pl\/budapest\/wp-json\/wp\/v2\/pages\/26\/revisions\/27"}],"wp:attachment":[{"href":"https:\/\/instytutpolski.pl\/budapest\/wp-json\/wp\/v2\/media?parent=26"}],"curies":[{"name":"wp","href":"https:\/\/api.w.org\/{rel}","templated":true}]}}