{"id":30,"date":"2019-05-28T13:41:16","date_gmt":"2019-05-28T11:41:16","guid":{"rendered":"https:\/\/instytutpolski.pl\/budapeszt\/?page_id=30"},"modified":"2019-05-28T13:41:17","modified_gmt":"2019-05-28T11:41:17","slug":"linkek","status":"publish","type":"page","link":"https:\/\/instytutpolski.pl\/budapest\/linkek\/","title":{"rendered":"Linkek"},"content":{"rendered":"\n<div class=\"item-list\">\n<div class=\"item-list\">\n<h3>LENGYEL INT\u00c9ZETEK H\u00c1LOZATA<\/h3>\n<pre>    <\/pre>\n<ul>\n<li class=\"views-row views-row-1 views-row-odd views-row-first\">\n<div class=\"views-field-title\"><span class=\"field-content\"><a href=\"http:\/\/www.polnisches-institut.at\/\" target=\"_blank\" rel=\"noopener noreferrer\">B\u00e9cs<\/a><\/span><\/div>\n<\/li>\n<li class=\"views-row views-row-2 views-row-even\">\n<div class=\"views-field-title\"><span class=\"field-content\"><a href=\"http:\/\/berlin.polnischekultur.de\/\" target=\"_blank\" rel=\"noopener noreferrer\">Berlin<\/a><\/span><\/div>\n<\/li>\n<li class=\"views-row views-row-3 views-row-odd\">\n<div class=\"views-field-title\"><span class=\"field-content\"><a href=\"http:\/\/www.culturepolonaise.eu\/\" target=\"_blank\" rel=\"noopener noreferrer\">Br\u00fcsszel<\/a><\/span><\/div>\n<\/li>\n<li class=\"views-row views-row-4 views-row-even\">\n<div class=\"views-field-title\"><span class=\"field-content\"><a href=\"http:\/\/polinst.hu\/\">Budapest<\/a><\/span><\/div>\n<\/li>\n<li class=\"views-row views-row-5 views-row-odd\">\n<div class=\"views-field-title\"><span class=\"field-content\"><a href=\"http:\/\/www.culturapoloneza.ro\/\" target=\"_blank\" rel=\"noopener noreferrer\">Bukarest<\/a><\/span><\/div>\n<\/li>\n<li class=\"views-row views-row-6 views-row-even\">\n<div class=\"views-field-title\"><span class=\"field-content\"><a href=\"http:\/\/www.polnisches-institut.de\/\" target=\"_blank\" rel=\"noopener noreferrer\">D\u00fcsseldorf<\/a><\/span><\/div>\n<\/li>\n<li class=\"views-row views-row-7 views-row-odd\">\n<div class=\"views-field-title\"><span class=\"field-content\"><a href=\"http:\/\/www.polinst.kiev.ua\/\" target=\"_blank\" rel=\"noopener noreferrer\">Kijev<\/a><\/span><\/div>\n<\/li>\n<li class=\"views-row views-row-8 views-row-even\">\n<div class=\"views-field-title\"><span class=\"field-content\"><a href=\"http:\/\/www.polishculture.org.uk\/\" target=\"_blank\" rel=\"noopener noreferrer\">London<\/a><\/span><\/div>\n<\/li>\n<li class=\"views-row views-row-9 views-row-odd\">\n<div class=\"views-field-title\"><span class=\"field-content\"><a href=\"http:\/\/www.culturapolaca.es\/\" target=\"_blank\" rel=\"noopener noreferrer\">Madrid<\/a><\/span><\/div>\n<\/li>\n<li class=\"views-row views-row-10 views-row-even\">\n<div class=\"views-field-title\"><span class=\"field-content\"><a href=\"http:\/\/www.instpol.by\/\" target=\"_blank\" rel=\"noopener noreferrer\">Minszk<\/a><\/span><\/div>\n<\/li>\n<li class=\"views-row views-row-11 views-row-odd\">\n<div class=\"views-field-title\"><span class=\"field-content\"><a href=\"http:\/\/kulturapolshi.ru\/\" target=\"_blank\" rel=\"noopener noreferrer\">Moszkva<\/a><\/span><\/div>\n<\/li>\n<li class=\"views-row views-row-12 views-row-even\">\n<div class=\"views-field-title\"><span class=\"field-content\"><a href=\"http:\/\/www.polishculture-nyc.org\/\" target=\"_blank\" rel=\"noopener noreferrer\">New York<\/a><\/span><\/div>\n<\/li>\n<li class=\"views-row views-row-13 views-row-odd\">\n<div class=\"views-field-title\"><span class=\"field-content\"><a href=\"http:\/\/www.institutpolonais.fr\/\" target=\"_blank\" rel=\"noopener noreferrer\">P\u00e1rizs<\/a><\/span><\/div>\n<\/li>\n<li class=\"views-row views-row-14 views-row-even\">\n<div class=\"views-field-title\"><span class=\"field-content\"><a href=\"http:\/\/www.polinst.sk\/\" target=\"_blank\" rel=\"noopener noreferrer\">Pozsony<\/a><\/span><\/div>\n<\/li>\n<li class=\"views-row views-row-15 views-row-odd\">\n<div class=\"views-field-title\"><span class=\"field-content\"><a href=\"http:\/\/www.polskyinstitut.cz\/\" target=\"_blank\" rel=\"noopener noreferrer\">Pr\u00e1ga<\/a><\/span><\/div>\n<\/li>\n<li class=\"views-row views-row-16 views-row-even\">\n<div class=\"views-field-title\"><span class=\"field-content\"><a href=\"http:\/\/www.istitutopolacco.it\/\" target=\"_blank\" rel=\"noopener noreferrer\">R\u00f3ma<\/a><\/span><\/div>\n<\/li>\n<li class=\"views-row views-row-17 views-row-odd\">\n<div class=\"views-field-title\"><span class=\"field-content\"><a href=\"http:\/\/www.polskainstitutet.se\/\" target=\"_blank\" rel=\"noopener noreferrer\">Stockholm<\/a><\/span><\/div>\n<\/li>\n<li class=\"views-row views-row-18 views-row-even\">\n<div class=\"views-field-title\"><span class=\"field-content\"><a href=\"http:\/\/www.polinst.ru\/\" target=\"_blank\" rel=\"noopener noreferrer\">Szentp\u00e9terv\u00e1r<\/a><\/span><\/div>\n<\/li>\n<li class=\"views-row views-row-19 views-row-odd\">\n<div class=\"views-field-title\"><span class=\"field-content\"><a href=\"http:\/\/institutpolski.org\/\" target=\"_blank\" rel=\"noopener noreferrer\">Sz\u00f3fia<\/a><\/span><\/div>\n<\/li>\n<li class=\"views-row views-row-20 views-row-even\">\n<div class=\"views-field-title\"><span class=\"field-content\"><a href=\"http:\/\/www.polishinstitute.org.il\/\" target=\"_blank\" rel=\"noopener noreferrer\">Tel Aviv<\/a><\/span><\/div>\n<\/li>\n<li class=\"views-row views-row-21 views-row-odd views-row-last\">\n<div class=\"views-field-title\"><span class=\"field-content\"><a href=\"http:\/\/www.lenkukultura.lt\/\" target=\"_blank\" rel=\"noopener noreferrer\">Vilnius<\/a><\/span><\/div>\n<div class=\"views-field-edit-node\">\u00a0<\/div>\n<\/li>\n<\/ul>\n<\/div>\n<div class=\"item-list\">\n<h3>LENGYEL MINISZT\u00c9RIUMOK, HIVATALOK<\/h3>\n<pre>    <\/pre>\n<ul>\n<li class=\"views-row views-row-1 views-row-odd views-row-first\">\n<div class=\"views-field-title\"><span class=\"field-content\"><a href=\"http:\/\/www.prezydent.pl\/\" target=\"_blank\" rel=\"noopener noreferrer\">A Lengyel K\u00f6zt\u00e1rsas\u00e1g eln\u00f6ke<\/a><\/span><\/div>\n<\/li>\n<li class=\"views-row views-row-2 views-row-even\">\n<div class=\"views-field-title\"><span class=\"field-content\"><a href=\"http:\/\/www.sejm.gov.pl\/\" target=\"_blank\" rel=\"noopener noreferrer\">A Lengyel K\u00f6zt\u00e1rsas\u00e1g Szejmje<\/a><\/span><\/div>\n<\/li>\n<li class=\"views-row views-row-3 views-row-odd\">\n<div class=\"views-field-title\"><span class=\"field-content\"><a href=\"http:\/\/www.senat.gov.pl\/\" target=\"_blank\" rel=\"noopener noreferrer\">A Lengyel K\u00f6zt\u00e1rsas\u00e1g Szen\u00e1tusa<\/a><\/span><\/div>\n<\/li>\n<li class=\"views-row views-row-4 views-row-even\">\n<div class=\"views-field-title\"><span class=\"field-content\"><a href=\"https:\/\/www.premier.gov.pl\/\" target=\"_blank\" rel=\"noopener noreferrer\">A Minisztereln\u00f6ki Kancell\u00e1rja<\/a><\/span><\/div>\n<\/li>\n<li class=\"views-row views-row-5 views-row-odd\">\n<div class=\"views-field-title\"><span class=\"field-content\"><a href=\"http:\/\/www.wp.mil.pl\/\" target=\"_blank\" rel=\"noopener noreferrer\">Honv\u00e9delmi Miniszt\u00e9rium<\/a><\/span><\/div>\n<\/li>\n<li class=\"views-row views-row-6 views-row-even\">\n<div class=\"views-field-title\"><span class=\"field-content\"><a href=\"http:\/\/www.stat.gov.pl\/\" target=\"_blank\" rel=\"noopener noreferrer\">K\u00f6zponti Statisztikai Hivatal<\/a><\/span><\/div>\n<\/li>\n<li class=\"views-row views-row-7 views-row-odd\">\n<div class=\"views-field-title\"><span class=\"field-content\"><a href=\"http:\/\/www.mkidn.gov.pl\/\" target=\"_blank\" rel=\"noopener noreferrer\">Kultur\u00e1lis \u00e9s \u00d6r\u00f6ks\u00e9gv\u00e9delmi Miniszt\u00e9rium<\/a><\/span><\/div>\n<\/li>\n<li class=\"views-row views-row-8 views-row-even\">\n<div class=\"views-field-title\"><span class=\"field-content\"><a href=\"http:\/\/www.msz.gov.pl\/\" target=\"_blank\" rel=\"noopener noreferrer\">K\u00fcl\u00fcgyi Miniszt\u00e9rium<\/a><\/span><\/div>\n<\/li>\n<li class=\"views-row views-row-9 views-row-odd\">\n<div class=\"views-field-title\"><span class=\"field-content\"><a href=\"http:\/\/www.nbp.pl\/\" target=\"_blank\" rel=\"noopener noreferrer\">Lengyel Nemzeti Bank<\/a><\/span><\/div>\n<\/li>\n<li class=\"views-row views-row-10 views-row-even\">\n<div class=\"views-field-title\"><span class=\"field-content\"><a href=\"https:\/\/ipn.gov.pl\/en\" target=\"_blank\" rel=\"noopener noreferrer\">Nemzeti Eml\u00e9kezet Int\u00e9zete<\/a><\/span><\/div>\n<\/li>\n<li class=\"views-row views-row-11 views-row-odd\">\n<div class=\"views-field-title\"><span class=\"field-content\"><a href=\"http:\/\/www.odm.gov.pl\/pl\/\" target=\"_blank\" rel=\"noopener noreferrer\">Nemzetk\u00f6zi P\u00e1rbesz\u00e9d K\u00f6zpont<\/a><\/span><\/div>\n<\/li>\n<li class=\"views-row views-row-12 views-row-even views-row-last\">\n<div class=\"views-field-title\"><span class=\"field-content\"><a href=\"http:\/\/www.men.gov.pl\/\" target=\"_blank\" rel=\"noopener noreferrer\">Oktat\u00e1si Miniszt\u00e9rium<\/a><\/span><\/div>\n<div class=\"views-field-edit-node\">\u00a0<\/div>\n<\/li>\n<\/ul>\n<\/div>\n<div class=\"item-list\">\n<h3>LENGYEL INT\u00c9ZM\u00c9NYEK MAGYARORSZ\u00c1GON<\/h3>\n<pre>    <\/pre>\n<ul>\n<li class=\"views-row views-row-1 views-row-odd views-row-first views-row-last\">\n<div class=\"views-field-title\"><span class=\"field-content\"><a href=\"http:\/\/www.budapeszt.msz.gov.pl\/hu\/\" target=\"_blank\" rel=\"noopener noreferrer\">A Lengyel K\u00f6zt\u00e1rsas\u00e1g Nagyk\u00f6vets\u00e9ge<\/a><\/span><\/div>\n<div class=\"views-field-edit-node\">\u00a0<\/div>\n<\/li>\n<\/ul>\n<\/div>\n<div class=\"item-list\">\n<h3>KULTUR\u00c1LIS FESZTIV\u00c1LOK LENGYELORSZ\u00c1GBAN<\/h3>\n<pre>    <\/pre>\n<ul>\n<li class=\"views-row views-row-1 views-row-odd views-row-first\">\n<div class=\"views-field-title\"><span class=\"field-content\"><a href=\"http:\/\/www.bravefestival.pl\/\" target=\"_blank\" rel=\"noopener noreferrer\">Brave Fesztiv\u00e1l<\/a><\/span><\/div>\n<\/li>\n<li class=\"views-row views-row-2 views-row-even\">\n<div class=\"views-field-title\"><span class=\"field-content\"><a href=\"http:\/\/www.camerimage.pl\/\" target=\"_blank\" rel=\"noopener noreferrer\">Camerimage Nemzetk\u00f6zi Operat\u0151r Filmfesztiv\u00e1l<\/a><\/span><\/div>\n<\/li>\n<li class=\"views-row views-row-3 views-row-odd\">\n<div class=\"views-field-title\"><span class=\"field-content\"><a href=\"http:\/\/www.teatr.torun.pl\/\" target=\"_blank\" rel=\"noopener noreferrer\">KONTAKT Nemzetk\u00f6zi Sz\u00ednh\u00e1z Fesztiv\u00e1l<\/a><\/span><\/div>\n<\/li>\n<li class=\"views-row views-row-4 views-row-even\">\n<div class=\"views-field-title\"><span class=\"field-content\"><a href=\"http:\/\/www.jewishfestival.pl\/\" target=\"_blank\" rel=\"noopener noreferrer\">Krakk\u00f3i Zsid\u00f3 Fesztiv\u00e1l<\/a><\/span><\/div>\n<\/li>\n<li class=\"views-row views-row-5 views-row-odd\">\n<div class=\"views-field-title\"><span class=\"field-content\"><a href=\"http:\/\/www.fpff.pl\/\" target=\"_blank\" rel=\"noopener noreferrer\">Lengyel J\u00e1t\u00e9kfilm Fesztiv\u00e1l (Gdynia)<\/a><\/span><\/div>\n<\/li>\n<li class=\"views-row views-row-6 views-row-even\">\n<div class=\"views-field-title\"><span class=\"field-content\"><a href=\"http:\/\/www.malta-festival.pl\/\" target=\"_blank\" rel=\"noopener noreferrer\">Malta Nemzetk\u00f6zi Sz\u00ednh\u00e1zi Fesztiv\u00e1l<\/a><\/span><\/div>\n<\/li>\n<li class=\"views-row views-row-7 views-row-odd\">\n<div class=\"views-field-title\"><span class=\"field-content\"><a href=\"http:\/\/www.4kultury.pl\/\" target=\"_blank\" rel=\"noopener noreferrer\">N\u00e9gy Kult\u00fara Fesztiv\u00e1lja, Lodz<\/a><\/span><\/div>\n<\/li>\n<li class=\"views-row views-row-8 views-row-even\">\n<div class=\"views-field-title\"><span class=\"field-content\"><a href=\"http:\/\/wratislaviacantans.pl\/\" target=\"_blank\" rel=\"noopener noreferrer\">Nemzetk\u00f6zi Fesztiv\u00e1l Wratisllavia Cantans<\/a><\/span><\/div>\n<\/li>\n<li class=\"views-row views-row-9 views-row-odd\">\n<div class=\"views-field-title\"><span class=\"field-content\"><a href=\"http:\/\/www.warszawska-jesien.art.pl\/\" target=\"_blank\" rel=\"noopener noreferrer\">Nemzetk\u00f6zi Kort\u00e1rs Zenei Fesztiv\u00e1l<\/a><\/span><\/div>\n<\/li>\n<li class=\"views-row views-row-10 views-row-even\">\n<div class=\"views-field-title\"><span class=\"field-content\"><a href=\"http:\/\/www.nowehoryzonty.pl\/\" target=\"_blank\" rel=\"noopener noreferrer\">Nowe Horyzonty Nemzetk\u00f6zi Filmfesztiv\u00e1l \u2028<\/a><\/span><\/div>\n<\/li>\n<li class=\"views-row views-row-11 views-row-odd\">\n<div class=\"views-field-title\"><span class=\"field-content\"><a href=\"http:\/\/www.opener.pl\/\" target=\"_blank\" rel=\"noopener noreferrer\">Open\u00b4er<\/a><\/span><\/div>\n<\/li>\n<li class=\"views-row views-row-12 views-row-even\">\n<div class=\"views-field-title\"><span class=\"field-content\"><a href=\"http:\/\/www.rozstaje.pl\/\" target=\"_blank\" rel=\"noopener noreferrer\">ROZSTAJE Alternat\u00edv Folk Fesztiv\u00e1l<\/a><\/span><\/div>\n<\/li>\n<li class=\"views-row views-row-13 views-row-odd\">\n<div class=\"views-field-title\"><span class=\"field-content\"><a href=\"http:\/\/www.cracjazz.com\/eng\/hm.htm\" target=\"_blank\" rel=\"noopener noreferrer\">Summer Jazz Festival Piwnica pod Baranami, Krakow<\/a><\/span><\/div>\n<\/li>\n<li class=\"views-row views-row-14 views-row-even views-row-last\">\n<div class=\"views-field-title\"><span class=\"field-content\"><a href=\"http:\/\/www.festiwalnauki.edu.pl\/\" target=\"_blank\" rel=\"noopener noreferrer\">Tudom\u00e1ny Fesztiv\u00e1l<\/a><\/span><\/div>\n<div class=\"views-field-edit-node\">\u00a0<\/div>\n<\/li>\n<\/ul>\n<\/div>\n<div class=\"item-list\">\n<h3>FILMM\u0170V\u00c9SZET<\/h3>\n<pre>    <\/pre>\n<ul>\n<li class=\"views-row views-row-1 views-row-odd views-row-first\">\n<div class=\"views-field-title\"><span class=\"field-content\"><a href=\"http:\/\/www.kinomuzeum.pl\/\" target=\"_blank\" rel=\"noopener noreferrer\">\u0141\u00f3dzi Filmm\u00fazeum<\/a><\/span><\/div>\n<\/li>\n<li class=\"views-row views-row-2 views-row-even\">\n<div class=\"views-field-title\"><span class=\"field-content\"><a href=\"http:\/\/www.cinemaart.pl\/\" target=\"_blank\" rel=\"noopener noreferrer\">Cinema Art Alap\u00edtv\u00e1ny<\/a><\/span><\/div>\n<\/li>\n<li class=\"views-row views-row-3 views-row-odd\">\n<div class=\"views-field-title\"><span class=\"field-content\"><a href=\"http:\/\/www.csf.katowice.pl\/\" target=\"_blank\" rel=\"noopener noreferrer\">Filmm\u0171v\u00e9szeti K\u00f6zpont<\/a><\/span><\/div>\n<\/li>\n<li class=\"views-row views-row-4 views-row-even\">\n<div class=\"views-field-title\"><span class=\"field-content\"><a href=\"http:\/\/www.filmfederacja.org.pl\/\" target=\"_blank\" rel=\"noopener noreferrer\">F\u00fcggetlen Filmm\u0171v\u00e9szek Feder\u00e1ci\u00f3ja<\/a><\/span><\/div>\n<\/li>\n<li class=\"views-row views-row-5 views-row-odd\">\n<div class=\"views-field-title\"><span class=\"field-content\"><a href=\"http:\/\/www.kff.com.pl\/\" target=\"_blank\" rel=\"noopener noreferrer\">Krakk\u00f3i Filmalap\u00edtv\u00e1ny<\/a><\/span><\/div>\n<\/li>\n<li class=\"views-row views-row-6 views-row-even\">\n<div class=\"views-field-title\"><span class=\"field-content\"><a href=\"http:\/\/www.filmpolski.pl\/\" target=\"_blank\" rel=\"noopener noreferrer\">Lengyel filmb\u00e1zis<\/a><\/span><\/div>\n<\/li>\n<li class=\"views-row views-row-7 views-row-odd\">\n<div class=\"views-field-title\"><span class=\"field-content\"><a href=\"http:\/\/www.pisf.pl\/\" target=\"_blank\" rel=\"noopener noreferrer\">Lengyel Filmint\u00e9zet<\/a><\/span><\/div>\n<\/li>\n<li class=\"views-row views-row-8 views-row-even\">\n<div class=\"views-field-title\"><span class=\"field-content\"><a href=\"http:\/\/www.sfp.org.pl\/\" target=\"_blank\" rel=\"noopener noreferrer\">Lengyel Filmm\u0171v\u00e9szek Sz\u00f6vets\u00e9ge<\/a><\/span><\/div>\n<\/li>\n<li class=\"views-row views-row-9 views-row-odd\">\n<div class=\"views-field-title\"><span class=\"field-content\"><a href=\"http:\/\/www.fn.org.pl\/\" target=\"_blank\" rel=\"noopener noreferrer\">Lengyel Nemzeti Filmarch\u00edvum<\/a><\/span><\/div>\n<\/li>\n<li class=\"views-row views-row-10 views-row-even\">\n<div class=\"views-field-title\"><span class=\"field-content\"><a href=\"http:\/\/www.nina.gov.pl\/\" target=\"_blank\" rel=\"noopener noreferrer\">Nemzeti Audiovizu\u00e1lis Int\u00e9zet<\/a><\/span><\/div>\n<\/li>\n<li class=\"views-row views-row-11 views-row-odd\">\n<div class=\"views-field-title\"><span class=\"field-content\"><a href=\"http:\/\/www.fundacjafilmowa.pl\/\" target=\"_blank\" rel=\"noopener noreferrer\">Pomorska Filmalap\u00edtv\u00e1ny<\/a><\/span><\/div>\n<\/li>\n<li class=\"views-row views-row-12 views-row-even views-row-last\">\n<div class=\"views-field-title\"><span class=\"field-content\"><a href=\"http:\/\/www.wff.pl\/\" target=\"_blank\" rel=\"noopener noreferrer\">Vars\u00f3i Filmalap\u00edtv\u00e1ny<\/a><\/span><\/div>\n<div class=\"views-field-edit-node\">\u00a0<\/div>\n<\/li>\n<\/ul>\n<\/div>\n<div class=\"item-list\">\n<h3>IRODALOM<\/h3>\n<pre>    <\/pre>\n<ul>\n<li class=\"views-row views-row-1 views-row-odd views-row-first\">\n<div class=\"views-field-title\"><span class=\"field-content\"><a href=\"http:\/\/www.conradfestival.pl\/\" target=\"_blank\" rel=\"noopener noreferrer\">Conrad Fesztiv\u00e1l, Krakk\u00f3<\/a><\/span><\/div>\n<\/li>\n<li class=\"views-row views-row-2 views-row-even\">\n<div class=\"views-field-title\"><span class=\"field-content\"><a href=\"http:\/\/muzeumliteratury.pl\/\" target=\"_blank\" rel=\"noopener noreferrer\">Irodalmi M\u00fazeum (Muzeum Literatury im. Adama Mickiewicza)<\/a><\/span><\/div>\n<\/li>\n<li class=\"views-row views-row-3 views-row-odd\">\n<div class=\"views-field-title\"><span class=\"field-content\"><a href=\"http:\/\/lengyelironok.wikia.com\/wiki\/Lengyel_%C3%8Dr%C3%B3n%C5%91k_T%C3%A1ra_Wiki\" target=\"_blank\" rel=\"noopener noreferrer\">Lengyel \u00cdr\u00f3n\u0151k T\u00e1ra<\/a><\/span><\/div>\n<\/li>\n<li class=\"views-row views-row-4 views-row-even\">\n<div class=\"views-field-title\"><span class=\"field-content\"><a href=\"http:\/\/www.instytutksiazki.pl\/\" target=\"_blank\" rel=\"noopener noreferrer\">Lengyel K\u00f6nyvint\u00e9zet (Instytut Ksi\u0105\u017cki)<\/a><\/span><\/div>\n<\/li>\n<li class=\"views-row views-row-5 views-row-odd\">\n<div class=\"views-field-title\"><span class=\"field-content\"><a href=\"http:\/\/lengyelirodalom.lap.hu\/\" target=\"_blank\" rel=\"noopener noreferrer\">lengyelirodalom.lap.hu<\/a><\/span><\/div>\n<\/li>\n<li class=\"views-row views-row-6 views-row-even\">\n<div class=\"views-field-title\"><span class=\"field-content\"><a href=\"http:\/\/www.literaturanaswiecie.art.pl\/\" target=\"_blank\" rel=\"noopener noreferrer\">Literatura na \u015bwiecie<\/a><\/span><\/div>\n<\/li>\n<li class=\"views-row views-row-7 views-row-odd\">\n<div class=\"views-field-title\"><span class=\"field-content\"><a href=\"http:\/\/szlavtextus.blog.hu\/\" target=\"_blank\" rel=\"noopener noreferrer\">Szl\u00e1v TeXtus &#8211; szl\u00e1v irodalmi port\u00e1l<\/a><\/span><\/div>\n<\/li>\n<li class=\"views-row views-row-8 views-row-even views-row-last\">\n<div class=\"views-field-title\"><span class=\"field-content\"><a href=\"http:\/\/www.targi-ksiazki.waw.pl\/\" target=\"_blank\" rel=\"noopener noreferrer\">Vars\u00f3i K\u00f6nyvv\u00e1s\u00e1r<\/a><\/span><\/div>\n<div class=\"views-field-edit-node\">\u00a0<\/div>\n<\/li>\n<\/ul>\n<\/div>\n<div class=\"item-list\">\n<h3>K\u00c9PZ\u0150M\u0170V\u00c9SZET<\/h3>\n<pre>    <\/pre>\n<ul>\n<li class=\"views-row views-row-1 views-row-odd views-row-first\">\n<div class=\"views-field-title\"><span class=\"field-content\"><a href=\"http:\/\/csw.art.pl\/\" target=\"_blank\" rel=\"noopener noreferrer\">Zamek Ujazdowski Kort\u00e1rs M\u0171v\u00e9szeti K\u00f6zpont<\/a><\/span><\/div>\n<\/li>\n<li class=\"views-row views-row-2 views-row-even\">\n<div class=\"views-field-title\"><span class=\"field-content\"><a href=\"http:\/\/www.galeria-arsenal.pl\/\" target=\"_blank\" rel=\"noopener noreferrer\">Arsena\u0142 Gal\u00e9ria, Bia\u0142ystok<\/a><\/span><\/div>\n<\/li>\n<li class=\"views-row views-row-3 views-row-odd\">\n<div class=\"views-field-title\"><span class=\"field-content\"><a href=\"http:\/\/www.bunkier.art.pl\/\" target=\"_blank\" rel=\"noopener noreferrer\">Bunkier Sztuki &#8211; Kort\u00e1rs M\u0171v\u00e9szeti Gal\u00e9ria, Krakk\u00f3<\/a><\/span><\/div>\n<\/li>\n<li class=\"views-row views-row-4 views-row-even\">\n<div class=\"views-field-title\"><span class=\"field-content\"><a href=\"http:\/\/www.zamekcieszyn.pl\/pl\" target=\"_blank\" rel=\"noopener noreferrer\">Cieszyn V\u00e1ra (kor\u00e1bban: Szil\u00e9ziai M\u0171v\u00e9szetek \u00e9s V\u00e1llalkoz\u00e1sok V\u00e1ra)<\/a><\/span><\/div>\n<\/li>\n<li class=\"views-row views-row-5 views-row-odd\">\n<div class=\"views-field-title\"><span class=\"field-content\"><a href=\"http:\/\/www.cricoteka.pl\/pl\/main.php?d=tkantor&amp;kat=33&amp;id=16\" target=\"_blank\" rel=\"noopener noreferrer\">Cricoteca &#8211; Tadeusza Kantor Dokument\u00e1ci\u00f3s K\u00f6zpont<\/a><\/span><\/div>\n<\/li>\n<li class=\"views-row views-row-6 views-row-even\">\n<div class=\"views-field-title\"><span class=\"field-content\"><a href=\"http:\/\/www.galeriafoksal.pl\/\" target=\"_blank\" rel=\"noopener noreferrer\">Foksal Gal\u00e9ria Alap\u00edtv\u00e1ny<\/a><\/span><\/div>\n<\/li>\n<li class=\"views-row views-row-7 views-row-odd\">\n<div class=\"views-field-title\"><span class=\"field-content\"><a href=\"http:\/\/www.muzeum.narodowe.gda.pl\/\" target=\"_blank\" rel=\"noopener noreferrer\">Gda\u0144ski Nemzeti M\u00fazeum<\/a><\/span><\/div>\n<\/li>\n<li class=\"views-row views-row-8 views-row-even\">\n<div class=\"views-field-title\"><span class=\"field-content\"><a href=\"http:\/\/www.muzeum.krakow.pl\/\" target=\"_blank\" rel=\"noopener noreferrer\">Krakk\u00f3i Nemzeti M\u00fazeum<\/a><\/span><\/div>\n<\/li>\n<li class=\"views-row views-row-9 views-row-odd\">\n<div class=\"views-field-title\"><span class=\"field-content\"><a href=\"http:\/\/artyzm.com\/\" target=\"_blank\" rel=\"noopener noreferrer\">Lengyel fest\u0151k mesterm\u0171vei<\/a><\/span><\/div>\n<\/li>\n<li class=\"views-row views-row-10 views-row-even\">\n<div class=\"views-field-title\"><span class=\"field-content\"><a href=\"http:\/\/msl.org.pl\/\" target=\"_blank\" rel=\"noopener noreferrer\">L\u00f3dzi M\u0171v\u00e9szeti M\u00fazeum<\/a><\/span><\/div>\n<\/li>\n<li class=\"views-row views-row-11 views-row-odd\">\n<div class=\"views-field-title\"><span class=\"field-content\"><a href=\"http:\/\/www.mocak.pl\/\" target=\"_blank\" rel=\"noopener noreferrer\">MOCAK &#8211; Kort\u00e1rs M\u0171v\u00e9szeti M\u00fazeum, Krakk\u00f3<\/a><\/span><\/div>\n<\/li>\n<li class=\"views-row views-row-12 views-row-even\">\n<div class=\"views-field-title\"><span class=\"field-content\"><a href=\"http:\/\/www.artmuseum.pl\/\" target=\"_blank\" rel=\"noopener noreferrer\">Modern M\u0171v\u00e9szetek M\u00fazeuma, Vars\u00f3<\/a><\/span><\/div>\n<\/li>\n<li class=\"views-row views-row-13 views-row-odd\">\n<div class=\"views-field-title\"><span class=\"field-content\"><a href=\"http:\/\/www.obieg.pl\/\" target=\"_blank\" rel=\"noopener noreferrer\">Obieg<\/a><\/span><\/div>\n<\/li>\n<li class=\"views-row views-row-14 views-row-even\">\n<div class=\"views-field-title\"><span class=\"field-content\"><a href=\"http:\/\/www.postermuseum.pl\/\" target=\"_blank\" rel=\"noopener noreferrer\">Plak\u00e1tm\u00fazeum, Wilan\u00f3w<\/a><\/span><\/div>\n<\/li>\n<li class=\"views-row views-row-15 views-row-odd\">\n<div class=\"views-field-title\"><span class=\"field-content\"><a href=\"http:\/\/polinst.hu\/sites\/default\/files\/platanlatarka-web_1.pdf\">PLATAN &#8211; LATARKA KATAL\u00d3GUS ONLINE<\/a><\/span><\/div>\n<\/li>\n<li class=\"views-row views-row-16 views-row-even\">\n<div class=\"views-field-title\"><span class=\"field-content\"><a href=\"http:\/\/rastergallery.com\/\" target=\"_blank\" rel=\"noopener noreferrer\">Raster Gal\u00e9ria<\/a><\/span><\/div>\n<\/li>\n<li class=\"views-row views-row-17 views-row-odd\">\n<div class=\"views-field-title\"><span class=\"field-content\"><a href=\"http:\/\/www.muzeumslaskie.pl\/\" target=\"_blank\" rel=\"noopener noreferrer\">Szil\u00e9ziai M\u00fazeum, Katowice<\/a><\/span><\/div>\n<\/li>\n<li class=\"views-row views-row-18 views-row-even\">\n<div class=\"views-field-title\"><span class=\"field-content\"><a href=\"http:\/\/www.mnw.art.pl\/\" target=\"_blank\" rel=\"noopener noreferrer\">Vars\u00f3i Nemzeti M\u00fazeum<\/a><\/span><\/div>\n<\/li>\n<li class=\"views-row views-row-19 views-row-odd\">\n<div class=\"views-field-title\"><span class=\"field-content\"><a href=\"http:\/\/www.mnwr.art.pl\/\" target=\"_blank\" rel=\"noopener noreferrer\">Wroc\u0142awi Nemzeti M\u00fazeum<\/a><\/span><\/div>\n<\/li>\n<li class=\"views-row views-row-20 views-row-even\">\n<div class=\"views-field-title\"><span class=\"field-content\"><a href=\"http:\/\/www.wyspa.art.pl\/\" target=\"_blank\" rel=\"noopener noreferrer\">Wyspa M\u0171v\u00e9szeti Int\u00e9zet<\/a><\/span><\/div>\n<\/li>\n<li class=\"views-row views-row-21 views-row-odd\">\n<div class=\"views-field-title\"><span class=\"field-content\"><a href=\"http:\/\/www.zacheta.art.pl\/\" target=\"_blank\" rel=\"noopener noreferrer\">Zach\u0119ta Nemzeti Gal\u00e9ria<\/a><\/span><\/div>\n<\/li>\n<li class=\"views-row views-row-22 views-row-even views-row-last\">\n<div class=\"views-field-title\"><span class=\"field-content\"><a href=\"http:\/\/www.laznia.pl\/\" target=\"_blank\" rel=\"noopener noreferrer\">\u0141a\u017ania Kort\u00e1rs M\u0171v\u00e9szeti K\u00f6zpont, Gda\u0144sk<\/a><\/span><\/div>\n<div class=\"views-field-edit-node\">\u00a0<\/div>\n<\/li>\n<\/ul>\n<\/div>\n<div class=\"item-list\">\n<h3>SZ\u00cdNH\u00c1ZM\u0170V\u00c9SZET<\/h3>\n<pre>    <\/pre>\n<ul>\n<li class=\"views-row views-row-1 views-row-odd views-row-first\">\n<div class=\"views-field-title\"><span class=\"field-content\"><a href=\"http:\/\/e-teatr.pl\/pl\/index.html\" target=\"_blank\" rel=\"noopener noreferrer\">E-teatr \u2013 lengyel sz\u00ednh\u00e1zi port\u00e1l<\/a><\/span><\/div>\n<\/li>\n<li class=\"views-row views-row-2 views-row-even\">\n<div class=\"views-field-title\"><span class=\"field-content\"><a href=\"http:\/\/www.zasp.pl\/\" target=\"_blank\" rel=\"noopener noreferrer\">Lengyel Sz\u00edn\u00e9szek Sz\u00f6vets\u00e9ge<\/a><\/span><\/div>\n<\/li>\n<li class=\"views-row views-row-3 views-row-odd\">\n<div class=\"views-field-title\"><span class=\"field-content\"><a href=\"http:\/\/www.e-teatr.pl\/pl\/instytucje\/lista.html\" target=\"_blank\" rel=\"noopener noreferrer\">Lengyel sz\u00ednh\u00e1zi adatb\u00e1zis<\/a><\/span><\/div>\n<\/li>\n<li class=\"views-row views-row-4 views-row-even\">\n<div class=\"views-field-title\"><span class=\"field-content\"><a href=\"http:\/\/www.e-teatr.tv\/\" target=\"_blank\" rel=\"noopener noreferrer\">Lengyel TV Sz\u00ednh\u00e1z<\/a><\/span><\/div>\n<\/li>\n<li class=\"views-row views-row-5 views-row-odd views-row-last\">\n<div class=\"views-field-title\"><span class=\"field-content\"><a href=\"http:\/\/www.instytut-teatralny.pl\/\" target=\"_blank\" rel=\"noopener noreferrer\">Zbigniew Raszewski Sz\u00ednh\u00e1zi Int\u00e9zet<\/a><\/span><\/div>\n<div class=\"views-field-edit-node\">\u00a0<\/div>\n<\/li>\n<\/ul>\n<\/div>\n<div class=\"item-list\">\n<h3>ZENEM\u0170V\u00c9SZET<\/h3>\n<pre>    <\/pre>\n<ul>\n<li class=\"views-row views-row-1 views-row-odd views-row-first\">\n<div class=\"views-field-title\"><span class=\"field-content\"><a href=\"http:\/\/www.dux.pl\/\" target=\"_blank\" rel=\"noopener noreferrer\">Dux Zenei Kiad\u00f3<\/a><\/span><\/div>\n<\/li>\n<li class=\"views-row views-row-2 views-row-even\">\n<div class=\"views-field-title\"><span class=\"field-content\"><a href=\"http:\/\/www.pwm.com.pl\/Wypozyczenia__index__hireMaterials.html\" target=\"_blank\" rel=\"noopener noreferrer\">Kotta k\u00f6lcs\u00f6nz\u00e9se<\/a><\/span><\/div>\n<\/li>\n<li class=\"views-row views-row-3 views-row-odd\">\n<div class=\"views-field-title\"><span class=\"field-content\"><a href=\"http:\/\/www.polskirock.com\/\" target=\"_blank\" rel=\"noopener noreferrer\">Lengyel rockzene honlapja<\/a><\/span><\/div>\n<\/li>\n<li class=\"views-row views-row-4 views-row-even\">\n<div class=\"views-field-title\"><span class=\"field-content\"><a href=\"http:\/\/www.fmp.org.pl\/\" target=\"_blank\" rel=\"noopener noreferrer\">Lengyel Zenei Fesztiv\u00e1l<\/a><\/span><\/div>\n<\/li>\n<li class=\"views-row views-row-5 views-row-odd views-row-last\">\n<div class=\"views-field-title\"><span class=\"field-content\"><a href=\"http:\/\/www.pwm.com.pl\/\" target=\"_blank\" rel=\"noopener noreferrer\">Lengyel Zenei Kiad\u00f3<\/a><\/span><\/div>\n<div class=\"views-field-edit-node\">\u00a0<\/div>\n<\/li>\n<\/ul>\n<\/div>\n<div class=\"item-list\">\n<h3>T\u00d6RT\u00c9NELEM<\/h3>\n<pre>    <\/pre>\n<ul>\n<li class=\"views-row views-row-1 views-row-odd views-row-first\">\n<div class=\"views-field-title\"><span class=\"field-content\"><a href=\"http:\/\/www.muzhp.pl\/\" target=\"_blank\" rel=\"noopener noreferrer\">Lengyel T\u00f6rt\u00e9neti M\u00fazeum<\/a><\/span><\/div>\n<\/li>\n<li class=\"views-row views-row-2 views-row-even\">\n<div class=\"views-field-title\"><span class=\"field-content\"><a href=\"http:\/\/www.jewishmuseum.org.pl\/pl\/cms\/strona-glowna\/\" target=\"_blank\" rel=\"noopener noreferrer\">Lengyelorsz\u00e1gi Zsid\u00f3k T\u00f6rt\u00e9neti M\u00fazeuma<\/a><\/span><\/div>\n<\/li>\n<li class=\"views-row views-row-3 views-row-odd\">\n<div class=\"views-field-title\"><span class=\"field-content\"><a href=\"http:\/\/mhk.pl\/oddzialy\/fabryka_schindlera\" target=\"_blank\" rel=\"noopener noreferrer\">Schindler Gy\u00e1r<\/a><\/span><\/div>\n<\/li>\n<li class=\"views-row views-row-4 views-row-even\">\n<div class=\"views-field-title\"><span class=\"field-content\"><a href=\"http:\/\/www.1944.pl\/\" target=\"_blank\" rel=\"noopener noreferrer\">Vars\u00f3i Felkel\u00e9s M\u00fazeuma<\/a><\/span><\/div>\n<\/li>\n<li class=\"views-row views-row-5 views-row-odd views-row-last\">\n<div class=\"views-field-title\"><span class=\"field-content\"><a href=\"http:\/\/www.mhw.pl\/mhw\/homepl.jsp\" target=\"_blank\" rel=\"noopener noreferrer\">Vars\u00f3i T\u00f6rt\u00e9neti M\u00fazeum<\/a><\/span><\/div>\n<div class=\"views-field-edit-node\">\u00a0<\/div>\n<\/li>\n<\/ul>\n<\/div>\n<div class=\"item-list\">\n<h3>LENGYEL T\u00c9V\u00c9, R\u00c1DI\u00d3, M\u00c9DIA<\/h3>\n<pre>    <\/pre>\n<ul>\n<li class=\"views-row views-row-1 views-row-odd views-row-first\">\n<div class=\"views-field-title\"><span class=\"field-content\"><a href=\"http:\/\/www.aktivist.pl\/\" target=\"_blank\" rel=\"noopener noreferrer\">Aktivist<\/a><\/span><\/div>\n<\/li>\n<li class=\"views-row views-row-2 views-row-even\">\n<div class=\"views-field-title\"><span class=\"field-content\"><a href=\"http:\/\/www.artbiznes.pl\/\" target=\"_blank\" rel=\"noopener noreferrer\">Art&amp;Business<\/a><\/span><\/div>\n<\/li>\n<li class=\"views-row views-row-3 views-row-odd\">\n<div class=\"views-field-title\"><span class=\"field-content\"><a href=\"http:\/\/www.biweekly.pl\/\" target=\"_blank\" rel=\"noopener noreferrer\">Biweekly &#8211; k\u00e9theti kultur\u00e1lis lap<\/a><\/span><\/div>\n<\/li>\n<li class=\"views-row views-row-4 views-row-even\">\n<div class=\"views-field-title\"><span class=\"field-content\"><a href=\"http:\/\/www.filmweb.pl\/\" target=\"_blank\" rel=\"noopener noreferrer\">Filmweb<\/a><\/span><\/div>\n<\/li>\n<li class=\"views-row views-row-5 views-row-odd\">\n<div class=\"views-field-title\"><span class=\"field-content\"><a href=\"http:\/\/www.gazeta.pl\/\" target=\"_blank\" rel=\"noopener noreferrer\">Gazeta Wyborcza<\/a><\/span><\/div>\n<\/li>\n<li class=\"views-row views-row-6 views-row-even\">\n<div class=\"views-field-title\"><span class=\"field-content\"><a href=\"http:\/\/www.independent.pl\/\" target=\"_blank\" rel=\"noopener noreferrer\">Independent &#8211; a f\u00fcggetlen kult\u00fara port\u00e1lja<\/a><\/span><\/div>\n<\/li>\n<li class=\"views-row views-row-7 views-row-odd\">\n<div class=\"views-field-title\"><span class=\"field-content\"><a href=\"http:\/\/www.interia.pl\/\" target=\"_blank\" rel=\"noopener noreferrer\">Interia inform\u00e1ci\u00f3s port\u00e1l<\/a><\/span><\/div>\n<\/li>\n<li class=\"views-row views-row-8 views-row-even\">\n<div class=\"views-field-title\"><span class=\"field-content\"><a href=\"http:\/\/www.jazzforum.com.pl\/\" target=\"_blank\" rel=\"noopener noreferrer\">Jazz Forum<\/a><\/span><\/div>\n<\/li>\n<li class=\"views-row views-row-9 views-row-odd\">\n<div class=\"views-field-title\"><span class=\"field-content\"><a href=\"http:\/\/www.polskieradio.pl\/\" target=\"_blank\" rel=\"noopener noreferrer\">Lengyel R\u00e1dio<\/a><\/span><\/div>\n<\/li>\n<li class=\"views-row views-row-10 views-row-even\">\n<div class=\"views-field-title\"><span class=\"field-content\"><a href=\"http:\/\/www.pap.com.pl\/\" target=\"_blank\" rel=\"noopener noreferrer\">Lengyel T\u00e1virati Iroda<\/a><\/span><\/div>\n<\/li>\n<li class=\"views-row views-row-11 views-row-odd\">\n<div class=\"views-field-title\"><span class=\"field-content\"><a href=\"http:\/\/www.tvp.pl\/\" target=\"_blank\" rel=\"noopener noreferrer\">Lengyel Televiz\u00ed\u00f3<\/a><\/span><\/div>\n<\/li>\n<li class=\"views-row views-row-12 views-row-even\">\n<div class=\"views-field-title\"><span class=\"field-content\"><a href=\"http:\/\/programtv.onet.pl\/\" target=\"_blank\" rel=\"noopener noreferrer\">Lengyel televizi\u00f3k m\u0171sora<\/a><\/span><\/div>\n<\/li>\n<li class=\"views-row views-row-13 views-row-odd\">\n<div class=\"views-field-title\"><span class=\"field-content\"><a href=\"http:\/\/www.machina.pl\/\" target=\"_blank\" rel=\"noopener noreferrer\">Machina<\/a><\/span><\/div>\n<\/li>\n<li class=\"views-row views-row-14 views-row-even\">\n<div class=\"views-field-title\"><span class=\"field-content\"><a href=\"http:\/\/www.polityka.pl\/\" target=\"_blank\" rel=\"noopener noreferrer\">Polityka<\/a><\/span><\/div>\n<\/li>\n<li class=\"views-row views-row-15 views-row-odd\">\n<div class=\"views-field-title\"><span class=\"field-content\"><a href=\"http:\/\/www.rmf.fm\/\" target=\"_blank\" rel=\"noopener noreferrer\">Radio RMF FM<\/a><\/span><\/div>\n<\/li>\n<li class=\"views-row views-row-16 views-row-even\">\n<div class=\"views-field-title\"><span class=\"field-content\"><a href=\"http:\/\/www.ruchmuzyczny.pl\/\" target=\"_blank\" rel=\"noopener noreferrer\">Ruch Muzyczny<\/a><\/span><\/div>\n<\/li>\n<li class=\"views-row views-row-17 views-row-odd\">\n<div class=\"views-field-title\"><span class=\"field-content\"><a href=\"http:\/\/www.rp.pl\/\" target=\"_blank\" rel=\"noopener noreferrer\">Rzeczpospolita<\/a><\/span><\/div>\n<\/li>\n<li class=\"views-row views-row-18 views-row-even\">\n<div class=\"views-field-title\"><span class=\"field-content\"><a href=\"http:\/\/www.wp.pl\/\" target=\"_blank\" rel=\"noopener noreferrer\">Wirtualna Polska h\u00edrport\u00e1l<\/a><\/span><\/div>\n<\/li>\n<li class=\"views-row views-row-19 views-row-odd views-row-last\">\n<div class=\"views-field-title\"><span class=\"field-content\"><a href=\"http:\/\/www.wprost.pl\/\" target=\"_blank\" rel=\"noopener noreferrer\">Wprost<\/a><\/span><\/div>\n<div class=\"views-field-edit-node\">\u00a0<\/div>\n<\/li>\n<\/ul>\n<\/div>\n<div class=\"item-list\">\n<h3>TURISZTIKA<\/h3>\n<pre>    <\/pre>\n<ul>\n<li class=\"views-row views-row-1 views-row-odd views-row-first\">\n<div class=\"views-field-title\"><span class=\"field-content\"><a href=\"https:\/\/www.flixbus.pl\/\" target=\"_blank\" rel=\"noopener noreferrer\">FlixBus &#8211; olcs\u00f3 bel- \u00e9s k\u00fclf\u00f6ldi buszj\u00e1ratok<\/a><\/span><\/div>\n<\/li>\n<li class=\"views-row views-row-2 views-row-even\">\n<div class=\"views-field-title\"><span class=\"field-content\"><a href=\"http:\/\/www.krakow.pl\/\" target=\"_blank\" rel=\"noopener noreferrer\">Krakk\u00f3 hivatalos oldala<\/a><\/span><\/div>\n<\/li>\n<li class=\"views-row views-row-3 views-row-odd\">\n<div class=\"views-field-title\"><span class=\"field-content\"><a href=\"http:\/\/www.pkp.com.pl\/\" target=\"_blank\" rel=\"noopener noreferrer\">Lengyel \u00c1llamvasutak<\/a><\/span><\/div>\n<\/li>\n<li class=\"views-row views-row-4 views-row-even\">\n<div class=\"views-field-title\"><span class=\"field-content\"><a href=\"http:\/\/www.poland.gov.pl\/\" target=\"_blank\" rel=\"noopener noreferrer\">Lengyelorsz\u00e1g hivatalos port\u00e1lja<\/a><\/span><\/div>\n<\/li>\n<li class=\"views-row views-row-5 views-row-odd\">\n<div class=\"views-field-title\"><span class=\"field-content\"><a href=\"http:\/\/www.lengyelorszag.travel\/hu\" target=\"_blank\" rel=\"noopener noreferrer\">Lengyelorsz\u00e1g nemzeti idegenforgalmi honlapja (magyar nyelven)<\/a><\/span><\/div>\n<\/li>\n<li class=\"views-row views-row-6 views-row-even\">\n<div class=\"views-field-title\"><span class=\"field-content\"><a href=\"http:\/\/mapa.szukacz.pl\/\" target=\"_blank\" rel=\"noopener noreferrer\">Lengyelorsz\u00e1g t\u00e9rk\u00e9pe<\/a><\/span><\/div>\n<\/li>\n<li class=\"views-row views-row-7 views-row-odd\">\n<div class=\"views-field-title\"><span class=\"field-content\"><a href=\"http:\/\/www.poland.pl\/\" target=\"_blank\" rel=\"noopener noreferrer\">Lengyelorsz\u00e1g turisztikai honlapja &#8211; az \u00fatik\u00f6nyvkiad\u00f3k t\u00e1mogat\u00e1s\u00e1val (angol \u00e9s lengyel nyelven)<\/a><\/span><\/div>\n<\/li>\n<li class=\"views-row views-row-8 views-row-even\">\n<div class=\"views-field-title\"><span class=\"field-content\"><a href=\"http:\/\/www.lengyelorszag.lap.hu\/\" target=\"_blank\" rel=\"noopener noreferrer\">lengyelorszag.lap.hu<\/a><\/span><\/div>\n<\/li>\n<li class=\"views-row views-row-9 views-row-odd\">\n<div class=\"views-field-title\"><span class=\"field-content\"><a href=\"http:\/\/www.kula.gov.pl\/\" target=\"_blank\" rel=\"noopener noreferrer\">Lengyelorsz\u00e1gr\u00f3l &#8211; gyerekeknek (angol, k\u00ednai \u00e9s lengyel nyelven)<\/a><\/span><\/div>\n<\/li>\n<li class=\"views-row views-row-10 views-row-even\">\n<div class=\"views-field-title\"><span class=\"field-content\"><a href=\"http:\/\/www.lot.com\/pl\/pl\/web\/newlot\/home\" target=\"_blank\" rel=\"noopener noreferrer\">LOT Lengyel L\u00e9git\u00e1rsas\u00e1g<\/a><\/span><\/div>\n<\/li>\n<li class=\"views-row views-row-11 views-row-odd\">\n<div class=\"views-field-title\"><span class=\"field-content\"><a href=\"http:\/\/www.rozklady.com.pl\/\" target=\"_blank\" rel=\"noopener noreferrer\">Online busz- \u00e9s vas\u00fati menetrendek<\/a><\/span><\/div>\n<\/li>\n<li class=\"views-row views-row-12 views-row-even views-row-last\">\n<div class=\"views-field-title\"><span class=\"field-content\"><a href=\"http:\/\/turystyka.onet.pl\/\" target=\"_blank\" rel=\"noopener noreferrer\">Utaz\u00e1sr\u00f3l az onet.pl oldalon<\/a><\/span><\/div>\n<div class=\"views-field-edit-node\">\u00a0<\/div>\n<\/li>\n<\/ul>\n<\/div>\n<div class=\"item-list\">\n<h3>MAGYARORSZ\u00c1GI LENGYEL KISEBBS\u00c9G<\/h3>\n<pre>    <\/pre>\n<ul>\n<li class=\"views-row views-row-1 views-row-odd views-row-first\">\n<div class=\"views-field-title\"><span class=\"field-content\"><a href=\"http:\/\/www.bem.hu\/\" target=\"_blank\" rel=\"noopener noreferrer\">Bem J\u00f3zsef Lengyel Kultur\u00e1lis Egyes\u00fclet<\/a><\/span><\/div>\n<\/li>\n<li class=\"views-row views-row-2 views-row-even\">\n<div class=\"views-field-title\"><span class=\"field-content\"><a href=\"http:\/\/www.vkkboglar.hu\/\" target=\"_blank\" rel=\"noopener noreferrer\">Lengyel-Magyar Bar\u00e1ts\u00e1g H\u00e1za (Balatonbogl\u00e1r)<\/a><\/span><\/div>\n<\/li>\n<li class=\"views-row views-row-3 views-row-odd\">\n<div class=\"views-field-title\"><span class=\"field-content\"><a href=\"http:\/\/dwabratanki.gportal.hu\/\" target=\"_blank\" rel=\"noopener noreferrer\">Lengyel-magyar bar\u00e1ts\u00e1g honlapja<\/a><\/span><\/div>\n<\/li>\n<li class=\"views-row views-row-4 views-row-even\">\n<div class=\"views-field-title\"><span class=\"field-content\"><a href=\"http:\/\/www.pilsudski.eoldal.hu\/\" target=\"_blank\" rel=\"noopener noreferrer\">Lengyel-Magyar Pi\u0142sudski T\u00f6rt\u00e9nelmi T\u00e1rsas\u00e1g<\/a><\/span><\/div>\n<\/li>\n<li class=\"views-row views-row-5 views-row-odd\">\n<div class=\"views-field-title\"><span class=\"field-content\"><a href=\"http:\/\/www.leki17.hu\/index.html\" target=\"_blank\" rel=\"noopener noreferrer\">Lengyelorsz\u00e1g magyarul &#8211; a 17. ker\u00fcleti kisebbs\u00e9gi \u00f6nkorm\u00e1nyzat oldala<\/a><\/span><\/div>\n<\/li>\n<li class=\"views-row views-row-6 views-row-even\">\n<div class=\"views-field-title\"><span class=\"field-content\"><a href=\"http:\/\/www.mlbke.hu\/\" target=\"_blank\" rel=\"noopener noreferrer\">Magyar-Lengyel Bar\u00e1ti Kultur\u00e1lis Egyes\u00fclet<\/a><\/span><\/div>\n<\/li>\n<li class=\"views-row views-row-7 views-row-odd\">\n<div class=\"views-field-title\"><span class=\"field-content\"><a href=\"http:\/\/www.polonia.hu\/index.php?option=com_content&amp;view=article&amp;id=1059&amp;Itemid=2...\" target=\"_blank\" rel=\"noopener noreferrer\">Magyarorsz\u00e1gi Lengyels\u00e9g M\u00fazeuma \u00e9s Lev\u00e9lt\u00e1ra<\/a><\/span><\/div>\n<\/li>\n<li class=\"views-row views-row-8 views-row-even\">\n<div class=\"views-field-title\"><span class=\"field-content\"><a href=\"http:\/\/www.polonianova.hu\/\" target=\"_blank\" rel=\"noopener noreferrer\">Polonia Nova Kultur\u00e1lis Egyes\u00fclet<\/a><\/span><\/div>\n<\/li>\n<li class=\"views-row views-row-9 views-row-odd\">\n<div class=\"views-field-title\"><span class=\"field-content\"><a href=\"http:\/\/www.polonia.hu\/\" target=\"_blank\" rel=\"noopener noreferrer\">Polonia Online<\/a><\/span><\/div>\n<\/li>\n<li class=\"views-row views-row-10 views-row-even views-row-last\">\n<div class=\"views-field-title\"><span class=\"field-content\"><a href=\"http:\/\/www.wysocki.hu\/\" target=\"_blank\" rel=\"noopener noreferrer\">Wysocki L\u00e9gi\u00f3 Hagyom\u00e1ny\u0151rz\u0151 Egyes\u00fclet<\/a><\/span><\/div>\n<div class=\"views-field-edit-node\">\u00a0<\/div>\n<\/li>\n<\/ul>\n<\/div>\n<div class=\"item-list\">\n<h3>EGY\u00c9B<\/h3>\n<pre>    <\/pre>\n<ul>\n<li class=\"views-row views-row-1 views-row-odd views-row-first\">\n<div class=\"views-field-title\"><span class=\"field-content\"><a href=\"http:\/\/www.aktivist.pl\/\" target=\"_blank\" rel=\"noopener noreferrer\">Aktivist &#8211; kultur\u00e1lis programok<\/a><\/span><\/div>\n<\/li>\n<li class=\"views-row views-row-2 views-row-even\">\n<div class=\"views-field-title\"><span class=\"field-content\"><a href=\"http:\/\/panoramafirm.pl\/\" target=\"_blank\" rel=\"noopener noreferrer\">C\u00e9gpanor\u00e1ma<\/a><\/span><\/div>\n<\/li>\n<li class=\"views-row views-row-3 views-row-odd\">\n<div class=\"views-field-title\"><span class=\"field-content\"><a href=\"http:\/\/www.empik.com\/\" target=\"_blank\" rel=\"noopener noreferrer\">Empik &#8211; lengyel k\u00f6nyv\u00e1ruh\u00e1z<\/a><\/span><\/div>\n<\/li>\n<li class=\"views-row views-row-4 views-row-even views-row-last\">\n<div class=\"views-field-title\"><span class=\"field-content\"><a href=\"http:\/\/www.mfte.hu\/docs\/1\/Bemutatkoz%C3%A1s\/\" target=\"_blank\" rel=\"noopener noreferrer\">Magyar Ford\u00edt\u00f3k \u00e9s Tolm\u00e1csok Egyes\u00fclete<\/a><\/span><\/div>\n<\/li>\n<\/ul>\n<\/div>\n<\/div>\n<div class=\"item-list\">\u00a0<\/div>\n\n\n\n<p><\/p>\n","protected":false},"excerpt":{"rendered":"<p>LENGYEL INT\u00c9ZETEK H\u00c1LOZATA B\u00e9cs Berlin Br\u00fcsszel Budapest Bukarest D\u00fcsseldorf Kijev London Madrid Minszk Moszkva New York P\u00e1rizs Pozsony Pr\u00e1ga R\u00f3ma Stockholm Szentp\u00e9terv\u00e1r Sz\u00f3fia Tel Aviv Vilnius \u00a0 LENGYEL MINISZT\u00c9RIUMOK, HIVATALOK A Lengyel K\u00f6zt\u00e1rsas\u00e1g eln\u00f6ke A Lengyel K\u00f6zt\u00e1rsas\u00e1g Szejmje A Lengyel K\u00f6zt\u00e1rsas\u00e1g Szen\u00e1tusa A Minisztereln\u00f6ki Kancell\u00e1rja Honv\u00e9delmi Miniszt\u00e9rium K\u00f6zponti Statisztikai Hivatal Kultur\u00e1lis \u00e9s \u00d6r\u00f6ks\u00e9gv\u00e9delmi Miniszt\u00e9rium K\u00fcl\u00fcgyi [&hellip;]<\/p>\n","protected":false},"author":1,"featured_media":0,"parent":0,"menu_order":0,"comment_status":"closed","ping_status":"closed","template":"","meta":{"inline_featured_image":false,"_monsterinsights_skip_tracking":false,"_monsterinsights_sitenote_active":false,"_monsterinsights_sitenote_note":"","_monsterinsights_sitenote_category":0,"footnotes":""},"class_list":["post-30","page","type-page","status-publish","hentry"],"yoast_head":"<!-- This site is optimized with the Yoast SEO plugin v24.6 - https:\/\/yoast.com\/wordpress\/plugins\/seo\/ -->\n<title>Linkek - Instytut Polski w Budapeszcie<\/title>\n<meta name=\"robots\" content=\"index, follow, max-snippet:-1, max-image-preview:large, max-video-preview:-1\" \/>\n<link rel=\"canonical\" href=\"https:\/\/instytutpolski.pl\/budapest\/linkek\/\" \/>\n<meta property=\"og:locale\" content=\"pl_PL\" \/>\n<meta property=\"og:type\" content=\"article\" \/>\n<meta property=\"og:title\" content=\"Linkek - Instytut Polski w Budapeszcie\" \/>\n<meta property=\"og:description\" content=\"LENGYEL INT\u00c9ZETEK H\u00c1LOZATA B\u00e9cs Berlin Br\u00fcsszel Budapest Bukarest D\u00fcsseldorf Kijev London Madrid Minszk Moszkva New York P\u00e1rizs Pozsony Pr\u00e1ga R\u00f3ma Stockholm Szentp\u00e9terv\u00e1r Sz\u00f3fia Tel Aviv Vilnius \u00a0 LENGYEL MINISZT\u00c9RIUMOK, HIVATALOK A Lengyel K\u00f6zt\u00e1rsas\u00e1g eln\u00f6ke A Lengyel K\u00f6zt\u00e1rsas\u00e1g Szejmje A Lengyel K\u00f6zt\u00e1rsas\u00e1g Szen\u00e1tusa A Minisztereln\u00f6ki Kancell\u00e1rja Honv\u00e9delmi Miniszt\u00e9rium K\u00f6zponti Statisztikai Hivatal Kultur\u00e1lis \u00e9s \u00d6r\u00f6ks\u00e9gv\u00e9delmi Miniszt\u00e9rium K\u00fcl\u00fcgyi [&hellip;]\" \/>\n<meta property=\"og:url\" content=\"https:\/\/instytutpolski.pl\/budapest\/linkek\/\" \/>\n<meta property=\"og:site_name\" content=\"Instytut Polski w Budapeszcie\" \/>\n<meta property=\"article:modified_time\" content=\"2019-05-28T11:41:17+00:00\" \/>\n<meta name=\"twitter:card\" content=\"summary_large_image\" \/>\n<meta name=\"twitter:label1\" content=\"Szacowany czas czytania\" \/>\n\t<meta name=\"twitter:data1\" content=\"4 minuty\" \/>\n<script type=\"application\/ld+json\" class=\"yoast-schema-graph\">{\"@context\":\"https:\/\/schema.org\",\"@graph\":[{\"@type\":\"WebPage\",\"@id\":\"https:\/\/instytutpolski.pl\/budapest\/linkek\/\",\"url\":\"https:\/\/instytutpolski.pl\/budapest\/linkek\/\",\"name\":\"Linkek - Instytut Polski w Budapeszcie\",\"isPartOf\":{\"@id\":\"https:\/\/instytutpolski.pl\/budapest\/#website\"},\"datePublished\":\"2019-05-28T11:41:16+00:00\",\"dateModified\":\"2019-05-28T11:41:17+00:00\",\"breadcrumb\":{\"@id\":\"https:\/\/instytutpolski.pl\/budapest\/linkek\/#breadcrumb\"},\"inLanguage\":\"pl-PL\",\"potentialAction\":[{\"@type\":\"ReadAction\",\"target\":[\"https:\/\/instytutpolski.pl\/budapest\/linkek\/\"]}]},{\"@type\":\"BreadcrumbList\",\"@id\":\"https:\/\/instytutpolski.pl\/budapest\/linkek\/#breadcrumb\",\"itemListElement\":[{\"@type\":\"ListItem\",\"position\":1,\"name\":\"Home\",\"item\":\"https:\/\/instytutpolski.pl\/budapest\/\"},{\"@type\":\"ListItem\",\"position\":2,\"name\":\"Linkek\"}]},{\"@type\":\"WebSite\",\"@id\":\"https:\/\/instytutpolski.pl\/budapest\/#website\",\"url\":\"https:\/\/instytutpolski.pl\/budapest\/\",\"name\":\"Instytut Polski w Budapeszcie\",\"description\":\"Instytuty Polskie\",\"potentialAction\":[{\"@type\":\"SearchAction\",\"target\":{\"@type\":\"EntryPoint\",\"urlTemplate\":\"https:\/\/instytutpolski.pl\/budapest\/?s={search_term_string}\"},\"query-input\":{\"@type\":\"PropertyValueSpecification\",\"valueRequired\":true,\"valueName\":\"search_term_string\"}}],\"inLanguage\":\"pl-PL\"}]}<\/script>\n<!-- \/ Yoast SEO plugin. -->","yoast_head_json":{"title":"Linkek - Instytut Polski w Budapeszcie","robots":{"index":"index","follow":"follow","max-snippet":"max-snippet:-1","max-image-preview":"max-image-preview:large","max-video-preview":"max-video-preview:-1"},"canonical":"https:\/\/instytutpolski.pl\/budapest\/linkek\/","og_locale":"pl_PL","og_type":"article","og_title":"Linkek - Instytut Polski w Budapeszcie","og_description":"LENGYEL INT\u00c9ZETEK H\u00c1LOZATA B\u00e9cs Berlin Br\u00fcsszel Budapest Bukarest D\u00fcsseldorf Kijev London Madrid Minszk Moszkva New York P\u00e1rizs Pozsony Pr\u00e1ga R\u00f3ma Stockholm Szentp\u00e9terv\u00e1r Sz\u00f3fia Tel Aviv Vilnius \u00a0 LENGYEL MINISZT\u00c9RIUMOK, HIVATALOK A Lengyel K\u00f6zt\u00e1rsas\u00e1g eln\u00f6ke A Lengyel K\u00f6zt\u00e1rsas\u00e1g Szejmje A Lengyel K\u00f6zt\u00e1rsas\u00e1g Szen\u00e1tusa A Minisztereln\u00f6ki Kancell\u00e1rja Honv\u00e9delmi Miniszt\u00e9rium K\u00f6zponti Statisztikai Hivatal Kultur\u00e1lis \u00e9s \u00d6r\u00f6ks\u00e9gv\u00e9delmi Miniszt\u00e9rium K\u00fcl\u00fcgyi [&hellip;]","og_url":"https:\/\/instytutpolski.pl\/budapest\/linkek\/","og_site_name":"Instytut Polski w Budapeszcie","article_modified_time":"2019-05-28T11:41:17+00:00","twitter_card":"summary_large_image","twitter_misc":{"Szacowany czas czytania":"4 minuty"},"schema":{"@context":"https:\/\/schema.org","@graph":[{"@type":"WebPage","@id":"https:\/\/instytutpolski.pl\/budapest\/linkek\/","url":"https:\/\/instytutpolski.pl\/budapest\/linkek\/","name":"Linkek - Instytut Polski w Budapeszcie","isPartOf":{"@id":"https:\/\/instytutpolski.pl\/budapest\/#website"},"datePublished":"2019-05-28T11:41:16+00:00","dateModified":"2019-05-28T11:41:17+00:00","breadcrumb":{"@id":"https:\/\/instytutpolski.pl\/budapest\/linkek\/#breadcrumb"},"inLanguage":"pl-PL","potentialAction":[{"@type":"ReadAction","target":["https:\/\/instytutpolski.pl\/budapest\/linkek\/"]}]},{"@type":"BreadcrumbList","@id":"https:\/\/instytutpolski.pl\/budapest\/linkek\/#breadcrumb","itemListElement":[{"@type":"ListItem","position":1,"name":"Home","item":"https:\/\/instytutpolski.pl\/budapest\/"},{"@type":"ListItem","position":2,"name":"Linkek"}]},{"@type":"WebSite","@id":"https:\/\/instytutpolski.pl\/budapest\/#website","url":"https:\/\/instytutpolski.pl\/budapest\/","name":"Instytut Polski w Budapeszcie","description":"Instytuty Polskie","potentialAction":[{"@type":"SearchAction","target":{"@type":"EntryPoint","urlTemplate":"https:\/\/instytutpolski.pl\/budapest\/?s={search_term_string}"},"query-input":{"@type":"PropertyValueSpecification","valueRequired":true,"valueName":"search_term_string"}}],"inLanguage":"pl-PL"}]}},"_links":{"self":[{"href":"https:\/\/instytutpolski.pl\/budapest\/wp-json\/wp\/v2\/pages\/30","targetHints":{"allow":["GET"]}}],"collection":[{"href":"https:\/\/instytutpolski.pl\/budapest\/wp-json\/wp\/v2\/pages"}],"about":[{"href":"https:\/\/instytutpolski.pl\/budapest\/wp-json\/wp\/v2\/types\/page"}],"author":[{"embeddable":true,"href":"https:\/\/instytutpolski.pl\/budapest\/wp-json\/wp\/v2\/users\/1"}],"replies":[{"embeddable":true,"href":"https:\/\/instytutpolski.pl\/budapest\/wp-json\/wp\/v2\/comments?post=30"}],"version-history":[{"count":1,"href":"https:\/\/instytutpolski.pl\/budapest\/wp-json\/wp\/v2\/pages\/30\/revisions"}],"predecessor-version":[{"id":31,"href":"https:\/\/instytutpolski.pl\/budapest\/wp-json\/wp\/v2\/pages\/30\/revisions\/31"}],"wp:attachment":[{"href":"https:\/\/instytutpolski.pl\/budapest\/wp-json\/wp\/v2\/media?parent=30"}],"curies":[{"name":"wp","href":"https:\/\/api.w.org\/{rel}","templated":true}]}}