{"id":8921,"date":"2020-06-03T18:43:39","date_gmt":"2020-06-03T16:43:39","guid":{"rendered":"https:\/\/instytutpolski.pl\/budapest\/?page_id=8921"},"modified":"2020-06-03T18:43:40","modified_gmt":"2020-06-03T16:43:40","slug":"a-sutik-hasznalatanak-politikaja","status":"publish","type":"page","link":"https:\/\/instytutpolski.pl\/budapest\/a-sutik-hasznalatanak-politikaja\/","title":{"rendered":"A s\u00fctik haszn\u00e1lat\u00e1nak politik\u00e1ja"},"content":{"rendered":"\n<p>A magasabb sz\u00ednvonal\u00fa szolg\u00e1ltat\u00e1s biztos\u00edt\u00e1sa \u00e9rdek\u00e9ben <strong>s\u00fctiket<\/strong> alkalmazunk. Honlapunk haszn\u00e1lat\u00e1val azok k\u00e9sz\u00fcl\u00e9k\u00e9n t\u00e1rol\u00f3dnak. A be\u00e1ll\u00edt\u00e1sokat b\u00e1rmikor megv\u00e1ltoztathatja az \u00d6n \u00e1ltal haszn\u00e1lt b\u00f6ng\u00e9sz\u0151ben.<\/p>\n<p>Az \u00d6n k\u00e9nyelm\u00e9\u00e9rt a Lengyel K\u00f6zt\u00e1rsas\u00e1g K\u00fcl\u00fcgyminiszt\u00e9riuma al\u00e1 tartoz\u00f3 <strong>instytutpolski.pl <\/strong>honlapon s\u00fctiket alkalmazunk, <strong>a felhaszn\u00e1l\u00f3i ig\u00e9nyekhez val\u00f3 igazod\u00e1s<\/strong>, valamint statisztikai c\u00e9lb\u00f3l.<\/p>\n<p>A s\u00fctik (cookies) kis m\u00e9ret\u0171 sz\u00f6veges f\u00e1jlok, amelyek a weblapok megl\u00e1togat\u00e1sakor ker\u00fclnek a felhaszn\u00e1l\u00f3k k\u00e9sz\u00fcl\u00e9k\u00e9re (sz\u00e1m\u00edt\u00f3g\u00e9p, okostelefon stb.). Szem\u00e9lyes adatokat nem tartalmaznak.\u00a0<\/p>\n<p>Az instytutpolski.pl honlap k\u00e9tf\u00e9le s\u00fctit alkalmaz:<\/p>\n<ol>\n<li>statisztikai c\u00e9l\u00fa s\u00fctik (honlap-l\u00e1togat\u00e1si szok\u00e1sokr\u00f3l gy\u0171jtenek inform\u00e1ci\u00f3t, mint p\u00e9ld\u00e1ul melyek a leggyakrabban l\u00e1togatott oldalak, vagy hiba\u00fczenetek stb.)<\/li>\n<li>funkcion\u00e1lis s\u00fctik (a felhaszn\u00e1l\u00f3k be\u00e1ll\u00edt\u00e1sait mentik el, mint p\u00e9ld\u00e1ul a nyelv, elfogad\u00e1sok stb):<\/li>\n<\/ol>\n<ul>\n<li>google-analytics.com s\u00fctik \u2013 a instytutpolski.pl honlap sz\u00e1m\u00e1ra gy\u0171jt statisztikai adatokat; a pontos m\u0171k\u00f6d\u00e9sr\u0151l, \u00e9s a Google Analytics adatv\u00e9delmi politik\u00e1j\u00e1r\u00f3l b\u0151vebben itt olvashat:\u00a0<a href=\"http:\/\/www.google.com\/analytics\/learn\/privacy.html\">http:\/\/www.google.com\/analytics\/learn\/privacy.html<\/a>,<\/li>\n<li>id\u0151szakos s\u00fctik \u2013 a b\u00f6ng\u00e9sz\u0151 mem\u00f3ri\u00e1j\u00e1ban a weboldal haszn\u00e1lat\u00e1nak befejez\u00e9s\u00e9ig t\u00e1rolt ideiglenes inform\u00e1ci\u00f3k<\/li>\n<\/ul>\n<p>Az instytutpolski.pl honlap a felhaszn\u00e1l\u00f3kat m\u00e1s weboldalakra is \u00e1t szokta \u00edr\u00e1ny\u00edtani, ezek a\u00a0 a felsoroltakon t\u00fal m\u00e1sf\u00e9le s\u00fctiket is alkalmazhatnak, els\u0151sorban a bejelentkez\u00e9st \u00e9s a felhaszn\u00e1l\u00f3i attit\u0171d \u00e9s szok\u00e1snak megfelel\u0151 rekl\u00e1mok hirdet\u00e9s\u00e9t szolg\u00e1l\u00f3 s\u00fctiket.<\/p>\n<ul>\n<li>a youtube.com csatorn\u00e1n \u2013 a felhaszn\u00e1l\u00f3i ig\u00e9nyeket figyelembevev\u0151, a megtekint\u00e9sek sz\u00e1m\u00e1t m\u00e9r\u0151 s\u00fctik; a YouTube adatv\u00e9delmi politik\u00e1j\u00e1r\u00f3l b\u0151vebben itt olvashat:\u00a0<a href=\"http:\/\/www.google.pl\/intl\/pl\/policies\/privacy\/\">http:\/\/www.google.pl\/intl\/pl\/policies\/privacy\/<\/a>,<\/li>\n<li>a player.vimeo.com i av.vimeo.com weboldalakon \u2013 a bejelentkez\u00e9st seg\u00edt\u0151 s\u00fctik, valamint a rekl\u00e1mc\u00e9gek \u00e1ltal alkalmazott a tartalomhoz \u00e9s form\u00e1hoz ill\u0151 s\u00fctik; a Vimeo adatv\u00e9delmi politik\u00e1j\u00e1r\u00f3l b\u0151vebben itt olvashat: http:\/\/vimeo.com\/cookie_policy<\/li>\n<\/ul>\n<p><strong>A legt\u00f6bb internetes b\u00f6ng\u00e9sz\u0151 eset\u00e9ben lehet\u0151s\u00e9g van: a s\u00fctik t\u00f6rl\u00e9s\u00e9re a sz\u00e1m\u00edt\u00f3g\u00e9p merevlemez\u00e9r\u0151l (a b\u00f6ng\u00e9sz\u0151 be\u00e1ll\u00edt\u00e1sain\u00e1l), a s\u00fctik blokkol\u00e1s\u00e1ra vagy \u00e9rtes\u00edt\u00e9s be\u00e1ll\u00edt\u00e1s\u00e1ra a s\u00fctik merevlemezre t\u00f6rt\u00e9n\u0151 m\u00e1sol\u00e1sa el\u0151tt. <\/strong><\/p>\n<p>Nem szabad figyelmen k\u00edv\u00fcl hagyni, hogy a s\u00fctik korl\u00e1toz\u00e1s\u00e1t c\u00e9lz\u00f3 be\u00e1ll\u00edt\u00e1sok hat\u00e1ssal lehetnek egyes, a weboldalakon haszn\u00e1lt funkci\u00f3k m\u0171k\u00f6d\u00e9s\u00e9re, mint p\u00e9ld\u00e1ul a levelez\u00e9sbe t\u00f6rt\u00e9n\u0151 bejelentkez\u00e9s. Amennyiben nem ker\u00fcl sor a be\u00e1ll\u00edt\u00e1sok megv\u00e1ltoztat\u00e1s\u00e1ra, a s\u00fctik alkalmaz\u00e1s\u00e1nak elfogad\u00e1sa l\u00e9p \u00e9rv\u00e9nybe.<\/p>\n<p><strong>A s\u00fcti f\u00e1jlok be\u00e1ll\u00edt\u00e1s\u00e1nak lehet\u0151s\u00e9gei a legn\u00e9pszer\u0171bb b\u00f6ng\u00e9sz\u0151kben:<\/strong><\/p>\n<p><strong>Google Chrome<\/strong><br \/>Men\u00fc &gt; Be\u00e1ll\u00edt\u00e1sok &gt; Adatv\u00e9delem \u00e9s be\u00e1ll\u00edt\u00e1sok &gt; Webhelybe\u00e1ll\u00edt\u00e1sok &gt; Cookie-k \u00e9s webhelyadatok \u2013 a megfelel\u0151 opci\u00f3t kell kiv\u00e1lasztani<\/p>\n<p><strong>Internet Explorer<\/strong><br \/>Men\u00fc &gt; Eszk\u00f6z\u00f6k &gt; Internetes lehet\u0151s\u00e9gek &gt; Adatv\u00e9delem \u2013 a megfelel\u0151 opci\u00f3t kell kiv\u00e1lasztani<\/p>\n<p><strong>Mozilla Firefox<\/strong><br \/>Men\u00fc &gt; Opci\u00f3k &gt; Adatv\u00e9delem &gt; El\u0151zm\u00e9nyek\u2013 a megfelel\u0151 opci\u00f3t kell kiv\u00e1lasztani<\/p>\n<p><strong>Opera<\/strong><br \/>Men\u00fc &gt; Opci\u00f3k &gt; \u00d6sszetett &gt; S\u00fctik \u2013 a megfelel\u0151 opci\u00f3t kell kiv\u00e1lasztani<\/p>\n<p><strong>Safari<\/strong><br \/>Men\u00fc &gt; Opci\u00f3k &gt; Adatv\u00e9delem &gt; S\u00fcti f\u00e1jlok \u2013 a megfelel\u0151 opci\u00f3t kell kiv\u00e1lasztani<\/p>\n","protected":false},"excerpt":{"rendered":"<p>A magasabb sz\u00ednvonal\u00fa szolg\u00e1ltat\u00e1s biztos\u00edt\u00e1sa \u00e9rdek\u00e9ben s\u00fctiket alkalmazunk. Honlapunk haszn\u00e1lat\u00e1val azok k\u00e9sz\u00fcl\u00e9k\u00e9n t\u00e1rol\u00f3dnak. A be\u00e1ll\u00edt\u00e1sokat b\u00e1rmikor megv\u00e1ltoztathatja az \u00d6n \u00e1ltal haszn\u00e1lt b\u00f6ng\u00e9sz\u0151ben. Az \u00d6n k\u00e9nyelm\u00e9\u00e9rt a Lengyel K\u00f6zt\u00e1rsas\u00e1g K\u00fcl\u00fcgyminiszt\u00e9riuma al\u00e1 tartoz\u00f3 instytutpolski.pl honlapon s\u00fctiket alkalmazunk, a felhaszn\u00e1l\u00f3i ig\u00e9nyekhez val\u00f3 igazod\u00e1s, valamint statisztikai c\u00e9lb\u00f3l. A s\u00fctik (cookies) kis m\u00e9ret\u0171 sz\u00f6veges f\u00e1jlok, amelyek a weblapok megl\u00e1togat\u00e1sakor ker\u00fclnek [&hellip;]<\/p>\n","protected":false},"author":26,"featured_media":8922,"parent":0,"menu_order":0,"comment_status":"closed","ping_status":"closed","template":"","meta":{"inline_featured_image":false,"_monsterinsights_skip_tracking":false,"_monsterinsights_sitenote_active":false,"_monsterinsights_sitenote_note":"","_monsterinsights_sitenote_category":0,"footnotes":""},"class_list":["post-8921","page","type-page","status-publish","has-post-thumbnail","hentry"],"yoast_head":"<!-- This site is optimized with the Yoast SEO plugin v24.6 - https:\/\/yoast.com\/wordpress\/plugins\/seo\/ -->\n<title>A s\u00fctik haszn\u00e1lat\u00e1nak politik\u00e1ja - Instytut Polski w Budapeszcie<\/title>\n<meta name=\"robots\" content=\"index, follow, max-snippet:-1, max-image-preview:large, max-video-preview:-1\" \/>\n<link rel=\"canonical\" href=\"https:\/\/instytutpolski.pl\/budapest\/a-sutik-hasznalatanak-politikaja\/\" \/>\n<meta property=\"og:locale\" content=\"pl_PL\" \/>\n<meta property=\"og:type\" content=\"article\" \/>\n<meta property=\"og:title\" content=\"A s\u00fctik haszn\u00e1lat\u00e1nak politik\u00e1ja - Instytut Polski w Budapeszcie\" \/>\n<meta property=\"og:description\" content=\"A magasabb sz\u00ednvonal\u00fa szolg\u00e1ltat\u00e1s biztos\u00edt\u00e1sa \u00e9rdek\u00e9ben s\u00fctiket alkalmazunk. Honlapunk haszn\u00e1lat\u00e1val azok k\u00e9sz\u00fcl\u00e9k\u00e9n t\u00e1rol\u00f3dnak. A be\u00e1ll\u00edt\u00e1sokat b\u00e1rmikor megv\u00e1ltoztathatja az \u00d6n \u00e1ltal haszn\u00e1lt b\u00f6ng\u00e9sz\u0151ben. Az \u00d6n k\u00e9nyelm\u00e9\u00e9rt a Lengyel K\u00f6zt\u00e1rsas\u00e1g K\u00fcl\u00fcgyminiszt\u00e9riuma al\u00e1 tartoz\u00f3 instytutpolski.pl honlapon s\u00fctiket alkalmazunk, a felhaszn\u00e1l\u00f3i ig\u00e9nyekhez val\u00f3 igazod\u00e1s, valamint statisztikai c\u00e9lb\u00f3l. A s\u00fctik (cookies) kis m\u00e9ret\u0171 sz\u00f6veges f\u00e1jlok, amelyek a weblapok megl\u00e1togat\u00e1sakor ker\u00fclnek [&hellip;]\" \/>\n<meta property=\"og:url\" content=\"https:\/\/instytutpolski.pl\/budapest\/a-sutik-hasznalatanak-politikaja\/\" \/>\n<meta property=\"og:site_name\" content=\"Instytut Polski w Budapeszcie\" \/>\n<meta property=\"article:modified_time\" content=\"2020-06-03T16:43:40+00:00\" \/>\n<meta property=\"og:image\" content=\"https:\/\/instytutpolski.pl\/budapest\/wp-content\/uploads\/sites\/21\/2020\/06\/Krokusy-2.jpg\" \/>\n\t<meta property=\"og:image:width\" content=\"2048\" \/>\n\t<meta property=\"og:image:height\" content=\"1365\" \/>\n\t<meta property=\"og:image:type\" content=\"image\/jpeg\" \/>\n<meta name=\"twitter:card\" content=\"summary_large_image\" \/>\n<meta name=\"twitter:label1\" content=\"Szacowany czas czytania\" \/>\n\t<meta name=\"twitter:data1\" content=\"3 minuty\" \/>\n<script type=\"application\/ld+json\" class=\"yoast-schema-graph\">{\"@context\":\"https:\/\/schema.org\",\"@graph\":[{\"@type\":\"WebPage\",\"@id\":\"https:\/\/instytutpolski.pl\/budapest\/a-sutik-hasznalatanak-politikaja\/\",\"url\":\"https:\/\/instytutpolski.pl\/budapest\/a-sutik-hasznalatanak-politikaja\/\",\"name\":\"A s\u00fctik haszn\u00e1lat\u00e1nak politik\u00e1ja - Instytut Polski w Budapeszcie\",\"isPartOf\":{\"@id\":\"https:\/\/instytutpolski.pl\/budapest\/#website\"},\"primaryImageOfPage\":{\"@id\":\"https:\/\/instytutpolski.pl\/budapest\/a-sutik-hasznalatanak-politikaja\/#primaryimage\"},\"image\":{\"@id\":\"https:\/\/instytutpolski.pl\/budapest\/a-sutik-hasznalatanak-politikaja\/#primaryimage\"},\"thumbnailUrl\":\"https:\/\/instytutpolski.pl\/budapest\/wp-content\/uploads\/sites\/21\/2020\/06\/Krokusy-2.jpg\",\"datePublished\":\"2020-06-03T16:43:39+00:00\",\"dateModified\":\"2020-06-03T16:43:40+00:00\",\"breadcrumb\":{\"@id\":\"https:\/\/instytutpolski.pl\/budapest\/a-sutik-hasznalatanak-politikaja\/#breadcrumb\"},\"inLanguage\":\"pl-PL\",\"potentialAction\":[{\"@type\":\"ReadAction\",\"target\":[\"https:\/\/instytutpolski.pl\/budapest\/a-sutik-hasznalatanak-politikaja\/\"]}]},{\"@type\":\"ImageObject\",\"inLanguage\":\"pl-PL\",\"@id\":\"https:\/\/instytutpolski.pl\/budapest\/a-sutik-hasznalatanak-politikaja\/#primaryimage\",\"url\":\"https:\/\/instytutpolski.pl\/budapest\/wp-content\/uploads\/sites\/21\/2020\/06\/Krokusy-2.jpg\",\"contentUrl\":\"https:\/\/instytutpolski.pl\/budapest\/wp-content\/uploads\/sites\/21\/2020\/06\/Krokusy-2.jpg\",\"width\":2048,\"height\":1365},{\"@type\":\"BreadcrumbList\",\"@id\":\"https:\/\/instytutpolski.pl\/budapest\/a-sutik-hasznalatanak-politikaja\/#breadcrumb\",\"itemListElement\":[{\"@type\":\"ListItem\",\"position\":1,\"name\":\"Home\",\"item\":\"https:\/\/instytutpolski.pl\/budapest\/\"},{\"@type\":\"ListItem\",\"position\":2,\"name\":\"A s\u00fctik haszn\u00e1lat\u00e1nak politik\u00e1ja\"}]},{\"@type\":\"WebSite\",\"@id\":\"https:\/\/instytutpolski.pl\/budapest\/#website\",\"url\":\"https:\/\/instytutpolski.pl\/budapest\/\",\"name\":\"Instytut Polski w Budapeszcie\",\"description\":\"Instytuty Polskie\",\"potentialAction\":[{\"@type\":\"SearchAction\",\"target\":{\"@type\":\"EntryPoint\",\"urlTemplate\":\"https:\/\/instytutpolski.pl\/budapest\/?s={search_term_string}\"},\"query-input\":{\"@type\":\"PropertyValueSpecification\",\"valueRequired\":true,\"valueName\":\"search_term_string\"}}],\"inLanguage\":\"pl-PL\"}]}<\/script>\n<!-- \/ Yoast SEO plugin. -->","yoast_head_json":{"title":"A s\u00fctik haszn\u00e1lat\u00e1nak politik\u00e1ja - Instytut Polski w Budapeszcie","robots":{"index":"index","follow":"follow","max-snippet":"max-snippet:-1","max-image-preview":"max-image-preview:large","max-video-preview":"max-video-preview:-1"},"canonical":"https:\/\/instytutpolski.pl\/budapest\/a-sutik-hasznalatanak-politikaja\/","og_locale":"pl_PL","og_type":"article","og_title":"A s\u00fctik haszn\u00e1lat\u00e1nak politik\u00e1ja - Instytut Polski w Budapeszcie","og_description":"A magasabb sz\u00ednvonal\u00fa szolg\u00e1ltat\u00e1s biztos\u00edt\u00e1sa \u00e9rdek\u00e9ben s\u00fctiket alkalmazunk. Honlapunk haszn\u00e1lat\u00e1val azok k\u00e9sz\u00fcl\u00e9k\u00e9n t\u00e1rol\u00f3dnak. A be\u00e1ll\u00edt\u00e1sokat b\u00e1rmikor megv\u00e1ltoztathatja az \u00d6n \u00e1ltal haszn\u00e1lt b\u00f6ng\u00e9sz\u0151ben. Az \u00d6n k\u00e9nyelm\u00e9\u00e9rt a Lengyel K\u00f6zt\u00e1rsas\u00e1g K\u00fcl\u00fcgyminiszt\u00e9riuma al\u00e1 tartoz\u00f3 instytutpolski.pl honlapon s\u00fctiket alkalmazunk, a felhaszn\u00e1l\u00f3i ig\u00e9nyekhez val\u00f3 igazod\u00e1s, valamint statisztikai c\u00e9lb\u00f3l. A s\u00fctik (cookies) kis m\u00e9ret\u0171 sz\u00f6veges f\u00e1jlok, amelyek a weblapok megl\u00e1togat\u00e1sakor ker\u00fclnek [&hellip;]","og_url":"https:\/\/instytutpolski.pl\/budapest\/a-sutik-hasznalatanak-politikaja\/","og_site_name":"Instytut Polski w Budapeszcie","article_modified_time":"2020-06-03T16:43:40+00:00","og_image":[{"width":2048,"height":1365,"url":"https:\/\/instytutpolski.pl\/budapest\/wp-content\/uploads\/sites\/21\/2020\/06\/Krokusy-2.jpg","type":"image\/jpeg"}],"twitter_card":"summary_large_image","twitter_misc":{"Szacowany czas czytania":"3 minuty"},"schema":{"@context":"https:\/\/schema.org","@graph":[{"@type":"WebPage","@id":"https:\/\/instytutpolski.pl\/budapest\/a-sutik-hasznalatanak-politikaja\/","url":"https:\/\/instytutpolski.pl\/budapest\/a-sutik-hasznalatanak-politikaja\/","name":"A s\u00fctik haszn\u00e1lat\u00e1nak politik\u00e1ja - Instytut Polski w Budapeszcie","isPartOf":{"@id":"https:\/\/instytutpolski.pl\/budapest\/#website"},"primaryImageOfPage":{"@id":"https:\/\/instytutpolski.pl\/budapest\/a-sutik-hasznalatanak-politikaja\/#primaryimage"},"image":{"@id":"https:\/\/instytutpolski.pl\/budapest\/a-sutik-hasznalatanak-politikaja\/#primaryimage"},"thumbnailUrl":"https:\/\/instytutpolski.pl\/budapest\/wp-content\/uploads\/sites\/21\/2020\/06\/Krokusy-2.jpg","datePublished":"2020-06-03T16:43:39+00:00","dateModified":"2020-06-03T16:43:40+00:00","breadcrumb":{"@id":"https:\/\/instytutpolski.pl\/budapest\/a-sutik-hasznalatanak-politikaja\/#breadcrumb"},"inLanguage":"pl-PL","potentialAction":[{"@type":"ReadAction","target":["https:\/\/instytutpolski.pl\/budapest\/a-sutik-hasznalatanak-politikaja\/"]}]},{"@type":"ImageObject","inLanguage":"pl-PL","@id":"https:\/\/instytutpolski.pl\/budapest\/a-sutik-hasznalatanak-politikaja\/#primaryimage","url":"https:\/\/instytutpolski.pl\/budapest\/wp-content\/uploads\/sites\/21\/2020\/06\/Krokusy-2.jpg","contentUrl":"https:\/\/instytutpolski.pl\/budapest\/wp-content\/uploads\/sites\/21\/2020\/06\/Krokusy-2.jpg","width":2048,"height":1365},{"@type":"BreadcrumbList","@id":"https:\/\/instytutpolski.pl\/budapest\/a-sutik-hasznalatanak-politikaja\/#breadcrumb","itemListElement":[{"@type":"ListItem","position":1,"name":"Home","item":"https:\/\/instytutpolski.pl\/budapest\/"},{"@type":"ListItem","position":2,"name":"A s\u00fctik haszn\u00e1lat\u00e1nak politik\u00e1ja"}]},{"@type":"WebSite","@id":"https:\/\/instytutpolski.pl\/budapest\/#website","url":"https:\/\/instytutpolski.pl\/budapest\/","name":"Instytut Polski w Budapeszcie","description":"Instytuty Polskie","potentialAction":[{"@type":"SearchAction","target":{"@type":"EntryPoint","urlTemplate":"https:\/\/instytutpolski.pl\/budapest\/?s={search_term_string}"},"query-input":{"@type":"PropertyValueSpecification","valueRequired":true,"valueName":"search_term_string"}}],"inLanguage":"pl-PL"}]}},"_links":{"self":[{"href":"https:\/\/instytutpolski.pl\/budapest\/wp-json\/wp\/v2\/pages\/8921","targetHints":{"allow":["GET"]}}],"collection":[{"href":"https:\/\/instytutpolski.pl\/budapest\/wp-json\/wp\/v2\/pages"}],"about":[{"href":"https:\/\/instytutpolski.pl\/budapest\/wp-json\/wp\/v2\/types\/page"}],"author":[{"embeddable":true,"href":"https:\/\/instytutpolski.pl\/budapest\/wp-json\/wp\/v2\/users\/26"}],"replies":[{"embeddable":true,"href":"https:\/\/instytutpolski.pl\/budapest\/wp-json\/wp\/v2\/comments?post=8921"}],"version-history":[{"count":2,"href":"https:\/\/instytutpolski.pl\/budapest\/wp-json\/wp\/v2\/pages\/8921\/revisions"}],"predecessor-version":[{"id":8924,"href":"https:\/\/instytutpolski.pl\/budapest\/wp-json\/wp\/v2\/pages\/8921\/revisions\/8924"}],"wp:featuredmedia":[{"embeddable":true,"href":"https:\/\/instytutpolski.pl\/budapest\/wp-json\/wp\/v2\/media\/8922"}],"wp:attachment":[{"href":"https:\/\/instytutpolski.pl\/budapest\/wp-json\/wp\/v2\/media?parent=8921"}],"curies":[{"name":"wp","href":"https:\/\/api.w.org\/{rel}","templated":true}]}}