{"version":"1.0","provider_name":"Instytut Polski w Dusseldorfie","provider_url":"https:\/\/instytutpolski.pl\/duesseldorf","author_name":"kolinskia","author_url":"https:\/\/instytutpolski.pl\/duesseldorf\/author\/kolinskia\/","title":"Mariusz Czubaj \"21:37\" - Krimilekt\u00fcre f\u00fcr den Sommer - Instytut Polski w Dusseldorfie","type":"rich","width":600,"height":338,"html":"<blockquote class=\"wp-embedded-content\" data-secret=\"CJ8FHA5jDt\"><a href=\"https:\/\/instytutpolski.pl\/duesseldorf\/2013\/07\/16\/mariusz-czubaj-2137-krimilekture-fur-den-sommer\/\">Mariusz Czubaj &#8222;21:37&#8221; &#8211; Krimilekt\u00fcre f\u00fcr den Sommer<\/a><\/blockquote><iframe sandbox=\"allow-scripts\" security=\"restricted\" src=\"https:\/\/instytutpolski.pl\/duesseldorf\/2013\/07\/16\/mariusz-czubaj-2137-krimilekture-fur-den-sommer\/embed\/#?secret=CJ8FHA5jDt\" width=\"600\" height=\"338\" title=\"&#8222;Mariusz Czubaj &#8222;21:37&#8221; &#8211; Krimilekt\u00fcre f\u00fcr den Sommer&#8221; &#8212; Instytut Polski w Dusseldorfie\" data-secret=\"CJ8FHA5jDt\" frameborder=\"0\" marginwidth=\"0\" marginheight=\"0\" scrolling=\"no\" class=\"wp-embedded-content\"><\/iframe><script type=\"text\/javascript\">\n\/* <![CDATA[ *\/\n\/*! This file is auto-generated *\/\n!function(d,l){\"use strict\";l.querySelector&&d.addEventListener&&\"undefined\"!=typeof URL&&(d.wp=d.wp||{},d.wp.receiveEmbedMessage||(d.wp.receiveEmbedMessage=function(e){var t=e.data;if((t||t.secret||t.message||t.value)&&!\/[^a-zA-Z0-9]\/.test(t.secret)){for(var s,r,n,a=l.querySelectorAll('iframe[data-secret=\"'+t.secret+'\"]'),o=l.querySelectorAll('blockquote[data-secret=\"'+t.secret+'\"]'),c=new RegExp(\"^https?:$\",\"i\"),i=0;i<o.length;i++)o[i].style.display=\"none\";for(i=0;i<a.length;i++)s=a[i],e.source===s.contentWindow&&(s.removeAttribute(\"style\"),\"height\"===t.message?(1e3<(r=parseInt(t.value,10))?r=1e3:~~r<200&&(r=200),s.height=r):\"link\"===t.message&&(r=new URL(s.getAttribute(\"src\")),n=new URL(t.value),c.test(n.protocol))&&n.host===r.host&&l.activeElement===s&&(d.top.location.href=t.value))}},d.addEventListener(\"message\",d.wp.receiveEmbedMessage,!1),l.addEventListener(\"DOMContentLoaded\",function(){for(var e,t,s=l.querySelectorAll(\"iframe.wp-embedded-content\"),r=0;r<s.length;r++)(t=(e=s[r]).getAttribute(\"data-secret\"))||(t=Math.random().toString(36).substring(2,12),e.src+=\"#?secret=\"+t,e.setAttribute(\"data-secret\",t)),e.contentWindow.postMessage({message:\"ready\",secret:t},\"*\")},!1)))}(window,document);\n\/* ]]> *\/\n<\/script>\n","thumbnail_url":"https:\/\/instytutpolski.pl\/duesseldorf\/wp-content\/uploads\/sites\/5\/2021\/08\/mariusz-czubaj.jpg","thumbnail_width":321,"thumbnail_height":499,"description":"\u00a0 Di 16.07.2013 In der N\u00e4he des Olympia-Zentrums in Warschau werden die Leichen zweier junger M\u00e4nner gefunden. Die Opfer waren Sch\u00fcler eines \u00f6rtlichen Priesterseminars. Vor ihrem Tod wurden sie grausam gefoltert, der M\u00f6rder hat ihnen anschlie\u00dfend die Zahlen 21 und 37 ins Gesicht geschrieben. Beziehen sich diese auf den Todeszeitpunkt von Johannes Paul II.? In [&hellip;]"}