{"version":"1.0","provider_name":"Instytut Polski w Dusseldorfie","provider_url":"https:\/\/instytutpolski.pl\/duesseldorf","author_name":"kolinskia","author_url":"https:\/\/instytutpolski.pl\/duesseldorf\/author\/kolinskia\/","title":"JOANNA WO\u0179NY und AGATA ZUBEL - Instytut Polski w Dusseldorfie","type":"rich","width":600,"height":338,"html":"<blockquote class=\"wp-embedded-content\" data-secret=\"ANxZ2QeInS\"><a href=\"https:\/\/instytutpolski.pl\/duesseldorf\/2015\/04\/24\/joanna-wozny-und-agata-zubel\/\">JOANNA WO\u0179NY und AGATA ZUBEL<\/a><\/blockquote><iframe sandbox=\"allow-scripts\" security=\"restricted\" src=\"https:\/\/instytutpolski.pl\/duesseldorf\/2015\/04\/24\/joanna-wozny-und-agata-zubel\/embed\/#?secret=ANxZ2QeInS\" width=\"600\" height=\"338\" title=\"&#8222;JOANNA WO\u0179NY und AGATA ZUBEL&#8221; &#8212; Instytut Polski w Dusseldorfie\" data-secret=\"ANxZ2QeInS\" frameborder=\"0\" marginwidth=\"0\" marginheight=\"0\" scrolling=\"no\" class=\"wp-embedded-content\"><\/iframe><script type=\"text\/javascript\">\n\/* <![CDATA[ *\/\n\/*! This file is auto-generated *\/\n!function(d,l){\"use strict\";l.querySelector&&d.addEventListener&&\"undefined\"!=typeof URL&&(d.wp=d.wp||{},d.wp.receiveEmbedMessage||(d.wp.receiveEmbedMessage=function(e){var t=e.data;if((t||t.secret||t.message||t.value)&&!\/[^a-zA-Z0-9]\/.test(t.secret)){for(var s,r,n,a=l.querySelectorAll('iframe[data-secret=\"'+t.secret+'\"]'),o=l.querySelectorAll('blockquote[data-secret=\"'+t.secret+'\"]'),c=new RegExp(\"^https?:$\",\"i\"),i=0;i<o.length;i++)o[i].style.display=\"none\";for(i=0;i<a.length;i++)s=a[i],e.source===s.contentWindow&&(s.removeAttribute(\"style\"),\"height\"===t.message?(1e3<(r=parseInt(t.value,10))?r=1e3:~~r<200&&(r=200),s.height=r):\"link\"===t.message&&(r=new URL(s.getAttribute(\"src\")),n=new URL(t.value),c.test(n.protocol))&&n.host===r.host&&l.activeElement===s&&(d.top.location.href=t.value))}},d.addEventListener(\"message\",d.wp.receiveEmbedMessage,!1),l.addEventListener(\"DOMContentLoaded\",function(){for(var e,t,s=l.querySelectorAll(\"iframe.wp-embedded-content\"),r=0;r<s.length;r++)(t=(e=s[r]).getAttribute(\"data-secret\"))||(t=Math.random().toString(36).substring(2,12),e.src+=\"#?secret=\"+t,e.setAttribute(\"data-secret\",t)),e.contentWindow.postMessage({message:\"ready\",secret:t},\"*\")},!1)))}(window,document);\n\/* ]]> *\/\n<\/script>\n","thumbnail_url":"https:\/\/instytutpolski.pl\/duesseldorf\/wp-content\/uploads\/sites\/5\/2021\/06\/Zubel_Agata_credit-Tomasz-Kulak-NL.jpg","thumbnail_width":799,"thumbnail_height":533,"description":"\u00a0 Fr 24.04.2015 22.30 UhrJohanniskirche, Witten, WDR 3 Live-\u00dcbertragung 47. Wittener Tage f\u00fcr neue KammermusikKonzert Nr. 2: Spuren, lesen mit JOANNA WO\u0179NY und AGATA ZUBELhttp:\/\/www.kulturforum-witten.de\/kulturbuero\/veranstaltungen\/wittener-tage-fuer-neue-kammermusik.htmlhttp:\/\/www.wdr3.de\/musik\/kammermusikbeiwdr3 Das zweite Konzert mit den Neuen Vocalsolisten Stuttgart und der Geigerin Carolin Widmann ist von der Idee des Madrigals durchzogen. Seit der Renaissance steht diese Gattung f\u00fcr kompositorische Finesse, kammermusikalische [&hellip;]"}