{"version":"1.0","provider_name":"Instytut Polski w Dusseldorfie","provider_url":"https:\/\/instytutpolski.pl\/duesseldorf","author_name":"kolinskia","author_url":"https:\/\/instytutpolski.pl\/duesseldorf\/author\/kolinskia\/","title":"Dominika S\u0142owik und \u0141ukasz Orbitowski - ORT_KAZ - Instytut Polski w Dusseldorfie","type":"rich","width":600,"height":338,"html":"<blockquote class=\"wp-embedded-content\" data-secret=\"EL7rs8wzbs\"><a href=\"https:\/\/instytutpolski.pl\/duesseldorf\/2019\/04\/03\/dominika-slowik-und-lukasz-orbitowski-ort_kaz\/\">Dominika S\u0142owik und \u0141ukasz Orbitowski &#8211; ORT_KAZ<\/a><\/blockquote><iframe sandbox=\"allow-scripts\" security=\"restricted\" src=\"https:\/\/instytutpolski.pl\/duesseldorf\/2019\/04\/03\/dominika-slowik-und-lukasz-orbitowski-ort_kaz\/embed\/#?secret=EL7rs8wzbs\" width=\"600\" height=\"338\" title=\"&#8222;Dominika S\u0142owik und \u0141ukasz Orbitowski &#8211; ORT_KAZ&#8221; &#8212; Instytut Polski w Dusseldorfie\" data-secret=\"EL7rs8wzbs\" frameborder=\"0\" marginwidth=\"0\" marginheight=\"0\" scrolling=\"no\" class=\"wp-embedded-content\"><\/iframe><script type=\"text\/javascript\">\n\/* <![CDATA[ *\/\n\/*! This file is auto-generated *\/\n!function(d,l){\"use strict\";l.querySelector&&d.addEventListener&&\"undefined\"!=typeof URL&&(d.wp=d.wp||{},d.wp.receiveEmbedMessage||(d.wp.receiveEmbedMessage=function(e){var t=e.data;if((t||t.secret||t.message||t.value)&&!\/[^a-zA-Z0-9]\/.test(t.secret)){for(var s,r,n,a=l.querySelectorAll('iframe[data-secret=\"'+t.secret+'\"]'),o=l.querySelectorAll('blockquote[data-secret=\"'+t.secret+'\"]'),c=new RegExp(\"^https?:$\",\"i\"),i=0;i<o.length;i++)o[i].style.display=\"none\";for(i=0;i<a.length;i++)s=a[i],e.source===s.contentWindow&&(s.removeAttribute(\"style\"),\"height\"===t.message?(1e3<(r=parseInt(t.value,10))?r=1e3:~~r<200&&(r=200),s.height=r):\"link\"===t.message&&(r=new URL(s.getAttribute(\"src\")),n=new URL(t.value),c.test(n.protocol))&&n.host===r.host&&l.activeElement===s&&(d.top.location.href=t.value))}},d.addEventListener(\"message\",d.wp.receiveEmbedMessage,!1),l.addEventListener(\"DOMContentLoaded\",function(){for(var e,t,s=l.querySelectorAll(\"iframe.wp-embedded-content\"),r=0;r<s.length;r++)(t=(e=s[r]).getAttribute(\"data-secret\"))||(t=Math.random().toString(36).substring(2,12),e.src+=\"#?secret=\"+t,e.setAttribute(\"data-secret\",t)),e.contentWindow.postMessage({message:\"ready\",secret:t},\"*\")},!1)))}(window,document);\n\/* ]]> *\/\n<\/script>\n","thumbnail_url":"https:\/\/instytutpolski.pl\/duesseldorf\/wp-content\/uploads\/sites\/5\/2020\/02\/Ort_Kaz-2.png","thumbnail_width":630,"thumbnail_height":598,"description":"Mittwoch, 03.04.2019, 19.00 UhrPolnisches Institut D\u00fcsseldorf Autorengespr\u00e4ch und Lesung mit Dominika S\u0142owik und \u0141ukasz OrbitowskiModeration:\u00a0Prof. Dr. Efrat Gal-Ed,\u00a0Institut f\u00fcr J\u00fcdische Studien, HHU D\u00fcsseldorf\u00dcbersetzung:\u00a0Bernhard Hartmann Literarische Portr\u00e4ts der St\u00e4dte sind keine Geschichtsdokumente, sondern vielmehr Texte, die eine bestimmte Atmosph\u00e4re vermitteln. Literarische Fiktion hilft unseren Lebensraum besser zu verstehen, aber auch ihn neu zu kreieren.Was kann die [&hellip;]"}