{"version":"1.0","provider_name":"Instytut Polski w Dusseldorfie","provider_url":"https:\/\/instytutpolski.pl\/duesseldorf","author_name":"kolinskia","author_url":"https:\/\/instytutpolski.pl\/duesseldorf\/author\/kolinskia\/","title":"Gen. J\u00f3zef Bem und die T\u00fcrkei - Instytut Polski w Dusseldorfie","type":"rich","width":600,"height":338,"html":"<blockquote class=\"wp-embedded-content\" data-secret=\"ZfBI3FzR3j\"><a href=\"https:\/\/instytutpolski.pl\/duesseldorf\/2019\/06\/28\/gen-jozef-bem-und-die-turkei\/\">Gen. J\u00f3zef Bem und die T\u00fcrkei<\/a><\/blockquote><iframe sandbox=\"allow-scripts\" security=\"restricted\" src=\"https:\/\/instytutpolski.pl\/duesseldorf\/2019\/06\/28\/gen-jozef-bem-und-die-turkei\/embed\/#?secret=ZfBI3FzR3j\" width=\"600\" height=\"338\" title=\"&#8222;Gen. J\u00f3zef Bem und die T\u00fcrkei&#8221; &#8212; Instytut Polski w Dusseldorfie\" data-secret=\"ZfBI3FzR3j\" frameborder=\"0\" marginwidth=\"0\" marginheight=\"0\" scrolling=\"no\" class=\"wp-embedded-content\"><\/iframe><script type=\"text\/javascript\">\n\/* <![CDATA[ *\/\n\/*! This file is auto-generated *\/\n!function(d,l){\"use strict\";l.querySelector&&d.addEventListener&&\"undefined\"!=typeof URL&&(d.wp=d.wp||{},d.wp.receiveEmbedMessage||(d.wp.receiveEmbedMessage=function(e){var t=e.data;if((t||t.secret||t.message||t.value)&&!\/[^a-zA-Z0-9]\/.test(t.secret)){for(var s,r,n,a=l.querySelectorAll('iframe[data-secret=\"'+t.secret+'\"]'),o=l.querySelectorAll('blockquote[data-secret=\"'+t.secret+'\"]'),c=new RegExp(\"^https?:$\",\"i\"),i=0;i<o.length;i++)o[i].style.display=\"none\";for(i=0;i<a.length;i++)s=a[i],e.source===s.contentWindow&&(s.removeAttribute(\"style\"),\"height\"===t.message?(1e3<(r=parseInt(t.value,10))?r=1e3:~~r<200&&(r=200),s.height=r):\"link\"===t.message&&(r=new URL(s.getAttribute(\"src\")),n=new URL(t.value),c.test(n.protocol))&&n.host===r.host&&l.activeElement===s&&(d.top.location.href=t.value))}},d.addEventListener(\"message\",d.wp.receiveEmbedMessage,!1),l.addEventListener(\"DOMContentLoaded\",function(){for(var e,t,s=l.querySelectorAll(\"iframe.wp-embedded-content\"),r=0;r<s.length;r++)(t=(e=s[r]).getAttribute(\"data-secret\"))||(t=Math.random().toString(36).substring(2,12),e.src+=\"#?secret=\"+t,e.setAttribute(\"data-secret\",t)),e.contentWindow.postMessage({message:\"ready\",secret:t},\"*\")},!1)))}(window,document);\n\/* ]]> *\/\n<\/script>\n","thumbnail_url":"https:\/\/instytutpolski.pl\/duesseldorf\/wp-content\/uploads\/sites\/5\/2019\/06\/1200px-J\u00f3zef_Bem_2.jpg","thumbnail_width":1182,"thumbnail_height":1107,"description":"Gen. J\u00f3zef Bem und andere polnische Offiziere unter dem Halbmond im 19. Jahrhundert Polen und die T\u00fcrkei haben eine lange Tradition bilateraler Beziehungen. Der erste diplomatische Kontakt fand vor 605 Jahren statt. Im 19. Jahrhundert, in der zeit als Polen von Preussen, Ru\u00dfland und \u00d6sterreich aufgeteilt war, dienten zahlreiche Offiziere der osmanischen Armee. Wie kam [&hellip;]"}