{"version":"1.0","provider_name":"Instytut Polski w Dusseldorfie","provider_url":"https:\/\/instytutpolski.pl\/duesseldorf","author_name":"kolinskia","author_url":"https:\/\/instytutpolski.pl\/duesseldorf\/author\/kolinskia\/","title":"JAN BAJTLIK. Linien - Rhythmen - Labyrinthe: verl\u00e4ngert bis 19.03.2021 - Instytut Polski w Dusseldorfie","type":"rich","width":600,"height":338,"html":"<blockquote class=\"wp-embedded-content\" data-secret=\"urqBmTIYqn\"><a href=\"https:\/\/instytutpolski.pl\/duesseldorf\/2021\/02\/25\/jan-bajtlik-linien-rhythmen-labyrinthe\/\">JAN BAJTLIK. Linien &#8211; Rhythmen &#8211; Labyrinthe: verl\u00e4ngert bis 19.03.2021<\/a><\/blockquote><iframe sandbox=\"allow-scripts\" security=\"restricted\" src=\"https:\/\/instytutpolski.pl\/duesseldorf\/2021\/02\/25\/jan-bajtlik-linien-rhythmen-labyrinthe\/embed\/#?secret=urqBmTIYqn\" width=\"600\" height=\"338\" title=\"&#8222;JAN BAJTLIK. Linien &#8211; Rhythmen &#8211; Labyrinthe: verl\u00e4ngert bis 19.03.2021&#8221; &#8212; Instytut Polski w Dusseldorfie\" data-secret=\"urqBmTIYqn\" frameborder=\"0\" marginwidth=\"0\" marginheight=\"0\" scrolling=\"no\" class=\"wp-embedded-content\"><\/iframe><script type=\"text\/javascript\">\n\/* <![CDATA[ *\/\n\/*! This file is auto-generated *\/\n!function(d,l){\"use strict\";l.querySelector&&d.addEventListener&&\"undefined\"!=typeof URL&&(d.wp=d.wp||{},d.wp.receiveEmbedMessage||(d.wp.receiveEmbedMessage=function(e){var t=e.data;if((t||t.secret||t.message||t.value)&&!\/[^a-zA-Z0-9]\/.test(t.secret)){for(var s,r,n,a=l.querySelectorAll('iframe[data-secret=\"'+t.secret+'\"]'),o=l.querySelectorAll('blockquote[data-secret=\"'+t.secret+'\"]'),c=new RegExp(\"^https?:$\",\"i\"),i=0;i<o.length;i++)o[i].style.display=\"none\";for(i=0;i<a.length;i++)s=a[i],e.source===s.contentWindow&&(s.removeAttribute(\"style\"),\"height\"===t.message?(1e3<(r=parseInt(t.value,10))?r=1e3:~~r<200&&(r=200),s.height=r):\"link\"===t.message&&(r=new URL(s.getAttribute(\"src\")),n=new URL(t.value),c.test(n.protocol))&&n.host===r.host&&l.activeElement===s&&(d.top.location.href=t.value))}},d.addEventListener(\"message\",d.wp.receiveEmbedMessage,!1),l.addEventListener(\"DOMContentLoaded\",function(){for(var e,t,s=l.querySelectorAll(\"iframe.wp-embedded-content\"),r=0;r<s.length;r++)(t=(e=s[r]).getAttribute(\"data-secret\"))||(t=Math.random().toString(36).substring(2,12),e.src+=\"#?secret=\"+t,e.setAttribute(\"data-secret\",t)),e.contentWindow.postMessage({message:\"ready\",secret:t},\"*\")},!1)))}(window,document);\n\/* ]]> *\/\n<\/script>\n","thumbnail_url":"https:\/\/instytutpolski.pl\/duesseldorf\/wp-content\/uploads\/sites\/5\/2020\/09\/4_JAN-BAJTLIK-Ausstellung-166.jpg","thumbnail_width":2362,"thumbnail_height":1575,"description":"Ausstellungsdauer: Verl\u00e4ngert bis 19.03.2021, Galerie des Polnischen Instituts D\u00fcsseldorf, Citadellstr. 7 Die Ausstellung von Jan Bajtlik zeigt die Faszination des K\u00fcnstlers f\u00fcr die Urspr\u00fcnge der visuellen Gegenwartskultur, die er in der europ\u00e4ische Antike, in der Erfindung der Schrift und in der fern\u00f6stlichen Kalligraphie und Landschaftsmalerei aufsp\u00fcrt. Die gezeigten Arbeiten stammen gr\u00f6\u00dftenteils aus vier Werkgruppen: dem [&hellip;]"}