{"version":"1.0","provider_name":"Instytut Polski w Dusseldorfie","provider_url":"https:\/\/instytutpolski.pl\/duesseldorf","author_name":"kolinskia","author_url":"https:\/\/instytutpolski.pl\/duesseldorf\/author\/kolinskia\/","title":"Andrzej Wajda-Filmreihe: Der Kanal \/ Kana\u0142 - Instytut Polski w Dusseldorfie","type":"rich","width":600,"height":338,"html":"<blockquote class=\"wp-embedded-content\" data-secret=\"AVxEJasiZq\"><a href=\"https:\/\/instytutpolski.pl\/duesseldorf\/2026\/03\/15\/andrzej-wajda-filmreihe-der-kanal-kanal\/\">Andrzej Wajda-Filmreihe: Der Kanal \/ Kana\u0142<\/a><\/blockquote><iframe sandbox=\"allow-scripts\" security=\"restricted\" src=\"https:\/\/instytutpolski.pl\/duesseldorf\/2026\/03\/15\/andrzej-wajda-filmreihe-der-kanal-kanal\/embed\/#?secret=AVxEJasiZq\" width=\"600\" height=\"338\" title=\"&#8222;Andrzej Wajda-Filmreihe: Der Kanal \/ Kana\u0142&#8221; &#8212; Instytut Polski w Dusseldorfie\" data-secret=\"AVxEJasiZq\" frameborder=\"0\" marginwidth=\"0\" marginheight=\"0\" scrolling=\"no\" class=\"wp-embedded-content\"><\/iframe><script type=\"text\/javascript\">\n\/* <![CDATA[ *\/\n\/*! This file is auto-generated *\/\n!function(d,l){\"use strict\";l.querySelector&&d.addEventListener&&\"undefined\"!=typeof URL&&(d.wp=d.wp||{},d.wp.receiveEmbedMessage||(d.wp.receiveEmbedMessage=function(e){var t=e.data;if((t||t.secret||t.message||t.value)&&!\/[^a-zA-Z0-9]\/.test(t.secret)){for(var s,r,n,a=l.querySelectorAll('iframe[data-secret=\"'+t.secret+'\"]'),o=l.querySelectorAll('blockquote[data-secret=\"'+t.secret+'\"]'),c=new RegExp(\"^https?:$\",\"i\"),i=0;i<o.length;i++)o[i].style.display=\"none\";for(i=0;i<a.length;i++)s=a[i],e.source===s.contentWindow&&(s.removeAttribute(\"style\"),\"height\"===t.message?(1e3<(r=parseInt(t.value,10))?r=1e3:~~r<200&&(r=200),s.height=r):\"link\"===t.message&&(r=new URL(s.getAttribute(\"src\")),n=new URL(t.value),c.test(n.protocol))&&n.host===r.host&&l.activeElement===s&&(d.top.location.href=t.value))}},d.addEventListener(\"message\",d.wp.receiveEmbedMessage,!1),l.addEventListener(\"DOMContentLoaded\",function(){for(var e,t,s=l.querySelectorAll(\"iframe.wp-embedded-content\"),r=0;r<s.length;r++)(t=(e=s[r]).getAttribute(\"data-secret\"))||(t=Math.random().toString(36).substring(2,12),e.src+=\"#?secret=\"+t,e.setAttribute(\"data-secret\",t)),e.contentWindow.postMessage({message:\"ready\",secret:t},\"*\")},!1)))}(window,document);\n\/* ]]> *\/\n<\/script>\n","thumbnail_url":"https:\/\/instytutpolski.pl\/duesseldorf\/wp-content\/uploads\/sites\/5\/2026\/02\/kanal_11_gallery.jpg","thumbnail_width":1431,"thumbnail_height":1080,"description":"BLACK BOX \u2013 Kino im Filmmuseum der Landeshauptstadt D\u00fcsseldorfSchulstra\u00dfe 4, 40213 D\u00fcsseldorf KANA\u0141 \/ DER KANAL von Andrzej Wajda 21.03.2026, 19:00 25.03.2026, 20:00 PL 1957 \u00b7 97 min \u00b7 OmeU \u00b7 digitalDCP \u00b7 FSK 16 R: Andrzej Wajda B: Jerzy Stefan Stawi\u0144ski \u00b7 K: Jerzy Lipman \u00b7 D: Tadeusz Janczar, Wie\u0144czys\u0142aw Gli\u0144ski, Teresa I\u017cewska, Stanis\u0142aw [&hellip;]"}