{"id":234,"date":"2019-05-23T14:18:44","date_gmt":"2019-05-23T12:18:44","guid":{"rendered":"https:\/\/instytutpolski.pl\/dusseldorf\/?page_id=234"},"modified":"2019-05-30T14:56:43","modified_gmt":"2019-05-30T12:56:43","slug":"bilaterales","status":"publish","type":"page","link":"https:\/\/instytutpolski.pl\/duesseldorf\/bilaterales\/","title":{"rendered":"Bilaterales"},"content":{"rendered":"\n<div class=\"wp-block-columns has-2-columns is-layout-flex wp-container-core-columns-is-layout-1 wp-block-columns-is-layout-flex\">\n<div class=\"wp-block-column is-layout-flow wp-block-column-is-layout-flow\">\n<p><strong>Deutsch-polnische Schulbuchkommssion<\/strong><\/p>\n<p><strong><a target=\"_blank\" href=\"http:\/\/www.gei.de\/index.php?id=57\" rel=\"noopener noreferrer\">www.gei.de\/index.php?id=57<\/a><\/strong><\/p>\n<\/div>\n\n\n\n<div class=\"wp-block-column is-layout-flow wp-block-column-is-layout-flow\">\n<p><strong>Europa-Universit\u00e4t Viadrina<\/strong><\/p>\n<p><strong><a target=\"_blank\" href=\"http:\/\/www.europa-uni.de\/\" rel=\"noopener noreferrer\">www.europa-uni.de<\/a><\/strong><\/p>\n<\/div>\n<\/div>\n\n\n\n<div class=\"wp-block-columns has-2-columns is-layout-flex wp-container-core-columns-is-layout-2 wp-block-columns-is-layout-flex\">\n<div class=\"wp-block-column is-layout-flow wp-block-column-is-layout-flow\">\n<p><strong>Deutsches Polen &#8211; Institut Darmstadt<\/strong><\/p>\n<p><strong><a target=\"_blank\" href=\"http:\/\/www.deutsches-polen-institut.de\/\" rel=\"noopener noreferrer\">www.deutsches-polen-institut.de<\/a><\/strong><\/p>\n<\/div>\n\n\n\n<div class=\"wp-block-column is-layout-flow wp-block-column-is-layout-flow\">\n<p><strong>Stiftung f\u00fcr deutsch-polnische Zusammenarbeit<\/strong><\/p>\n<p><strong><a target=\"_blank\" href=\"http:\/\/www.fwpn.org.pl\/\" rel=\"noopener noreferrer\">www.fwpn.org.pl<\/a><\/strong><\/p>\n<\/div>\n<\/div>\n\n\n\n<div class=\"wp-block-columns has-2-columns is-layout-flex wp-container-core-columns-is-layout-3 wp-block-columns-is-layout-flex\">\n<div class=\"wp-block-column is-layout-flow wp-block-column-is-layout-flow\">\n<p><strong>Deutsch-Polnische Wissenschaftsstiftung (DPWS)<\/strong><\/p>\n<p><strong><a target=\"_blank\" href=\"http:\/\/www.dpws.de\/\" rel=\"noopener noreferrer\">www.dpws.de<\/a><\/strong><\/p>\n<\/div>\n\n\n\n<div class=\"wp-block-column is-layout-flow wp-block-column-is-layout-flow\">\n<p><strong>Deutsch-Polnische Gesellschaft<\/strong><\/p>\n<p><strong><a target=\"_blank\" href=\"http:\/\/www.dpg-bundesverband.de\/\" rel=\"noopener noreferrer\">www.dpg-bundesverband.de<\/a><\/strong><\/p>\n<\/div>\n<\/div>\n\n\n\n<div class=\"wp-block-columns has-2-columns is-layout-flex wp-container-core-columns-is-layout-4 wp-block-columns-is-layout-flex\">\n<div class=\"wp-block-column is-layout-flow wp-block-column-is-layout-flow\">\n<p><strong>Deutsch-polnisches Jugendwerk<\/strong><\/p>\n<p><strong><a target=\"_blank\" href=\"http:\/\/www.dpjw.org\/\" rel=\"noopener noreferrer\">www.dpjw.org\/<\/a><\/strong><\/p>\n<\/div>\n\n\n\n<div class=\"wp-block-column is-layout-flow wp-block-column-is-layout-flow\">\n<p><strong>Kulturverein Borussia in Olsztyn<\/strong><\/p>\n<p><strong><a target=\"_blank\" href=\"http:\/\/www.borussia.pl\/\" rel=\"noopener noreferrer\">www.borussia.pl<\/a><\/strong><\/p>\n<\/div>\n<\/div>\n\n\n\n<div class=\"wp-block-columns has-2-columns is-layout-flex wp-container-core-columns-is-layout-5 wp-block-columns-is-layout-flex\">\n<div class=\"wp-block-column is-layout-flow wp-block-column-is-layout-flow\">\n<p><strong>Stiftung Pogranicze<\/strong><\/p>\n<p><strong><a target=\"_blank\" href=\"http:\/\/pogranicze.sejny.pl\/\" rel=\"noopener noreferrer\">pogranicze.sejny.pl<\/a><\/strong><\/p>\n<\/div>\n\n\n\n<div class=\"wp-block-column is-layout-flow wp-block-column-is-layout-flow\">\n<p><strong>Stiftung Europ\u00e4ische Begegnung Kaschubisches Kulturzentrum Krokowa<\/strong><\/p>\n<p><strong><a target=\"_blank\" href=\"http:\/\/www.zamekkrokowa.pl\/\" rel=\"noopener noreferrer\">www.zamekkrokowa.pl<\/a><\/strong><\/p>\n<\/div>\n<\/div>\n\n\n\n<div class=\"wp-block-columns has-2-columns is-layout-flex wp-container-core-columns-is-layout-6 wp-block-columns-is-layout-flex\">\n<div class=\"wp-block-column is-layout-flow wp-block-column-is-layout-flow\">\n<p><strong>Deutsch-Polnische Akademische Gesellschaft<\/strong><\/p>\n<p><strong><a target=\"_blank\" href=\"http:\/\/www.dp-ag.org\/de\/index.php\" rel=\"noopener noreferrer\">www.dp-ag.org\/de\/index.php<\/a><\/strong><\/p>\n<\/div>\n\n\n\n<div class=\"wp-block-column is-layout-flow wp-block-column-is-layout-flow\">\n<p><strong>Gemeinschaft f\u00fcr studentische Austausch in Mittel- und Osteuropa (GFPS)<\/strong><\/p>\n<p><strong><a target=\"_blank\" href=\"http:\/\/www.gfps.org\/\" rel=\"noopener noreferrer\">www.gfps.org\/<\/a><\/strong><\/p>\n<\/div>\n<\/div>\n\n\n\n<div class=\"wp-block-columns has-2-columns is-layout-flex wp-container-core-columns-is-layout-7 wp-block-columns-is-layout-flex\">\n<div class=\"wp-block-column is-layout-flow wp-block-column-is-layout-flow\">\n<p><strong>Verein f\u00fcr Sprach- und Kulturaustausch in Mittel-, Ost- und S\u00fcdosteuropa<\/strong><\/p>\n<p><strong><a target=\"_blank\" href=\"http:\/\/www.mitost.org\/\" rel=\"noopener noreferrer\">www.mitost.org\/<\/a><\/strong><\/p>\n<\/div>\n\n\n\n<div class=\"wp-block-column is-layout-flow wp-block-column-is-layout-flow\">\n<p><strong>Deutsch Polnisches Forum<\/strong><\/p>\n<p><strong><a target=\"_blank\" href=\"http:\/\/www.forum-polska-niemcy.eu\/\" rel=\"noopener noreferrer\">www.forum-polska-niemcy.eu\/<\/a><\/strong><\/p>\n<\/div>\n<\/div>\n\n\n\n<div class=\"wp-block-columns has-2-columns is-layout-flex wp-container-core-columns-is-layout-8 wp-block-columns-is-layout-flex\">\n<div class=\"wp-block-column is-layout-flow wp-block-column-is-layout-flow\">\n<p><strong>Stiftung Kreisau<\/strong><\/p>\n<p><strong><a target=\"_blank\" href=\"http:\/\/www.krzyzowa.org.pl\/\" rel=\"noopener noreferrer\">www.krzyzowa.org.pl\/<\/a><\/strong><\/p>\n<\/div>\n\n\n\n<div class=\"wp-block-column is-layout-flow wp-block-column-is-layout-flow\">\n<p><strong>Europ\u00e4ischer Verein f\u00fcr Ost\/West Ann\u00e4herung<\/strong><\/p>\n<p><strong><a target=\"_blank\" href=\"http:\/\/www.eva-verein.de\/index2_de.html\" rel=\"noopener noreferrer\">www.eva-verein.de\/index2_de.html<\/a><\/strong><\/p>\n<\/div>\n<\/div>\n\n\n\n<div class=\"wp-block-columns has-2-columns is-layout-flex wp-container-core-columns-is-layout-9 wp-block-columns-is-layout-flex\">\n<div class=\"wp-block-column is-layout-flow wp-block-column-is-layout-flow\">\n<p><strong>Stiftung Polnisch-Deutsche Auss\u00f6hnung<\/strong><\/p>\n<p><strong><a target=\"_blank\" href=\"http:\/\/www.fpnp.pl\/index_de.php\" rel=\"noopener noreferrer\">www.fpnp.pl\/index_de.php<\/a><\/strong><\/p>\n<\/div>\n\n\n\n<div class=\"wp-block-column is-layout-flow wp-block-column-is-layout-flow\">\n<p><strong>Haus der Deutsch-Polnischen Zusammenarbeit<\/strong><\/p>\n<p><strong><a target=\"_blank\" href=\"http:\/\/www.haus.pl\/de\/index.html\" rel=\"noopener noreferrer\">www.haus.pl\/de\/index.html<\/a><\/strong><\/p>\n<\/div>\n<\/div>\n\n\n\n<div class=\"wp-block-columns has-2-columns is-layout-flex wp-container-core-columns-is-layout-10 wp-block-columns-is-layout-flex\">\n<div class=\"wp-block-column is-layout-flow wp-block-column-is-layout-flow\">\n<p><strong>Deutsche Gesellschaft f\u00fcr Osteuropakunde e.V.<\/strong><\/p>\n<p><strong><a target=\"_blank\" href=\"http:\/\/www.dgo-online.org\/about\/\" rel=\"noopener noreferrer\">www.dgo-online.org\/about\/<\/a><\/strong><\/p>\n<\/div>\n\n\n\n<div class=\"wp-block-column is-layout-flow wp-block-column-is-layout-flow\">\n<p><strong>Goethe-Institut Warschau<\/strong><\/p>\n<p><strong><a target=\"_blank\" href=\"http:\/\/www.goethe.de\/warszawa\" rel=\"noopener noreferrer\">www.goethe.de\/warszawa<\/a><\/strong><\/p>\n<\/div>\n<\/div>\n\n\n\n<div class=\"wp-block-columns has-2-columns is-layout-flex wp-container-core-columns-is-layout-11 wp-block-columns-is-layout-flex\">\n<div class=\"wp-block-column is-layout-flow wp-block-column-is-layout-flow\">\n<p><strong>Studieren in Polen<\/strong><\/p>\n<p><strong><a target=\"_blank\" href=\"http:\/\/www.studyinpoland.pl\/\" rel=\"noopener noreferrer\">www.studyinpoland.pl<\/a><\/strong><\/p>\n<\/div>\n\n\n\n<div class=\"wp-block-column is-layout-flow wp-block-column-is-layout-flow\">\n<p><strong>Forum Ost &amp; West, Bergisch-Gladbach<\/strong><\/p>\n<p><strong><a target=\"_blank\" href=\"http:\/\/www.forum-ostwest.de\/\" rel=\"noopener noreferrer\">www.forum-ostwest.de<\/a><\/strong><\/p>\n<\/div>\n<\/div>\n\n\n\n<div class=\"wp-block-columns has-2-columns is-layout-flex wp-container-core-columns-is-layout-12 wp-block-columns-is-layout-flex\">\n<div class=\"wp-block-column is-layout-flow wp-block-column-is-layout-flow\">\n<p><strong>Deutsch-Polnische Akademische Gesellschaft<\/strong><\/p>\n<p><strong><a target=\"_blank\" href=\"http:\/\/www3.uj.edu.pl\/PNTA\/\" rel=\"noopener noreferrer\">www3.uj.edu.pl\/PNTA\/<\/a><\/strong><\/p>\n<\/div>\n\n\n\n<div class=\"wp-block-column is-layout-flow wp-block-column-is-layout-flow\">\n<p><strong>Oberschlesisches Landesmuseum in Ratingen<\/strong><\/p>\n<p><strong><a target=\"_blank\" href=\"http:\/\/www.oberschlesisches-landesmuseum.de\/\" rel=\"noopener noreferrer\">www.oberschlesisches-landesmuseum.de<\/a><\/strong><\/p>\n<\/div>\n<\/div>\n\n\n\n<div class=\"wp-block-columns has-2-columns is-layout-flex wp-container-core-columns-is-layout-13 wp-block-columns-is-layout-flex\">\n<div class=\"wp-block-column is-layout-flow wp-block-column-is-layout-flow\">\n<p><strong>Verein f\u00fcr Sprach- und Kulturaustausch in Mittel-, Ost- und S\u00fcdosteuropa<\/strong><\/p>\n<p><strong><a target=\"_blank\" href=\"http:\/\/www.mitost.de\/\" rel=\"noopener noreferrer\">www.mitost.de<\/a><\/strong><\/p>\n<\/div>\n\n\n\n<div class=\"wp-block-column is-layout-flow wp-block-column-is-layout-flow\">\n<p><strong>Europ\u00e4isches Kulturzentrum IGNIS in K\u00f6ln<\/strong><\/p>\n<p><strong><a target=\"_blank\" href=\"http:\/\/www.ignis.org\/\" rel=\"noopener noreferrer\">www.ignis.org<\/a><\/strong><\/p>\n<\/div>\n<\/div>\n\n\n\n<div class=\"wp-block-columns has-2-columns is-layout-flex wp-container-core-columns-is-layout-14 wp-block-columns-is-layout-flex\">\n<div class=\"wp-block-column is-layout-flow wp-block-column-is-layout-flow\">\n<p><strong>Internationale Begegnungsst\u00e4tte der Caritas in Wuppertal<\/strong><\/p>\n<p><strong><a target=\"_blank\" href=\"http:\/\/caritas.erzbistum-koeln.de\/wuppertal_cv\" rel=\"noopener noreferrer\">caritas.erzbistum-koeln.de\/wuppertal_cv<\/a><\/strong><\/p>\n<\/div>\n\n\n\n<div class=\"wp-block-column is-layout-flow wp-block-column-is-layout-flow\">\n<p><strong>IfA-Studie zu Polen<\/strong><\/p>\n<p><strong><a target=\"_blank\" href=\"http:\/\/www.ifa.de\/v\/dpolen.htm\" rel=\"noopener noreferrer\">www.ifa.de\/v\/dpolen.htm<\/a><\/strong><\/p>\n<\/div>\n<\/div>\n\n\n\n<div class=\"wp-block-columns has-2-columns is-layout-flex wp-container-core-columns-is-layout-15 wp-block-columns-is-layout-flex\">\n<div class=\"wp-block-column is-layout-flow wp-block-column-is-layout-flow\">\n<p><strong>POINT. Deutsch-polnisches Portal<\/strong><\/p>\n<p><strong><a target=\"_blank\" href=\"http:\/\/www.portalpoint.info\/de\" rel=\"noopener noreferrer\">www.portalpoint.info\/de<\/a><\/strong><\/p>\n<\/div>\n\n\n\n<div class=\"wp-block-column is-layout-flow wp-block-column-is-layout-flow\">\n<p><strong>adalbertus-werk e.v. Bildungswerk der Danziger Katholiken<\/strong><\/p>\n<p><strong><a target=\"_blank\" href=\"http:\/\/www.adalbertuswerk.de\/\" rel=\"noopener noreferrer\">www.adalbertuswerk.de<\/a><\/strong><\/p>\n<\/div>\n<\/div>\n\n\n\n<div class=\"wp-block-columns has-2-columns is-layout-flex wp-container-core-columns-is-layout-16 wp-block-columns-is-layout-flex\">\n<div class=\"wp-block-column is-layout-flow wp-block-column-is-layout-flow\">\n<p><strong>Haus der Deutsch-Polnischen Zusammenarbeit in Gliwice<\/strong><\/p>\n<p><strong><a target=\"_blank\" href=\"http:\/\/www.haus.pl\/\" rel=\"noopener noreferrer\">www.haus.pl<\/a><\/strong><\/p>\n<\/div>\n\n\n\n<div class=\"wp-block-column is-layout-flow wp-block-column-is-layout-flow\">\n<p><strong>Deutsch-polnisches Kulturzentrum N\u00fcrnberg<\/strong><\/p>\n<p><strong><a target=\"_blank\" href=\"http:\/\/www.krakauer-haus.de\/\" rel=\"noopener noreferrer\">www.krakauer-haus.de<\/a><\/strong><\/p>\n<\/div>\n<\/div>\n\n\n\n<div class=\"wp-block-columns has-2-columns is-layout-flex wp-container-core-columns-is-layout-17 wp-block-columns-is-layout-flex\">\n<div class=\"wp-block-column is-layout-flow wp-block-column-is-layout-flow\">\n<p><strong>Polen-NRW-Jahr 2011\/2012<\/strong><\/p>\n<p><strong><a target=\"_blank\" href=\"http:\/\/www.mbem.nrw.de\/europa\/polen-nrw-jahr\/\" rel=\"noopener noreferrer\">www.mbem.nrw.de\/europa\/polen-nrw-jahr\/<\/a><\/strong><\/p>\n<\/div>\n\n\n\n<div class=\"wp-block-column is-layout-flow wp-block-column-is-layout-flow\">\n<p><strong>Deutsch-polnischer Dialog<\/strong><\/p>\n<p><strong><a target=\"_blank\" href=\"http:\/\/www.dialog-pl.de\/\" rel=\"noopener noreferrer\">www.dialog-pl.de<\/a><\/strong><\/p>\n<\/div>\n<\/div>\n\n\n\n<h4>Erkl\u00e4rung zu den Links<\/h4>\n<p>Mit dem Urteil vom 12. Mai 1998 hat das Landgericht Hamburg entschieden, dass man durch die Anbringung eines Links die Inhalte der gelinkten Seite ggf. mit zu verantworten hat. Dies kann &#8211; so das LG &#8211; nur dadurch verhindert werden, dass man sich ausdr\u00fccklich von diesen Inhalten distanziert. F\u00fcr alle Links dieser Homepage gilt: Wir m\u00f6chten ausdr\u00fccklich betonen, dass wir keinerlei Einfluss auf die Gestaltung und Inhalte der gelinkten Seiten haben. Deshalb distanzieren wir uns hiermit ausdr\u00fccklich von allen Inhalten aller gelinkten Seiten auf unserer Homepage. Diese Erkl\u00e4rung gilt f\u00fcr alle Links, die Sie \u00fcber die Web-Seiten des Polnischen Instituts D\u00fcsseldorf erreichen.<\/p>\n","protected":false},"excerpt":{"rendered":"<p>Deutsch-polnische Schulbuchkommssion www.gei.de\/index.php?id=57 Europa-Universit\u00e4t Viadrina www.europa-uni.de Deutsches Polen &#8211; Institut Darmstadt www.deutsches-polen-institut.de Stiftung f\u00fcr deutsch-polnische Zusammenarbeit www.fwpn.org.pl Deutsch-Polnische Wissenschaftsstiftung (DPWS) www.dpws.de Deutsch-Polnische Gesellschaft www.dpg-bundesverband.de Deutsch-polnisches Jugendwerk www.dpjw.org\/ Kulturverein Borussia in Olsztyn www.borussia.pl Stiftung Pogranicze pogranicze.sejny.pl Stiftung Europ\u00e4ische Begegnung Kaschubisches Kulturzentrum Krokowa www.zamekkrokowa.pl Deutsch-Polnische Akademische Gesellschaft www.dp-ag.org\/de\/index.php Gemeinschaft f\u00fcr studentische Austausch in Mittel- und Osteuropa (GFPS) [&hellip;]<\/p>\n","protected":false},"author":1,"featured_media":235,"parent":0,"menu_order":0,"comment_status":"closed","ping_status":"closed","template":"","meta":{"inline_featured_image":false,"_monsterinsights_skip_tracking":false,"_monsterinsights_sitenote_active":false,"_monsterinsights_sitenote_note":"","_monsterinsights_sitenote_category":0,"footnotes":""},"class_list":["post-234","page","type-page","status-publish","has-post-thumbnail","hentry"],"yoast_head":"<!-- This site is optimized with the Yoast SEO plugin v24.6 - https:\/\/yoast.com\/wordpress\/plugins\/seo\/ -->\n<title>Bilaterales - Instytut Polski w Dusseldorfie<\/title>\n<meta name=\"robots\" content=\"index, follow, max-snippet:-1, max-image-preview:large, max-video-preview:-1\" \/>\n<link rel=\"canonical\" href=\"https:\/\/instytutpolski.pl\/duesseldorf\/bilaterales\/\" \/>\n<meta property=\"og:locale\" content=\"pl_PL\" \/>\n<meta property=\"og:type\" content=\"article\" \/>\n<meta property=\"og:title\" content=\"Bilaterales - Instytut Polski w Dusseldorfie\" \/>\n<meta property=\"og:description\" content=\"Deutsch-polnische Schulbuchkommssion www.gei.de\/index.php?id=57 Europa-Universit\u00e4t Viadrina www.europa-uni.de Deutsches Polen &#8211; Institut Darmstadt www.deutsches-polen-institut.de Stiftung f\u00fcr deutsch-polnische Zusammenarbeit www.fwpn.org.pl Deutsch-Polnische Wissenschaftsstiftung (DPWS) www.dpws.de Deutsch-Polnische Gesellschaft www.dpg-bundesverband.de Deutsch-polnisches Jugendwerk www.dpjw.org\/ Kulturverein Borussia in Olsztyn www.borussia.pl Stiftung Pogranicze pogranicze.sejny.pl Stiftung Europ\u00e4ische Begegnung Kaschubisches Kulturzentrum Krokowa www.zamekkrokowa.pl Deutsch-Polnische Akademische Gesellschaft www.dp-ag.org\/de\/index.php Gemeinschaft f\u00fcr studentische Austausch in Mittel- und Osteuropa (GFPS) [&hellip;]\" \/>\n<meta property=\"og:url\" content=\"https:\/\/instytutpolski.pl\/duesseldorf\/bilaterales\/\" \/>\n<meta property=\"og:site_name\" content=\"Instytut Polski w Dusseldorfie\" \/>\n<meta property=\"article:modified_time\" content=\"2019-05-30T12:56:43+00:00\" \/>\n<meta property=\"og:image\" content=\"https:\/\/instytutpolski.pl\/duesseldorf\/wp-content\/uploads\/sites\/5\/2019\/05\/bg-ct-bilaterales.jpg\" \/>\n\t<meta property=\"og:image:width\" content=\"737\" \/>\n\t<meta property=\"og:image:height\" content=\"300\" \/>\n\t<meta property=\"og:image:type\" content=\"image\/jpeg\" \/>\n<meta name=\"twitter:card\" content=\"summary_large_image\" \/>\n<meta name=\"twitter:label1\" content=\"Szacowany czas czytania\" \/>\n\t<meta name=\"twitter:data1\" content=\"2 minuty\" \/>\n<script type=\"application\/ld+json\" class=\"yoast-schema-graph\">{\"@context\":\"https:\/\/schema.org\",\"@graph\":[{\"@type\":\"WebPage\",\"@id\":\"https:\/\/instytutpolski.pl\/duesseldorf\/bilaterales\/\",\"url\":\"https:\/\/instytutpolski.pl\/duesseldorf\/bilaterales\/\",\"name\":\"Bilaterales - Instytut Polski w Dusseldorfie\",\"isPartOf\":{\"@id\":\"https:\/\/instytutpolski.pl\/duesseldorf\/#website\"},\"primaryImageOfPage\":{\"@id\":\"https:\/\/instytutpolski.pl\/duesseldorf\/bilaterales\/#primaryimage\"},\"image\":{\"@id\":\"https:\/\/instytutpolski.pl\/duesseldorf\/bilaterales\/#primaryimage\"},\"thumbnailUrl\":\"https:\/\/instytutpolski.pl\/duesseldorf\/wp-content\/uploads\/sites\/5\/2019\/05\/bg-ct-bilaterales.jpg\",\"datePublished\":\"2019-05-23T12:18:44+00:00\",\"dateModified\":\"2019-05-30T12:56:43+00:00\",\"breadcrumb\":{\"@id\":\"https:\/\/instytutpolski.pl\/duesseldorf\/bilaterales\/#breadcrumb\"},\"inLanguage\":\"pl-PL\",\"potentialAction\":[{\"@type\":\"ReadAction\",\"target\":[\"https:\/\/instytutpolski.pl\/duesseldorf\/bilaterales\/\"]}]},{\"@type\":\"ImageObject\",\"inLanguage\":\"pl-PL\",\"@id\":\"https:\/\/instytutpolski.pl\/duesseldorf\/bilaterales\/#primaryimage\",\"url\":\"https:\/\/instytutpolski.pl\/duesseldorf\/wp-content\/uploads\/sites\/5\/2019\/05\/bg-ct-bilaterales.jpg\",\"contentUrl\":\"https:\/\/instytutpolski.pl\/duesseldorf\/wp-content\/uploads\/sites\/5\/2019\/05\/bg-ct-bilaterales.jpg\",\"width\":737,\"height\":300},{\"@type\":\"BreadcrumbList\",\"@id\":\"https:\/\/instytutpolski.pl\/duesseldorf\/bilaterales\/#breadcrumb\",\"itemListElement\":[{\"@type\":\"ListItem\",\"position\":1,\"name\":\"Home\",\"item\":\"https:\/\/instytutpolski.pl\/duesseldorf\/\"},{\"@type\":\"ListItem\",\"position\":2,\"name\":\"Bilaterales\"}]},{\"@type\":\"WebSite\",\"@id\":\"https:\/\/instytutpolski.pl\/duesseldorf\/#website\",\"url\":\"https:\/\/instytutpolski.pl\/duesseldorf\/\",\"name\":\"Instytut Polski w Dusseldorfie\",\"description\":\"Instytuty Polskie\",\"potentialAction\":[{\"@type\":\"SearchAction\",\"target\":{\"@type\":\"EntryPoint\",\"urlTemplate\":\"https:\/\/instytutpolski.pl\/duesseldorf\/?s={search_term_string}\"},\"query-input\":{\"@type\":\"PropertyValueSpecification\",\"valueRequired\":true,\"valueName\":\"search_term_string\"}}],\"inLanguage\":\"pl-PL\"}]}<\/script>\n<!-- \/ Yoast SEO plugin. -->","yoast_head_json":{"title":"Bilaterales - Instytut Polski w Dusseldorfie","robots":{"index":"index","follow":"follow","max-snippet":"max-snippet:-1","max-image-preview":"max-image-preview:large","max-video-preview":"max-video-preview:-1"},"canonical":"https:\/\/instytutpolski.pl\/duesseldorf\/bilaterales\/","og_locale":"pl_PL","og_type":"article","og_title":"Bilaterales - Instytut Polski w Dusseldorfie","og_description":"Deutsch-polnische Schulbuchkommssion www.gei.de\/index.php?id=57 Europa-Universit\u00e4t Viadrina www.europa-uni.de Deutsches Polen &#8211; Institut Darmstadt www.deutsches-polen-institut.de Stiftung f\u00fcr deutsch-polnische Zusammenarbeit www.fwpn.org.pl Deutsch-Polnische Wissenschaftsstiftung (DPWS) www.dpws.de Deutsch-Polnische Gesellschaft www.dpg-bundesverband.de Deutsch-polnisches Jugendwerk www.dpjw.org\/ Kulturverein Borussia in Olsztyn www.borussia.pl Stiftung Pogranicze pogranicze.sejny.pl Stiftung Europ\u00e4ische Begegnung Kaschubisches Kulturzentrum Krokowa www.zamekkrokowa.pl Deutsch-Polnische Akademische Gesellschaft www.dp-ag.org\/de\/index.php Gemeinschaft f\u00fcr studentische Austausch in Mittel- und Osteuropa (GFPS) [&hellip;]","og_url":"https:\/\/instytutpolski.pl\/duesseldorf\/bilaterales\/","og_site_name":"Instytut Polski w Dusseldorfie","article_modified_time":"2019-05-30T12:56:43+00:00","og_image":[{"width":737,"height":300,"url":"https:\/\/instytutpolski.pl\/duesseldorf\/wp-content\/uploads\/sites\/5\/2019\/05\/bg-ct-bilaterales.jpg","type":"image\/jpeg"}],"twitter_card":"summary_large_image","twitter_misc":{"Szacowany czas czytania":"2 minuty"},"schema":{"@context":"https:\/\/schema.org","@graph":[{"@type":"WebPage","@id":"https:\/\/instytutpolski.pl\/duesseldorf\/bilaterales\/","url":"https:\/\/instytutpolski.pl\/duesseldorf\/bilaterales\/","name":"Bilaterales - Instytut Polski w Dusseldorfie","isPartOf":{"@id":"https:\/\/instytutpolski.pl\/duesseldorf\/#website"},"primaryImageOfPage":{"@id":"https:\/\/instytutpolski.pl\/duesseldorf\/bilaterales\/#primaryimage"},"image":{"@id":"https:\/\/instytutpolski.pl\/duesseldorf\/bilaterales\/#primaryimage"},"thumbnailUrl":"https:\/\/instytutpolski.pl\/duesseldorf\/wp-content\/uploads\/sites\/5\/2019\/05\/bg-ct-bilaterales.jpg","datePublished":"2019-05-23T12:18:44+00:00","dateModified":"2019-05-30T12:56:43+00:00","breadcrumb":{"@id":"https:\/\/instytutpolski.pl\/duesseldorf\/bilaterales\/#breadcrumb"},"inLanguage":"pl-PL","potentialAction":[{"@type":"ReadAction","target":["https:\/\/instytutpolski.pl\/duesseldorf\/bilaterales\/"]}]},{"@type":"ImageObject","inLanguage":"pl-PL","@id":"https:\/\/instytutpolski.pl\/duesseldorf\/bilaterales\/#primaryimage","url":"https:\/\/instytutpolski.pl\/duesseldorf\/wp-content\/uploads\/sites\/5\/2019\/05\/bg-ct-bilaterales.jpg","contentUrl":"https:\/\/instytutpolski.pl\/duesseldorf\/wp-content\/uploads\/sites\/5\/2019\/05\/bg-ct-bilaterales.jpg","width":737,"height":300},{"@type":"BreadcrumbList","@id":"https:\/\/instytutpolski.pl\/duesseldorf\/bilaterales\/#breadcrumb","itemListElement":[{"@type":"ListItem","position":1,"name":"Home","item":"https:\/\/instytutpolski.pl\/duesseldorf\/"},{"@type":"ListItem","position":2,"name":"Bilaterales"}]},{"@type":"WebSite","@id":"https:\/\/instytutpolski.pl\/duesseldorf\/#website","url":"https:\/\/instytutpolski.pl\/duesseldorf\/","name":"Instytut Polski w Dusseldorfie","description":"Instytuty Polskie","potentialAction":[{"@type":"SearchAction","target":{"@type":"EntryPoint","urlTemplate":"https:\/\/instytutpolski.pl\/duesseldorf\/?s={search_term_string}"},"query-input":{"@type":"PropertyValueSpecification","valueRequired":true,"valueName":"search_term_string"}}],"inLanguage":"pl-PL"}]}},"_links":{"self":[{"href":"https:\/\/instytutpolski.pl\/duesseldorf\/wp-json\/wp\/v2\/pages\/234","targetHints":{"allow":["GET"]}}],"collection":[{"href":"https:\/\/instytutpolski.pl\/duesseldorf\/wp-json\/wp\/v2\/pages"}],"about":[{"href":"https:\/\/instytutpolski.pl\/duesseldorf\/wp-json\/wp\/v2\/types\/page"}],"author":[{"embeddable":true,"href":"https:\/\/instytutpolski.pl\/duesseldorf\/wp-json\/wp\/v2\/users\/1"}],"replies":[{"embeddable":true,"href":"https:\/\/instytutpolski.pl\/duesseldorf\/wp-json\/wp\/v2\/comments?post=234"}],"version-history":[{"count":6,"href":"https:\/\/instytutpolski.pl\/duesseldorf\/wp-json\/wp\/v2\/pages\/234\/revisions"}],"predecessor-version":[{"id":379,"href":"https:\/\/instytutpolski.pl\/duesseldorf\/wp-json\/wp\/v2\/pages\/234\/revisions\/379"}],"wp:featuredmedia":[{"embeddable":true,"href":"https:\/\/instytutpolski.pl\/duesseldorf\/wp-json\/wp\/v2\/media\/235"}],"wp:attachment":[{"href":"https:\/\/instytutpolski.pl\/duesseldorf\/wp-json\/wp\/v2\/media?parent=234"}],"curies":[{"name":"wp","href":"https:\/\/api.w.org\/{rel}","templated":true}]}}