{"version":"1.0","provider_name":"Instytut Polski w Kijowie","provider_url":"https:\/\/instytutpolski.pl\/kyiv","author_name":"romanenkoj","author_url":"https:\/\/instytutpolski.pl\/kyiv\/author\/romanenkoj\/","title":"Wystawa Wies\u0142awa Szumi\u0144skiego \u201eAlef-Bet\u201d w Galerii 36 - Instytut Polski w Kijowie","type":"rich","width":600,"height":338,"html":"<blockquote class=\"wp-embedded-content\" data-secret=\"Lpc8GrSDvx\"><a href=\"https:\/\/instytutpolski.pl\/kyiv\/pl\/2009\/05\/13\/wystawa-wieslawa-szuminskiego-alef-bet-w-galerii-36\/\">Wystawa Wies\u0142awa Szumi\u0144skiego \u201eAlef-Bet\u201d w Galerii 36<\/a><\/blockquote><iframe sandbox=\"allow-scripts\" security=\"restricted\" src=\"https:\/\/instytutpolski.pl\/kyiv\/pl\/2009\/05\/13\/wystawa-wieslawa-szuminskiego-alef-bet-w-galerii-36\/embed\/#?secret=Lpc8GrSDvx\" width=\"600\" height=\"338\" title=\"&#8222;Wystawa Wies\u0142awa Szumi\u0144skiego \u201eAlef-Bet\u201d w Galerii 36&#8221; &#8212; Instytut Polski w Kijowie\" data-secret=\"Lpc8GrSDvx\" frameborder=\"0\" marginwidth=\"0\" marginheight=\"0\" scrolling=\"no\" class=\"wp-embedded-content\"><\/iframe><script type=\"text\/javascript\">\n\/* <![CDATA[ *\/\n\/*! This file is auto-generated *\/\n!function(d,l){\"use strict\";l.querySelector&&d.addEventListener&&\"undefined\"!=typeof URL&&(d.wp=d.wp||{},d.wp.receiveEmbedMessage||(d.wp.receiveEmbedMessage=function(e){var t=e.data;if((t||t.secret||t.message||t.value)&&!\/[^a-zA-Z0-9]\/.test(t.secret)){for(var s,r,n,a=l.querySelectorAll('iframe[data-secret=\"'+t.secret+'\"]'),o=l.querySelectorAll('blockquote[data-secret=\"'+t.secret+'\"]'),c=new RegExp(\"^https?:$\",\"i\"),i=0;i<o.length;i++)o[i].style.display=\"none\";for(i=0;i<a.length;i++)s=a[i],e.source===s.contentWindow&&(s.removeAttribute(\"style\"),\"height\"===t.message?(1e3<(r=parseInt(t.value,10))?r=1e3:~~r<200&&(r=200),s.height=r):\"link\"===t.message&&(r=new URL(s.getAttribute(\"src\")),n=new URL(t.value),c.test(n.protocol))&&n.host===r.host&&l.activeElement===s&&(d.top.location.href=t.value))}},d.addEventListener(\"message\",d.wp.receiveEmbedMessage,!1),l.addEventListener(\"DOMContentLoaded\",function(){for(var e,t,s=l.querySelectorAll(\"iframe.wp-embedded-content\"),r=0;r<s.length;r++)(t=(e=s[r]).getAttribute(\"data-secret\"))||(t=Math.random().toString(36).substring(2,12),e.src+=\"#?secret=\"+t,e.setAttribute(\"data-secret\",t)),e.contentWindow.postMessage({message:\"ready\",secret:t},\"*\")},!1)))}(window,document);\n\/* ]]> *\/\n<\/script>\n","description":"Wies\u0142aw Szumi\u0144ski\u00a0 Urodzi\u0142 si\u0119 28 lutego 1958 roku w Suwa\u0142kach. Studiowa\u0142 kulturoznawstwo na Uniwersytecie im. Adama Mickiewicza w Poznaniu w latach 1978-1982 oraz w Pa\u0144stwowej Wy\u017cszej Szkole Sztuk Plastycznych w Poznaniu (1982-1986). Pracuje w O\u015brodku \u201ePogranicze &#8211; sztuk, kultur, narod\u00f3w&#8221; w Sejnach, gdzie prowadzi warsztaty ceramiczne dla dzieci. W suwalskim szpitalu psychiatrycznym od 1992 roku [&hellip;]"}