{"version":"1.0","provider_name":"Instytut Polski w Lipsku","provider_url":"https:\/\/instytutpolski.pl\/leipzig","author_name":"Rainer Mende","author_url":"https:\/\/instytutpolski.pl\/leipzig\/author\/mender\/","title":"Ka\u015bka Bryla: Roter Affe - Instytut Polski w Lipsku","type":"rich","width":600,"height":338,"html":"<blockquote class=\"wp-embedded-content\" data-secret=\"lQgTQvIcjr\"><a href=\"https:\/\/instytutpolski.pl\/leipzig\/2019\/10\/06\/kaska-bryla-roter-affe\/\">Ka\u015bka Bryla: Roter Affe<\/a><\/blockquote><iframe sandbox=\"allow-scripts\" security=\"restricted\" src=\"https:\/\/instytutpolski.pl\/leipzig\/2019\/10\/06\/kaska-bryla-roter-affe\/embed\/#?secret=lQgTQvIcjr\" width=\"600\" height=\"338\" title=\"&#8222;Ka\u015bka Bryla: Roter Affe&#8221; &#8212; Instytut Polski w Lipsku\" data-secret=\"lQgTQvIcjr\" frameborder=\"0\" marginwidth=\"0\" marginheight=\"0\" scrolling=\"no\" class=\"wp-embedded-content\"><\/iframe><script type=\"text\/javascript\">\n\/* <![CDATA[ *\/\n\/*! This file is auto-generated *\/\n!function(d,l){\"use strict\";l.querySelector&&d.addEventListener&&\"undefined\"!=typeof URL&&(d.wp=d.wp||{},d.wp.receiveEmbedMessage||(d.wp.receiveEmbedMessage=function(e){var t=e.data;if((t||t.secret||t.message||t.value)&&!\/[^a-zA-Z0-9]\/.test(t.secret)){for(var s,r,n,a=l.querySelectorAll('iframe[data-secret=\"'+t.secret+'\"]'),o=l.querySelectorAll('blockquote[data-secret=\"'+t.secret+'\"]'),c=new RegExp(\"^https?:$\",\"i\"),i=0;i<o.length;i++)o[i].style.display=\"none\";for(i=0;i<a.length;i++)s=a[i],e.source===s.contentWindow&&(s.removeAttribute(\"style\"),\"height\"===t.message?(1e3<(r=parseInt(t.value,10))?r=1e3:~~r<200&&(r=200),s.height=r):\"link\"===t.message&&(r=new URL(s.getAttribute(\"src\")),n=new URL(t.value),c.test(n.protocol))&&n.host===r.host&&l.activeElement===s&&(d.top.location.href=t.value))}},d.addEventListener(\"message\",d.wp.receiveEmbedMessage,!1),l.addEventListener(\"DOMContentLoaded\",function(){for(var e,t,s=l.querySelectorAll(\"iframe.wp-embedded-content\"),r=0;r<s.length;r++)(t=(e=s[r]).getAttribute(\"data-secret\"))||(t=Math.random().toString(36).substring(2,12),e.src+=\"#?secret=\"+t,e.setAttribute(\"data-secret\",t)),e.contentWindow.postMessage({message:\"ready\",secret:t},\"*\")},!1)))}(window,document);\n\/* ]]> *\/\n<\/script>\n","thumbnail_url":"https:\/\/instytutpolski.pl\/leipzig\/wp-content\/uploads\/sites\/29\/2020\/01\/AAA_Literatur.jpg","thumbnail_width":1920,"thumbnail_height":1280,"description":"Moderation: Barbara Schnalzger Ka\u015bka Bryla wurde in Wien geboren und ist zwischen Wien und Warschau aufgewachsen. Sie studierte zun\u00e4chst Volkswirtschaft in Wien und anschlie\u00dfend am Deutschen Literaturinstitut in Leipzig, wo sie 2015 die Literaturzeitschrift und das Autor_innennetzwerk PS-Politisch Schreiben mitbegru\u0308ndete. Sie war Redakteurin des Monatsmagazins an.schla\u0308ge und erhielt 2013 das STARTStipendium sowie 2018 den Exil [&hellip;]"}