{"version":"1.0","provider_name":"Instytut Polski w Lipsku","provider_url":"https:\/\/instytutpolski.pl\/leipzig","author_name":"Rainer Mende","author_url":"https:\/\/instytutpolski.pl\/leipzig\/author\/mender\/","title":"\u015awiat\u0142oczu\u0142a \/ Photosensitive. Das Licht in deinen Augen - Instytut Polski w Lipsku","type":"rich","width":600,"height":338,"html":"<blockquote class=\"wp-embedded-content\" data-secret=\"jzSFPNgn4N\"><a href=\"https:\/\/instytutpolski.pl\/leipzig\/2025\/06\/30\/swiatloczula-photosensitive\/\">\u015awiat\u0142oczu\u0142a \/ Photosensitive. Das Licht in deinen Augen<\/a><\/blockquote><iframe sandbox=\"allow-scripts\" security=\"restricted\" src=\"https:\/\/instytutpolski.pl\/leipzig\/2025\/06\/30\/swiatloczula-photosensitive\/embed\/#?secret=jzSFPNgn4N\" width=\"600\" height=\"338\" title=\"&#8222;\u015awiat\u0142oczu\u0142a \/ Photosensitive. Das Licht in deinen Augen&#8221; &#8212; Instytut Polski w Lipsku\" data-secret=\"jzSFPNgn4N\" frameborder=\"0\" marginwidth=\"0\" marginheight=\"0\" scrolling=\"no\" class=\"wp-embedded-content\"><\/iframe><script type=\"text\/javascript\">\n\/* <![CDATA[ *\/\n\/*! This file is auto-generated *\/\n!function(d,l){\"use strict\";l.querySelector&&d.addEventListener&&\"undefined\"!=typeof URL&&(d.wp=d.wp||{},d.wp.receiveEmbedMessage||(d.wp.receiveEmbedMessage=function(e){var t=e.data;if((t||t.secret||t.message||t.value)&&!\/[^a-zA-Z0-9]\/.test(t.secret)){for(var s,r,n,a=l.querySelectorAll('iframe[data-secret=\"'+t.secret+'\"]'),o=l.querySelectorAll('blockquote[data-secret=\"'+t.secret+'\"]'),c=new RegExp(\"^https?:$\",\"i\"),i=0;i<o.length;i++)o[i].style.display=\"none\";for(i=0;i<a.length;i++)s=a[i],e.source===s.contentWindow&&(s.removeAttribute(\"style\"),\"height\"===t.message?(1e3<(r=parseInt(t.value,10))?r=1e3:~~r<200&&(r=200),s.height=r):\"link\"===t.message&&(r=new URL(s.getAttribute(\"src\")),n=new URL(t.value),c.test(n.protocol))&&n.host===r.host&&l.activeElement===s&&(d.top.location.href=t.value))}},d.addEventListener(\"message\",d.wp.receiveEmbedMessage,!1),l.addEventListener(\"DOMContentLoaded\",function(){for(var e,t,s=l.querySelectorAll(\"iframe.wp-embedded-content\"),r=0;r<s.length;r++)(t=(e=s[r]).getAttribute(\"data-secret\"))||(t=Math.random().toString(36).substring(2,12),e.src+=\"#?secret=\"+t,e.setAttribute(\"data-secret\",t)),e.contentWindow.postMessage({message:\"ready\",secret:t},\"*\")},!1)))}(window,document);\n\/* ]]> *\/\n<\/script>\n","thumbnail_url":"https:\/\/instytutpolski.pl\/leipzig\/wp-content\/uploads\/sites\/29\/2026\/02\/Photosensitive-1-Karolina-Grabowska_strona.jpg","thumbnail_width":1500,"thumbnail_height":844,"description":"Spielfilm, R: Tadeusz \u015aliwa, PL 2025, 92 min, FSK12, deutsche Synchronisation, OmdU sowie Untertitel f\u00fcr H\u00f6rgesch\u00e4digte &amp; Audiodeskription mit Matylda Gieg\u017cno, Ignacy Liss, Bart\u0142omiej Deklewa, Aleksandra Pisula u.a. Robert (Ignacy Liss) ist auf dem Sprung zur ganz gro\u00dfen Karriere \u2013 als Fotograf, gefeiert f\u00fcr seinen besonderen Blick auf die Welt. Doch als er das Model [&hellip;]"}