{"version":"1.0","provider_name":"Instytut Polski w Pary\u017cu","provider_url":"https:\/\/instytutpolski.pl\/paris","author_name":"ostrowskad","author_url":"https:\/\/instytutpolski.pl\/paris\/author\/ostrowskad\/","title":"\u00c9toile d\u2019Europe - Instytut Polski w Pary\u017cu","type":"rich","width":600,"height":338,"html":"<blockquote class=\"wp-embedded-content\" data-secret=\"KvH67PcN1G\"><a href=\"https:\/\/instytutpolski.pl\/paris\/2022\/09\/26\/etoile-deurope\/\"><strong>\u00c9toile d\u2019Europe<\/strong><\/a><\/blockquote><iframe sandbox=\"allow-scripts\" security=\"restricted\" src=\"https:\/\/instytutpolski.pl\/paris\/2022\/09\/26\/etoile-deurope\/embed\/#?secret=KvH67PcN1G\" width=\"600\" height=\"338\" title=\"&#8222;&lt;strong&gt;\u00c9toile d\u2019Europe&lt;\/strong&gt;&#8221; &#8212; Instytut Polski w Pary\u017cu\" data-secret=\"KvH67PcN1G\" frameborder=\"0\" marginwidth=\"0\" marginheight=\"0\" scrolling=\"no\" class=\"wp-embedded-content\"><\/iframe><script type=\"text\/javascript\">\n\/* <![CDATA[ *\/\n\/*! This file is auto-generated *\/\n!function(d,l){\"use strict\";l.querySelector&&d.addEventListener&&\"undefined\"!=typeof URL&&(d.wp=d.wp||{},d.wp.receiveEmbedMessage||(d.wp.receiveEmbedMessage=function(e){var t=e.data;if((t||t.secret||t.message||t.value)&&!\/[^a-zA-Z0-9]\/.test(t.secret)){for(var s,r,n,a=l.querySelectorAll('iframe[data-secret=\"'+t.secret+'\"]'),o=l.querySelectorAll('blockquote[data-secret=\"'+t.secret+'\"]'),c=new RegExp(\"^https?:$\",\"i\"),i=0;i<o.length;i++)o[i].style.display=\"none\";for(i=0;i<a.length;i++)s=a[i],e.source===s.contentWindow&&(s.removeAttribute(\"style\"),\"height\"===t.message?(1e3<(r=parseInt(t.value,10))?r=1e3:~~r<200&&(r=200),s.height=r):\"link\"===t.message&&(r=new URL(s.getAttribute(\"src\")),n=new URL(t.value),c.test(n.protocol))&&n.host===r.host&&l.activeElement===s&&(d.top.location.href=t.value))}},d.addEventListener(\"message\",d.wp.receiveEmbedMessage,!1),l.addEventListener(\"DOMContentLoaded\",function(){for(var e,t,s=l.querySelectorAll(\"iframe.wp-embedded-content\"),r=0;r<s.length;r++)(t=(e=s[r]).getAttribute(\"data-secret\"))||(t=Math.random().toString(36).substring(2,12),e.src+=\"#?secret=\"+t,e.setAttribute(\"data-secret\",t)),e.contentWindow.postMessage({message:\"ready\",secret:t},\"*\")},!1)))}(window,document);\n\/* ]]> *\/\n<\/script>\n","thumbnail_url":"https:\/\/instytutpolski.pl\/paris\/wp-content\/uploads\/sites\/14\/2022\/09\/1640x720-Etoile-dEurope-social-media.jpg","thumbnail_width":1640,"thumbnail_height":720,"description":"concert \u00e0 l\u2019occasion de l\u2019Ann\u00e9e \u00c9dith Stein \u00e0 Wroc\u0142aw \u00c9toile d\u2019Europe concert \u00e0 l\u2019occasion de l\u2019Ann\u00e9e \u00c9dith Stein \u00e0 Wroc\u0142aw \u00a0 mardi 4 octobre 2022 \u00e0 20h &#8211; \u00c9glise Saint-Germain-des-Pr\u00e9s, Paris \u00a0 Andrzej Kosendiak &#8211; chef d\u2019orchestre \u00a0Wroc\u0142aw Baroque Ensemble \u00a0 Ch\u0153ur du NFM \u00a0 Programme de Sainte-Colombe &#8211; XLIV Concert \u00e0 deux violes esgales [&hellip;]"}