{"version":"1.0","provider_name":"Instytut Polski w Pary\u017cu","provider_url":"https:\/\/instytutpolski.pl\/paris","author_name":"moskala","author_url":"https:\/\/instytutpolski.pl\/paris\/author\/moskala\/","title":"PIERRE, FEUILLE, PISTOLET - Instytut Polski w Pary\u017cu","type":"rich","width":600,"height":338,"html":"<blockquote class=\"wp-embedded-content\" data-secret=\"2G2pP4M4JR\"><a href=\"https:\/\/instytutpolski.pl\/paris\/2023\/12\/22\/pierre-feuille-pistolet\/\">PIERRE, FEUILLE, PISTOLET<\/a><\/blockquote><iframe sandbox=\"allow-scripts\" security=\"restricted\" src=\"https:\/\/instytutpolski.pl\/paris\/2023\/12\/22\/pierre-feuille-pistolet\/embed\/#?secret=2G2pP4M4JR\" width=\"600\" height=\"338\" title=\"&#8222;PIERRE, FEUILLE, PISTOLET&#8221; &#8212; Instytut Polski w Pary\u017cu\" data-secret=\"2G2pP4M4JR\" frameborder=\"0\" marginwidth=\"0\" marginheight=\"0\" scrolling=\"no\" class=\"wp-embedded-content\"><\/iframe><script type=\"text\/javascript\">\n\/* <![CDATA[ *\/\n\/*! This file is auto-generated *\/\n!function(d,l){\"use strict\";l.querySelector&&d.addEventListener&&\"undefined\"!=typeof URL&&(d.wp=d.wp||{},d.wp.receiveEmbedMessage||(d.wp.receiveEmbedMessage=function(e){var t=e.data;if((t||t.secret||t.message||t.value)&&!\/[^a-zA-Z0-9]\/.test(t.secret)){for(var s,r,n,a=l.querySelectorAll('iframe[data-secret=\"'+t.secret+'\"]'),o=l.querySelectorAll('blockquote[data-secret=\"'+t.secret+'\"]'),c=new RegExp(\"^https?:$\",\"i\"),i=0;i<o.length;i++)o[i].style.display=\"none\";for(i=0;i<a.length;i++)s=a[i],e.source===s.contentWindow&&(s.removeAttribute(\"style\"),\"height\"===t.message?(1e3<(r=parseInt(t.value,10))?r=1e3:~~r<200&&(r=200),s.height=r):\"link\"===t.message&&(r=new URL(s.getAttribute(\"src\")),n=new URL(t.value),c.test(n.protocol))&&n.host===r.host&&l.activeElement===s&&(d.top.location.href=t.value))}},d.addEventListener(\"message\",d.wp.receiveEmbedMessage,!1),l.addEventListener(\"DOMContentLoaded\",function(){for(var e,t,s=l.querySelectorAll(\"iframe.wp-embedded-content\"),r=0;r<s.length;r++)(t=(e=s[r]).getAttribute(\"data-secret\"))||(t=Math.random().toString(36).substring(2,12),e.src+=\"#?secret=\"+t,e.setAttribute(\"data-secret\",t)),e.contentWindow.postMessage({message:\"ready\",secret:t},\"*\")},!1)))}(window,document);\n\/* ]]> *\/\n<\/script>\n","thumbnail_url":"https:\/\/instytutpolski.pl\/paris\/wp-content\/uploads\/sites\/14\/2023\/12\/In-the-Rearview_dir.-Maciek-Hamela-2.png","thumbnail_width":1920,"thumbnail_height":1080,"description":"SYNOPSIS Un van polonais sillonne les routes d\u2019Ukraine. A son bord, Maciek Hamela \u00e9vacue des habitants qui fuient leur pays depuis l\u2019invasion russe. Le v\u00e9hicule devient alors un refuge \u00e9ph\u00e9m\u00e8re, une zone de confiance et de confidences pour des gens qui laissent tout derri\u00e8re eux et n\u2019ont plus qu\u2019un seul objectif : retrouver une possibilit\u00e9 [&hellip;]"}