{"version":"1.0","provider_name":"Instytut Polski w Pradze","provider_url":"https:\/\/instytutpolski.pl\/praha","author_name":"cermakm","author_url":"https:\/\/instytutpolski.pl\/praha\/author\/cermakm\/","title":"Kdy\u017e kv\u011btiny neml\u010d\u00ed - Instytut Polski w Pradze","type":"rich","width":600,"height":338,"html":"<blockquote class=\"wp-embedded-content\" data-secret=\"TvI1DoVofp\"><a href=\"https:\/\/instytutpolski.pl\/praha\/2022\/04\/28\/kdyz-kvetiny-nemlci\/\">Kdy\u017e kv\u011btiny neml\u010d\u00ed<\/a><\/blockquote><iframe sandbox=\"allow-scripts\" security=\"restricted\" src=\"https:\/\/instytutpolski.pl\/praha\/2022\/04\/28\/kdyz-kvetiny-nemlci\/embed\/#?secret=TvI1DoVofp\" width=\"600\" height=\"338\" title=\"&#8222;Kdy\u017e kv\u011btiny neml\u010d\u00ed&#8221; &#8212; Instytut Polski w Pradze\" data-secret=\"TvI1DoVofp\" frameborder=\"0\" marginwidth=\"0\" marginheight=\"0\" scrolling=\"no\" class=\"wp-embedded-content\"><\/iframe><script type=\"text\/javascript\">\n\/* <![CDATA[ *\/\n\/*! This file is auto-generated *\/\n!function(d,l){\"use strict\";l.querySelector&&d.addEventListener&&\"undefined\"!=typeof URL&&(d.wp=d.wp||{},d.wp.receiveEmbedMessage||(d.wp.receiveEmbedMessage=function(e){var t=e.data;if((t||t.secret||t.message||t.value)&&!\/[^a-zA-Z0-9]\/.test(t.secret)){for(var s,r,n,a=l.querySelectorAll('iframe[data-secret=\"'+t.secret+'\"]'),o=l.querySelectorAll('blockquote[data-secret=\"'+t.secret+'\"]'),c=new RegExp(\"^https?:$\",\"i\"),i=0;i<o.length;i++)o[i].style.display=\"none\";for(i=0;i<a.length;i++)s=a[i],e.source===s.contentWindow&&(s.removeAttribute(\"style\"),\"height\"===t.message?(1e3<(r=parseInt(t.value,10))?r=1e3:~~r<200&&(r=200),s.height=r):\"link\"===t.message&&(r=new URL(s.getAttribute(\"src\")),n=new URL(t.value),c.test(n.protocol))&&n.host===r.host&&l.activeElement===s&&(d.top.location.href=t.value))}},d.addEventListener(\"message\",d.wp.receiveEmbedMessage,!1),l.addEventListener(\"DOMContentLoaded\",function(){for(var e,t,s=l.querySelectorAll(\"iframe.wp-embedded-content\"),r=0;r<s.length;r++)(t=(e=s[r]).getAttribute(\"data-secret\"))||(t=Math.random().toString(36).substring(2,12),e.src+=\"#?secret=\"+t,e.setAttribute(\"data-secret\",t)),e.contentWindow.postMessage({message:\"ready\",secret:t},\"*\")},!1)))}(window,document);\n\/* ]]> *\/\n<\/script>\n","thumbnail_url":"https:\/\/instytutpolski.pl\/praha\/wp-content\/uploads\/sites\/10\/2022\/04\/Kdyz-kvetiny-nemlci.png","thumbnail_width":512,"thumbnail_height":640,"description":"Zfal\u0161ovan\u00e9 prezidentsk\u00e9 volby v\u202fB\u011blorusku v\u202froce 2020 vyvolaly masov\u00e9 demonstrace, kter\u00e9 tato zem\u011b dosud neza\u017eila. Brut\u00e1ln\u011b potla\u010dovan\u00e9 pokojn\u00e9 protesty v\u0161ak nevedly k\u202fodstoupen\u00ed Aleksandra Luka\u0161enka z\u202fprezidentsk\u00e9 funkce, kterou zast\u00e1val u\u017e 27 let. Re\u017eim naopak p\u0159istoupil k\u202fneb\u00fdvale tvrd\u00fdm politick\u00fdm repres\u00edm. Dokument Andreie Kutsilase, b\u011blorusk\u00e9ho re\u017eis\u00e9ra \u017eij\u00edc\u00edho v &#x1f1f5;&#x1f1f1;, se zam\u011b\u0159uje na \u017eivot b\u011blorusk\u00fdch rodin, kter\u00e9 se bez ohledu [&hellip;]"}