{"version":"1.0","provider_name":"Instytut Polski w Pradze","provider_url":"https:\/\/instytutpolski.pl\/praha","author_name":"cermakm","author_url":"https:\/\/instytutpolski.pl\/praha\/author\/cermakm\/","title":"T\u00fdden\u00edk Echo \/ Pol\u00e1ci a \u010ce\u0161i: spole\u010dn\u00e9 v\u00fdzvy - Instytut Polski w Pradze","type":"rich","width":600,"height":338,"html":"<blockquote class=\"wp-embedded-content\" data-secret=\"Vqfd0o5Zj3\"><a href=\"https:\/\/instytutpolski.pl\/praha\/2022\/05\/27\/tydenik-echo-polaci-a-cesi-spolecne-vyzvy\/\">T\u00fdden\u00edk Echo \/ Pol\u00e1ci a \u010ce\u0161i: spole\u010dn\u00e9 v\u00fdzvy<\/a><\/blockquote><iframe sandbox=\"allow-scripts\" security=\"restricted\" src=\"https:\/\/instytutpolski.pl\/praha\/2022\/05\/27\/tydenik-echo-polaci-a-cesi-spolecne-vyzvy\/embed\/#?secret=Vqfd0o5Zj3\" width=\"600\" height=\"338\" title=\"&#8222;T\u00fdden\u00edk Echo \/ Pol\u00e1ci a \u010ce\u0161i: spole\u010dn\u00e9 v\u00fdzvy&#8221; &#8212; Instytut Polski w Pradze\" data-secret=\"Vqfd0o5Zj3\" frameborder=\"0\" marginwidth=\"0\" marginheight=\"0\" scrolling=\"no\" class=\"wp-embedded-content\"><\/iframe><script type=\"text\/javascript\">\n\/* <![CDATA[ *\/\n\/*! This file is auto-generated *\/\n!function(d,l){\"use strict\";l.querySelector&&d.addEventListener&&\"undefined\"!=typeof URL&&(d.wp=d.wp||{},d.wp.receiveEmbedMessage||(d.wp.receiveEmbedMessage=function(e){var t=e.data;if((t||t.secret||t.message||t.value)&&!\/[^a-zA-Z0-9]\/.test(t.secret)){for(var s,r,n,a=l.querySelectorAll('iframe[data-secret=\"'+t.secret+'\"]'),o=l.querySelectorAll('blockquote[data-secret=\"'+t.secret+'\"]'),c=new RegExp(\"^https?:$\",\"i\"),i=0;i<o.length;i++)o[i].style.display=\"none\";for(i=0;i<a.length;i++)s=a[i],e.source===s.contentWindow&&(s.removeAttribute(\"style\"),\"height\"===t.message?(1e3<(r=parseInt(t.value,10))?r=1e3:~~r<200&&(r=200),s.height=r):\"link\"===t.message&&(r=new URL(s.getAttribute(\"src\")),n=new URL(t.value),c.test(n.protocol))&&n.host===r.host&&l.activeElement===s&&(d.top.location.href=t.value))}},d.addEventListener(\"message\",d.wp.receiveEmbedMessage,!1),l.addEventListener(\"DOMContentLoaded\",function(){for(var e,t,s=l.querySelectorAll(\"iframe.wp-embedded-content\"),r=0;r<s.length;r++)(t=(e=s[r]).getAttribute(\"data-secret\"))||(t=Math.random().toString(36).substring(2,12),e.src+=\"#?secret=\"+t,e.setAttribute(\"data-secret\",t)),e.contentWindow.postMessage({message:\"ready\",secret:t},\"*\")},!1)))}(window,document);\n\/* ]]> *\/\n<\/script>\n","thumbnail_url":"https:\/\/instytutpolski.pl\/praha\/wp-content\/uploads\/sites\/10\/2022\/05\/image002.jpg","thumbnail_width":454,"thumbnail_height":562,"description":"P\u0159\u00edloha T\u00fdden\u00edku Echo, kter\u00e1 je v\u00fdsledkem spole\u010dn\u00e9ho projektu s&nbsp;\u010dasopisem Wszystko Co Najwa\u017cniejsze, p\u0159inese anal\u00fdzu jednotliv\u00fdch oblast\u00ed spolupr\u00e1ce Polska a&nbsp;\u010ceska tv\u00e1\u0159\u00ed v&nbsp;tv\u00e1\u0159 konfliktu na Ukrajin\u011b \u2013 v&nbsp;hled\u00e1\u010dku autor\u016f se objev\u00ed bezpe\u010dnostn\u00ed ot\u00e1zky, ale i&nbsp;energetika, evropsk\u00e1 politika \u010di kultura. Mezi autory budou tak\u00e9 premi\u00e9\u0159i Polska a&nbsp;\u010ceska. Projekt vznikl ve spolupr\u00e1ci s&nbsp;Polsk\u00fdm institutem a&nbsp;za podpory Polsko-\u010desk\u00e9ho f\u00f3ra. Vych\u00e1z\u00ed [&hellip;]"}