{"version":"1.0","provider_name":"Instytut Polski w Pradze","provider_url":"https:\/\/instytutpolski.pl\/praha","author_name":"cermakm","author_url":"https:\/\/instytutpolski.pl\/praha\/author\/cermakm\/","title":"Projekce filmu T\u0159i k\u00e1mo\u0161i - Instytut Polski w Pradze","type":"rich","width":600,"height":338,"html":"<blockquote class=\"wp-embedded-content\" data-secret=\"ePwSN4OEFx\"><a href=\"https:\/\/instytutpolski.pl\/praha\/2022\/09\/27\/projekce-filmu-tri-kamosi\/\">Projekce filmu T\u0159i k\u00e1mo\u0161i<\/a><\/blockquote><iframe sandbox=\"allow-scripts\" security=\"restricted\" src=\"https:\/\/instytutpolski.pl\/praha\/2022\/09\/27\/projekce-filmu-tri-kamosi\/embed\/#?secret=ePwSN4OEFx\" width=\"600\" height=\"338\" title=\"&#8222;Projekce filmu T\u0159i k\u00e1mo\u0161i&#8221; &#8212; Instytut Polski w Pradze\" data-secret=\"ePwSN4OEFx\" frameborder=\"0\" marginwidth=\"0\" marginheight=\"0\" scrolling=\"no\" class=\"wp-embedded-content\"><\/iframe><script type=\"text\/javascript\">\n\/* <![CDATA[ *\/\n\/*! This file is auto-generated *\/\n!function(d,l){\"use strict\";l.querySelector&&d.addEventListener&&\"undefined\"!=typeof URL&&(d.wp=d.wp||{},d.wp.receiveEmbedMessage||(d.wp.receiveEmbedMessage=function(e){var t=e.data;if((t||t.secret||t.message||t.value)&&!\/[^a-zA-Z0-9]\/.test(t.secret)){for(var s,r,n,a=l.querySelectorAll('iframe[data-secret=\"'+t.secret+'\"]'),o=l.querySelectorAll('blockquote[data-secret=\"'+t.secret+'\"]'),c=new RegExp(\"^https?:$\",\"i\"),i=0;i<o.length;i++)o[i].style.display=\"none\";for(i=0;i<a.length;i++)s=a[i],e.source===s.contentWindow&&(s.removeAttribute(\"style\"),\"height\"===t.message?(1e3<(r=parseInt(t.value,10))?r=1e3:~~r<200&&(r=200),s.height=r):\"link\"===t.message&&(r=new URL(s.getAttribute(\"src\")),n=new URL(t.value),c.test(n.protocol))&&n.host===r.host&&l.activeElement===s&&(d.top.location.href=t.value))}},d.addEventListener(\"message\",d.wp.receiveEmbedMessage,!1),l.addEventListener(\"DOMContentLoaded\",function(){for(var e,t,s=l.querySelectorAll(\"iframe.wp-embedded-content\"),r=0;r<s.length;r++)(t=(e=s[r]).getAttribute(\"data-secret\"))||(t=Math.random().toString(36).substring(2,12),e.src+=\"#?secret=\"+t,e.setAttribute(\"data-secret\",t)),e.contentWindow.postMessage({message:\"ready\",secret:t},\"*\")},!1)))}(window,document);\n\/* ]]> *\/\n<\/script>\n","thumbnail_url":"https:\/\/instytutpolski.pl\/praha\/wp-content\/uploads\/sites\/10\/2022\/09\/trzech-kumpli.jpg","thumbnail_width":1000,"thumbnail_height":1288,"description":"T\u0159i kamar\u00e1di z\u202fvysok\u00e9 \u0161koly. Jeden byl zavra\u017ed\u011bn, druh\u00fd se uk\u00e1zal jako zr\u00e1dce a t\u0159et\u00ed bojuje za pravdu. Stanis\u0142aw Pyjas, Les\u0142aw Maleszka, Bronis\u0142aw Wildstein. Dokument s\u202fhran\u00fdmi pas\u00e1\u017eemi vypr\u00e1v\u00ed skute\u010dn\u00fd p\u0159\u00edb\u011bh jednoho p\u0159\u00e1telstv\u00ed z\u202fobdob\u00ed komunistick\u00e9ho Polska 70. let 20. stolet\u00ed. Bezejmenn\u00e1 represivn\u00ed ma\u0161in\u00e9rie ve filmu dost\u00e1v\u00e1 konkr\u00e9tn\u00ed tv\u00e1\u0159e \u2013 funkcion\u00e1\u0159\u016f komunistick\u00e9ho bezpe\u010dnostn\u00edho apar\u00e1tu a tajn\u00fdch spolupracovn\u00edk\u016f. Na [&hellip;]"}