{"version":"1.0","provider_name":"Instytut Polski w Pradze","provider_url":"https:\/\/instytutpolski.pl\/praha","author_name":"cermakm","author_url":"https:\/\/instytutpolski.pl\/praha\/author\/cermakm\/","title":"Muzeum Var\u0161avsk\u00e9ho ghetta - Instytut Polski w Pradze","type":"rich","width":600,"height":338,"html":"<blockquote class=\"wp-embedded-content\" data-secret=\"VNWuZbvd2t\"><a href=\"https:\/\/instytutpolski.pl\/praha\/2022\/11\/02\/muzeum-varsavskeho-ghetta\/\">Muzeum Var\u0161avsk\u00e9ho ghetta<\/a><\/blockquote><iframe sandbox=\"allow-scripts\" security=\"restricted\" src=\"https:\/\/instytutpolski.pl\/praha\/2022\/11\/02\/muzeum-varsavskeho-ghetta\/embed\/#?secret=VNWuZbvd2t\" width=\"600\" height=\"338\" title=\"&#8222;Muzeum Var\u0161avsk\u00e9ho ghetta&#8221; &#8212; Instytut Polski w Pradze\" data-secret=\"VNWuZbvd2t\" frameborder=\"0\" marginwidth=\"0\" marginheight=\"0\" scrolling=\"no\" class=\"wp-embedded-content\"><\/iframe><script type=\"text\/javascript\">\n\/* <![CDATA[ *\/\n\/*! This file is auto-generated *\/\n!function(d,l){\"use strict\";l.querySelector&&d.addEventListener&&\"undefined\"!=typeof URL&&(d.wp=d.wp||{},d.wp.receiveEmbedMessage||(d.wp.receiveEmbedMessage=function(e){var t=e.data;if((t||t.secret||t.message||t.value)&&!\/[^a-zA-Z0-9]\/.test(t.secret)){for(var s,r,n,a=l.querySelectorAll('iframe[data-secret=\"'+t.secret+'\"]'),o=l.querySelectorAll('blockquote[data-secret=\"'+t.secret+'\"]'),c=new RegExp(\"^https?:$\",\"i\"),i=0;i<o.length;i++)o[i].style.display=\"none\";for(i=0;i<a.length;i++)s=a[i],e.source===s.contentWindow&&(s.removeAttribute(\"style\"),\"height\"===t.message?(1e3<(r=parseInt(t.value,10))?r=1e3:~~r<200&&(r=200),s.height=r):\"link\"===t.message&&(r=new URL(s.getAttribute(\"src\")),n=new URL(t.value),c.test(n.protocol))&&n.host===r.host&&l.activeElement===s&&(d.top.location.href=t.value))}},d.addEventListener(\"message\",d.wp.receiveEmbedMessage,!1),l.addEventListener(\"DOMContentLoaded\",function(){for(var e,t,s=l.querySelectorAll(\"iframe.wp-embedded-content\"),r=0;r<s.length;r++)(t=(e=s[r]).getAttribute(\"data-secret\"))||(t=Math.random().toString(36).substring(2,12),e.src+=\"#?secret=\"+t,e.setAttribute(\"data-secret\",t)),e.contentWindow.postMessage({message:\"ready\",secret:t},\"*\")},!1)))}(window,document);\n\/* ]]> *\/\n<\/script>\n","thumbnail_url":"https:\/\/instytutpolski.pl\/praha\/wp-content\/uploads\/sites\/10\/2022\/11\/311589848_10161096756383475_8542697471811164343_n.jpg","thumbnail_width":1960,"thumbnail_height":1444,"description":"V\u00edte, \u017ee ve Var\u0161av\u011b vznik\u00e1 nov\u00e9 muzeum? Bude v\u011bnov\u00e1no ob\u011btem i p\u0159e\u017eiv\u0161\u00edm obyvatel\u016fm var\u0161avsk\u00e9ho ghetta. Proto\u017ee v\u0161ak bylo ghetto n\u011bmeck\u00fdmi okupanty zni\u010deno a v\u011bt\u0161ina obyvatel vyvra\u017ed\u011bna, dochovalo se jen m\u00e1lo expon\u00e1t\u016f. Muzeum Var\u0161avsk\u00e9ho ghetta proto vyhla\u0161uje p\u00e1tr\u00e1n\u00ed po historick\u00fdch p\u0159edm\u011btech, kter\u00e9 by mohlo ve sv\u00fdch sb\u00edrk\u00e1ch vystavit! Pokud byste cht\u011bli takov\u00fd p\u0159edm\u011bt darovat nebo zap\u016fj\u010dit, [&hellip;]"}