{"version":"1.0","provider_name":"Instytut Polski w Pradze","provider_url":"https:\/\/instytutpolski.pl\/praha","author_name":"cermakm","author_url":"https:\/\/instytutpolski.pl\/praha\/author\/cermakm\/","title":"Dobr\u00e9 odpoledne s pol\u0161tinou - Instytut Polski w Pradze","type":"rich","width":600,"height":338,"html":"<blockquote class=\"wp-embedded-content\" data-secret=\"BcDMSKwCdq\"><a href=\"https:\/\/instytutpolski.pl\/praha\/2022\/11\/30\/dobre-odpoledne-s-polstinou\/\">Dobr\u00e9 odpoledne s pol\u0161tinou<\/a><\/blockquote><iframe sandbox=\"allow-scripts\" security=\"restricted\" src=\"https:\/\/instytutpolski.pl\/praha\/2022\/11\/30\/dobre-odpoledne-s-polstinou\/embed\/#?secret=BcDMSKwCdq\" width=\"600\" height=\"338\" title=\"&#8222;Dobr\u00e9 odpoledne s pol\u0161tinou&#8221; &#8212; Instytut Polski w Pradze\" data-secret=\"BcDMSKwCdq\" frameborder=\"0\" marginwidth=\"0\" marginheight=\"0\" scrolling=\"no\" class=\"wp-embedded-content\"><\/iframe><script type=\"text\/javascript\">\n\/* <![CDATA[ *\/\n\/*! This file is auto-generated *\/\n!function(d,l){\"use strict\";l.querySelector&&d.addEventListener&&\"undefined\"!=typeof URL&&(d.wp=d.wp||{},d.wp.receiveEmbedMessage||(d.wp.receiveEmbedMessage=function(e){var t=e.data;if((t||t.secret||t.message||t.value)&&!\/[^a-zA-Z0-9]\/.test(t.secret)){for(var s,r,n,a=l.querySelectorAll('iframe[data-secret=\"'+t.secret+'\"]'),o=l.querySelectorAll('blockquote[data-secret=\"'+t.secret+'\"]'),c=new RegExp(\"^https?:$\",\"i\"),i=0;i<o.length;i++)o[i].style.display=\"none\";for(i=0;i<a.length;i++)s=a[i],e.source===s.contentWindow&&(s.removeAttribute(\"style\"),\"height\"===t.message?(1e3<(r=parseInt(t.value,10))?r=1e3:~~r<200&&(r=200),s.height=r):\"link\"===t.message&&(r=new URL(s.getAttribute(\"src\")),n=new URL(t.value),c.test(n.protocol))&&n.host===r.host&&l.activeElement===s&&(d.top.location.href=t.value))}},d.addEventListener(\"message\",d.wp.receiveEmbedMessage,!1),l.addEventListener(\"DOMContentLoaded\",function(){for(var e,t,s=l.querySelectorAll(\"iframe.wp-embedded-content\"),r=0;r<s.length;r++)(t=(e=s[r]).getAttribute(\"data-secret\"))||(t=Math.random().toString(36).substring(2,12),e.src+=\"#?secret=\"+t,e.setAttribute(\"data-secret\",t)),e.contentWindow.postMessage({message:\"ready\",secret:t},\"*\")},!1)))}(window,document);\n\/* ]]> *\/\n<\/script>\n","thumbnail_url":"https:\/\/instytutpolski.pl\/praha\/wp-content\/uploads\/sites\/10\/2022\/11\/315447387_10161219492713475_4354440418664161728_n.jpg","thumbnail_width":744,"thumbnail_height":881,"description":"Zveme v\u00e1s na setk\u00e1n\u00ed se slovansk\u00fdmi tradicemi Doba Katarzynek a Andrzejek \u2013 p\u0159edve\u010der sv\u00e1tk\u016f sv. Kate\u0159iny a sv. Ond\u0159eje \u2013 n\u00e1m p\u0159in\u00e1\u0161\u00ed jedine\u010dnou p\u0159\u00edle\u017eitost utv\u00e1\u0159et sv\u016fj vlastn\u00ed \u017eivot p\u0159esn\u011b podle sv\u00fdch p\u0159edstav. Je to magick\u00fd \u010das \u2013 \u010das zapojit intuici. Na \u010darovn\u00e9m setk\u00e1n\u00ed 2. prosince budete m\u00edt mo\u017enost vyrobit si slovanskou panenku moci \u2013 MOTANKU. [&hellip;]"}