{"version":"1.0","provider_name":"Instytut Polski w Pradze","provider_url":"https:\/\/instytutpolski.pl\/praha","author_name":"cermakm","author_url":"https:\/\/instytutpolski.pl\/praha\/author\/cermakm\/","title":"Dobr\u00e9 r\u00e1no s pol\u0161tinou - Instytut Polski w Pradze","type":"rich","width":600,"height":338,"html":"<blockquote class=\"wp-embedded-content\" data-secret=\"1QwIHEFw0m\"><a href=\"https:\/\/instytutpolski.pl\/praha\/2022\/11\/30\/dobre-rano-s-polstinou\/\">Dobr\u00e9 r\u00e1no s pol\u0161tinou<\/a><\/blockquote><iframe sandbox=\"allow-scripts\" security=\"restricted\" src=\"https:\/\/instytutpolski.pl\/praha\/2022\/11\/30\/dobre-rano-s-polstinou\/embed\/#?secret=1QwIHEFw0m\" width=\"600\" height=\"338\" title=\"&#8222;Dobr\u00e9 r\u00e1no s pol\u0161tinou&#8221; &#8212; Instytut Polski w Pradze\" data-secret=\"1QwIHEFw0m\" frameborder=\"0\" marginwidth=\"0\" marginheight=\"0\" scrolling=\"no\" class=\"wp-embedded-content\"><\/iframe><script type=\"text\/javascript\">\n\/* <![CDATA[ *\/\n\/*! This file is auto-generated *\/\n!function(d,l){\"use strict\";l.querySelector&&d.addEventListener&&\"undefined\"!=typeof URL&&(d.wp=d.wp||{},d.wp.receiveEmbedMessage||(d.wp.receiveEmbedMessage=function(e){var t=e.data;if((t||t.secret||t.message||t.value)&&!\/[^a-zA-Z0-9]\/.test(t.secret)){for(var s,r,n,a=l.querySelectorAll('iframe[data-secret=\"'+t.secret+'\"]'),o=l.querySelectorAll('blockquote[data-secret=\"'+t.secret+'\"]'),c=new RegExp(\"^https?:$\",\"i\"),i=0;i<o.length;i++)o[i].style.display=\"none\";for(i=0;i<a.length;i++)s=a[i],e.source===s.contentWindow&&(s.removeAttribute(\"style\"),\"height\"===t.message?(1e3<(r=parseInt(t.value,10))?r=1e3:~~r<200&&(r=200),s.height=r):\"link\"===t.message&&(r=new URL(s.getAttribute(\"src\")),n=new URL(t.value),c.test(n.protocol))&&n.host===r.host&&l.activeElement===s&&(d.top.location.href=t.value))}},d.addEventListener(\"message\",d.wp.receiveEmbedMessage,!1),l.addEventListener(\"DOMContentLoaded\",function(){for(var e,t,s=l.querySelectorAll(\"iframe.wp-embedded-content\"),r=0;r<s.length;r++)(t=(e=s[r]).getAttribute(\"data-secret\"))||(t=Math.random().toString(36).substring(2,12),e.src+=\"#?secret=\"+t,e.setAttribute(\"data-secret\",t)),e.contentWindow.postMessage({message:\"ready\",secret:t},\"*\")},!1)))}(window,document);\n\/* ]]> *\/\n<\/script>\n","thumbnail_url":"https:\/\/instytutpolski.pl\/praha\/wp-content\/uploads\/sites\/10\/2022\/11\/315217126_10161215128458475_4498132040425717082_n.jpg","thumbnail_width":1080,"thumbnail_height":607,"description":"Srde\u010dn\u011b zveme na setk\u00e1n\u00ed, kde spole\u010dn\u011b vytvo\u0159\u00edme v\u00fdjime\u010dnou v\u00e1no\u010dn\u00ed ozdobu, kter\u00e1 bude p\u0159ekr\u00e1sn\u00fdm dopl\u0148kem leto\u0161n\u00edch sv\u00e1tk\u016f. V prvn\u00ed polovin\u011b 19. stolet\u00ed byli jedn\u00edm z nejd\u016fle\u017eit\u011bj\u0161\u00edch dekorativn\u00edch prvk\u016f venkovsk\u00fdch m\u00edstnost\u00ed lidov\u00ed pavouci \u2013 trojrozm\u011brn\u00e9 konstrukce ze sl\u00e1my, p\u0159\u00edze, kousk\u016f l\u00e1tek a hedv\u00e1bn\u00e9ho pap\u00edru, p\u0159ipom\u00ednaj\u00edc\u00ed lustry. Tradice v\u00fdroby pavouk\u016f byla v cel\u00e9m Polsku a v jin\u00fdch slovansk\u00fdch [&hellip;]"}