{"version":"1.0","provider_name":"Instytut Polski w Pradze","provider_url":"https:\/\/instytutpolski.pl\/praha","author_name":"rohanovaj","author_url":"https:\/\/instytutpolski.pl\/praha\/author\/rohanovaj\/","title":"Mezin\u00e1rodn\u00ed festival jazzov\u00e9ho piana \/ Piotr Matusik - Instytut Polski w Pradze","type":"rich","width":600,"height":338,"html":"<blockquote class=\"wp-embedded-content\" data-secret=\"XNXxuMQuxf\"><a href=\"https:\/\/instytutpolski.pl\/praha\/2024\/11\/21\/mezinarodni-festival-jazzoveho-piana-piotr-matusik\/\">Mezin\u00e1rodn\u00ed festival jazzov\u00e9ho piana \/ Piotr Matusik<\/a><\/blockquote><iframe sandbox=\"allow-scripts\" security=\"restricted\" src=\"https:\/\/instytutpolski.pl\/praha\/2024\/11\/21\/mezinarodni-festival-jazzoveho-piana-piotr-matusik\/embed\/#?secret=XNXxuMQuxf\" width=\"600\" height=\"338\" title=\"&#8222;Mezin\u00e1rodn\u00ed festival jazzov\u00e9ho piana \/ Piotr Matusik&#8221; &#8212; Instytut Polski w Pradze\" data-secret=\"XNXxuMQuxf\" frameborder=\"0\" marginwidth=\"0\" marginheight=\"0\" scrolling=\"no\" class=\"wp-embedded-content\"><\/iframe><script type=\"text\/javascript\">\n\/* <![CDATA[ *\/\n\/*! This file is auto-generated *\/\n!function(d,l){\"use strict\";l.querySelector&&d.addEventListener&&\"undefined\"!=typeof URL&&(d.wp=d.wp||{},d.wp.receiveEmbedMessage||(d.wp.receiveEmbedMessage=function(e){var t=e.data;if((t||t.secret||t.message||t.value)&&!\/[^a-zA-Z0-9]\/.test(t.secret)){for(var s,r,n,a=l.querySelectorAll('iframe[data-secret=\"'+t.secret+'\"]'),o=l.querySelectorAll('blockquote[data-secret=\"'+t.secret+'\"]'),c=new RegExp(\"^https?:$\",\"i\"),i=0;i<o.length;i++)o[i].style.display=\"none\";for(i=0;i<a.length;i++)s=a[i],e.source===s.contentWindow&&(s.removeAttribute(\"style\"),\"height\"===t.message?(1e3<(r=parseInt(t.value,10))?r=1e3:~~r<200&&(r=200),s.height=r):\"link\"===t.message&&(r=new URL(s.getAttribute(\"src\")),n=new URL(t.value),c.test(n.protocol))&&n.host===r.host&&l.activeElement===s&&(d.top.location.href=t.value))}},d.addEventListener(\"message\",d.wp.receiveEmbedMessage,!1),l.addEventListener(\"DOMContentLoaded\",function(){for(var e,t,s=l.querySelectorAll(\"iframe.wp-embedded-content\"),r=0;r<s.length;r++)(t=(e=s[r]).getAttribute(\"data-secret\"))||(t=Math.random().toString(36).substring(2,12),e.src+=\"#?secret=\"+t,e.setAttribute(\"data-secret\",t)),e.contentWindow.postMessage({message:\"ready\",secret:t},\"*\")},!1)))}(window,document);\n\/* ]]> *\/\n<\/script>\n","thumbnail_url":"https:\/\/instytutpolski.pl\/praha\/wp-content\/uploads\/sites\/10\/2024\/11\/piotr_matusik.jpg","thumbnail_width":2048,"thumbnail_height":1224,"description":"Tento klav\u00edrista mlad\u00e9 generace m\u00e1 za sebou ji\u017e \u0159adu \u00fasp\u011bch\u016f v mezin\u00e1rodn\u00edch sout\u011b\u017e\u00edch. Nap\u0159\u00edklad v\u00a0oboru skladby zv\u00edt\u011bzil v\u00a0belgick\u00e9 B-Jazz 2016. Je \u010dlenem World Orchestra Grzecha Piotrowsk\u00e9ho, doprov\u00e1z\u00ed zp\u011bva\u010dky Ewu Bem \u010di Justynu Steczkowskou, spolupracoval s\u00a0Apostolisem Anthimosem, spoluzakladatelem slavn\u00e9 polsk\u00e9 skupiny SBB. Ale p\u0159edev\u0161\u00edm vede vlastn\u00ed trio. V\u00a0n\u011bm r\u00e1d st\u0159\u00edd\u00e1 klav\u00edr se syntez\u00e1tory, b\u011bhem pra\u017esk\u00e9ho s\u00f3lov\u00e9ho [&hellip;]"}