{"id":8051,"date":"2023-01-19T11:40:38","date_gmt":"2023-01-19T10:40:38","guid":{"rendered":"https:\/\/instytutpolski.pl\/praha\/?page_id=8051"},"modified":"2025-06-03T16:40:27","modified_gmt":"2025-06-03T14:40:27","slug":"nabidka-vystav","status":"publish","type":"page","link":"https:\/\/instytutpolski.pl\/praha\/o-polskem-institutu\/nabidka-vystav\/","title":{"rendered":"Nab\u00eddka v\u00fdstav"},"content":{"rendered":"\n<div class=\"wp-block-group\"><div class=\"wp-block-group__inner-container is-layout-flow wp-block-group-is-layout-flow\">\n<p><strong>V na\u0161em archivu m\u00e1me k dispozici nejr\u016fzn\u011bj\u0161\u00ed v\u00fdstavy, kter\u00e9 nab\u00edz\u00edme k zap\u016fj\u010den\u00ed.<\/strong><\/p>\n\n\n\n<p><strong>Kontakt pro z\u00e1jemce o uspo\u0159\u00e1d\u00e1n\u00ed v\u00fdstavy:<\/strong><\/p>\n\n\n\n<p>Lucie Zakopalov\u00e1, tel. 220 410 415 nebo 776 259 323, e-mail: <a href=\"mailto:lucie.zakopalova@instytutpolski.pl\" target=\"_blank\" rel=\"noreferrer noopener\">lucie.zakopalova@instytutpolski.pl<\/a><\/p>\n<\/div><\/div>\n\n\n\n<hr class=\"wp-block-separator has-alpha-channel-opacity\" \/>\n\n\n\n<h2 class=\"wp-block-heading\">Mami, j\u00e1 nechci v\u00e1lku&nbsp;\/ v\u00fdstava d\u011btsk\u00fdch kreseb<\/h2>\n\n\n\n<p>Polsko-ukrajinsk\u00fd projekt, kter\u00fd spojuje minulost a sou\u010dasnost, a vypr\u00e1v\u00ed o hr\u016fz\u00e1ch v\u00e1lky d\u011btsk\u00fdma o\u010dima. V\u00fdstava <em>Mami, j\u00e1 nechci v\u00e1lku<\/em> vznikla ve spolupr\u00e1ci polsk\u00e9ho St\u00e1tn\u00edho archivu, Ministerstva zahrani\u010dn\u00edch v\u011bc\u00ed Polsk\u00e9 republiky a ukrajinsk\u00e9ho projektu <em>Mom, I See<\/em> <em>War<\/em>. Spojuje historick\u00e9 kresby polsk\u00fdch d\u011bt\u00ed, kter\u00e9 pro\u017eily druhou sv\u011btovou v\u00e1lku, a kresby ukrajinsk\u00fdch d\u011bt\u00ed, kter\u00e9 pro\u017e\u00edvaj\u00ed v\u00e1lku dnes ve sv\u00e9 zemi. Podobnost mezi historick\u00fdmi a sou\u010dasn\u00fdmi d\u00edly je n\u00e1padn\u00e1. Sc\u00e9n\u00e1\u0159e jednotliv\u00fdch v\u00e1lek jsou si velmi podobn\u00e9. M\u011bn\u00ed se \u010das, m\u011bn\u00ed se m\u00edsto, m\u011bn\u00ed se d\u011bt\u0161t\u00ed sv\u011bdci, ale v\u00e1lka je st\u00e1le stejn\u00e1.<\/p>\n\n\n\n<p><strong>Technick\u00e9 \u00fadaje:<\/strong> panely z lehk\u00e9ho PVC, rozm\u011bry 70 x 100 cm, 25 ks; v\u00fdstava v \u010desko-anglicko-ukrajinsk\u00e9 verzi<\/p>\n\n\n\n<figure class=\"wp-block-image size-full is-resized\"><img loading=\"lazy\" decoding=\"async\" width=\"599\" height=\"854\" src=\"https:\/\/instytutpolski.pl\/praha\/wp-content\/uploads\/sites\/10\/2023\/01\/mami_ja_nechci_valku_uvodni_panel.jpg\" alt=\"\" class=\"wp-image-8113\" style=\"width:517px;height:737px\" srcset=\"https:\/\/instytutpolski.pl\/praha\/wp-content\/uploads\/sites\/10\/2023\/01\/mami_ja_nechci_valku_uvodni_panel.jpg 599w, https:\/\/instytutpolski.pl\/praha\/wp-content\/uploads\/sites\/10\/2023\/01\/mami_ja_nechci_valku_uvodni_panel-210x300.jpg 210w\" sizes=\"auto, (max-width: 599px) 100vw, 599px\" \/><\/figure>\n\n\n\n<hr class=\"wp-block-separator has-alpha-channel-opacity\" \/>\n\n\n\n<h2 class=\"wp-block-heading\">Listuj sv\u011btem \/ polsk\u00e9 ilustrace pro d\u011bti v&nbsp;\u010desk\u00fdch p\u0159ekladech&nbsp;<\/h2>\n\n\n\n<p>Pono\u0159te se do oce\u00e1nu, projd\u011bte antick\u00fdm labyrintem, poznejte lidsk\u00fd mozek nebo prozkoumejte tajemstv\u00ed hub. Sta\u010d\u00ed zalistovat jednou z&nbsp;knih pro nejmlad\u0161\u00ed \u010dten\u00e1\u0159e od t\u011bch nejlep\u0161\u00edch polsk\u00fdch autor\u016f a autorek. V\u011bnuj\u00ed se designu, vesm\u00edru, architektu\u0159e, n\u00e1rodn\u00edm park\u016fm, v\u010del\u00e1m, hudb\u011b, strom\u016fm nebo lidsk\u00fdm vyn\u00e1lez\u016fm. Spojuj\u00ed je kr\u00e1sn\u00e9 ilustrace a origin\u00e1ln\u00ed obsah, kter\u00fd nenud\u00ed ani rodi\u010de! Autory ilustrac\u00ed jsou zn\u00e1m\u00ed v\u00fdtvarn\u00edci jako Daniel a Aleksandra Mizieli\u0144\u0161t\u00ed, Piotr Socha nebo Emilia Dziubak \u2013 jejich kr\u00e1sn\u00e9 knihy si m\u016f\u017eete spolu s d\u011btmi p\u0159e\u010d\u00edst v \u010de\u0161tin\u011b.<\/p>\n\n\n\n<p><strong>Technick\u00e9 \u00fadaje:<\/strong> panely z lehk\u00e9ho PVC, rozm\u011bry 70 x 100 cm, 20 ks<\/p>\n\n\n\n<figure class=\"wp-block-image size-large\"><img loading=\"lazy\" decoding=\"async\" width=\"1024\" height=\"576\" src=\"https:\/\/instytutpolski.pl\/praha\/wp-content\/uploads\/sites\/10\/2021\/08\/vystava-listuj-1024x576.jpg\" alt=\"\" class=\"wp-image-5082\" srcset=\"https:\/\/instytutpolski.pl\/praha\/wp-content\/uploads\/sites\/10\/2021\/08\/vystava-listuj-1024x576.jpg 1024w, https:\/\/instytutpolski.pl\/praha\/wp-content\/uploads\/sites\/10\/2021\/08\/vystava-listuj-300x169.jpg 300w, https:\/\/instytutpolski.pl\/praha\/wp-content\/uploads\/sites\/10\/2021\/08\/vystava-listuj-768x432.jpg 768w, https:\/\/instytutpolski.pl\/praha\/wp-content\/uploads\/sites\/10\/2021\/08\/vystava-listuj.jpg 1120w, https:\/\/instytutpolski.pl\/praha\/wp-content\/uploads\/sites\/10\/2021\/08\/vystava-listuj-1920x1080.jpg 1920w\" sizes=\"auto, (max-width: 1024px) 100vw, 1024px\" \/><\/figure>\n\n\n\n<hr class=\"wp-block-separator has-alpha-channel-opacity\" \/>\n\n\n\n<h2 class=\"wp-block-heading\">Budoucnost v&nbsp;bublin\u00e1ch \/ v\u00fdstava komiks\u016f inspirovan\u00fdch tvorbou Stanis\u0142awa Lema<\/h2>\n\n\n\n<p>Kam n\u00e1s vede st\u00e1le hlub\u0161\u00ed pozn\u00e1v\u00e1n\u00ed sv\u011bta a vesm\u00edru? M\u00e1me se budoucnosti b\u00e1t, nebo se na ni t\u011b\u0161it? V&nbsp;roce 2021 uplynulo sto let od narozen\u00ed sv\u011btozn\u00e1m\u00e9ho polsk\u00e9ho spisovatele a futurologa&nbsp;Stanis\u0142awa Lema&nbsp;a \u0161edes\u00e1t let od vyd\u00e1n\u00ed jeho kultovn\u00edho a n\u011bkolikr\u00e1t zfilmovan\u00e9ho rom\u00e1nu&nbsp;<em>Solaris<\/em>. Polsk\u00fd institut v&nbsp;Praze p\u0159i t\u00e9to p\u0159\u00edle\u017eitosti vyhl\u00e1sil otev\u0159enou komiksovou sout\u011b\u017e pro \u010desk\u00e9 v\u00fdtvarn\u00edky inspirovanou Lemov\u00fdmi slavn\u00fdmi pov\u00eddkami a rom\u00e1ny. V\u00fdstava p\u0159in\u00e1\u0161\u00ed nejlep\u0161\u00ed pr\u00e1ce vybran\u00e9 porotou ve slo\u017een\u00ed \u0160t\u011bp\u00e1nka Jislov\u00e1, Pavel Ko\u0159\u00ednek a Tom\u00e1\u0161 Prok\u016fpek. Dozv\u00edte se tak\u00e9 v\u00edce o Lemov\u011b \u017eivot\u011b, d\u00edle a filmov\u00fdch adaptac\u00edch jeho d\u011bl.<\/p>\n\n\n\n<p><strong>Technick\u00e9 \u00fadaje: <\/strong>panely z lehk\u00e9ho PVC, 85 x 55 cm, po\u010det panel\u016f 20<\/p>\n\n\n\n<figure class=\"wp-block-image size-full\"><img loading=\"lazy\" decoding=\"async\" width=\"722\" height=\"498\" src=\"https:\/\/instytutpolski.pl\/praha\/wp-content\/uploads\/sites\/10\/2022\/02\/Budoucnost-v-bublinach.jpg\" alt=\"\" class=\"wp-image-6108\" srcset=\"https:\/\/instytutpolski.pl\/praha\/wp-content\/uploads\/sites\/10\/2022\/02\/Budoucnost-v-bublinach.jpg 722w, https:\/\/instytutpolski.pl\/praha\/wp-content\/uploads\/sites\/10\/2022\/02\/Budoucnost-v-bublinach-300x207.jpg 300w\" sizes=\"auto, (max-width: 722px) 100vw, 722px\" \/><\/figure>\n\n\n\n<hr class=\"wp-block-separator has-alpha-channel-opacity\" \/>\n\n\n\n<h2 class=\"wp-block-heading\">Spolu v bublin\u00e1ch<\/h2>\n\n\n\n<p>\u010ce\u0161i a Pol\u00e1ci v posledn\u00edm stolet\u00ed mnohokr\u00e1t sd\u00edleli spole\u010dn\u00fd osud: obnoven\u00ed st\u00e1tnosti, dv\u011b totality, budov\u00e1n\u00ed modern\u00ed demokracie. Zn\u00e1me se ale navz\u00e1jem? \u010ce\u0161t\u00ed hrdinov\u00e9 20. stolet\u00ed polsk\u00fdma o\u010dima, pol\u0161t\u00ed hrdinov\u00e9 20. stolet\u00ed \u010desk\u00fdma o\u010dima: V\u011bra \u010c\u00e1slavsk\u00e1, Milada Hor\u00e1kov\u00e1, Irena Sendlerov\u00e1, Anna Walentynowicz, Jan Palach, Witold Pilecki nebo Ryszard Siwiec. V\u00edt\u011bzn\u00e9 komiksov\u00e9 pr\u00e1ce sout\u011b\u017ee Polsk\u00e9ho institutu v Praze a \u010cesk\u00e9ho centra ve Var\u0161av\u011b.<\/p>\n\n\n\n<p><strong>Technick\u00e9 \u00fadaje: <\/strong>panely z lehk\u00e9ho PVC, 51 x 86 cm, 19 ks<\/p>\n\n\n\n<figure class=\"wp-block-image size-large\"><img loading=\"lazy\" decoding=\"async\" width=\"1024\" height=\"683\" src=\"https:\/\/instytutpolski.pl\/praha\/wp-content\/uploads\/sites\/10\/2020\/03\/spolu_v_bublinach_foto_z_vystavy-1024x683.jpg\" alt=\"\" class=\"wp-image-1149\" srcset=\"https:\/\/instytutpolski.pl\/praha\/wp-content\/uploads\/sites\/10\/2020\/03\/spolu_v_bublinach_foto_z_vystavy-1024x683.jpg 1024w, https:\/\/instytutpolski.pl\/praha\/wp-content\/uploads\/sites\/10\/2020\/03\/spolu_v_bublinach_foto_z_vystavy-300x200.jpg 300w, https:\/\/instytutpolski.pl\/praha\/wp-content\/uploads\/sites\/10\/2020\/03\/spolu_v_bublinach_foto_z_vystavy-768x512.jpg 768w, https:\/\/instytutpolski.pl\/praha\/wp-content\/uploads\/sites\/10\/2020\/03\/spolu_v_bublinach_foto_z_vystavy.jpg 1080w\" sizes=\"auto, (max-width: 1024px) 100vw, 1024px\" \/><figcaption class=\"wp-element-caption\">Foto z komiksov\u00e9 v\u00fdstavy Spolu v bublin\u00e1ch<\/figcaption><\/figure>\n\n\n\n<hr class=\"wp-block-separator has-alpha-channel-opacity\" \/>\n\n\n\n<h2 class=\"wp-block-heading\">Henryk v bublin\u00e1ch<\/h2>\n\n\n\n<p>D\u00edlo Henryka Sienkiewicze v komiksov\u00fdch&nbsp;adaptac\u00edch. V\u00fdstava uk\u00e1zek z v\u00edt\u011bzn\u00fdch a vybran\u00fdch p\u0159ihl\u00e1\u0161en\u00fdch komiks\u016f, ale tak\u00e9 pohled do d\u011bjin polsk\u00fdch a \u010desk\u00fdch sienkiewiczovsk\u00fdch adaptac\u00ed.<\/p>\n\n\n\n<p><strong>Technick\u00e9 \u00fadaje:<\/strong> panely z lehk\u00e9ho PVC, 56 x 98 cm, 14 ks<\/p>\n\n\n\n\n\n<hr class=\"wp-block-separator has-alpha-channel-opacity\" \/>\n\n\n\n<h2 class=\"wp-block-heading\">Po-lin \/ \u017did\u00e9 v&nbsp;Republice mnoha n\u00e1rod\u016f&nbsp;<\/h2>\n\n\n\n<p>V\u00fdstava p\u0159ipraven\u00e1 ve spolupr\u00e1ci s Muzeem d\u011bjin polsk\u00fdch \u017did\u016f Polin mapuje osudy \u017eidovsk\u00e9 komunity na \u00fazem\u00ed Republiky mnoha n\u00e1rod\u016f v 16.\u201318. stolet\u00ed. D\u00edky p\u0159\u00edzniv\u00fdm spole\u010densko-politick\u00fdm podm\u00ednk\u00e1m se polsko-litevsk\u00fd st\u00e1t v tomto obdob\u00ed stal sv\u011btov\u00fdm centrem \u017eidovsk\u00e9 vzd\u011blanosti a kultury.<\/p>\n\n\n\n<p><strong>Technick\u00e9 \u00fadaje:<\/strong> panely z lehk\u00e9ho PVC, rozm\u011bry 70 x 100 cm, po\u010det panel\u016f 11<\/p>\n\n\n\n<figure class=\"wp-block-image size-large\"><img loading=\"lazy\" decoding=\"async\" width=\"722\" height=\"1024\" src=\"https:\/\/instytutpolski.pl\/praha\/wp-content\/uploads\/sites\/10\/2020\/05\/polin_mensi-722x1024.jpg\" alt=\"\" class=\"wp-image-1536\" srcset=\"https:\/\/instytutpolski.pl\/praha\/wp-content\/uploads\/sites\/10\/2020\/05\/polin_mensi-722x1024.jpg 722w, https:\/\/instytutpolski.pl\/praha\/wp-content\/uploads\/sites\/10\/2020\/05\/polin_mensi-212x300.jpg 212w, https:\/\/instytutpolski.pl\/praha\/wp-content\/uploads\/sites\/10\/2020\/05\/polin_mensi-768x1089.jpg 768w, https:\/\/instytutpolski.pl\/praha\/wp-content\/uploads\/sites\/10\/2020\/05\/polin_mensi.jpg 800w\" sizes=\"auto, (max-width: 722px) 100vw, 722px\" \/><\/figure>\n\n\n\n<hr class=\"wp-block-separator has-alpha-channel-opacity\" \/>\n\n\n\n<h2 class=\"wp-block-heading\">Nez\u00e1visl\u00e9<\/h2>\n\n\n\n<p>Prvn\u00ed v\u011bdkyn\u011b, kter\u00e1 z\u00edskala dv\u011b Nobelovy ceny. Socialistka a odboj\u00e1\u0159ka, kter\u00e1 z&nbsp;var\u0161avsk\u00e9ho ghetta zachr\u00e1nila dva a p\u016fl tis\u00edce \u017eidovsk\u00fdch d\u011bt\u00ed. Je\u0159\u00e1bnice a aktivistka, bez n\u00ed\u017e by nevznikla Solidarita. Marie Curie-Sk\u0142odowsk\u00e1, Irena Sendlerov\u00e1, Anna Walentynowiczov\u00e1. Polsk\u00e9 \u017eeny psaly d\u011bjiny a tak\u00e9 d\u00edky nim je dnes Polsko nez\u00e1visl\u00e9 \u2013 stejn\u011b jako byly a jsou ony. V\u00fdstava vznikla u p\u0159\u00edle\u017eitosti st\u00e9ho v\u00fdro\u010d\u00ed p\u0159izn\u00e1n\u00ed volebn\u00edch pr\u00e1v \u017een\u00e1m v&nbsp;roce 1918 \u2013 v&nbsp;okam\u017eiku obnoven\u00ed samostatn\u00e9ho polsk\u00e9ho st\u00e1tu.&nbsp;<\/p>\n\n\n\n<p>Projekt v\u00fdstavy: Muzeum polsk\u00fdch d\u011bjin za podpory Ministerstva zahrani\u010dn\u00edch v\u011bc\u00ed Polsk\u00e9 republiky \/ \u010cesk\u00e1 verze: Polsk\u00fd institut v Praze<\/p>\n\n\n\n<p><strong>Technick\u00e9 \u00fadaje:<\/strong> l\u00e1tkov\u00e9 panely zakon\u010den\u00e9 naho\u0159e a dole d\u0159ev\u011bn\u00fdmi la\u0165kami; rozm\u011br prvn\u00edho panelu 100 x 200 cm, ostatn\u00ed panely 155 x 100 cm, celkem 15 panel\u016f<\/p>\n\n\n\n\n\n<p>&nbsp;<\/p>\n","protected":false},"excerpt":{"rendered":"<p>V na\u0161em archivu m\u00e1me k dispozici nejr\u016fzn\u011bj\u0161\u00ed v\u00fdstavy, kter\u00e9 nab\u00edz\u00edme k zap\u016fj\u010den\u00ed. Kontakt pro z\u00e1jemce o uspo\u0159\u00e1d\u00e1n\u00ed v\u00fdstavy: Lucie Zakopalov\u00e1, tel. 220 410 415 nebo 776 259 323, e-mail: lucie.zakopalova@instytutpolski.pl Mami, j\u00e1 nechci v\u00e1lku&nbsp;\/ v\u00fdstava d\u011btsk\u00fdch kreseb Polsko-ukrajinsk\u00fd projekt, kter\u00fd spojuje minulost a sou\u010dasnost, a vypr\u00e1v\u00ed o hr\u016fz\u00e1ch v\u00e1lky d\u011btsk\u00fdma o\u010dima. V\u00fdstava Mami, j\u00e1 nechci [&hellip;]<\/p>\n","protected":false},"author":58,"featured_media":8060,"parent":367,"menu_order":-1,"comment_status":"closed","ping_status":"closed","template":"","meta":{"inline_featured_image":false,"_monsterinsights_skip_tracking":false,"_monsterinsights_sitenote_active":false,"_monsterinsights_sitenote_note":"","_monsterinsights_sitenote_category":0,"footnotes":""},"class_list":["post-8051","page","type-page","status-publish","has-post-thumbnail","hentry"],"yoast_head":"<!-- This site is optimized with the Yoast SEO plugin v24.6 - https:\/\/yoast.com\/wordpress\/plugins\/seo\/ -->\n<title>Nab\u00eddka v\u00fdstav - Instytut Polski w Pradze<\/title>\n<meta name=\"robots\" content=\"index, follow, max-snippet:-1, max-image-preview:large, max-video-preview:-1\" \/>\n<link rel=\"canonical\" href=\"https:\/\/instytutpolski.pl\/praha\/o-polskem-institutu\/nabidka-vystav\/\" \/>\n<meta property=\"og:locale\" content=\"pl_PL\" \/>\n<meta property=\"og:type\" content=\"article\" \/>\n<meta property=\"og:title\" content=\"Nab\u00eddka v\u00fdstav - Instytut Polski w Pradze\" \/>\n<meta property=\"og:description\" content=\"V na\u0161em archivu m\u00e1me k dispozici nejr\u016fzn\u011bj\u0161\u00ed v\u00fdstavy, kter\u00e9 nab\u00edz\u00edme k zap\u016fj\u010den\u00ed. Kontakt pro z\u00e1jemce o uspo\u0159\u00e1d\u00e1n\u00ed v\u00fdstavy: Lucie Zakopalov\u00e1, tel. 220 410 415 nebo 776 259 323, e-mail: lucie.zakopalova@instytutpolski.pl Mami, j\u00e1 nechci v\u00e1lku&nbsp;\/ v\u00fdstava d\u011btsk\u00fdch kreseb Polsko-ukrajinsk\u00fd projekt, kter\u00fd spojuje minulost a sou\u010dasnost, a vypr\u00e1v\u00ed o hr\u016fz\u00e1ch v\u00e1lky d\u011btsk\u00fdma o\u010dima. V\u00fdstava Mami, j\u00e1 nechci [&hellip;]\" \/>\n<meta property=\"og:url\" content=\"https:\/\/instytutpolski.pl\/praha\/o-polskem-institutu\/nabidka-vystav\/\" \/>\n<meta property=\"og:site_name\" content=\"Instytut Polski w Pradze\" \/>\n<meta property=\"article:modified_time\" content=\"2025-06-03T14:40:27+00:00\" \/>\n<meta property=\"og:image\" content=\"https:\/\/instytutpolski.pl\/praha\/wp-content\/uploads\/sites\/10\/2023\/01\/vystava_polsko_v_bublinach.jpg\" \/>\n\t<meta property=\"og:image:width\" content=\"2500\" \/>\n\t<meta property=\"og:image:height\" content=\"1666\" \/>\n\t<meta property=\"og:image:type\" content=\"image\/jpeg\" \/>\n<meta name=\"twitter:card\" content=\"summary_large_image\" \/>\n<meta name=\"twitter:label1\" content=\"Szacowany czas czytania\" \/>\n\t<meta name=\"twitter:data1\" content=\"6 minut\" \/>\n<script type=\"application\/ld+json\" class=\"yoast-schema-graph\">{\"@context\":\"https:\/\/schema.org\",\"@graph\":[{\"@type\":\"WebPage\",\"@id\":\"https:\/\/instytutpolski.pl\/praha\/o-polskem-institutu\/nabidka-vystav\/\",\"url\":\"https:\/\/instytutpolski.pl\/praha\/o-polskem-institutu\/nabidka-vystav\/\",\"name\":\"Nab\u00eddka v\u00fdstav - Instytut Polski w Pradze\",\"isPartOf\":{\"@id\":\"https:\/\/instytutpolski.pl\/praha\/#website\"},\"primaryImageOfPage\":{\"@id\":\"https:\/\/instytutpolski.pl\/praha\/o-polskem-institutu\/nabidka-vystav\/#primaryimage\"},\"image\":{\"@id\":\"https:\/\/instytutpolski.pl\/praha\/o-polskem-institutu\/nabidka-vystav\/#primaryimage\"},\"thumbnailUrl\":\"https:\/\/instytutpolski.pl\/praha\/wp-content\/uploads\/sites\/10\/2023\/01\/vystava_polsko_v_bublinach.jpg\",\"datePublished\":\"2023-01-19T10:40:38+00:00\",\"dateModified\":\"2025-06-03T14:40:27+00:00\",\"breadcrumb\":{\"@id\":\"https:\/\/instytutpolski.pl\/praha\/o-polskem-institutu\/nabidka-vystav\/#breadcrumb\"},\"inLanguage\":\"pl-PL\",\"potentialAction\":[{\"@type\":\"ReadAction\",\"target\":[\"https:\/\/instytutpolski.pl\/praha\/o-polskem-institutu\/nabidka-vystav\/\"]}]},{\"@type\":\"ImageObject\",\"inLanguage\":\"pl-PL\",\"@id\":\"https:\/\/instytutpolski.pl\/praha\/o-polskem-institutu\/nabidka-vystav\/#primaryimage\",\"url\":\"https:\/\/instytutpolski.pl\/praha\/wp-content\/uploads\/sites\/10\/2023\/01\/vystava_polsko_v_bublinach.jpg\",\"contentUrl\":\"https:\/\/instytutpolski.pl\/praha\/wp-content\/uploads\/sites\/10\/2023\/01\/vystava_polsko_v_bublinach.jpg\",\"width\":2500,\"height\":1666,\"caption\":\"V\u00fdstava Polsko v bublin\u00e1ch v Plzni (Fakulta designu a um\u011bn\u00ed Ladislava Sutnara Z\u010cU). Foto: Alexandr Dym\"},{\"@type\":\"BreadcrumbList\",\"@id\":\"https:\/\/instytutpolski.pl\/praha\/o-polskem-institutu\/nabidka-vystav\/#breadcrumb\",\"itemListElement\":[{\"@type\":\"ListItem\",\"position\":1,\"name\":\"Home\",\"item\":\"https:\/\/instytutpolski.pl\/praha\/\"},{\"@type\":\"ListItem\",\"position\":2,\"name\":\"O Polsk\u00e9m institutu\",\"item\":\"https:\/\/instytutpolski.pl\/praha\/o-polskem-institutu\/\"},{\"@type\":\"ListItem\",\"position\":3,\"name\":\"Nab\u00eddka v\u00fdstav\"}]},{\"@type\":\"WebSite\",\"@id\":\"https:\/\/instytutpolski.pl\/praha\/#website\",\"url\":\"https:\/\/instytutpolski.pl\/praha\/\",\"name\":\"Instytut Polski w Pradze\",\"description\":\"Instytuty Polskie\",\"potentialAction\":[{\"@type\":\"SearchAction\",\"target\":{\"@type\":\"EntryPoint\",\"urlTemplate\":\"https:\/\/instytutpolski.pl\/praha\/?s={search_term_string}\"},\"query-input\":{\"@type\":\"PropertyValueSpecification\",\"valueRequired\":true,\"valueName\":\"search_term_string\"}}],\"inLanguage\":\"pl-PL\"}]}<\/script>\n<!-- \/ Yoast SEO plugin. -->","yoast_head_json":{"title":"Nab\u00eddka v\u00fdstav - Instytut Polski w Pradze","robots":{"index":"index","follow":"follow","max-snippet":"max-snippet:-1","max-image-preview":"max-image-preview:large","max-video-preview":"max-video-preview:-1"},"canonical":"https:\/\/instytutpolski.pl\/praha\/o-polskem-institutu\/nabidka-vystav\/","og_locale":"pl_PL","og_type":"article","og_title":"Nab\u00eddka v\u00fdstav - Instytut Polski w Pradze","og_description":"V na\u0161em archivu m\u00e1me k dispozici nejr\u016fzn\u011bj\u0161\u00ed v\u00fdstavy, kter\u00e9 nab\u00edz\u00edme k zap\u016fj\u010den\u00ed. Kontakt pro z\u00e1jemce o uspo\u0159\u00e1d\u00e1n\u00ed v\u00fdstavy: Lucie Zakopalov\u00e1, tel. 220 410 415 nebo 776 259 323, e-mail: lucie.zakopalova@instytutpolski.pl Mami, j\u00e1 nechci v\u00e1lku&nbsp;\/ v\u00fdstava d\u011btsk\u00fdch kreseb Polsko-ukrajinsk\u00fd projekt, kter\u00fd spojuje minulost a sou\u010dasnost, a vypr\u00e1v\u00ed o hr\u016fz\u00e1ch v\u00e1lky d\u011btsk\u00fdma o\u010dima. V\u00fdstava Mami, j\u00e1 nechci [&hellip;]","og_url":"https:\/\/instytutpolski.pl\/praha\/o-polskem-institutu\/nabidka-vystav\/","og_site_name":"Instytut Polski w Pradze","article_modified_time":"2025-06-03T14:40:27+00:00","og_image":[{"width":2500,"height":1666,"url":"https:\/\/instytutpolski.pl\/praha\/wp-content\/uploads\/sites\/10\/2023\/01\/vystava_polsko_v_bublinach.jpg","type":"image\/jpeg"}],"twitter_card":"summary_large_image","twitter_misc":{"Szacowany czas czytania":"6 minut"},"schema":{"@context":"https:\/\/schema.org","@graph":[{"@type":"WebPage","@id":"https:\/\/instytutpolski.pl\/praha\/o-polskem-institutu\/nabidka-vystav\/","url":"https:\/\/instytutpolski.pl\/praha\/o-polskem-institutu\/nabidka-vystav\/","name":"Nab\u00eddka v\u00fdstav - Instytut Polski w Pradze","isPartOf":{"@id":"https:\/\/instytutpolski.pl\/praha\/#website"},"primaryImageOfPage":{"@id":"https:\/\/instytutpolski.pl\/praha\/o-polskem-institutu\/nabidka-vystav\/#primaryimage"},"image":{"@id":"https:\/\/instytutpolski.pl\/praha\/o-polskem-institutu\/nabidka-vystav\/#primaryimage"},"thumbnailUrl":"https:\/\/instytutpolski.pl\/praha\/wp-content\/uploads\/sites\/10\/2023\/01\/vystava_polsko_v_bublinach.jpg","datePublished":"2023-01-19T10:40:38+00:00","dateModified":"2025-06-03T14:40:27+00:00","breadcrumb":{"@id":"https:\/\/instytutpolski.pl\/praha\/o-polskem-institutu\/nabidka-vystav\/#breadcrumb"},"inLanguage":"pl-PL","potentialAction":[{"@type":"ReadAction","target":["https:\/\/instytutpolski.pl\/praha\/o-polskem-institutu\/nabidka-vystav\/"]}]},{"@type":"ImageObject","inLanguage":"pl-PL","@id":"https:\/\/instytutpolski.pl\/praha\/o-polskem-institutu\/nabidka-vystav\/#primaryimage","url":"https:\/\/instytutpolski.pl\/praha\/wp-content\/uploads\/sites\/10\/2023\/01\/vystava_polsko_v_bublinach.jpg","contentUrl":"https:\/\/instytutpolski.pl\/praha\/wp-content\/uploads\/sites\/10\/2023\/01\/vystava_polsko_v_bublinach.jpg","width":2500,"height":1666,"caption":"V\u00fdstava Polsko v bublin\u00e1ch v Plzni (Fakulta designu a um\u011bn\u00ed Ladislava Sutnara Z\u010cU). Foto: Alexandr Dym"},{"@type":"BreadcrumbList","@id":"https:\/\/instytutpolski.pl\/praha\/o-polskem-institutu\/nabidka-vystav\/#breadcrumb","itemListElement":[{"@type":"ListItem","position":1,"name":"Home","item":"https:\/\/instytutpolski.pl\/praha\/"},{"@type":"ListItem","position":2,"name":"O Polsk\u00e9m institutu","item":"https:\/\/instytutpolski.pl\/praha\/o-polskem-institutu\/"},{"@type":"ListItem","position":3,"name":"Nab\u00eddka v\u00fdstav"}]},{"@type":"WebSite","@id":"https:\/\/instytutpolski.pl\/praha\/#website","url":"https:\/\/instytutpolski.pl\/praha\/","name":"Instytut Polski w Pradze","description":"Instytuty Polskie","potentialAction":[{"@type":"SearchAction","target":{"@type":"EntryPoint","urlTemplate":"https:\/\/instytutpolski.pl\/praha\/?s={search_term_string}"},"query-input":{"@type":"PropertyValueSpecification","valueRequired":true,"valueName":"search_term_string"}}],"inLanguage":"pl-PL"}]}},"_links":{"self":[{"href":"https:\/\/instytutpolski.pl\/praha\/wp-json\/wp\/v2\/pages\/8051","targetHints":{"allow":["GET"]}}],"collection":[{"href":"https:\/\/instytutpolski.pl\/praha\/wp-json\/wp\/v2\/pages"}],"about":[{"href":"https:\/\/instytutpolski.pl\/praha\/wp-json\/wp\/v2\/types\/page"}],"author":[{"embeddable":true,"href":"https:\/\/instytutpolski.pl\/praha\/wp-json\/wp\/v2\/users\/58"}],"replies":[{"embeddable":true,"href":"https:\/\/instytutpolski.pl\/praha\/wp-json\/wp\/v2\/comments?post=8051"}],"version-history":[{"count":31,"href":"https:\/\/instytutpolski.pl\/praha\/wp-json\/wp\/v2\/pages\/8051\/revisions"}],"predecessor-version":[{"id":12015,"href":"https:\/\/instytutpolski.pl\/praha\/wp-json\/wp\/v2\/pages\/8051\/revisions\/12015"}],"up":[{"embeddable":true,"href":"https:\/\/instytutpolski.pl\/praha\/wp-json\/wp\/v2\/pages\/367"}],"wp:featuredmedia":[{"embeddable":true,"href":"https:\/\/instytutpolski.pl\/praha\/wp-json\/wp\/v2\/media\/8060"}],"wp:attachment":[{"href":"https:\/\/instytutpolski.pl\/praha\/wp-json\/wp\/v2\/media?parent=8051"}],"curies":[{"name":"wp","href":"https:\/\/api.w.org\/{rel}","templated":true}]}}