{"version":"1.0","provider_name":"Instytut Polski w Sztokholmie","provider_url":"https:\/\/instytutpolski.pl\/stockholm","author_name":"Instytut Polski w Sztokholmie","author_url":"https:\/\/instytutpolski.pl\/stockholm","title":"Polen p\u00e5 Skansen 2019 - Instytut Polski w Sztokholmie","type":"rich","width":600,"height":338,"html":"<blockquote class=\"wp-embedded-content\" data-secret=\"oM3i70UOMt\"><a href=\"https:\/\/instytutpolski.pl\/stockholm\/2019\/06\/05\/polen-pa-skansen-2019\/\">Polen p\u00e5 Skansen 2019<\/a><\/blockquote><iframe sandbox=\"allow-scripts\" security=\"restricted\" src=\"https:\/\/instytutpolski.pl\/stockholm\/2019\/06\/05\/polen-pa-skansen-2019\/embed\/#?secret=oM3i70UOMt\" width=\"600\" height=\"338\" title=\"&#8222;Polen p\u00e5 Skansen 2019&#8221; &#8212; Instytut Polski w Sztokholmie\" data-secret=\"oM3i70UOMt\" frameborder=\"0\" marginwidth=\"0\" marginheight=\"0\" scrolling=\"no\" class=\"wp-embedded-content\"><\/iframe><script type=\"text\/javascript\">\n\/* <![CDATA[ *\/\n\/*! This file is auto-generated *\/\n!function(d,l){\"use strict\";l.querySelector&&d.addEventListener&&\"undefined\"!=typeof URL&&(d.wp=d.wp||{},d.wp.receiveEmbedMessage||(d.wp.receiveEmbedMessage=function(e){var t=e.data;if((t||t.secret||t.message||t.value)&&!\/[^a-zA-Z0-9]\/.test(t.secret)){for(var s,r,n,a=l.querySelectorAll('iframe[data-secret=\"'+t.secret+'\"]'),o=l.querySelectorAll('blockquote[data-secret=\"'+t.secret+'\"]'),c=new RegExp(\"^https?:$\",\"i\"),i=0;i<o.length;i++)o[i].style.display=\"none\";for(i=0;i<a.length;i++)s=a[i],e.source===s.contentWindow&&(s.removeAttribute(\"style\"),\"height\"===t.message?(1e3<(r=parseInt(t.value,10))?r=1e3:~~r<200&&(r=200),s.height=r):\"link\"===t.message&&(r=new URL(s.getAttribute(\"src\")),n=new URL(t.value),c.test(n.protocol))&&n.host===r.host&&l.activeElement===s&&(d.top.location.href=t.value))}},d.addEventListener(\"message\",d.wp.receiveEmbedMessage,!1),l.addEventListener(\"DOMContentLoaded\",function(){for(var e,t,s=l.querySelectorAll(\"iframe.wp-embedded-content\"),r=0;r<s.length;r++)(t=(e=s[r]).getAttribute(\"data-secret\"))||(t=Math.random().toString(36).substring(2,12),e.src+=\"#?secret=\"+t,e.setAttribute(\"data-secret\",t)),e.contentWindow.postMessage({message:\"ready\",secret:t},\"*\")},!1)))}(window,document);\n\/* ]]> *\/\n<\/script>\n","thumbnail_url":"https:\/\/instytutpolski.pl\/stockholm\/wp-content\/uploads\/sites\/17\/2019\/06\/Skansen-Polen-Travel.jpg","thumbnail_width":2000,"thumbnail_height":1188,"description":"18-19 maj 2019 kl 10.00\u201318.00&nbsp;Skansen&nbsp;Djurg\u00e5rdssl\u00e4tten 49-51, Stockholm&nbsp; Det \u00e4r 100-\u00e5rsdagen av uppr\u00e4ttandet av diplomatiska f\u00f6rbindelser mellan Polen och Sverige. 2019 \u00e4r det \u00e4ven 200 \u00e5r sedan skaparen av den polska nationella operan Stanis\u0142aw Moniuszko f\u00f6ddes, och det \u00e4r 450 \u00e5r sedan som den polska prinsessan Katarina Jagellonica kr\u00f6ntes till drottning av Sverige. Kom och fira [&hellip;]"}