{"version":"1.0","provider_name":"Instytut Polski w Sztokholmie","provider_url":"https:\/\/instytutpolski.pl\/stockholm","author_name":"strozniake","author_url":"https:\/\/instytutpolski.pl\/stockholm\/author\/strozniake\/","title":"Solidaritets affischer - Instytut Polski w Sztokholmie","type":"rich","width":600,"height":338,"html":"<blockquote class=\"wp-embedded-content\" data-secret=\"LVjGE35ypI\"><a href=\"https:\/\/instytutpolski.pl\/stockholm\/2020\/09\/01\/solidaritets-affischer\/\">Solidaritets affischer<\/a><\/blockquote><iframe sandbox=\"allow-scripts\" security=\"restricted\" src=\"https:\/\/instytutpolski.pl\/stockholm\/2020\/09\/01\/solidaritets-affischer\/embed\/#?secret=LVjGE35ypI\" width=\"600\" height=\"338\" title=\"&#8222;Solidaritets affischer&#8221; &#8212; Instytut Polski w Sztokholmie\" data-secret=\"LVjGE35ypI\" frameborder=\"0\" marginwidth=\"0\" marginheight=\"0\" scrolling=\"no\" class=\"wp-embedded-content\"><\/iframe><script type=\"text\/javascript\">\n\/* <![CDATA[ *\/\n\/*! This file is auto-generated *\/\n!function(d,l){\"use strict\";l.querySelector&&d.addEventListener&&\"undefined\"!=typeof URL&&(d.wp=d.wp||{},d.wp.receiveEmbedMessage||(d.wp.receiveEmbedMessage=function(e){var t=e.data;if((t||t.secret||t.message||t.value)&&!\/[^a-zA-Z0-9]\/.test(t.secret)){for(var s,r,n,a=l.querySelectorAll('iframe[data-secret=\"'+t.secret+'\"]'),o=l.querySelectorAll('blockquote[data-secret=\"'+t.secret+'\"]'),c=new RegExp(\"^https?:$\",\"i\"),i=0;i<o.length;i++)o[i].style.display=\"none\";for(i=0;i<a.length;i++)s=a[i],e.source===s.contentWindow&&(s.removeAttribute(\"style\"),\"height\"===t.message?(1e3<(r=parseInt(t.value,10))?r=1e3:~~r<200&&(r=200),s.height=r):\"link\"===t.message&&(r=new URL(s.getAttribute(\"src\")),n=new URL(t.value),c.test(n.protocol))&&n.host===r.host&&l.activeElement===s&&(d.top.location.href=t.value))}},d.addEventListener(\"message\",d.wp.receiveEmbedMessage,!1),l.addEventListener(\"DOMContentLoaded\",function(){for(var e,t,s=l.querySelectorAll(\"iframe.wp-embedded-content\"),r=0;r<s.length;r++)(t=(e=s[r]).getAttribute(\"data-secret\"))||(t=Math.random().toString(36).substring(2,12),e.src+=\"#?secret=\"+t,e.setAttribute(\"data-secret\",t)),e.contentWindow.postMessage({message:\"ready\",secret:t},\"*\")},!1)))}(window,document);\n\/* ]]> *\/\n<\/script>\n","thumbnail_url":"https:\/\/instytutpolski.pl\/stockholm\/wp-content\/uploads\/sites\/17\/2020\/09\/2.jpg","thumbnail_width":891,"thumbnail_height":515,"description":"Affischerna p\u00e5minner om viktiga h\u00e4ndelser ur Polens historia som den kommunistiska regimen lj\u00f6g eller h\u00f6ll tyst om. De utg\u00f6r ett kalendarium \u00f6ver polackernas str\u00e4van efter sanning, godhet, frihet samt demokrati, social r\u00e4ttvisa och j\u00e4mlikhet. Bland konstn\u00e4rerna bakom affischerna var bl a:&nbsp;Krzysztof Baran,&nbsp;Czes\u0142aw Bielecki,&nbsp;Jan Bokiewicz, Jacek \u0106wik\u0142a, Wies\u0142aw Go\u0142uch, Krystyna Janiszewska, Jerzy Janiszewski, Micha\u0142 J\u0119drczak,&nbsp;Roman Kalarus, [&hellip;]"}