{"version":"1.0","provider_name":"Instytut Polski w Sztokholmie","provider_url":"https:\/\/instytutpolski.pl\/stockholm","author_name":"strozniake","author_url":"https:\/\/instytutpolski.pl\/stockholm\/author\/strozniake\/","title":"Operan Straszny dw\u00f3r (Den hems\u00f6kta herrg\u00e5rden) av Stanis\u0142aw Moniuszko - Instytut Polski w Sztokholmie","type":"rich","width":600,"height":338,"html":"<blockquote class=\"wp-embedded-content\" data-secret=\"YqL4nYLsr1\"><a href=\"https:\/\/instytutpolski.pl\/stockholm\/2021\/04\/30\/operan-straszny-dwor\/\">Operan Straszny dw\u00f3r (Den hems\u00f6kta herrg\u00e5rden) av Stanis\u0142aw Moniuszko<\/a><\/blockquote><iframe sandbox=\"allow-scripts\" security=\"restricted\" src=\"https:\/\/instytutpolski.pl\/stockholm\/2021\/04\/30\/operan-straszny-dwor\/embed\/#?secret=YqL4nYLsr1\" width=\"600\" height=\"338\" title=\"&#8222;Operan Straszny dw\u00f3r (Den hems\u00f6kta herrg\u00e5rden) av Stanis\u0142aw Moniuszko&#8221; &#8212; Instytut Polski w Sztokholmie\" data-secret=\"YqL4nYLsr1\" frameborder=\"0\" marginwidth=\"0\" marginheight=\"0\" scrolling=\"no\" class=\"wp-embedded-content\"><\/iframe><script type=\"text\/javascript\">\n\/* <![CDATA[ *\/\n\/*! This file is auto-generated *\/\n!function(d,l){\"use strict\";l.querySelector&&d.addEventListener&&\"undefined\"!=typeof URL&&(d.wp=d.wp||{},d.wp.receiveEmbedMessage||(d.wp.receiveEmbedMessage=function(e){var t=e.data;if((t||t.secret||t.message||t.value)&&!\/[^a-zA-Z0-9]\/.test(t.secret)){for(var s,r,n,a=l.querySelectorAll('iframe[data-secret=\"'+t.secret+'\"]'),o=l.querySelectorAll('blockquote[data-secret=\"'+t.secret+'\"]'),c=new RegExp(\"^https?:$\",\"i\"),i=0;i<o.length;i++)o[i].style.display=\"none\";for(i=0;i<a.length;i++)s=a[i],e.source===s.contentWindow&&(s.removeAttribute(\"style\"),\"height\"===t.message?(1e3<(r=parseInt(t.value,10))?r=1e3:~~r<200&&(r=200),s.height=r):\"link\"===t.message&&(r=new URL(s.getAttribute(\"src\")),n=new URL(t.value),c.test(n.protocol))&&n.host===r.host&&l.activeElement===s&&(d.top.location.href=t.value))}},d.addEventListener(\"message\",d.wp.receiveEmbedMessage,!1),l.addEventListener(\"DOMContentLoaded\",function(){for(var e,t,s=l.querySelectorAll(\"iframe.wp-embedded-content\"),r=0;r<s.length;r++)(t=(e=s[r]).getAttribute(\"data-secret\"))||(t=Math.random().toString(36).substring(2,12),e.src+=\"#?secret=\"+t,e.setAttribute(\"data-secret\",t)),e.contentWindow.postMessage({message:\"ready\",secret:t},\"*\")},!1)))}(window,document);\n\/* ]]> *\/\n<\/script>\n","thumbnail_url":"https:\/\/instytutpolski.pl\/stockholm\/wp-content\/uploads\/sites\/17\/2021\/04\/baner-www.jpg","thumbnail_width":1120,"thumbnail_height":630,"description":"Tyv\u00e4rr kunde reformerna inte genomf\u00f6ras p\u00e5 grund av Rysslands och Preussens politiska beslut. Emellertid levde minnet av konstitutionen kvar hos folket och gav dem styrka i kampen f\u00f6r landets sj\u00e4lvst\u00e4ndighet. Den kvarlevande myten och andan av Polsk-litauiska samv\u00e4ldets arv inspirerade Stanis\u0142aw Moniuszko att skriva denna underbara opera. Vi har den stora \u00e4ran att bjuda in [&hellip;]"}