{"version":"1.0","provider_name":"Instytut Polski w Sztokholmie","provider_url":"https:\/\/instytutpolski.pl\/stockholm","author_name":"strozniake","author_url":"https:\/\/instytutpolski.pl\/stockholm\/author\/strozniake\/","title":"L\u00e4s&amp;Uppt\u00e4ck Visegr\u00e1d 4 litteratur \u2013 \u00d6ppningsevenemang &amp; specialskyltning\u00a0 - Instytut Polski w Sztokholmie","type":"rich","width":600,"height":338,"html":"<blockquote class=\"wp-embedded-content\" data-secret=\"kYhLNZ4AKz\"><a href=\"https:\/\/instytutpolski.pl\/stockholm\/2022\/05\/25\/lasupptack-visegrad-4-litteratur\/\">L\u00e4s&amp;Uppt\u00e4ck Visegr\u00e1d 4 litteratur \u2013 \u00d6ppningsevenemang &amp; specialskyltning\u00a0<\/a><\/blockquote><iframe sandbox=\"allow-scripts\" security=\"restricted\" src=\"https:\/\/instytutpolski.pl\/stockholm\/2022\/05\/25\/lasupptack-visegrad-4-litteratur\/embed\/#?secret=kYhLNZ4AKz\" width=\"600\" height=\"338\" title=\"&#8222;L\u00e4s&amp;Uppt\u00e4ck Visegr\u00e1d 4 litteratur \u2013 \u00d6ppningsevenemang &amp; specialskyltning\u00a0&#8221; &#8212; Instytut Polski w Sztokholmie\" data-secret=\"kYhLNZ4AKz\" frameborder=\"0\" marginwidth=\"0\" marginheight=\"0\" scrolling=\"no\" class=\"wp-embedded-content\"><\/iframe><script type=\"text\/javascript\">\n\/* <![CDATA[ *\/\n\/*! This file is auto-generated *\/\n!function(d,l){\"use strict\";l.querySelector&&d.addEventListener&&\"undefined\"!=typeof URL&&(d.wp=d.wp||{},d.wp.receiveEmbedMessage||(d.wp.receiveEmbedMessage=function(e){var t=e.data;if((t||t.secret||t.message||t.value)&&!\/[^a-zA-Z0-9]\/.test(t.secret)){for(var s,r,n,a=l.querySelectorAll('iframe[data-secret=\"'+t.secret+'\"]'),o=l.querySelectorAll('blockquote[data-secret=\"'+t.secret+'\"]'),c=new RegExp(\"^https?:$\",\"i\"),i=0;i<o.length;i++)o[i].style.display=\"none\";for(i=0;i<a.length;i++)s=a[i],e.source===s.contentWindow&&(s.removeAttribute(\"style\"),\"height\"===t.message?(1e3<(r=parseInt(t.value,10))?r=1e3:~~r<200&&(r=200),s.height=r):\"link\"===t.message&&(r=new URL(s.getAttribute(\"src\")),n=new URL(t.value),c.test(n.protocol))&&n.host===r.host&&l.activeElement===s&&(d.top.location.href=t.value))}},d.addEventListener(\"message\",d.wp.receiveEmbedMessage,!1),l.addEventListener(\"DOMContentLoaded\",function(){for(var e,t,s=l.querySelectorAll(\"iframe.wp-embedded-content\"),r=0;r<s.length;r++)(t=(e=s[r]).getAttribute(\"data-secret\"))||(t=Math.random().toString(36).substring(2,12),e.src+=\"#?secret=\"+t,e.setAttribute(\"data-secret\",t)),e.contentWindow.postMessage({message:\"ready\",secret:t},\"*\")},!1)))}(window,document);\n\/* ]]> *\/\n<\/script>\n","thumbnail_url":"https:\/\/instytutpolski.pl\/stockholm\/wp-content\/uploads\/sites\/17\/2022\/05\/title.jpg","thumbnail_width":1640,"thumbnail_height":924,"description":"L\u00e4s&Uppt\u00e4ck Visegr\u00e1d 4 litteratur \u00e4r ett program som vill uppm\u00e4rksamma den litteratur som finns tillg\u00e4nglig p\u00e5 svenska av f\u00f6rfattare fr\u00e5n Polen, Slovakien, Tjeckien och Ungern (efter den kulturella och politiska alliansen av dessa l\u00e4nder i den s\u00e5 kallade Visegr\u00e1dgruppen). P\u00e5 s\u00e5 s\u00e4tt vill vi uppmuntra alla att l\u00e4sa b\u00f6cker fr\u00e5n Centraleuropa!"}