{"version":"1.0","provider_name":"Instytut Polski w Sztokholmie","provider_url":"https:\/\/instytutpolski.pl\/stockholm","author_name":"jamrozd","author_url":"https:\/\/instytutpolski.pl\/stockholm\/author\/jamrozd\/","title":"En kv\u00e4ll med musik av Karol Szymanowski och Fryderyk Chopin\u00a0 - Instytut Polski w Sztokholmie","type":"rich","width":600,"height":338,"html":"<blockquote class=\"wp-embedded-content\" data-secret=\"98Sn3hqAVE\"><a href=\"https:\/\/instytutpolski.pl\/stockholm\/2022\/09\/14\/karol-szymanowski-fryderyk-chopin\/\">En kv\u00e4ll med musik av Karol Szymanowski och Fryderyk Chopin\u00a0<\/a><\/blockquote><iframe sandbox=\"allow-scripts\" security=\"restricted\" src=\"https:\/\/instytutpolski.pl\/stockholm\/2022\/09\/14\/karol-szymanowski-fryderyk-chopin\/embed\/#?secret=98Sn3hqAVE\" width=\"600\" height=\"338\" title=\"&#8222;En kv\u00e4ll med musik av Karol Szymanowski och Fryderyk Chopin\u00a0&#8221; &#8212; Instytut Polski w Sztokholmie\" data-secret=\"98Sn3hqAVE\" frameborder=\"0\" marginwidth=\"0\" marginheight=\"0\" scrolling=\"no\" class=\"wp-embedded-content\"><\/iframe><script type=\"text\/javascript\">\n\/* <![CDATA[ *\/\n\/*! This file is auto-generated *\/\n!function(d,l){\"use strict\";l.querySelector&&d.addEventListener&&\"undefined\"!=typeof URL&&(d.wp=d.wp||{},d.wp.receiveEmbedMessage||(d.wp.receiveEmbedMessage=function(e){var t=e.data;if((t||t.secret||t.message||t.value)&&!\/[^a-zA-Z0-9]\/.test(t.secret)){for(var s,r,n,a=l.querySelectorAll('iframe[data-secret=\"'+t.secret+'\"]'),o=l.querySelectorAll('blockquote[data-secret=\"'+t.secret+'\"]'),c=new RegExp(\"^https?:$\",\"i\"),i=0;i<o.length;i++)o[i].style.display=\"none\";for(i=0;i<a.length;i++)s=a[i],e.source===s.contentWindow&&(s.removeAttribute(\"style\"),\"height\"===t.message?(1e3<(r=parseInt(t.value,10))?r=1e3:~~r<200&&(r=200),s.height=r):\"link\"===t.message&&(r=new URL(s.getAttribute(\"src\")),n=new URL(t.value),c.test(n.protocol))&&n.host===r.host&&l.activeElement===s&&(d.top.location.href=t.value))}},d.addEventListener(\"message\",d.wp.receiveEmbedMessage,!1),l.addEventListener(\"DOMContentLoaded\",function(){for(var e,t,s=l.querySelectorAll(\"iframe.wp-embedded-content\"),r=0;r<s.length;r++)(t=(e=s[r]).getAttribute(\"data-secret\"))||(t=Math.random().toString(36).substring(2,12),e.src+=\"#?secret=\"+t,e.setAttribute(\"data-secret\",t)),e.contentWindow.postMessage({message:\"ready\",secret:t},\"*\")},!1)))}(window,document);\n\/* ]]> *\/\n<\/script>\n","thumbnail_url":"https:\/\/instytutpolski.pl\/stockholm\/wp-content\/uploads\/sites\/17\/2022\/09\/306515873_3212134332385710_6350590975003867085_n-1.jpg","thumbnail_width":2048,"thumbnail_height":1366,"description":"Konserten anordnades av Polska institutet Stockholm och Polska ambassaden f\u00f6r att fira Romantikens \u00e5r samt hylla Karol Szymanowski som f\u00f6ddes f\u00f6r 140 \u00e5r och Artur Rubinstein som dog f\u00f6r 40 \u00e5r sedan. Bland de fina g\u00e4sterna fanns sju ambassad\u00f6rer &#8211; fr\u00e5n Polen, Portugal, Schweiz, Ukraina, Kroatien, Rum\u00e4nien, Japan och Israel, diplomater fr\u00e5n bl a Sverige, [&hellip;]"}