{"version":"1.0","provider_name":"Instytut Polski w Sztokholmie","provider_url":"https:\/\/instytutpolski.pl\/stockholm","author_name":"treichelp","author_url":"https:\/\/instytutpolski.pl\/stockholm\/author\/treichelp\/","title":"Januariupproret 160 \u00e5r \u2013 \u201dPolen lider\u201d - Instytut Polski w Sztokholmie","type":"rich","width":600,"height":338,"html":"<blockquote class=\"wp-embedded-content\" data-secret=\"Xz2l13TxYg\"><a href=\"https:\/\/instytutpolski.pl\/stockholm\/2023\/01\/23\/januariupproret-160-ar-polen-lider\/\">Januariupproret 160 \u00e5r \u2013 \u201dPolen lider\u201d<\/a><\/blockquote><iframe sandbox=\"allow-scripts\" security=\"restricted\" src=\"https:\/\/instytutpolski.pl\/stockholm\/2023\/01\/23\/januariupproret-160-ar-polen-lider\/embed\/#?secret=Xz2l13TxYg\" width=\"600\" height=\"338\" title=\"&#8222;Januariupproret 160 \u00e5r \u2013 \u201dPolen lider\u201d&#8221; &#8212; Instytut Polski w Sztokholmie\" data-secret=\"Xz2l13TxYg\" frameborder=\"0\" marginwidth=\"0\" marginheight=\"0\" scrolling=\"no\" class=\"wp-embedded-content\"><\/iframe><script type=\"text\/javascript\">\n\/* <![CDATA[ *\/\n\/*! This file is auto-generated *\/\n!function(d,l){\"use strict\";l.querySelector&&d.addEventListener&&\"undefined\"!=typeof URL&&(d.wp=d.wp||{},d.wp.receiveEmbedMessage||(d.wp.receiveEmbedMessage=function(e){var t=e.data;if((t||t.secret||t.message||t.value)&&!\/[^a-zA-Z0-9]\/.test(t.secret)){for(var s,r,n,a=l.querySelectorAll('iframe[data-secret=\"'+t.secret+'\"]'),o=l.querySelectorAll('blockquote[data-secret=\"'+t.secret+'\"]'),c=new RegExp(\"^https?:$\",\"i\"),i=0;i<o.length;i++)o[i].style.display=\"none\";for(i=0;i<a.length;i++)s=a[i],e.source===s.contentWindow&&(s.removeAttribute(\"style\"),\"height\"===t.message?(1e3<(r=parseInt(t.value,10))?r=1e3:~~r<200&&(r=200),s.height=r):\"link\"===t.message&&(r=new URL(s.getAttribute(\"src\")),n=new URL(t.value),c.test(n.protocol))&&n.host===r.host&&l.activeElement===s&&(d.top.location.href=t.value))}},d.addEventListener(\"message\",d.wp.receiveEmbedMessage,!1),l.addEventListener(\"DOMContentLoaded\",function(){for(var e,t,s=l.querySelectorAll(\"iframe.wp-embedded-content\"),r=0;r<s.length;r++)(t=(e=s[r]).getAttribute(\"data-secret\"))||(t=Math.random().toString(36).substring(2,12),e.src+=\"#?secret=\"+t,e.setAttribute(\"data-secret\",t)),e.contentWindow.postMessage({message:\"ready\",secret:t},\"*\")},!1)))}(window,document);\n\/* ]]> *\/\n<\/script>\n","thumbnail_url":"https:\/\/instytutpolski.pl\/stockholm\/wp-content\/uploads\/sites\/17\/2023\/01\/Bjorn-S-diktvideo-Polen-lider.jpg","thumbnail_width":1313,"thumbnail_height":775,"description":"Januariupproret var den st\u00f6rsta och l\u00e4ngsta av de polska folkresningarna mot den ryska makten i ett f\u00f6rs\u00f6k att \u00e5terf\u00e5 landets sj\u00e4lvst\u00e4ndighet. I Sverige var polensympatier starka, b\u00e5de dagspressen och m\u00e5nga svenska intellektuella gav uttryck f\u00f6r sitt st\u00f6d \u00e5t de polska frihetsk\u00e4mparna. En l\u00e5ng rad dikter till\u00e4gnade Polens kamp kom till. En av dem \u00e4r \u201dPolen [&hellip;]"}