{"version":"1.0","provider_name":"Instytut Polski w Sztokholmie","provider_url":"https:\/\/instytutpolski.pl\/stockholm","author_name":"treichelp","author_url":"https:\/\/instytutpolski.pl\/stockholm\/author\/treichelp\/","title":"UTST\u00c4LLNING OCH FILMVISNING OM FAMILJEN ULMA - Instytut Polski w Sztokholmie","type":"rich","width":600,"height":338,"html":"<blockquote class=\"wp-embedded-content\" data-secret=\"gEZMelSwdP\"><a href=\"https:\/\/instytutpolski.pl\/stockholm\/2023\/09\/04\/utstallning-och-filmvisning-om-familjen-ulma\/\">UTST\u00c4LLNING OCH FILMVISNING OM FAMILJEN ULMA<\/a><\/blockquote><iframe sandbox=\"allow-scripts\" security=\"restricted\" src=\"https:\/\/instytutpolski.pl\/stockholm\/2023\/09\/04\/utstallning-och-filmvisning-om-familjen-ulma\/embed\/#?secret=gEZMelSwdP\" width=\"600\" height=\"338\" title=\"&#8222;UTST\u00c4LLNING OCH FILMVISNING OM FAMILJEN ULMA&#8221; &#8212; Instytut Polski w Sztokholmie\" data-secret=\"gEZMelSwdP\" frameborder=\"0\" marginwidth=\"0\" marginheight=\"0\" scrolling=\"no\" class=\"wp-embedded-content\"><\/iframe><script type=\"text\/javascript\">\n\/* <![CDATA[ *\/\n\/*! This file is auto-generated *\/\n!function(d,l){\"use strict\";l.querySelector&&d.addEventListener&&\"undefined\"!=typeof URL&&(d.wp=d.wp||{},d.wp.receiveEmbedMessage||(d.wp.receiveEmbedMessage=function(e){var t=e.data;if((t||t.secret||t.message||t.value)&&!\/[^a-zA-Z0-9]\/.test(t.secret)){for(var s,r,n,a=l.querySelectorAll('iframe[data-secret=\"'+t.secret+'\"]'),o=l.querySelectorAll('blockquote[data-secret=\"'+t.secret+'\"]'),c=new RegExp(\"^https?:$\",\"i\"),i=0;i<o.length;i++)o[i].style.display=\"none\";for(i=0;i<a.length;i++)s=a[i],e.source===s.contentWindow&&(s.removeAttribute(\"style\"),\"height\"===t.message?(1e3<(r=parseInt(t.value,10))?r=1e3:~~r<200&&(r=200),s.height=r):\"link\"===t.message&&(r=new URL(s.getAttribute(\"src\")),n=new URL(t.value),c.test(n.protocol))&&n.host===r.host&&l.activeElement===s&&(d.top.location.href=t.value))}},d.addEventListener(\"message\",d.wp.receiveEmbedMessage,!1),l.addEventListener(\"DOMContentLoaded\",function(){for(var e,t,s=l.querySelectorAll(\"iframe.wp-embedded-content\"),r=0;r<s.length;r++)(t=(e=s[r]).getAttribute(\"data-secret\"))||(t=Math.random().toString(36).substring(2,12),e.src+=\"#?secret=\"+t,e.setAttribute(\"data-secret\",t)),e.contentWindow.postMessage({message:\"ready\",secret:t},\"*\")},!1)))}(window,document);\n\/* ]]> *\/\n<\/script>\n","thumbnail_url":"https:\/\/instytutpolski.pl\/stockholm\/wp-content\/uploads\/sites\/17\/2023\/09\/uLMA-BANNER.jpg","thumbnail_width":1640,"thumbnail_height":924,"description":"Den 10 september saligf\u00f6rklaras den polska familjen Ulma. Ceremonin \u00e4ger rum i familjens hemby Markowa, d\u00e4r Museet f\u00f6r polacker som r\u00e4ddade judar (Muzeum Polak\u00f3w Ratuj\u0105cych \u017byd\u00f3w) finns numera, till minne av familjen Ulma som med fara f\u00f6r eget liv g\u00f6mde under andra v\u00e4rldskriget judar ur familjen Goldman. 24 mars 1944 m\u00f6rdade tyska gendarmer b\u00e5da familjerna [&hellip;]"}