{"version":"1.0","provider_name":"Instytut Polski w Sztokholmie","provider_url":"https:\/\/instytutpolski.pl\/stockholm","author_name":"treichelp","author_url":"https:\/\/instytutpolski.pl\/stockholm\/author\/treichelp\/","title":"Lunch i litteraturens tecken - H\u00f6gl\u00e4sning med De Aderton - Instytut Polski w Sztokholmie","type":"rich","width":600,"height":338,"html":"<blockquote class=\"wp-embedded-content\" data-secret=\"PCE3WIXi0O\"><a href=\"https:\/\/instytutpolski.pl\/stockholm\/2025\/02\/28\/nobellunch-i-litteraturens-tecken-pa-medis\/\">Lunch i litteraturens tecken &#8211; H\u00f6gl\u00e4sning med De Aderton<\/a><\/blockquote><iframe sandbox=\"allow-scripts\" security=\"restricted\" src=\"https:\/\/instytutpolski.pl\/stockholm\/2025\/02\/28\/nobellunch-i-litteraturens-tecken-pa-medis\/embed\/#?secret=PCE3WIXi0O\" width=\"600\" height=\"338\" title=\"&#8222;Lunch i litteraturens tecken &#8211; H\u00f6gl\u00e4sning med De Aderton&#8221; &#8212; Instytut Polski w Sztokholmie\" data-secret=\"PCE3WIXi0O\" frameborder=\"0\" marginwidth=\"0\" marginheight=\"0\" scrolling=\"no\" class=\"wp-embedded-content\"><\/iframe><script type=\"text\/javascript\">\n\/* <![CDATA[ *\/\n\/*! This file is auto-generated *\/\n!function(d,l){\"use strict\";l.querySelector&&d.addEventListener&&\"undefined\"!=typeof URL&&(d.wp=d.wp||{},d.wp.receiveEmbedMessage||(d.wp.receiveEmbedMessage=function(e){var t=e.data;if((t||t.secret||t.message||t.value)&&!\/[^a-zA-Z0-9]\/.test(t.secret)){for(var s,r,n,a=l.querySelectorAll('iframe[data-secret=\"'+t.secret+'\"]'),o=l.querySelectorAll('blockquote[data-secret=\"'+t.secret+'\"]'),c=new RegExp(\"^https?:$\",\"i\"),i=0;i<o.length;i++)o[i].style.display=\"none\";for(i=0;i<a.length;i++)s=a[i],e.source===s.contentWindow&&(s.removeAttribute(\"style\"),\"height\"===t.message?(1e3<(r=parseInt(t.value,10))?r=1e3:~~r<200&&(r=200),s.height=r):\"link\"===t.message&&(r=new URL(s.getAttribute(\"src\")),n=new URL(t.value),c.test(n.protocol))&&n.host===r.host&&l.activeElement===s&&(d.top.location.href=t.value))}},d.addEventListener(\"message\",d.wp.receiveEmbedMessage,!1),l.addEventListener(\"DOMContentLoaded\",function(){for(var e,t,s=l.querySelectorAll(\"iframe.wp-embedded-content\"),r=0;r<s.length;r++)(t=(e=s[r]).getAttribute(\"data-secret\"))||(t=Math.random().toString(36).substring(2,12),e.src+=\"#?secret=\"+t,e.setAttribute(\"data-secret\",t)),e.contentWindow.postMessage({message:\"ready\",secret:t},\"*\")},!1)))}(window,document);\n\/* ]]> *\/\n<\/script>\n","thumbnail_url":"https:\/\/instytutpolski.pl\/stockholm\/wp-content\/uploads\/sites\/17\/2025\/03\/DeAdertonMedis_Hemsida.jpg","thumbnail_width":1120,"thumbnail_height":630,"description":"Uppl\u00e4sningarna kommer att inneh\u00e5lla texter fr\u00e5n f\u00f6ljande f\u00f6rfattare p\u00e5 b\u00e5de svenska och originalspr\u00e5k: Olga Tokarczuk, Wis\u0142awa Szymborska och Han Kang. De polska texterna ska l\u00e4sas upp av tv\u00e5 sk\u00e5despelare, Michal Axel Piotrowski inhopp f\u00f6r Dana Rechowicz (polska) och Nathalie Czarnecki (svenska). H\u00f6gl\u00e4sningen produceras av Elise Cervin (Tonrum) och arrangeras i samarbete med Polska institutet, Koreanskt [&hellip;]"}