{"version":"1.0","provider_name":"Instytut Polski w Sztokholmie","provider_url":"https:\/\/instytutpolski.pl\/stockholm","author_name":"treichelp","author_url":"https:\/\/instytutpolski.pl\/stockholm\/author\/treichelp\/","title":"V\u00e5rkonsert med unga polska musiker p\u00e5 Millesg\u00e5rden - Instytut Polski w Sztokholmie","type":"rich","width":600,"height":338,"html":"<blockquote class=\"wp-embedded-content\" data-secret=\"fX7HnutpWR\"><a href=\"https:\/\/instytutpolski.pl\/stockholm\/2025\/04\/29\/varkonsert-med-unga-polska-musiker-pa-millesgarden\/\">V\u00e5rkonsert med unga polska musiker p\u00e5 Millesg\u00e5rden<\/a><\/blockquote><iframe sandbox=\"allow-scripts\" security=\"restricted\" src=\"https:\/\/instytutpolski.pl\/stockholm\/2025\/04\/29\/varkonsert-med-unga-polska-musiker-pa-millesgarden\/embed\/#?secret=fX7HnutpWR\" width=\"600\" height=\"338\" title=\"&#8222;V\u00e5rkonsert med unga polska musiker p\u00e5 Millesg\u00e5rden&#8221; &#8212; Instytut Polski w Sztokholmie\" data-secret=\"fX7HnutpWR\" frameborder=\"0\" marginwidth=\"0\" marginheight=\"0\" scrolling=\"no\" class=\"wp-embedded-content\"><\/iframe><script type=\"text\/javascript\">\n\/* <![CDATA[ *\/\n\/*! This file is auto-generated *\/\n!function(d,l){\"use strict\";l.querySelector&&d.addEventListener&&\"undefined\"!=typeof URL&&(d.wp=d.wp||{},d.wp.receiveEmbedMessage||(d.wp.receiveEmbedMessage=function(e){var t=e.data;if((t||t.secret||t.message||t.value)&&!\/[^a-zA-Z0-9]\/.test(t.secret)){for(var s,r,n,a=l.querySelectorAll('iframe[data-secret=\"'+t.secret+'\"]'),o=l.querySelectorAll('blockquote[data-secret=\"'+t.secret+'\"]'),c=new RegExp(\"^https?:$\",\"i\"),i=0;i<o.length;i++)o[i].style.display=\"none\";for(i=0;i<a.length;i++)s=a[i],e.source===s.contentWindow&&(s.removeAttribute(\"style\"),\"height\"===t.message?(1e3<(r=parseInt(t.value,10))?r=1e3:~~r<200&&(r=200),s.height=r):\"link\"===t.message&&(r=new URL(s.getAttribute(\"src\")),n=new URL(t.value),c.test(n.protocol))&&n.host===r.host&&l.activeElement===s&&(d.top.location.href=t.value))}},d.addEventListener(\"message\",d.wp.receiveEmbedMessage,!1),l.addEventListener(\"DOMContentLoaded\",function(){for(var e,t,s=l.querySelectorAll(\"iframe.wp-embedded-content\"),r=0;r<s.length;r++)(t=(e=s[r]).getAttribute(\"data-secret\"))||(t=Math.random().toString(36).substring(2,12),e.src+=\"#?secret=\"+t,e.setAttribute(\"data-secret\",t)),e.contentWindow.postMessage({message:\"ready\",secret:t},\"*\")},!1)))}(window,document);\n\/* ]]> *\/\n<\/script>\n","thumbnail_url":"https:\/\/instytutpolski.pl\/stockholm\/wp-content\/uploads\/sites\/17\/2025\/04\/milles-nospr-Hemsida.jpg","thumbnail_width":1120,"thumbnail_height":630,"description":"Vid varje tillf\u00e4lle framf\u00f6r en ensemble musik som \u00e4r utvald f\u00f6r att passa s\u00e5v\u00e4l platsen som tiden d\u00e5 paret Milles levde h\u00e4r. Vid denna konsert h\u00f6r vi en ensemble best\u00e5ende av unga polska musiker fr\u00e5n NOSPR-akademin, som \u00e4r knuten till Polska nationella radiosymfonikerna (NOSPR) i Katowice. Det handlar om en h\u00f6gre specialutbildning f\u00f6r musiker, liknande [&hellip;]"}