{"version":"1.0","provider_name":"Instytut Polski w Sztokholmie","provider_url":"https:\/\/instytutpolski.pl\/stockholm","author_name":"treichelp","author_url":"https:\/\/instytutpolski.pl\/stockholm\/author\/treichelp\/","title":"Koncert \u015awi\u0105teczny UE 2022 w Sztokholmie &#x1f31f; - Instytut Polski w Sztokholmie","type":"rich","width":600,"height":338,"html":"<blockquote class=\"wp-embedded-content\" data-secret=\"7COMCok6N1\"><a href=\"https:\/\/instytutpolski.pl\/stockholm\/pl\/2022\/12\/02\/koncert-swiateczny-ue-2022-w-sztokholmie1a\/\">Koncert \u015awi\u0105teczny UE 2022 w Sztokholmie &#x1f31f;<\/a><\/blockquote><iframe sandbox=\"allow-scripts\" security=\"restricted\" src=\"https:\/\/instytutpolski.pl\/stockholm\/pl\/2022\/12\/02\/koncert-swiateczny-ue-2022-w-sztokholmie1a\/embed\/#?secret=7COMCok6N1\" width=\"600\" height=\"338\" title=\"&#8222;Koncert \u015awi\u0105teczny UE 2022 w Sztokholmie &#x1f31f;&#8221; &#8212; Instytut Polski w Sztokholmie\" data-secret=\"7COMCok6N1\" frameborder=\"0\" marginwidth=\"0\" marginheight=\"0\" scrolling=\"no\" class=\"wp-embedded-content\"><\/iframe><script type=\"text\/javascript\">\n\/* <![CDATA[ *\/\n\/*! This file is auto-generated *\/\n!function(d,l){\"use strict\";l.querySelector&&d.addEventListener&&\"undefined\"!=typeof URL&&(d.wp=d.wp||{},d.wp.receiveEmbedMessage||(d.wp.receiveEmbedMessage=function(e){var t=e.data;if((t||t.secret||t.message||t.value)&&!\/[^a-zA-Z0-9]\/.test(t.secret)){for(var s,r,n,a=l.querySelectorAll('iframe[data-secret=\"'+t.secret+'\"]'),o=l.querySelectorAll('blockquote[data-secret=\"'+t.secret+'\"]'),c=new RegExp(\"^https?:$\",\"i\"),i=0;i<o.length;i++)o[i].style.display=\"none\";for(i=0;i<a.length;i++)s=a[i],e.source===s.contentWindow&&(s.removeAttribute(\"style\"),\"height\"===t.message?(1e3<(r=parseInt(t.value,10))?r=1e3:~~r<200&&(r=200),s.height=r):\"link\"===t.message&&(r=new URL(s.getAttribute(\"src\")),n=new URL(t.value),c.test(n.protocol))&&n.host===r.host&&l.activeElement===s&&(d.top.location.href=t.value))}},d.addEventListener(\"message\",d.wp.receiveEmbedMessage,!1),l.addEventListener(\"DOMContentLoaded\",function(){for(var e,t,s=l.querySelectorAll(\"iframe.wp-embedded-content\"),r=0;r<s.length;r++)(t=(e=s[r]).getAttribute(\"data-secret\"))||(t=Math.random().toString(36).substring(2,12),e.src+=\"#?secret=\"+t,e.setAttribute(\"data-secret\",t)),e.contentWindow.postMessage({message:\"ready\",secret:t},\"*\")},!1)))}(window,document);\n\/* ]]> *\/\n<\/script>\n","thumbnail_url":"https:\/\/instytutpolski.pl\/stockholm\/wp-content\/uploads\/sites\/17\/2022\/12\/Julkonsert-2022_hemsida.png","thumbnail_width":1120,"thumbnail_height":630,"description":"Wraz z 22 ambasadami, Reprezentacja Komisji Europejskiej w Szwecji zaprasza na wiecz\u00f3r kol\u0119d w Ko\u015bciele Adolfa Fryderyka w Sztokholmie wykonanych przez artyst\u00f3w ze wszystkich zak\u0105tk\u00f3w Europy. Szczeg\u00f3lnie cieszymy si\u0119, \u017ce w tym roku w programie znajdzie si\u0119 ukrai\u0144ska kol\u0119da. Kol\u0119dy b\u0119d\u0105 wykonywane w j\u0119zyku ojczystym danego kraju, a wydarzeniu b\u0119dzie towarzyszy\u0107 broszura z oryginalnymi tekstami [&hellip;]"}