{"version":"1.0","provider_name":"Instytut Polski w Sztokholmie","provider_url":"https:\/\/instytutpolski.pl\/stockholm","author_name":"treichelp","author_url":"https:\/\/instytutpolski.pl\/stockholm\/author\/treichelp\/","title":"MATKI. PIE\u015a\u0143 NA CZAS WOJNY i panel \"Prawda i op\u00f3r\" na festiwalu REACT - Instytut Polski w Sztokholmie","type":"rich","width":600,"height":338,"html":"<blockquote class=\"wp-embedded-content\" data-secret=\"SqAe4JUIte\"><a href=\"https:\/\/instytutpolski.pl\/stockholm\/pl\/2026\/01\/12\/matki-piesn-na-czas-wojny-na-festiwalu-react\/\">MATKI. PIE\u015a\u0143 NA CZAS WOJNY i panel &#8222;Prawda i op\u00f3r&#8221; na festiwalu REACT<\/a><\/blockquote><iframe sandbox=\"allow-scripts\" security=\"restricted\" src=\"https:\/\/instytutpolski.pl\/stockholm\/pl\/2026\/01\/12\/matki-piesn-na-czas-wojny-na-festiwalu-react\/embed\/#?secret=SqAe4JUIte\" width=\"600\" height=\"338\" title=\"&#8222;MATKI. PIE\u015a\u0143 NA CZAS WOJNY i panel &#8222;Prawda i op\u00f3r&#8221; na festiwalu REACT&#8221; &#8212; Instytut Polski w Sztokholmie\" data-secret=\"SqAe4JUIte\" frameborder=\"0\" marginwidth=\"0\" marginheight=\"0\" scrolling=\"no\" class=\"wp-embedded-content\"><\/iframe><script type=\"text\/javascript\">\n\/* <![CDATA[ *\/\n\/*! This file is auto-generated *\/\n!function(d,l){\"use strict\";l.querySelector&&d.addEventListener&&\"undefined\"!=typeof URL&&(d.wp=d.wp||{},d.wp.receiveEmbedMessage||(d.wp.receiveEmbedMessage=function(e){var t=e.data;if((t||t.secret||t.message||t.value)&&!\/[^a-zA-Z0-9]\/.test(t.secret)){for(var s,r,n,a=l.querySelectorAll('iframe[data-secret=\"'+t.secret+'\"]'),o=l.querySelectorAll('blockquote[data-secret=\"'+t.secret+'\"]'),c=new RegExp(\"^https?:$\",\"i\"),i=0;i<o.length;i++)o[i].style.display=\"none\";for(i=0;i<a.length;i++)s=a[i],e.source===s.contentWindow&&(s.removeAttribute(\"style\"),\"height\"===t.message?(1e3<(r=parseInt(t.value,10))?r=1e3:~~r<200&&(r=200),s.height=r):\"link\"===t.message&&(r=new URL(s.getAttribute(\"src\")),n=new URL(t.value),c.test(n.protocol))&&n.host===r.host&&l.activeElement===s&&(d.top.location.href=t.value))}},d.addEventListener(\"message\",d.wp.receiveEmbedMessage,!1),l.addEventListener(\"DOMContentLoaded\",function(){for(var e,t,s=l.querySelectorAll(\"iframe.wp-embedded-content\"),r=0;r<s.length;r++)(t=(e=s[r]).getAttribute(\"data-secret\"))||(t=Math.random().toString(36).substring(2,12),e.src+=\"#?secret=\"+t,e.setAttribute(\"data-secret\",t)),e.contentWindow.postMessage({message:\"ready\",secret:t},\"*\")},!1)))}(window,document);\n\/* ]]> *\/\n<\/script>\n","thumbnail_url":"https:\/\/instytutpolski.pl\/stockholm\/wp-content\/uploads\/sites\/17\/2026\/01\/Hemsida_banners.jpg","thumbnail_width":1120,"thumbnail_height":630,"description":"REACT to nowy mi\u0119dzynarodowy festiwal objazdowy Riksteatern, kt\u00f3rego inauguracja odb\u0119dzie si\u0119 wiosn\u0105 2026 roku. Festiwal prezentuje wybrane spektakle teatralne wyr\u00f3\u017cniaj\u0105ce si\u0119 bezkompromisowym j\u0119zykiem artystycznym i podejmuj\u0105ce najbardziej pal\u0105ce kwestie wsp\u00f3\u0142czesnego \u015bwiata. Wydarzenie b\u0119dzie odbywa\u0107 si\u0119 cyklicznie ka\u017cdej wiosny, oferuj\u0105c publiczno\u015bci \u2013 od p\u00f3\u0142nocy po po\u0142udnie Szwecji \u2013 najwy\u017cszej jako\u015bci mi\u0119dzynarodowe produkcje sceniczne. BILETY Podczas festiwalu [&hellip;]"}