{"id":3785,"date":"2020-10-01T11:26:04","date_gmt":"2020-10-01T09:26:04","guid":{"rendered":"https:\/\/instytutpolski.pl\/stockholm\/?page_id=3785"},"modified":"2020-10-10T10:43:53","modified_gmt":"2020-10-10T08:43:53","slug":"o-kinotece","status":"publish","type":"page","link":"https:\/\/instytutpolski.pl\/stockholm\/pl\/kinoteka-2\/o-kinotece\/","title":{"rendered":"O KINOTECE"},"content":{"rendered":"\n<h5 class=\"wp-block-heading\"><strong>Tegoroczna edycja festiwalu, ze wzgl\u0119du na obecn\u0105 sytuacj\u0119 spowodowan\u0105 covid-19, b\u0119dzie mia\u0142a charakter zamkni\u0119ty. Podczas dw\u00f3ch dni festiwalu b\u0119dzie mo\u017cna zobaczy\u0107 cztery polskie produkcje filmowe. Pokazy zdominuje m\u0142ode kino nagradzane na polskich festiwalach filmowych, gdzie objawienia polskiej kinematografii analizuj\u0105 spo\u0142eczne podzia\u0142y i prowokuj\u0105 do dyskusji.<\/strong><\/h5>\n\n\n\n<p><br>Kinotek\u0119 2020 zainaugurujemy pokazem polskiego filmu kr\u00f3tkometra\u017cowego b\u0119d\u0105cego debiutem <strong>Huberta Patynowskiego<\/strong> <strong>NIE ZMIENIAJ TEMATU<\/strong> \/ <strong>DON\u2019T CHANGE THE SUBJECT<\/strong>.Film opowiada histori\u0119 ulicznego rapera, kt\u00f3ry zostaje wykluczony z lokalnej spo\u0142eczno\u015bci ze wzgl\u0119du na nieprzestrzeganie obowi\u0105zuj\u0105cych w niej radykalnych zasad. Produkcja zrealizowana zosta\u0142a w ramach konkursu &#8222;One Movie Project &#8211; Kr\u00f3tkometra\u017cowe debiuty filmowe&#8221; i zosta\u0142a nagrodzona Nagrod\u0105 im. Lucjana Boki\u0144ca dla Najlepszego Filmu w Konkursie Film\u00f3w Kr\u00f3tkometra\u017cowych w ramach 44. Festiwalu Polskich Film\u00f3w Fabularnych w&nbsp;Gdyni. Po projekcji zapraszamy na rozmow\u0119 z re\u017cyserem filmu, Hubertem Patynowskim.<\/p>\n\n\n\n<p>Podczas festiwalu zobaczy\u0107 b\u0119dzie mo\u017cna film dokumentalny<strong> Marka Gajczaka<\/strong> <strong>DOM LITERAT\u00d3W, CZYLI KARTOTEKA ZEBRANA \/ HOUSE OF WRITERS<\/strong>, o \u017cyciu polskich intelektualist\u00f3w, zebranych razem po II Wojnie \u015awiatowej pod jednym dachem kamienicy w Krakowie przy ul. Krupniczej 22.<strong> <\/strong>Film opowiada o losach jej mieszka\u0144c\u00f3w \u2013 literat\u00f3w, w\u015br\u00f3d kt\u00f3rych znale\u017ali si\u0119 m.in. <strong>Konstanty Ildefons Ga\u0142czy\u0144ski,&nbsp;Wis\u0142awa Szymborska i S\u0142awomir Mro\u017cek.<\/strong><\/p>\n\n\n\n<p>Zaprezentujemy r\u00f3wnie\u017c wyr\u00f3\u017cniony w Konkursie Film\u00f3w Kr\u00f3tkometra\u017cowych na 44. Festiwalu Polskich Film\u00f3w Fabularnych w Gdyni film dyplomowy w re\u017cyserii <strong>Marii Wider<\/strong> <strong>WE MNIE \/ WITHIN ME,<\/strong> ujmuj\u0105cy w subtelny i poruszaj\u0105cy spos\u00f3b trudny temat straty nienarodzonego dziecka oraz jej wp\u0142yw na relacj\u0119 pomi\u0119dzy dwoma kochaj\u0105cymi si\u0119 osobami. Po projekcji zapraszamy na rozmow\u0119 z tw\u00f3rczyniami filmu: re\u017cyserk\u0105 Mari\u0105 Wider i asystentk\u0105 re\u017cysera <strong>Magd\u0105 Strzy\u017cy\u0144sk\u0105<\/strong>.<\/p>\n\n\n\n<p>Uwie\u0144czeniem festiwalu b\u0119dzie pokaz biograficznego filmu <strong>IKAR. LEGENDA MIETKA KOSZA <\/strong>\/ <strong>ICARUS. THE LEGEND OF MIETEK KOSZ <\/strong>w re\u017cyserii <strong>Macieja Pieprzyca<\/strong>. \u201eIkar\u2026\u201d to&nbsp;inspirowana prawdziwymi wydarzeniami historia niewidomego geniusza fortepianu oraz fenomenu polskiej i \u015bwiatowej pianistyki jazzowej, Mietka Kosza. Film zdoby\u0142 Srebrne Lwy oraz pi\u0119\u0107 nagr\u00f3d indywidualnych, m.in. za najlepsz\u0105 pierwszoplanow\u0105 rol\u0119 m\u0119sk\u0105 Dawida Ogrodnika oraz muzyk\u0119 \u2013 Leszka Mo\u017cd\u017cera na&nbsp;Festiwalu Polskich Film\u00f3w Fabularnych w&nbsp;Gdyni 2019.<\/p>\n\n\n\n<p>Jeste\u015bmy przekonani, \u017ce pomimo okrojonej wersji festiwalu, w programie tegorocznej Kinoteki ka\u017cdy znajdzie co\u015b dla siebie, a prezentowane filmy zaspokoj\u0105 nawet najbardziej wymagaj\u0105ce gusta.<\/p>\n\n\n\n<p>\u017byczymy niesamowitych filmowych dozna\u0144!<\/p>\n\n\n\n<p><br><em>Partnerzy: Zita Folkets Bio, Centrum Filmowe AMA\/AMA Filmacademy, Gdy\u0144ska Szko\u0142a Filmowa \/ Filmskolan i Gdynia, Krakow Film Klaster, Intramovies<\/em><\/p>\n\n\n\n<div class=\"wp-block-image\"><figure class=\"aligncenter size-large\"><img loading=\"lazy\" decoding=\"async\" width=\"1024\" height=\"146\" src=\"https:\/\/instytutpolski.pl\/stockholm\/wp-content\/uploads\/sites\/17\/2020\/10\/LOGOTYPY-blue-1024x146.jpg\" alt=\"\" class=\"wp-image-3611\" srcset=\"https:\/\/instytutpolski.pl\/stockholm\/wp-content\/uploads\/sites\/17\/2020\/10\/LOGOTYPY-blue-1024x146.jpg 1024w, https:\/\/instytutpolski.pl\/stockholm\/wp-content\/uploads\/sites\/17\/2020\/10\/LOGOTYPY-blue-300x43.jpg 300w, https:\/\/instytutpolski.pl\/stockholm\/wp-content\/uploads\/sites\/17\/2020\/10\/LOGOTYPY-blue-768x110.jpg 768w, https:\/\/instytutpolski.pl\/stockholm\/wp-content\/uploads\/sites\/17\/2020\/10\/LOGOTYPY-blue-1536x219.jpg 1536w, https:\/\/instytutpolski.pl\/stockholm\/wp-content\/uploads\/sites\/17\/2020\/10\/LOGOTYPY-blue-2048x293.jpg 2048w\" sizes=\"auto, (max-width: 1024px) 100vw, 1024px\" \/><\/figure><\/div>\n\n\n\n<h6 class=\"has-text-align-center wp-block-heading\"><br><br><strong><a rel=\"noreferrer noopener\" href=\"https:\/\/instytutpolski.pl\/stockholm\/pl\/kinoteka-2\/\" target=\"_blank\">KINOTEKA STOCKHOLM<\/a><\/strong> | <strong><a rel=\"noreferrer noopener\" href=\"https:\/\/instytutpolski.pl\/stockholm\/pl\/kinoteka-2\/o-kinotece\/\" target=\"_blank\">O KINOTECE<\/a><\/strong> | <strong><a rel=\"noreferrer noopener\" href=\"https:\/\/instytutpolski.pl\/stockholm\/pl\/kinoteka-2\/program\/\" target=\"_blank\">PROGRAM<\/a><\/strong> | <strong><a rel=\"noreferrer noopener\" href=\"https:\/\/instytutpolski.pl\/stockholm\/pl\/kinoteka-2\/?view=events_archive&amp;id=3781\" target=\"_blank\">FILMY I SPOTKANIA<\/a><\/strong><\/h6>\n","protected":false},"excerpt":{"rendered":"<p>Tegoroczna edycja festiwalu, ze wzgl\u0119du na obecn\u0105 sytuacj\u0119 spowodowan\u0105 covid-19, b\u0119dzie mia\u0142a charakter zamkni\u0119ty. Podczas dw\u00f3ch dni festiwalu b\u0119dzie mo\u017cna zobaczy\u0107 cztery polskie produkcje filmowe. Pokazy zdominuje m\u0142ode kino nagradzane na polskich festiwalach filmowych, gdzie objawienia polskiej kinematografii analizuj\u0105 spo\u0142eczne podzia\u0142y i prowokuj\u0105 do dyskusji. Kinotek\u0119 2020 zainaugurujemy pokazem polskiego filmu kr\u00f3tkometra\u017cowego b\u0119d\u0105cego debiutem Huberta [&hellip;]<\/p>\n","protected":false},"author":29,"featured_media":3589,"parent":3781,"menu_order":0,"comment_status":"closed","ping_status":"closed","template":"","meta":{"inline_featured_image":false,"_monsterinsights_skip_tracking":false,"_monsterinsights_sitenote_active":false,"_monsterinsights_sitenote_note":"","_monsterinsights_sitenote_category":0,"footnotes":""},"class_list":["post-3785","page","type-page","status-publish","has-post-thumbnail","hentry"],"yoast_head":"<!-- This site is optimized with the Yoast SEO plugin v24.6 - https:\/\/yoast.com\/wordpress\/plugins\/seo\/ -->\n<title>O KINOTECE - Instytut Polski w Sztokholmie<\/title>\n<meta name=\"robots\" content=\"index, follow, max-snippet:-1, max-image-preview:large, max-video-preview:-1\" \/>\n<link rel=\"canonical\" href=\"https:\/\/instytutpolski.pl\/stockholm\/pl\/kinoteka-2\/o-kinotece\/\" \/>\n<meta property=\"og:locale\" content=\"pl_PL\" \/>\n<meta property=\"og:type\" content=\"article\" \/>\n<meta property=\"og:title\" content=\"O KINOTECE - Instytut Polski w Sztokholmie\" \/>\n<meta property=\"og:description\" content=\"Tegoroczna edycja festiwalu, ze wzgl\u0119du na obecn\u0105 sytuacj\u0119 spowodowan\u0105 covid-19, b\u0119dzie mia\u0142a charakter zamkni\u0119ty. Podczas dw\u00f3ch dni festiwalu b\u0119dzie mo\u017cna zobaczy\u0107 cztery polskie produkcje filmowe. Pokazy zdominuje m\u0142ode kino nagradzane na polskich festiwalach filmowych, gdzie objawienia polskiej kinematografii analizuj\u0105 spo\u0142eczne podzia\u0142y i prowokuj\u0105 do dyskusji. Kinotek\u0119 2020 zainaugurujemy pokazem polskiego filmu kr\u00f3tkometra\u017cowego b\u0119d\u0105cego debiutem Huberta [&hellip;]\" \/>\n<meta property=\"og:url\" content=\"https:\/\/instytutpolski.pl\/stockholm\/pl\/kinoteka-2\/o-kinotece\/\" \/>\n<meta property=\"og:site_name\" content=\"Instytut Polski w Sztokholmie\" \/>\n<meta property=\"article:modified_time\" content=\"2020-10-10T08:43:53+00:00\" \/>\n<meta property=\"og:image\" content=\"https:\/\/instytutpolski.pl\/stockholm\/wp-content\/uploads\/sites\/17\/2020\/10\/baner.jpg\" \/>\n\t<meta property=\"og:image:width\" content=\"1500\" \/>\n\t<meta property=\"og:image:height\" content=\"630\" \/>\n\t<meta property=\"og:image:type\" content=\"image\/jpeg\" \/>\n<meta name=\"twitter:card\" content=\"summary_large_image\" \/>\n<meta name=\"twitter:label1\" content=\"Szacowany czas czytania\" \/>\n\t<meta name=\"twitter:data1\" content=\"2 minuty\" \/>\n<script type=\"application\/ld+json\" class=\"yoast-schema-graph\">{\"@context\":\"https:\/\/schema.org\",\"@graph\":[{\"@type\":\"WebPage\",\"@id\":\"https:\/\/instytutpolski.pl\/stockholm\/pl\/kinoteka-2\/o-kinotece\/\",\"url\":\"https:\/\/instytutpolski.pl\/stockholm\/pl\/kinoteka-2\/o-kinotece\/\",\"name\":\"O KINOTECE - Instytut Polski w Sztokholmie\",\"isPartOf\":{\"@id\":\"https:\/\/instytutpolski.pl\/stockholm\/#website\"},\"primaryImageOfPage\":{\"@id\":\"https:\/\/instytutpolski.pl\/stockholm\/pl\/kinoteka-2\/o-kinotece\/#primaryimage\"},\"image\":{\"@id\":\"https:\/\/instytutpolski.pl\/stockholm\/pl\/kinoteka-2\/o-kinotece\/#primaryimage\"},\"thumbnailUrl\":\"https:\/\/instytutpolski.pl\/stockholm\/wp-content\/uploads\/sites\/17\/2020\/10\/baner.jpg\",\"datePublished\":\"2020-10-01T09:26:04+00:00\",\"dateModified\":\"2020-10-10T08:43:53+00:00\",\"breadcrumb\":{\"@id\":\"https:\/\/instytutpolski.pl\/stockholm\/pl\/kinoteka-2\/o-kinotece\/#breadcrumb\"},\"inLanguage\":\"pl-PL\",\"potentialAction\":[{\"@type\":\"ReadAction\",\"target\":[\"https:\/\/instytutpolski.pl\/stockholm\/pl\/kinoteka-2\/o-kinotece\/\"]}]},{\"@type\":\"ImageObject\",\"inLanguage\":\"pl-PL\",\"@id\":\"https:\/\/instytutpolski.pl\/stockholm\/pl\/kinoteka-2\/o-kinotece\/#primaryimage\",\"url\":\"https:\/\/instytutpolski.pl\/stockholm\/wp-content\/uploads\/sites\/17\/2020\/10\/baner.jpg\",\"contentUrl\":\"https:\/\/instytutpolski.pl\/stockholm\/wp-content\/uploads\/sites\/17\/2020\/10\/baner.jpg\",\"width\":1500,\"height\":630},{\"@type\":\"BreadcrumbList\",\"@id\":\"https:\/\/instytutpolski.pl\/stockholm\/pl\/kinoteka-2\/o-kinotece\/#breadcrumb\",\"itemListElement\":[{\"@type\":\"ListItem\",\"position\":1,\"name\":\"Home\",\"item\":\"https:\/\/instytutpolski.pl\/stockholm\/\"},{\"@type\":\"ListItem\",\"position\":2,\"name\":\"KINOTEKA\",\"item\":\"https:\/\/instytutpolski.pl\/stockholm\/pl\/kinoteka-2\/\"},{\"@type\":\"ListItem\",\"position\":3,\"name\":\"O KINOTECE\"}]},{\"@type\":\"WebSite\",\"@id\":\"https:\/\/instytutpolski.pl\/stockholm\/#website\",\"url\":\"https:\/\/instytutpolski.pl\/stockholm\/\",\"name\":\"Instytut Polski w Sztokholmie\",\"description\":\"Instytuty Polskie\",\"potentialAction\":[{\"@type\":\"SearchAction\",\"target\":{\"@type\":\"EntryPoint\",\"urlTemplate\":\"https:\/\/instytutpolski.pl\/stockholm\/?s={search_term_string}\"},\"query-input\":{\"@type\":\"PropertyValueSpecification\",\"valueRequired\":true,\"valueName\":\"search_term_string\"}}],\"inLanguage\":\"pl-PL\"}]}<\/script>\n<!-- \/ Yoast SEO plugin. -->","yoast_head_json":{"title":"O KINOTECE - Instytut Polski w Sztokholmie","robots":{"index":"index","follow":"follow","max-snippet":"max-snippet:-1","max-image-preview":"max-image-preview:large","max-video-preview":"max-video-preview:-1"},"canonical":"https:\/\/instytutpolski.pl\/stockholm\/pl\/kinoteka-2\/o-kinotece\/","og_locale":"pl_PL","og_type":"article","og_title":"O KINOTECE - Instytut Polski w Sztokholmie","og_description":"Tegoroczna edycja festiwalu, ze wzgl\u0119du na obecn\u0105 sytuacj\u0119 spowodowan\u0105 covid-19, b\u0119dzie mia\u0142a charakter zamkni\u0119ty. Podczas dw\u00f3ch dni festiwalu b\u0119dzie mo\u017cna zobaczy\u0107 cztery polskie produkcje filmowe. Pokazy zdominuje m\u0142ode kino nagradzane na polskich festiwalach filmowych, gdzie objawienia polskiej kinematografii analizuj\u0105 spo\u0142eczne podzia\u0142y i prowokuj\u0105 do dyskusji. Kinotek\u0119 2020 zainaugurujemy pokazem polskiego filmu kr\u00f3tkometra\u017cowego b\u0119d\u0105cego debiutem Huberta [&hellip;]","og_url":"https:\/\/instytutpolski.pl\/stockholm\/pl\/kinoteka-2\/o-kinotece\/","og_site_name":"Instytut Polski w Sztokholmie","article_modified_time":"2020-10-10T08:43:53+00:00","og_image":[{"width":1500,"height":630,"url":"https:\/\/instytutpolski.pl\/stockholm\/wp-content\/uploads\/sites\/17\/2020\/10\/baner.jpg","type":"image\/jpeg"}],"twitter_card":"summary_large_image","twitter_misc":{"Szacowany czas czytania":"2 minuty"},"schema":{"@context":"https:\/\/schema.org","@graph":[{"@type":"WebPage","@id":"https:\/\/instytutpolski.pl\/stockholm\/pl\/kinoteka-2\/o-kinotece\/","url":"https:\/\/instytutpolski.pl\/stockholm\/pl\/kinoteka-2\/o-kinotece\/","name":"O KINOTECE - Instytut Polski w Sztokholmie","isPartOf":{"@id":"https:\/\/instytutpolski.pl\/stockholm\/#website"},"primaryImageOfPage":{"@id":"https:\/\/instytutpolski.pl\/stockholm\/pl\/kinoteka-2\/o-kinotece\/#primaryimage"},"image":{"@id":"https:\/\/instytutpolski.pl\/stockholm\/pl\/kinoteka-2\/o-kinotece\/#primaryimage"},"thumbnailUrl":"https:\/\/instytutpolski.pl\/stockholm\/wp-content\/uploads\/sites\/17\/2020\/10\/baner.jpg","datePublished":"2020-10-01T09:26:04+00:00","dateModified":"2020-10-10T08:43:53+00:00","breadcrumb":{"@id":"https:\/\/instytutpolski.pl\/stockholm\/pl\/kinoteka-2\/o-kinotece\/#breadcrumb"},"inLanguage":"pl-PL","potentialAction":[{"@type":"ReadAction","target":["https:\/\/instytutpolski.pl\/stockholm\/pl\/kinoteka-2\/o-kinotece\/"]}]},{"@type":"ImageObject","inLanguage":"pl-PL","@id":"https:\/\/instytutpolski.pl\/stockholm\/pl\/kinoteka-2\/o-kinotece\/#primaryimage","url":"https:\/\/instytutpolski.pl\/stockholm\/wp-content\/uploads\/sites\/17\/2020\/10\/baner.jpg","contentUrl":"https:\/\/instytutpolski.pl\/stockholm\/wp-content\/uploads\/sites\/17\/2020\/10\/baner.jpg","width":1500,"height":630},{"@type":"BreadcrumbList","@id":"https:\/\/instytutpolski.pl\/stockholm\/pl\/kinoteka-2\/o-kinotece\/#breadcrumb","itemListElement":[{"@type":"ListItem","position":1,"name":"Home","item":"https:\/\/instytutpolski.pl\/stockholm\/"},{"@type":"ListItem","position":2,"name":"KINOTEKA","item":"https:\/\/instytutpolski.pl\/stockholm\/pl\/kinoteka-2\/"},{"@type":"ListItem","position":3,"name":"O KINOTECE"}]},{"@type":"WebSite","@id":"https:\/\/instytutpolski.pl\/stockholm\/#website","url":"https:\/\/instytutpolski.pl\/stockholm\/","name":"Instytut Polski w Sztokholmie","description":"Instytuty Polskie","potentialAction":[{"@type":"SearchAction","target":{"@type":"EntryPoint","urlTemplate":"https:\/\/instytutpolski.pl\/stockholm\/?s={search_term_string}"},"query-input":{"@type":"PropertyValueSpecification","valueRequired":true,"valueName":"search_term_string"}}],"inLanguage":"pl-PL"}]}},"_links":{"self":[{"href":"https:\/\/instytutpolski.pl\/stockholm\/wp-json\/wp\/v2\/pages\/3785","targetHints":{"allow":["GET"]}}],"collection":[{"href":"https:\/\/instytutpolski.pl\/stockholm\/wp-json\/wp\/v2\/pages"}],"about":[{"href":"https:\/\/instytutpolski.pl\/stockholm\/wp-json\/wp\/v2\/types\/page"}],"author":[{"embeddable":true,"href":"https:\/\/instytutpolski.pl\/stockholm\/wp-json\/wp\/v2\/users\/29"}],"replies":[{"embeddable":true,"href":"https:\/\/instytutpolski.pl\/stockholm\/wp-json\/wp\/v2\/comments?post=3785"}],"version-history":[{"count":7,"href":"https:\/\/instytutpolski.pl\/stockholm\/wp-json\/wp\/v2\/pages\/3785\/revisions"}],"predecessor-version":[{"id":3884,"href":"https:\/\/instytutpolski.pl\/stockholm\/wp-json\/wp\/v2\/pages\/3785\/revisions\/3884"}],"up":[{"embeddable":true,"href":"https:\/\/instytutpolski.pl\/stockholm\/wp-json\/wp\/v2\/pages\/3781"}],"wp:featuredmedia":[{"embeddable":true,"href":"https:\/\/instytutpolski.pl\/stockholm\/wp-json\/wp\/v2\/media\/3589"}],"wp:attachment":[{"href":"https:\/\/instytutpolski.pl\/stockholm\/wp-json\/wp\/v2\/media?parent=3785"}],"curies":[{"name":"wp","href":"https:\/\/api.w.org\/{rel}","templated":true}]}}