{"id":615,"date":"2019-06-25T13:12:09","date_gmt":"2019-06-25T11:12:09","guid":{"rendered":"https:\/\/instytutpolski.pl\/sztokholm\/?page_id=615"},"modified":"2026-03-12T13:22:04","modified_gmt":"2026-03-12T12:22:04","slug":"praktik","status":"publish","type":"page","link":"https:\/\/instytutpolski.pl\/stockholm\/om-oss\/praktik\/","title":{"rendered":"Praktik"},"content":{"rendered":"\n<p><strong>Om du \u00e4r&#8230;<\/strong><\/p>\n\n\n\n<p>&#8230;en person som gillar utmaningar, kreativ, sj\u00e4lvst\u00e4ndig och samtidigt bra p\u00e5 att arbeta i grupp, engagerad och ivrig att utvecklas, intresserad av b\u00e5de svensk och polsk kultur&#8230;<\/p>\n\n\n\n<p>&#8230;d\u00e5 har du chansen att bli&nbsp;<strong>praktikant<\/strong>&nbsp;eller&nbsp;<strong>volont\u00e4r<\/strong>&nbsp;p\u00e5 Polska institutet. Du kommer att f\u00e5 arbeta med en ung, kreativ arbetsgrupp, du f\u00e5r erfarenhet av kommunikation, PR och kulturprojekt, och framf\u00f6r allt \u2013 du f\u00e5r utrymme f\u00f6r din initiativf\u00f6rm\u00e5ga. Som praktikant p\u00e5 Polska institutet f\u00e5r du ocks\u00e5 chansen att l\u00e4ra k\u00e4nna polska och svenska kulturpersonligheter.<\/p>\n\n\n\n<hr class=\"wp-block-separator has-css-opacity\" \/>\n\n\n\n<h4 class=\"wp-block-heading\"><strong>STUDENTPRAKTIK<\/strong><\/h4>\n\n\n\n<p><strong>Formella krav<\/strong><\/p>\n\n\n\n<ul class=\"wp-block-list\">\n<li>du \u00e4r medborgare i Polen eller annat EU-land<\/li>\n\n\n\n<li>du studerar kultur, spr\u00e5k, marknadsf\u00f6ring, management, PR, journalistik, litteratur eller n\u00e5got annat humanistiskt \u00e4mne p\u00e5 minst kandidatniv\u00e5 (C-niv\u00e5).<\/li>\n\n\n\n<li>du talar svenska och engelska. Om du \u00e4ven talar polska \u00e4r det en merit.&nbsp;<\/li>\n\n\n\n<li>du \u00e4r inte d\u00f6md f\u00f6r brott och skriver under en f\u00f6rs\u00e4kran om det (se bilaga)<\/li>\n\n\n\n<li>om du inte \u00e4r svensk medborgare eller har permanent uppeh\u00e5llstillst\u00e5nd i Sverige har du en g\u00e4llande olycksfallsf\u00f6rs\u00e4kring (ISIC, Euro26, Europeiska Sjukf\u00f6rs\u00e4kringskortet eller annat)<\/li>\n<\/ul>\n\n\n\n<p>Praktiken \u00e4r obetald och kan \u00e4ga rum n\u00e4r som helst under \u00e5ret, en m\u00e5nad p\u00e5 heltid eller tv\u00e5 m\u00e5nader p\u00e5 deltid. Du m\u00e5ste sj\u00e4lv ordna bostad, resa och uppeh\u00e4lle.<\/p>\n\n\n\n<p>Skicka CV, personligt brev och ifyllda blanketter (kan laddas hem nedan) till sztokholm@instytutpolski.pl\u00a0senast 45 dagar f\u00f6re \u00f6nskat startdatum f\u00f6r praktiken.<\/p>\n\n\n\n<p><strong>Blanketter att ladda hem:<\/strong><\/p>\n\n\n\n<div class=\"wp-block-file\"><a href=\"https:\/\/instytutpolski.pl\/sztokholm\/wp-content\/uploads\/sites\/17\/2019\/06\/Appendix_no._5_APPLICATION_FORM_FOR_STUDENT_INTERNSHIP.pdf\">Ans\u00f6kan<\/a><a href=\"https:\/\/instytutpolski.pl\/sztokholm\/wp-content\/uploads\/sites\/17\/2019\/06\/Appendix_no._5_APPLICATION_FORM_FOR_STUDENT_INTERNSHIP.pdf\" class=\"wp-block-file__button wp-element-button\" download>Ladda ner<\/a><\/div>\n\n\n\n<div class=\"wp-block-file\"><a href=\"https:\/\/instytutpolski.pl\/sztokholm\/wp-content\/uploads\/sites\/17\/2019\/06\/Appendix_no._2_Declaration.pdf\">F\u00f6rs\u00e4kran om att vara ostraffad<\/a><a href=\"https:\/\/instytutpolski.pl\/sztokholm\/wp-content\/uploads\/sites\/17\/2019\/06\/Appendix_no._2_Declaration.pdf\" class=\"wp-block-file__button wp-element-button\" download>Ladda ner<\/a><\/div>\n\n\n\n<hr class=\"wp-block-separator has-css-opacity\" \/>\n\n\n\n<h4 class=\"wp-block-heading\"><strong>PRAKTIK F\u00d6R PERSONER MED AVSLUTADE STUDIER<\/strong><\/h4>\n\n\n\n<p><strong>Formella krav:<\/strong><\/p>\n\n\n\n<ul class=\"wp-block-list\">\n<li>du \u00e4r medborgare i Polen eller annat EU-land<\/li>\n\n\n\n<li>du har avslutat en h\u00f6gre utbildning inom kultur, spr\u00e5k, marknadsf\u00f6ring, management, PR, journalistik, litteratur eller n\u00e5got annat humanistiskt \u00e4mne<\/li>\n\n\n\n<li>det \u00e4r h\u00f6gst 5 \u00e5r sedan du avslutade utbildningen<\/li>\n\n\n\n<li>du har goda kunskaper i svenska, polska och engelska<\/li>\n\n\n\n<li>om du inte \u00e4r svensk medborgare eller har permanent uppeh\u00e5llstillst\u00e5nd i Sverige har du en g\u00e4llande olycksfallsf\u00f6rs\u00e4kring (ISIC, Euro26, Europeiska Sjukf\u00f6rs\u00e4kringskortet eller annat)<\/li>\n\n\n\n<li>du \u00e4r inte d\u00f6md f\u00f6r brott och skriver under en f\u00f6rs\u00e4kran om det (se bilaga)<\/li>\n<\/ul>\n\n\n\n<p>Praktik f\u00f6r personer med avslutade studier kan vara betald eller obetald (beslut fattas i varje enskilt fall av Polska institutets direkt\u00f6r). Praktik kan g\u00f6ras n\u00e4r som helst under \u00e5ret p\u00e5 hel- eller deltid under 1-3 m\u00e5nader.<\/p>\n\n\n\n<p>Skicka CV, personligt brev och ifyllda blanketter (kan laddas hem nedan) till\u00a0sztokholm@instytutpolski.pl\u00a0senast 45 dagar f\u00f6re \u00f6nskat startdatum f\u00f6r praktiken.<br><strong><br>Blanketter att ladda hem:<\/strong><\/p>\n\n\n\n<div class=\"wp-block-file\"><a href=\"https:\/\/instytutpolski.pl\/sztokholm\/wp-content\/uploads\/sites\/17\/2019\/06\/Appendix_no._9_POST-GRADUATE_INTERNSHIP_CONTRACT.pdf\">Ans\u00f6kan<\/a><a href=\"https:\/\/instytutpolski.pl\/sztokholm\/wp-content\/uploads\/sites\/17\/2019\/06\/Appendix_no._9_POST-GRADUATE_INTERNSHIP_CONTRACT.pdf\" class=\"wp-block-file__button wp-element-button\" download>Ladda ner<\/a><\/div>\n\n\n\n<div class=\"wp-block-file\"><a href=\"https:\/\/instytutpolski.pl\/sztokholm\/wp-content\/uploads\/sites\/17\/2019\/06\/Appendix_no._2_Declaration-2.pdf\">F\u00f6rs\u00e4kran om att vara ostraffad<\/a><a href=\"https:\/\/instytutpolski.pl\/sztokholm\/wp-content\/uploads\/sites\/17\/2019\/06\/Appendix_no._2_Declaration-2.pdf\" class=\"wp-block-file__button wp-element-button\" download>Ladda ner<\/a><\/div>\n\n\n\n<hr class=\"wp-block-separator has-css-opacity\" \/>\n\n\n\n<h4 class=\"wp-block-heading\"><strong>VOLONT\u00c4RARBETE<\/strong><\/h4>\n\n\n\n<p><strong>Formella krav:<\/strong><\/p>\n\n\n\n<ul>\n<li>du \u00e4r medborgare i Polen eller annat EU-land<\/li>\n<li>du studerar eller har studerat vid en h\u00f6gre utbildning inom kultur, spr\u00e5k, marknadsf\u00f6ring, management, PR, journalistik, litteratur eller n\u00e5got annat humanistiskt \u00e4mne<\/li>\n<li>det \u00e4r h\u00f6gst 5 \u00e5r sedan du avslutade utbildningen<\/li>\n<li>du har goda kunskaper i svenska, polska och engelska<\/li>\n<li>om du inte \u00e4r svensk medborgare eller har permanent uppeh\u00e5llstillst\u00e5nd i Sverige har du en g\u00e4llande olycksfallsf\u00f6rs\u00e4kring (ISIC, Euro26, Europeiska Sjukf\u00f6rs\u00e4kringskortet eller annat)<\/li>\n<li>du \u00e4r inte d\u00f6md f\u00f6r brott och skriver under en f\u00f6rs\u00e4kran om det (se bilaga)<\/li>\n<\/ul>\n\n\n\n<p>Volont\u00e4rarbete hos Polska instituet \u00e4r obetalt. Det kan \u00e4ga rum n\u00e4r som helst under \u00e5ret under h\u00f6gst 3 m\u00e5nader.<\/p>\n\n\n\n<p>Skicka CV, personligt brev och ifyllda blanketter (kan laddas hem nedan) till sztokholm@instytutpolski.pl&nbsp;senast 45 dagar f\u00f6re \u00f6nskat startdatum f\u00f6r volont\u00e4rarbetet.<\/p>\n\n\n\n<p><strong>Blanketter att ladda hem:<\/strong><\/p>\n\n\n\n<div class=\"wp-block-file\"><a href=\"https:\/\/instytutpolski.pl\/sztokholm\/wp-content\/uploads\/sites\/17\/2019\/06\/Appendix_no._10_APPLICATION_FORM_FOR_VOLUNTEER_WORK.pdf\">Ans\u00f6kan<\/a><a href=\"https:\/\/instytutpolski.pl\/sztokholm\/wp-content\/uploads\/sites\/17\/2019\/06\/Appendix_no._10_APPLICATION_FORM_FOR_VOLUNTEER_WORK.pdf\" class=\"wp-block-file__button wp-element-button\" download>Ladda ner<\/a><\/div>\n\n\n\n<div class=\"wp-block-file\"><a href=\"https:\/\/instytutpolski.pl\/sztokholm\/wp-content\/uploads\/sites\/17\/2019\/06\/Appendix_no._2_Declaration-3.pdf\">Appendix_no._2_Declaration-3<\/a><a href=\"https:\/\/instytutpolski.pl\/sztokholm\/wp-content\/uploads\/sites\/17\/2019\/06\/Appendix_no._2_Declaration-3.pdf\" class=\"wp-block-file__button wp-element-button\" download>Ladda ner<\/a><\/div>\n","protected":false},"excerpt":{"rendered":"<p>Om du \u00e4r&#8230; &#8230;en person som gillar utmaningar, kreativ, sj\u00e4lvst\u00e4ndig och samtidigt bra p\u00e5 att arbeta i grupp, engagerad och ivrig att utvecklas, intresserad av b\u00e5de svensk och polsk kultur&#8230; &#8230;d\u00e5 har du chansen att bli&nbsp;praktikant&nbsp;eller&nbsp;volont\u00e4r&nbsp;p\u00e5 Polska institutet. Du kommer att f\u00e5 arbeta med en ung, kreativ arbetsgrupp, du f\u00e5r erfarenhet av kommunikation, PR och [&hellip;]<\/p>\n","protected":false},"author":1,"featured_media":2733,"parent":598,"menu_order":0,"comment_status":"closed","ping_status":"closed","template":"","meta":{"inline_featured_image":false,"_monsterinsights_skip_tracking":false,"_monsterinsights_sitenote_active":false,"_monsterinsights_sitenote_note":"","_monsterinsights_sitenote_category":0,"footnotes":""},"class_list":["post-615","page","type-page","status-publish","has-post-thumbnail","hentry"],"yoast_head":"<!-- This site is optimized with the Yoast SEO plugin v24.6 - https:\/\/yoast.com\/wordpress\/plugins\/seo\/ -->\n<title>Praktik - Instytut Polski w Sztokholmie<\/title>\n<meta name=\"robots\" content=\"index, follow, max-snippet:-1, max-image-preview:large, max-video-preview:-1\" \/>\n<link rel=\"canonical\" href=\"https:\/\/instytutpolski.pl\/stockholm\/om-oss\/praktik\/\" \/>\n<meta property=\"og:locale\" content=\"pl_PL\" \/>\n<meta property=\"og:type\" content=\"article\" \/>\n<meta property=\"og:title\" content=\"Praktik - Instytut Polski w Sztokholmie\" \/>\n<meta property=\"og:description\" content=\"Om du \u00e4r&#8230; &#8230;en person som gillar utmaningar, kreativ, sj\u00e4lvst\u00e4ndig och samtidigt bra p\u00e5 att arbeta i grupp, engagerad och ivrig att utvecklas, intresserad av b\u00e5de svensk och polsk kultur&#8230; &#8230;d\u00e5 har du chansen att bli&nbsp;praktikant&nbsp;eller&nbsp;volont\u00e4r&nbsp;p\u00e5 Polska institutet. Du kommer att f\u00e5 arbeta med en ung, kreativ arbetsgrupp, du f\u00e5r erfarenhet av kommunikation, PR och [&hellip;]\" \/>\n<meta property=\"og:url\" content=\"https:\/\/instytutpolski.pl\/stockholm\/om-oss\/praktik\/\" \/>\n<meta property=\"og:site_name\" content=\"Instytut Polski w Sztokholmie\" \/>\n<meta property=\"article:modified_time\" content=\"2026-03-12T12:22:04+00:00\" \/>\n<meta property=\"og:image\" content=\"https:\/\/instytutpolski.pl\/stockholm\/wp-content\/uploads\/sites\/17\/2020\/06\/duy-pham-Cecb0_8Hx-o-unsplash.jpg\" \/>\n\t<meta property=\"og:image:width\" content=\"2000\" \/>\n\t<meta property=\"og:image:height\" content=\"1125\" \/>\n\t<meta property=\"og:image:type\" content=\"image\/jpeg\" \/>\n<meta name=\"twitter:card\" content=\"summary_large_image\" \/>\n<meta name=\"twitter:label1\" content=\"Szacowany czas czytania\" \/>\n\t<meta name=\"twitter:data1\" content=\"4 minuty\" \/>\n<script type=\"application\/ld+json\" class=\"yoast-schema-graph\">{\"@context\":\"https:\/\/schema.org\",\"@graph\":[{\"@type\":\"WebPage\",\"@id\":\"https:\/\/instytutpolski.pl\/stockholm\/om-oss\/praktik\/\",\"url\":\"https:\/\/instytutpolski.pl\/stockholm\/om-oss\/praktik\/\",\"name\":\"Praktik - Instytut Polski w Sztokholmie\",\"isPartOf\":{\"@id\":\"https:\/\/instytutpolski.pl\/stockholm\/#website\"},\"primaryImageOfPage\":{\"@id\":\"https:\/\/instytutpolski.pl\/stockholm\/om-oss\/praktik\/#primaryimage\"},\"image\":{\"@id\":\"https:\/\/instytutpolski.pl\/stockholm\/om-oss\/praktik\/#primaryimage\"},\"thumbnailUrl\":\"https:\/\/instytutpolski.pl\/stockholm\/wp-content\/uploads\/sites\/17\/2020\/06\/duy-pham-Cecb0_8Hx-o-unsplash.jpg\",\"datePublished\":\"2019-06-25T11:12:09+00:00\",\"dateModified\":\"2026-03-12T12:22:04+00:00\",\"breadcrumb\":{\"@id\":\"https:\/\/instytutpolski.pl\/stockholm\/om-oss\/praktik\/#breadcrumb\"},\"inLanguage\":\"pl-PL\",\"potentialAction\":[{\"@type\":\"ReadAction\",\"target\":[\"https:\/\/instytutpolski.pl\/stockholm\/om-oss\/praktik\/\"]}]},{\"@type\":\"ImageObject\",\"inLanguage\":\"pl-PL\",\"@id\":\"https:\/\/instytutpolski.pl\/stockholm\/om-oss\/praktik\/#primaryimage\",\"url\":\"https:\/\/instytutpolski.pl\/stockholm\/wp-content\/uploads\/sites\/17\/2020\/06\/duy-pham-Cecb0_8Hx-o-unsplash.jpg\",\"contentUrl\":\"https:\/\/instytutpolski.pl\/stockholm\/wp-content\/uploads\/sites\/17\/2020\/06\/duy-pham-Cecb0_8Hx-o-unsplash.jpg\",\"width\":2000,\"height\":1125},{\"@type\":\"BreadcrumbList\",\"@id\":\"https:\/\/instytutpolski.pl\/stockholm\/om-oss\/praktik\/#breadcrumb\",\"itemListElement\":[{\"@type\":\"ListItem\",\"position\":1,\"name\":\"Home\",\"item\":\"https:\/\/instytutpolski.pl\/stockholm\/\"},{\"@type\":\"ListItem\",\"position\":2,\"name\":\"Om Polska institutet\",\"item\":\"https:\/\/instytutpolski.pl\/stockholm\/om-oss\/\"},{\"@type\":\"ListItem\",\"position\":3,\"name\":\"Praktik\"}]},{\"@type\":\"WebSite\",\"@id\":\"https:\/\/instytutpolski.pl\/stockholm\/#website\",\"url\":\"https:\/\/instytutpolski.pl\/stockholm\/\",\"name\":\"Instytut Polski w Sztokholmie\",\"description\":\"Instytuty Polskie\",\"potentialAction\":[{\"@type\":\"SearchAction\",\"target\":{\"@type\":\"EntryPoint\",\"urlTemplate\":\"https:\/\/instytutpolski.pl\/stockholm\/?s={search_term_string}\"},\"query-input\":{\"@type\":\"PropertyValueSpecification\",\"valueRequired\":true,\"valueName\":\"search_term_string\"}}],\"inLanguage\":\"pl-PL\"}]}<\/script>\n<!-- \/ Yoast SEO plugin. -->","yoast_head_json":{"title":"Praktik - Instytut Polski w Sztokholmie","robots":{"index":"index","follow":"follow","max-snippet":"max-snippet:-1","max-image-preview":"max-image-preview:large","max-video-preview":"max-video-preview:-1"},"canonical":"https:\/\/instytutpolski.pl\/stockholm\/om-oss\/praktik\/","og_locale":"pl_PL","og_type":"article","og_title":"Praktik - Instytut Polski w Sztokholmie","og_description":"Om du \u00e4r&#8230; &#8230;en person som gillar utmaningar, kreativ, sj\u00e4lvst\u00e4ndig och samtidigt bra p\u00e5 att arbeta i grupp, engagerad och ivrig att utvecklas, intresserad av b\u00e5de svensk och polsk kultur&#8230; &#8230;d\u00e5 har du chansen att bli&nbsp;praktikant&nbsp;eller&nbsp;volont\u00e4r&nbsp;p\u00e5 Polska institutet. Du kommer att f\u00e5 arbeta med en ung, kreativ arbetsgrupp, du f\u00e5r erfarenhet av kommunikation, PR och [&hellip;]","og_url":"https:\/\/instytutpolski.pl\/stockholm\/om-oss\/praktik\/","og_site_name":"Instytut Polski w Sztokholmie","article_modified_time":"2026-03-12T12:22:04+00:00","og_image":[{"width":2000,"height":1125,"url":"https:\/\/instytutpolski.pl\/stockholm\/wp-content\/uploads\/sites\/17\/2020\/06\/duy-pham-Cecb0_8Hx-o-unsplash.jpg","type":"image\/jpeg"}],"twitter_card":"summary_large_image","twitter_misc":{"Szacowany czas czytania":"4 minuty"},"schema":{"@context":"https:\/\/schema.org","@graph":[{"@type":"WebPage","@id":"https:\/\/instytutpolski.pl\/stockholm\/om-oss\/praktik\/","url":"https:\/\/instytutpolski.pl\/stockholm\/om-oss\/praktik\/","name":"Praktik - Instytut Polski w Sztokholmie","isPartOf":{"@id":"https:\/\/instytutpolski.pl\/stockholm\/#website"},"primaryImageOfPage":{"@id":"https:\/\/instytutpolski.pl\/stockholm\/om-oss\/praktik\/#primaryimage"},"image":{"@id":"https:\/\/instytutpolski.pl\/stockholm\/om-oss\/praktik\/#primaryimage"},"thumbnailUrl":"https:\/\/instytutpolski.pl\/stockholm\/wp-content\/uploads\/sites\/17\/2020\/06\/duy-pham-Cecb0_8Hx-o-unsplash.jpg","datePublished":"2019-06-25T11:12:09+00:00","dateModified":"2026-03-12T12:22:04+00:00","breadcrumb":{"@id":"https:\/\/instytutpolski.pl\/stockholm\/om-oss\/praktik\/#breadcrumb"},"inLanguage":"pl-PL","potentialAction":[{"@type":"ReadAction","target":["https:\/\/instytutpolski.pl\/stockholm\/om-oss\/praktik\/"]}]},{"@type":"ImageObject","inLanguage":"pl-PL","@id":"https:\/\/instytutpolski.pl\/stockholm\/om-oss\/praktik\/#primaryimage","url":"https:\/\/instytutpolski.pl\/stockholm\/wp-content\/uploads\/sites\/17\/2020\/06\/duy-pham-Cecb0_8Hx-o-unsplash.jpg","contentUrl":"https:\/\/instytutpolski.pl\/stockholm\/wp-content\/uploads\/sites\/17\/2020\/06\/duy-pham-Cecb0_8Hx-o-unsplash.jpg","width":2000,"height":1125},{"@type":"BreadcrumbList","@id":"https:\/\/instytutpolski.pl\/stockholm\/om-oss\/praktik\/#breadcrumb","itemListElement":[{"@type":"ListItem","position":1,"name":"Home","item":"https:\/\/instytutpolski.pl\/stockholm\/"},{"@type":"ListItem","position":2,"name":"Om Polska institutet","item":"https:\/\/instytutpolski.pl\/stockholm\/om-oss\/"},{"@type":"ListItem","position":3,"name":"Praktik"}]},{"@type":"WebSite","@id":"https:\/\/instytutpolski.pl\/stockholm\/#website","url":"https:\/\/instytutpolski.pl\/stockholm\/","name":"Instytut Polski w Sztokholmie","description":"Instytuty Polskie","potentialAction":[{"@type":"SearchAction","target":{"@type":"EntryPoint","urlTemplate":"https:\/\/instytutpolski.pl\/stockholm\/?s={search_term_string}"},"query-input":{"@type":"PropertyValueSpecification","valueRequired":true,"valueName":"search_term_string"}}],"inLanguage":"pl-PL"}]}},"_links":{"self":[{"href":"https:\/\/instytutpolski.pl\/stockholm\/wp-json\/wp\/v2\/pages\/615","targetHints":{"allow":["GET"]}}],"collection":[{"href":"https:\/\/instytutpolski.pl\/stockholm\/wp-json\/wp\/v2\/pages"}],"about":[{"href":"https:\/\/instytutpolski.pl\/stockholm\/wp-json\/wp\/v2\/types\/page"}],"author":[{"embeddable":true,"href":"https:\/\/instytutpolski.pl\/stockholm\/wp-json\/wp\/v2\/users\/1"}],"replies":[{"embeddable":true,"href":"https:\/\/instytutpolski.pl\/stockholm\/wp-json\/wp\/v2\/comments?post=615"}],"version-history":[{"count":10,"href":"https:\/\/instytutpolski.pl\/stockholm\/wp-json\/wp\/v2\/pages\/615\/revisions"}],"predecessor-version":[{"id":15263,"href":"https:\/\/instytutpolski.pl\/stockholm\/wp-json\/wp\/v2\/pages\/615\/revisions\/15263"}],"up":[{"embeddable":true,"href":"https:\/\/instytutpolski.pl\/stockholm\/wp-json\/wp\/v2\/pages\/598"}],"wp:featuredmedia":[{"embeddable":true,"href":"https:\/\/instytutpolski.pl\/stockholm\/wp-json\/wp\/v2\/media\/2733"}],"wp:attachment":[{"href":"https:\/\/instytutpolski.pl\/stockholm\/wp-json\/wp\/v2\/media?parent=615"}],"curies":[{"name":"wp","href":"https:\/\/api.w.org\/{rel}","templated":true}]}}