{"id":6424,"date":"2021-09-01T15:17:25","date_gmt":"2021-09-01T13:17:25","guid":{"rendered":"https:\/\/instytutpolski.pl\/stockholm\/?page_id=6424"},"modified":"2021-09-03T17:12:32","modified_gmt":"2021-09-03T15:12:32","slug":"program-2021","status":"publish","type":"page","link":"https:\/\/instytutpolski.pl\/stockholm\/pl\/kinoteka-2\/program-2021\/","title":{"rendered":"Program"},"content":{"rendered":"\n<h5 class=\"wp-block-heading\"><strong>Podczas trzech dni festiwalu filmowego Kinoteka Stockholm b\u0119dzie mo\u017cna zobaczy\u0107 r\u00f3\u017cne polskie produkcje filmowe oraz wzia\u0107 udzia\u0142 w spotkaniach z go\u015b\u0107mi specjalnymi festiwalu.<\/strong><\/h5>\n\n\n\n<h5 class=\"wp-block-heading\"><br><strong>Pi\u0105tek, 10 wrze\u015bnia 2021<\/strong><\/h5>\n\n\n\n<p><br>17:30 | Otwarcie festiwalu<\/p>\n\n\n\n<p>17:45 |  ZABIJ TO I WYJED\u0179 Z TEGO MIASTA, re\u017c. Mariusz Wilczy\u0144ski (88 min.)<\/p>\n\n\n\n<p>19:15 |  Rozmowa z re\u017cyserem Mariuszem Wilczy\u0144skim<\/p>\n\n\n\n<p>20:30 |  Retrospektywa film\u00f3w Juliana Antoniszczaka<\/p>\n\n\n\n<div style=\"height:25px\" aria-hidden=\"true\" class=\"wp-block-spacer\"><\/div>\n\n\n\n<hr class=\"wp-block-separator\" \/>\n\n\n\n<h5 class=\"wp-block-heading\"><br><strong>Sobota, 11 wrze\u015bnia 2021<\/strong><\/h5>\n\n\n\n<p><strong>LEMOTEKA<\/strong><\/p>\n\n\n\n<p><br>17:30 | Recepcja<\/p>\n\n\n\n<p>18:00 | MASKA, re\u017c. Hanka Bruli\u0144ska (14 min.)<\/p>\n\n\n\n<p>18:15 | Rozmowa z re\u017cyserk\u0105 Hank\u0105 Bruli\u0144sk\u0105 <\/p>\n\n\n\n<p>19:00 | Recepcja<\/p>\n\n\n\n<p>19:15 | KONGRES, re\u017c. Ari Folman (120 min.)<\/p>\n\n\n\n<div style=\"height:25px\" aria-hidden=\"true\" class=\"wp-block-spacer\"><\/div>\n\n\n\n<hr class=\"wp-block-separator\" \/>\n\n\n\n<h5 class=\"wp-block-heading\"><br><strong>Niedziela, 12 wrze\u015bnia 2021<\/strong><\/h5>\n\n\n\n<p><strong>LEMOTEKA<\/strong><\/p>\n\n\n\n<p><br>17:00 | Recepcja<\/p>\n\n\n\n<p>17:30 | POK\u00d3J, re\u017c. Krzysztof Jankowski (20 min.)<\/p>\n\n\n\n<p>17:50 | Recepcja<\/p>\n\n\n\n<p>18:00 | DORADCY KR\u00d3LA HYDROPSA, re\u017c. Natalia Bro\u017cy\u0144ska (20 min.)<\/p>\n\n\n\n<p>18:20 | Recepcja<\/p>\n\n\n\n<p>18:30 | PRZEK\u0141ADANIEC, re\u017c. Andrzej Wajda (35 min.)<\/p>\n\n\n\n<p>19:10 | Zako\u0144czenie festiwalu<\/p>\n\n\n\n<div style=\"height:25px\" aria-hidden=\"true\" class=\"wp-block-spacer\"><\/div>\n\n\n\n<hr class=\"wp-block-separator\" \/>\n\n\n\n<p><strong>Wszystkie filmy pokazywane s\u0105 w kinie Zita, Birger Jarlsgatan 37, Sztokholm (salon 1).<\/strong><\/p>\n\n\n\n<p><strong>Wst\u0119p wolny!<\/strong><\/p>\n\n\n\n<p><br><strong>Zarezerwuj miejsce:<\/strong><\/p>\n\n\n\n<p>Je\u015bli kochasz polsk\u0105 kinematografi\u0119 tak jak my, nie zapomnij zarezerwowa\u0107 miejsc poprzez wys\u0142anie do nas swojego imienia i nazwiska oraz dnia, w kt\u00f3rym chcesz nas odwiedzi\u0107 (mo\u017cesz r\u00f3wnie\u017c zarezerwowa\u0107 miejsce na wszystkie trzy dni) na adres e-mail&nbsp;<a href=\"mailto:sztokholm@instytutpolski.pl\" target=\"_blank\" rel=\"noreferrer noopener\">sztokholm@instytutpolski.pl<\/a>&nbsp;do 9 wrze\u015bnia.<\/p>\n\n\n\n<p>(z powodu obecnych restrykcji dost\u0119pnych jest jedynie 50 miejsc na widowni)<\/p>\n\n\n\n<p>Pami\u0119taj! Rezerwacja obejmuje uczestnictwo w ca\u0142ym wbranym dniu festiwalu, a nie w poszczeg\u00f3lnych pokazach filmowych.<\/p>\n\n\n\n<p><\/p>\n\n\n\n<p><br><\/p>\n\n\n\n<p class=\"has-text-align-center\"> <strong><a href=\"https:\/\/instytutpolski.pl\/stockholm\/pl\/kinoteka-2021-2\/\" target=\"_blank\" rel=\"noreferrer noopener\">KINOTEKA STOCKHOLM<\/a><\/strong>\u00a0|\u00a0<strong><a rel=\"noreferrer noopener\" href=\"https:\/\/instytutpolski.pl\/stockholm\/pl\/kinoteka-2\/o-kinotece-2021\/\" target=\"_blank\">O KINOTECE<\/a><\/strong>\u00a0|\u00a0<strong><a href=\"https:\/\/instytutpolski.pl\/stockholm\/pl\/kinoteka-2\/program-2021\/\" target=\"_blank\" rel=\"noreferrer noopener\">PROGRAM<\/a><\/strong>\u00a0|\u00a0<strong><a rel=\"noreferrer noopener\" href=\"https:\/\/instytutpolski.pl\/stockholm\/pl\/kinoteka-2\/filmy-i-spotkania-2021\/\" target=\"_blank\">FILMY I SPOTKANIA<\/a><\/strong> <\/p>\n\n\n\n<p><\/p>\n\n\n\n<h6 class=\"has-text-align-center wp-block-heading\"><br><\/h6>\n\n\n\n<p><\/p>\n","protected":false},"excerpt":{"rendered":"<p>Podczas trzech dni festiwalu filmowego Kinoteka Stockholm b\u0119dzie mo\u017cna zobaczy\u0107 r\u00f3\u017cne polskie produkcje filmowe oraz wzia\u0107 udzia\u0142 w spotkaniach z go\u015b\u0107mi specjalnymi festiwalu. Pi\u0105tek, 10 wrze\u015bnia 2021 17:30 | Otwarcie festiwalu 17:45 | ZABIJ TO I WYJED\u0179 Z TEGO MIASTA, re\u017c. Mariusz Wilczy\u0144ski (88 min.) 19:15 | Rozmowa z re\u017cyserem Mariuszem Wilczy\u0144skim 20:30 | Retrospektywa [&hellip;]<\/p>\n","protected":false},"author":29,"featured_media":6227,"parent":3781,"menu_order":0,"comment_status":"closed","ping_status":"closed","template":"","meta":{"inline_featured_image":false,"_monsterinsights_skip_tracking":false,"_monsterinsights_sitenote_active":false,"_monsterinsights_sitenote_note":"","_monsterinsights_sitenote_category":0,"footnotes":""},"class_list":["post-6424","page","type-page","status-publish","has-post-thumbnail","hentry"],"yoast_head":"<!-- This site is optimized with the Yoast SEO plugin v24.6 - https:\/\/yoast.com\/wordpress\/plugins\/seo\/ -->\n<title>Program - Instytut Polski w Sztokholmie<\/title>\n<meta name=\"robots\" content=\"index, follow, max-snippet:-1, max-image-preview:large, max-video-preview:-1\" \/>\n<link rel=\"canonical\" href=\"https:\/\/instytutpolski.pl\/stockholm\/pl\/kinoteka-2\/program-2021\/\" \/>\n<meta property=\"og:locale\" content=\"pl_PL\" \/>\n<meta property=\"og:type\" content=\"article\" \/>\n<meta property=\"og:title\" content=\"Program - Instytut Polski w Sztokholmie\" \/>\n<meta property=\"og:description\" content=\"Podczas trzech dni festiwalu filmowego Kinoteka Stockholm b\u0119dzie mo\u017cna zobaczy\u0107 r\u00f3\u017cne polskie produkcje filmowe oraz wzia\u0107 udzia\u0142 w spotkaniach z go\u015b\u0107mi specjalnymi festiwalu. Pi\u0105tek, 10 wrze\u015bnia 2021 17:30 | Otwarcie festiwalu 17:45 | ZABIJ TO I WYJED\u0179 Z TEGO MIASTA, re\u017c. Mariusz Wilczy\u0144ski (88 min.) 19:15 | Rozmowa z re\u017cyserem Mariuszem Wilczy\u0144skim 20:30 | Retrospektywa [&hellip;]\" \/>\n<meta property=\"og:url\" content=\"https:\/\/instytutpolski.pl\/stockholm\/pl\/kinoteka-2\/program-2021\/\" \/>\n<meta property=\"og:site_name\" content=\"Instytut Polski w Sztokholmie\" \/>\n<meta property=\"article:modified_time\" content=\"2021-09-03T15:12:32+00:00\" \/>\n<meta property=\"og:image\" content=\"https:\/\/instytutpolski.pl\/stockholm\/wp-content\/uploads\/sites\/17\/2021\/09\/LEM-900x507pxNEW.jpg\" \/>\n\t<meta property=\"og:image:width\" content=\"900\" \/>\n\t<meta property=\"og:image:height\" content=\"507\" \/>\n\t<meta property=\"og:image:type\" content=\"image\/jpeg\" \/>\n<meta name=\"twitter:card\" content=\"summary_large_image\" \/>\n<meta name=\"twitter:label1\" content=\"Szacowany czas czytania\" \/>\n\t<meta name=\"twitter:data1\" content=\"1 minuta\" \/>\n<script type=\"application\/ld+json\" class=\"yoast-schema-graph\">{\"@context\":\"https:\/\/schema.org\",\"@graph\":[{\"@type\":\"WebPage\",\"@id\":\"https:\/\/instytutpolski.pl\/stockholm\/pl\/kinoteka-2\/program-2021\/\",\"url\":\"https:\/\/instytutpolski.pl\/stockholm\/pl\/kinoteka-2\/program-2021\/\",\"name\":\"Program - Instytut Polski w Sztokholmie\",\"isPartOf\":{\"@id\":\"https:\/\/instytutpolski.pl\/stockholm\/#website\"},\"primaryImageOfPage\":{\"@id\":\"https:\/\/instytutpolski.pl\/stockholm\/pl\/kinoteka-2\/program-2021\/#primaryimage\"},\"image\":{\"@id\":\"https:\/\/instytutpolski.pl\/stockholm\/pl\/kinoteka-2\/program-2021\/#primaryimage\"},\"thumbnailUrl\":\"https:\/\/instytutpolski.pl\/stockholm\/wp-content\/uploads\/sites\/17\/2021\/09\/LEM-900x507pxNEW.jpg\",\"datePublished\":\"2021-09-01T13:17:25+00:00\",\"dateModified\":\"2021-09-03T15:12:32+00:00\",\"breadcrumb\":{\"@id\":\"https:\/\/instytutpolski.pl\/stockholm\/pl\/kinoteka-2\/program-2021\/#breadcrumb\"},\"inLanguage\":\"pl-PL\",\"potentialAction\":[{\"@type\":\"ReadAction\",\"target\":[\"https:\/\/instytutpolski.pl\/stockholm\/pl\/kinoteka-2\/program-2021\/\"]}]},{\"@type\":\"ImageObject\",\"inLanguage\":\"pl-PL\",\"@id\":\"https:\/\/instytutpolski.pl\/stockholm\/pl\/kinoteka-2\/program-2021\/#primaryimage\",\"url\":\"https:\/\/instytutpolski.pl\/stockholm\/wp-content\/uploads\/sites\/17\/2021\/09\/LEM-900x507pxNEW.jpg\",\"contentUrl\":\"https:\/\/instytutpolski.pl\/stockholm\/wp-content\/uploads\/sites\/17\/2021\/09\/LEM-900x507pxNEW.jpg\",\"width\":900,\"height\":507},{\"@type\":\"BreadcrumbList\",\"@id\":\"https:\/\/instytutpolski.pl\/stockholm\/pl\/kinoteka-2\/program-2021\/#breadcrumb\",\"itemListElement\":[{\"@type\":\"ListItem\",\"position\":1,\"name\":\"Home\",\"item\":\"https:\/\/instytutpolski.pl\/stockholm\/\"},{\"@type\":\"ListItem\",\"position\":2,\"name\":\"KINOTEKA\",\"item\":\"https:\/\/instytutpolski.pl\/stockholm\/pl\/kinoteka-2\/\"},{\"@type\":\"ListItem\",\"position\":3,\"name\":\"Program\"}]},{\"@type\":\"WebSite\",\"@id\":\"https:\/\/instytutpolski.pl\/stockholm\/#website\",\"url\":\"https:\/\/instytutpolski.pl\/stockholm\/\",\"name\":\"Instytut Polski w Sztokholmie\",\"description\":\"Instytuty Polskie\",\"potentialAction\":[{\"@type\":\"SearchAction\",\"target\":{\"@type\":\"EntryPoint\",\"urlTemplate\":\"https:\/\/instytutpolski.pl\/stockholm\/?s={search_term_string}\"},\"query-input\":{\"@type\":\"PropertyValueSpecification\",\"valueRequired\":true,\"valueName\":\"search_term_string\"}}],\"inLanguage\":\"pl-PL\"}]}<\/script>\n<!-- \/ Yoast SEO plugin. -->","yoast_head_json":{"title":"Program - Instytut Polski w Sztokholmie","robots":{"index":"index","follow":"follow","max-snippet":"max-snippet:-1","max-image-preview":"max-image-preview:large","max-video-preview":"max-video-preview:-1"},"canonical":"https:\/\/instytutpolski.pl\/stockholm\/pl\/kinoteka-2\/program-2021\/","og_locale":"pl_PL","og_type":"article","og_title":"Program - Instytut Polski w Sztokholmie","og_description":"Podczas trzech dni festiwalu filmowego Kinoteka Stockholm b\u0119dzie mo\u017cna zobaczy\u0107 r\u00f3\u017cne polskie produkcje filmowe oraz wzia\u0107 udzia\u0142 w spotkaniach z go\u015b\u0107mi specjalnymi festiwalu. Pi\u0105tek, 10 wrze\u015bnia 2021 17:30 | Otwarcie festiwalu 17:45 | ZABIJ TO I WYJED\u0179 Z TEGO MIASTA, re\u017c. Mariusz Wilczy\u0144ski (88 min.) 19:15 | Rozmowa z re\u017cyserem Mariuszem Wilczy\u0144skim 20:30 | Retrospektywa [&hellip;]","og_url":"https:\/\/instytutpolski.pl\/stockholm\/pl\/kinoteka-2\/program-2021\/","og_site_name":"Instytut Polski w Sztokholmie","article_modified_time":"2021-09-03T15:12:32+00:00","og_image":[{"width":900,"height":507,"url":"https:\/\/instytutpolski.pl\/stockholm\/wp-content\/uploads\/sites\/17\/2021\/09\/LEM-900x507pxNEW.jpg","type":"image\/jpeg"}],"twitter_card":"summary_large_image","twitter_misc":{"Szacowany czas czytania":"1 minuta"},"schema":{"@context":"https:\/\/schema.org","@graph":[{"@type":"WebPage","@id":"https:\/\/instytutpolski.pl\/stockholm\/pl\/kinoteka-2\/program-2021\/","url":"https:\/\/instytutpolski.pl\/stockholm\/pl\/kinoteka-2\/program-2021\/","name":"Program - Instytut Polski w Sztokholmie","isPartOf":{"@id":"https:\/\/instytutpolski.pl\/stockholm\/#website"},"primaryImageOfPage":{"@id":"https:\/\/instytutpolski.pl\/stockholm\/pl\/kinoteka-2\/program-2021\/#primaryimage"},"image":{"@id":"https:\/\/instytutpolski.pl\/stockholm\/pl\/kinoteka-2\/program-2021\/#primaryimage"},"thumbnailUrl":"https:\/\/instytutpolski.pl\/stockholm\/wp-content\/uploads\/sites\/17\/2021\/09\/LEM-900x507pxNEW.jpg","datePublished":"2021-09-01T13:17:25+00:00","dateModified":"2021-09-03T15:12:32+00:00","breadcrumb":{"@id":"https:\/\/instytutpolski.pl\/stockholm\/pl\/kinoteka-2\/program-2021\/#breadcrumb"},"inLanguage":"pl-PL","potentialAction":[{"@type":"ReadAction","target":["https:\/\/instytutpolski.pl\/stockholm\/pl\/kinoteka-2\/program-2021\/"]}]},{"@type":"ImageObject","inLanguage":"pl-PL","@id":"https:\/\/instytutpolski.pl\/stockholm\/pl\/kinoteka-2\/program-2021\/#primaryimage","url":"https:\/\/instytutpolski.pl\/stockholm\/wp-content\/uploads\/sites\/17\/2021\/09\/LEM-900x507pxNEW.jpg","contentUrl":"https:\/\/instytutpolski.pl\/stockholm\/wp-content\/uploads\/sites\/17\/2021\/09\/LEM-900x507pxNEW.jpg","width":900,"height":507},{"@type":"BreadcrumbList","@id":"https:\/\/instytutpolski.pl\/stockholm\/pl\/kinoteka-2\/program-2021\/#breadcrumb","itemListElement":[{"@type":"ListItem","position":1,"name":"Home","item":"https:\/\/instytutpolski.pl\/stockholm\/"},{"@type":"ListItem","position":2,"name":"KINOTEKA","item":"https:\/\/instytutpolski.pl\/stockholm\/pl\/kinoteka-2\/"},{"@type":"ListItem","position":3,"name":"Program"}]},{"@type":"WebSite","@id":"https:\/\/instytutpolski.pl\/stockholm\/#website","url":"https:\/\/instytutpolski.pl\/stockholm\/","name":"Instytut Polski w Sztokholmie","description":"Instytuty Polskie","potentialAction":[{"@type":"SearchAction","target":{"@type":"EntryPoint","urlTemplate":"https:\/\/instytutpolski.pl\/stockholm\/?s={search_term_string}"},"query-input":{"@type":"PropertyValueSpecification","valueRequired":true,"valueName":"search_term_string"}}],"inLanguage":"pl-PL"}]}},"_links":{"self":[{"href":"https:\/\/instytutpolski.pl\/stockholm\/wp-json\/wp\/v2\/pages\/6424","targetHints":{"allow":["GET"]}}],"collection":[{"href":"https:\/\/instytutpolski.pl\/stockholm\/wp-json\/wp\/v2\/pages"}],"about":[{"href":"https:\/\/instytutpolski.pl\/stockholm\/wp-json\/wp\/v2\/types\/page"}],"author":[{"embeddable":true,"href":"https:\/\/instytutpolski.pl\/stockholm\/wp-json\/wp\/v2\/users\/29"}],"replies":[{"embeddable":true,"href":"https:\/\/instytutpolski.pl\/stockholm\/wp-json\/wp\/v2\/comments?post=6424"}],"version-history":[{"count":6,"href":"https:\/\/instytutpolski.pl\/stockholm\/wp-json\/wp\/v2\/pages\/6424\/revisions"}],"predecessor-version":[{"id":6445,"href":"https:\/\/instytutpolski.pl\/stockholm\/wp-json\/wp\/v2\/pages\/6424\/revisions\/6445"}],"up":[{"embeddable":true,"href":"https:\/\/instytutpolski.pl\/stockholm\/wp-json\/wp\/v2\/pages\/3781"}],"wp:featuredmedia":[{"embeddable":true,"href":"https:\/\/instytutpolski.pl\/stockholm\/wp-json\/wp\/v2\/media\/6227"}],"wp:attachment":[{"href":"https:\/\/instytutpolski.pl\/stockholm\/wp-json\/wp\/v2\/media?parent=6424"}],"curies":[{"name":"wp","href":"https:\/\/api.w.org\/{rel}","templated":true}]}}