{"version":"1.0","provider_name":"Instytut Polski w Wiedniu","provider_url":"https:\/\/instytutpolski.pl\/wien","author_name":"sienkiewiczj","author_url":"https:\/\/instytutpolski.pl\/wien\/author\/sienkiewiczj\/","title":"Feierliches Einl\u00e4uten des Jahres \u201eNiepodleg\u0142a 2018\u201c - Instytut Polski w Wiedniu","type":"rich","width":600,"height":338,"html":"<blockquote class=\"wp-embedded-content\" data-secret=\"7B2K5hWTPy\"><a href=\"https:\/\/instytutpolski.pl\/wien\/2018\/01\/16\/feierliches-einlauten-des-jahres-niepodlegla-2018-2\/\">Feierliches Einl\u00e4uten des Jahres \u201eNiepodleg\u0142a 2018\u201c<\/a><\/blockquote><iframe sandbox=\"allow-scripts\" security=\"restricted\" src=\"https:\/\/instytutpolski.pl\/wien\/2018\/01\/16\/feierliches-einlauten-des-jahres-niepodlegla-2018-2\/embed\/#?secret=7B2K5hWTPy\" width=\"600\" height=\"338\" title=\"&#8222;Feierliches Einl\u00e4uten des Jahres \u201eNiepodleg\u0142a 2018\u201c&#8221; &#8212; Instytut Polski w Wiedniu\" data-secret=\"7B2K5hWTPy\" frameborder=\"0\" marginwidth=\"0\" marginheight=\"0\" scrolling=\"no\" class=\"wp-embedded-content\"><\/iframe><script type=\"text\/javascript\">\n\/* <![CDATA[ *\/\n\/*! This file is auto-generated *\/\n!function(d,l){\"use strict\";l.querySelector&&d.addEventListener&&\"undefined\"!=typeof URL&&(d.wp=d.wp||{},d.wp.receiveEmbedMessage||(d.wp.receiveEmbedMessage=function(e){var t=e.data;if((t||t.secret||t.message||t.value)&&!\/[^a-zA-Z0-9]\/.test(t.secret)){for(var s,r,n,a=l.querySelectorAll('iframe[data-secret=\"'+t.secret+'\"]'),o=l.querySelectorAll('blockquote[data-secret=\"'+t.secret+'\"]'),c=new RegExp(\"^https?:$\",\"i\"),i=0;i<o.length;i++)o[i].style.display=\"none\";for(i=0;i<a.length;i++)s=a[i],e.source===s.contentWindow&&(s.removeAttribute(\"style\"),\"height\"===t.message?(1e3<(r=parseInt(t.value,10))?r=1e3:~~r<200&&(r=200),s.height=r):\"link\"===t.message&&(r=new URL(s.getAttribute(\"src\")),n=new URL(t.value),c.test(n.protocol))&&n.host===r.host&&l.activeElement===s&&(d.top.location.href=t.value))}},d.addEventListener(\"message\",d.wp.receiveEmbedMessage,!1),l.addEventListener(\"DOMContentLoaded\",function(){for(var e,t,s=l.querySelectorAll(\"iframe.wp-embedded-content\"),r=0;r<s.length;r++)(t=(e=s[r]).getAttribute(\"data-secret\"))||(t=Math.random().toString(36).substring(2,12),e.src+=\"#?secret=\"+t,e.setAttribute(\"data-secret\",t)),e.contentWindow.postMessage({message:\"ready\",secret:t},\"*\")},!1)))}(window,document);\n\/* ]]> *\/\n<\/script>\n","description":"18.01.2018, 19:00 Schottenstift, Wien Wir er\u00f6ffnen heute das gro\u00dfe Fest der Freiheit. Das 100. Jubil\u00e4um der Wiedererlangung der Unabh\u00e4ngigkeit durch Polen wird einerseits eine Gelegenheit sein, \u00fcber die Vergangenheit nachzudenken, andererseits m\u00f6chte ich, dass es zu einem wesentlichen Wendepunkt wird. Ein wichtiger Moment f\u00fcr unsere Zukunft und unseren Weg in eine neue Zeit, sagte Dr. [&hellip;]","thumbnail_url":"http:\/\/www.polnisches-institut.at\/99,99,0,de?bn=PAN_DE_jpg483650290222&amp;ex=jpg&amp;t=image&amp;mt=image%2Fjpeg&amp;width=160&amp;height=120"}