{"version":"1.0","provider_name":"Instytut Polski w Wiedniu","provider_url":"https:\/\/instytutpolski.pl\/wien","author_name":"sienkiewiczj","author_url":"https:\/\/instytutpolski.pl\/wien\/author\/sienkiewiczj\/","title":"\u201eDie Zeitfaktur\u201c. Fotoausstellung von Leszek M\u0105dzik - Instytut Polski w Wiedniu","type":"rich","width":600,"height":338,"html":"<blockquote class=\"wp-embedded-content\" data-secret=\"brijSJOdk8\"><a href=\"https:\/\/instytutpolski.pl\/wien\/2018\/02\/12\/die-zeitfaktur-fotoausstellung-von-leszek-madzik\/\">\u201eDie Zeitfaktur\u201c. Fotoausstellung von Leszek M\u0105dzik<\/a><\/blockquote><iframe sandbox=\"allow-scripts\" security=\"restricted\" src=\"https:\/\/instytutpolski.pl\/wien\/2018\/02\/12\/die-zeitfaktur-fotoausstellung-von-leszek-madzik\/embed\/#?secret=brijSJOdk8\" width=\"600\" height=\"338\" title=\"&#8222;\u201eDie Zeitfaktur\u201c. Fotoausstellung von Leszek M\u0105dzik&#8221; &#8212; Instytut Polski w Wiedniu\" data-secret=\"brijSJOdk8\" frameborder=\"0\" marginwidth=\"0\" marginheight=\"0\" scrolling=\"no\" class=\"wp-embedded-content\"><\/iframe><script type=\"text\/javascript\">\n\/* <![CDATA[ *\/\n\/*! This file is auto-generated *\/\n!function(d,l){\"use strict\";l.querySelector&&d.addEventListener&&\"undefined\"!=typeof URL&&(d.wp=d.wp||{},d.wp.receiveEmbedMessage||(d.wp.receiveEmbedMessage=function(e){var t=e.data;if((t||t.secret||t.message||t.value)&&!\/[^a-zA-Z0-9]\/.test(t.secret)){for(var s,r,n,a=l.querySelectorAll('iframe[data-secret=\"'+t.secret+'\"]'),o=l.querySelectorAll('blockquote[data-secret=\"'+t.secret+'\"]'),c=new RegExp(\"^https?:$\",\"i\"),i=0;i<o.length;i++)o[i].style.display=\"none\";for(i=0;i<a.length;i++)s=a[i],e.source===s.contentWindow&&(s.removeAttribute(\"style\"),\"height\"===t.message?(1e3<(r=parseInt(t.value,10))?r=1e3:~~r<200&&(r=200),s.height=r):\"link\"===t.message&&(r=new URL(s.getAttribute(\"src\")),n=new URL(t.value),c.test(n.protocol))&&n.host===r.host&&l.activeElement===s&&(d.top.location.href=t.value))}},d.addEventListener(\"message\",d.wp.receiveEmbedMessage,!1),l.addEventListener(\"DOMContentLoaded\",function(){for(var e,t,s=l.querySelectorAll(\"iframe.wp-embedded-content\"),r=0;r<s.length;r++)(t=(e=s[r]).getAttribute(\"data-secret\"))||(t=Math.random().toString(36).substring(2,12),e.src+=\"#?secret=\"+t,e.setAttribute(\"data-secret\",t)),e.contentWindow.postMessage({message:\"ready\",secret:t},\"*\")},!1)))}(window,document);\n\/* ]]> *\/\n<\/script>\n","description":"13.02.2018, 18:30 &#8211; 29.03.2018 p_art. Galerie des Polnischen Instituts Wien B\u00fchnenbildner, Regisseur, Maler und Fotograf\u00a0Leszek M\u0105dzik, geboren 1945 in Bartoszowiny in der N\u00e4he von Kielce im S\u00fcdosten Polens, pr\u00e4gte das Theater in Polen nachhaltig. Er studierte Kunstgeschichte an der Katholischen Universit\u00e4t in Lublin (KUL) und Regie an der Filiale der Warschauer Theaterakademie in Bia\u0142ystok. 1969 [&hellip;]","thumbnail_url":"http:\/\/www.polnisches-institut.at\/99,99,0,de?bn=WGKK_logo_jpg970776601284&amp;ex=jpg&amp;t=image&amp;mt=image%2Fjpeg&amp;width=160&amp;height=120"}