{"version":"1.0","provider_name":"Instytut Polski w Wiedniu","provider_url":"https:\/\/instytutpolski.pl\/wien","author_name":"sienkiewiczj","author_url":"https:\/\/instytutpolski.pl\/wien\/author\/sienkiewiczj\/","title":"Musica Sacra: Konzert der Kapela \u015awi\u0119tog\u00f3rska - Instytut Polski w Wiedniu","type":"rich","width":600,"height":338,"html":"<blockquote class=\"wp-embedded-content\" data-secret=\"axHBMebpaH\"><a href=\"https:\/\/instytutpolski.pl\/wien\/2018\/03\/20\/musica-sacra-konzert-der-kapela-swietogorska\/\">Musica Sacra: Konzert der Kapela \u015awi\u0119tog\u00f3rska<\/a><\/blockquote><iframe sandbox=\"allow-scripts\" security=\"restricted\" src=\"https:\/\/instytutpolski.pl\/wien\/2018\/03\/20\/musica-sacra-konzert-der-kapela-swietogorska\/embed\/#?secret=axHBMebpaH\" width=\"600\" height=\"338\" title=\"&#8222;Musica Sacra: Konzert der Kapela \u015awi\u0119tog\u00f3rska&#8221; &#8212; Instytut Polski w Wiedniu\" data-secret=\"axHBMebpaH\" frameborder=\"0\" marginwidth=\"0\" marginheight=\"0\" scrolling=\"no\" class=\"wp-embedded-content\"><\/iframe><script type=\"text\/javascript\">\n\/* <![CDATA[ *\/\n\/*! This file is auto-generated *\/\n!function(d,l){\"use strict\";l.querySelector&&d.addEventListener&&\"undefined\"!=typeof URL&&(d.wp=d.wp||{},d.wp.receiveEmbedMessage||(d.wp.receiveEmbedMessage=function(e){var t=e.data;if((t||t.secret||t.message||t.value)&&!\/[^a-zA-Z0-9]\/.test(t.secret)){for(var s,r,n,a=l.querySelectorAll('iframe[data-secret=\"'+t.secret+'\"]'),o=l.querySelectorAll('blockquote[data-secret=\"'+t.secret+'\"]'),c=new RegExp(\"^https?:$\",\"i\"),i=0;i<o.length;i++)o[i].style.display=\"none\";for(i=0;i<a.length;i++)s=a[i],e.source===s.contentWindow&&(s.removeAttribute(\"style\"),\"height\"===t.message?(1e3<(r=parseInt(t.value,10))?r=1e3:~~r<200&&(r=200),s.height=r):\"link\"===t.message&&(r=new URL(s.getAttribute(\"src\")),n=new URL(t.value),c.test(n.protocol))&&n.host===r.host&&l.activeElement===s&&(d.top.location.href=t.value))}},d.addEventListener(\"message\",d.wp.receiveEmbedMessage,!1),l.addEventListener(\"DOMContentLoaded\",function(){for(var e,t,s=l.querySelectorAll(\"iframe.wp-embedded-content\"),r=0;r<s.length;r++)(t=(e=s[r]).getAttribute(\"data-secret\"))||(t=Math.random().toString(36).substring(2,12),e.src+=\"#?secret=\"+t,e.setAttribute(\"data-secret\",t)),e.contentWindow.postMessage({message:\"ready\",secret:t},\"*\")},!1)))}(window,document);\n\/* ]]> *\/\n<\/script>\n","description":"21.03.2018, 20:00 Peterskirche, Wien Die bei der Kongregation des Oratoriums des Hl. Filippo Neri auf dem Heiligen Berg in Gosty\u0144 t\u00e4tige Musikkapelle\u00a0und die Solisten\u00a0Marzena Micha\u0142owska\u00a0(Sopran) sowie\u00a0S\u0142awomir Bronk\u00a0(Countertenor) pr\u00e4sentieren passend zur Passionszeit sakrale Musik. Das Programm umfasst die Werke \u201eDie sieben letzten Worte unseres Erl\u00f6sers am Kreuze\u201c, daraus L&#8217;Introduzione und lt terremoto, von Joseph Haydn, \u201eStabat [&hellip;]","thumbnail_url":"http:\/\/www.polnisches-institut.at\/99,99,0,de?bn=SMMS_Zeidlera1_jpg491106&amp;ex=jpg&amp;t=image&amp;mt=image%2Fjpeg&amp;width=160&amp;height=120"}