{"version":"1.0","provider_name":"Instytut Polski w Wiedniu","provider_url":"https:\/\/instytutpolski.pl\/wien","author_name":"sienkiewiczj","author_url":"https:\/\/instytutpolski.pl\/wien\/author\/sienkiewiczj\/","title":"Uni International. Auslandsmesse der Universit\u00e4t Wien - Instytut Polski w Wiedniu","type":"rich","width":600,"height":338,"html":"<blockquote class=\"wp-embedded-content\" data-secret=\"bp7HOy3rGt\"><a href=\"https:\/\/instytutpolski.pl\/wien\/2018\/05\/14\/uni-international-auslandsmesse-der-universitat-wien\/\">Uni International. Auslandsmesse der Universit\u00e4t Wien<\/a><\/blockquote><iframe sandbox=\"allow-scripts\" security=\"restricted\" src=\"https:\/\/instytutpolski.pl\/wien\/2018\/05\/14\/uni-international-auslandsmesse-der-universitat-wien\/embed\/#?secret=bp7HOy3rGt\" width=\"600\" height=\"338\" title=\"&#8222;Uni International. Auslandsmesse der Universit\u00e4t Wien&#8221; &#8212; Instytut Polski w Wiedniu\" data-secret=\"bp7HOy3rGt\" frameborder=\"0\" marginwidth=\"0\" marginheight=\"0\" scrolling=\"no\" class=\"wp-embedded-content\"><\/iframe><script type=\"text\/javascript\">\n\/* <![CDATA[ *\/\n\/*! This file is auto-generated *\/\n!function(d,l){\"use strict\";l.querySelector&&d.addEventListener&&\"undefined\"!=typeof URL&&(d.wp=d.wp||{},d.wp.receiveEmbedMessage||(d.wp.receiveEmbedMessage=function(e){var t=e.data;if((t||t.secret||t.message||t.value)&&!\/[^a-zA-Z0-9]\/.test(t.secret)){for(var s,r,n,a=l.querySelectorAll('iframe[data-secret=\"'+t.secret+'\"]'),o=l.querySelectorAll('blockquote[data-secret=\"'+t.secret+'\"]'),c=new RegExp(\"^https?:$\",\"i\"),i=0;i<o.length;i++)o[i].style.display=\"none\";for(i=0;i<a.length;i++)s=a[i],e.source===s.contentWindow&&(s.removeAttribute(\"style\"),\"height\"===t.message?(1e3<(r=parseInt(t.value,10))?r=1e3:~~r<200&&(r=200),s.height=r):\"link\"===t.message&&(r=new URL(s.getAttribute(\"src\")),n=new URL(t.value),c.test(n.protocol))&&n.host===r.host&&l.activeElement===s&&(d.top.location.href=t.value))}},d.addEventListener(\"message\",d.wp.receiveEmbedMessage,!1),l.addEventListener(\"DOMContentLoaded\",function(){for(var e,t,s=l.querySelectorAll(\"iframe.wp-embedded-content\"),r=0;r<s.length;r++)(t=(e=s[r]).getAttribute(\"data-secret\"))||(t=Math.random().toString(36).substring(2,12),e.src+=\"#?secret=\"+t,e.setAttribute(\"data-secret\",t)),e.contentWindow.postMessage({message:\"ready\",secret:t},\"*\")},!1)))}(window,document);\n\/* ]]> *\/\n<\/script>\n","description":"15.05.2018, 11:00 &#8211; 15.05.2018, 16:00 H\u00f6rsaalzentrum am Campus der Universit\u00e4t Wien Schon einmal \u00fcber eine Ausbildung im Ausland nachgedacht? Warum nicht in Polen? Auf der allj\u00e4hrlichen Auslandsmesse der Universit\u00e4t Wien wird vom Polnischen Institut ein Stand betreut, an dem sich Studierende und auch andere Interessierte \u00fcber Aus- und Weiterbildungsm\u00f6glichkeiten in Polen informieren k\u00f6nnen. Schlie\u00dflich stellt [&hellip;]","thumbnail_url":"http:\/\/www.polnisches-institut.at\/99,99,0,de?bn=Uni_Wien_Logo_2016_jpg886562654229&amp;ex=jpg&amp;t=image&amp;mt=image%2Fjpeg&amp;width=160&amp;height=120"}