{"version":"1.0","provider_name":"Instytut Polski w Wiedniu","provider_url":"https:\/\/instytutpolski.pl\/wien","author_name":"sienkiewiczj","author_url":"https:\/\/instytutpolski.pl\/wien\/author\/sienkiewiczj\/","title":"\u201e100 f\u00fcr 100 \u2013 Musikalische Dekaden der Freiheit\u201c. Konzert - Instytut Polski w Wiedniu","type":"rich","width":600,"height":338,"html":"<blockquote class=\"wp-embedded-content\" data-secret=\"y2KdMoFrng\"><a href=\"https:\/\/instytutpolski.pl\/wien\/2018\/11\/06\/100-fur-100-musikalische-dekaden-der-freiheit-konzert\/\">\u201e100 f\u00fcr 100 \u2013 Musikalische Dekaden der Freiheit\u201c. Konzert<\/a><\/blockquote><iframe sandbox=\"allow-scripts\" security=\"restricted\" src=\"https:\/\/instytutpolski.pl\/wien\/2018\/11\/06\/100-fur-100-musikalische-dekaden-der-freiheit-konzert\/embed\/#?secret=y2KdMoFrng\" width=\"600\" height=\"338\" title=\"&#8222;\u201e100 f\u00fcr 100 \u2013 Musikalische Dekaden der Freiheit\u201c. Konzert&#8221; &#8212; Instytut Polski w Wiedniu\" data-secret=\"y2KdMoFrng\" frameborder=\"0\" marginwidth=\"0\" marginheight=\"0\" scrolling=\"no\" class=\"wp-embedded-content\"><\/iframe><script type=\"text\/javascript\">\n\/* <![CDATA[ *\/\n\/*! This file is auto-generated *\/\n!function(d,l){\"use strict\";l.querySelector&&d.addEventListener&&\"undefined\"!=typeof URL&&(d.wp=d.wp||{},d.wp.receiveEmbedMessage||(d.wp.receiveEmbedMessage=function(e){var t=e.data;if((t||t.secret||t.message||t.value)&&!\/[^a-zA-Z0-9]\/.test(t.secret)){for(var s,r,n,a=l.querySelectorAll('iframe[data-secret=\"'+t.secret+'\"]'),o=l.querySelectorAll('blockquote[data-secret=\"'+t.secret+'\"]'),c=new RegExp(\"^https?:$\",\"i\"),i=0;i<o.length;i++)o[i].style.display=\"none\";for(i=0;i<a.length;i++)s=a[i],e.source===s.contentWindow&&(s.removeAttribute(\"style\"),\"height\"===t.message?(1e3<(r=parseInt(t.value,10))?r=1e3:~~r<200&&(r=200),s.height=r):\"link\"===t.message&&(r=new URL(s.getAttribute(\"src\")),n=new URL(t.value),c.test(n.protocol))&&n.host===r.host&&l.activeElement===s&&(d.top.location.href=t.value))}},d.addEventListener(\"message\",d.wp.receiveEmbedMessage,!1),l.addEventListener(\"DOMContentLoaded\",function(){for(var e,t,s=l.querySelectorAll(\"iframe.wp-embedded-content\"),r=0;r<s.length;r++)(t=(e=s[r]).getAttribute(\"data-secret\"))||(t=Math.random().toString(36).substring(2,12),e.src+=\"#?secret=\"+t,e.setAttribute(\"data-secret\",t)),e.contentWindow.postMessage({message:\"ready\",secret:t},\"*\")},!1)))}(window,document);\n\/* ]]> *\/\n<\/script>\n","description":"11.11.2018, 17:00 Semperdepot, Wien \u00a0 Das\u00a0Klangforum Wien, ein 1985 gegr\u00fcndetes international t\u00e4tiges Ensemble f\u00fcr zeitgen\u00f6ssische Musik, erkundet in dem Konzert mit dem Titel\u00a0Haubenstock 99.2\u00a0seine Urspr\u00fcnge und widmet sich seinem Mitbegr\u00fcnder\u00a0Roman Haubenstock-Ramati. Neben Werken dieses polnisch israelischen Komponisten Neuer Musik wird auch Musik seines Lehrers\u00a0Artur Malawski\u00a0(Trio in Cis von 1954) zur Auff\u00fchrung gelangen. \u00a0 Das Konzert [&hellip;]","thumbnail_url":"http:\/\/www.polnisches-institut.at\/99,99,0,de?bn=Klangforum_Logo2_jpg699436&amp;ex=jpg&amp;t=image&amp;mt=image%2Fjpeg&amp;width=160&amp;height=120"}