{"version":"1.0","provider_name":"Instytut Polski w Wiedniu","provider_url":"https:\/\/instytutpolski.pl\/wien","author_name":"sienkiewiczj","author_url":"https:\/\/instytutpolski.pl\/wien\/author\/sienkiewiczj\/","title":"Frohe Ostern! - Instytut Polski w Wiedniu","type":"rich","width":600,"height":338,"html":"<blockquote class=\"wp-embedded-content\" data-secret=\"r7khAlcOsJ\"><a href=\"https:\/\/instytutpolski.pl\/wien\/2020\/04\/10\/frohe-ostern\/\">Frohe Ostern!<\/a><\/blockquote><iframe sandbox=\"allow-scripts\" security=\"restricted\" src=\"https:\/\/instytutpolski.pl\/wien\/2020\/04\/10\/frohe-ostern\/embed\/#?secret=r7khAlcOsJ\" width=\"600\" height=\"338\" title=\"&#8222;Frohe Ostern!&#8221; &#8212; Instytut Polski w Wiedniu\" data-secret=\"r7khAlcOsJ\" frameborder=\"0\" marginwidth=\"0\" marginheight=\"0\" scrolling=\"no\" class=\"wp-embedded-content\"><\/iframe><script type=\"text\/javascript\">\n\/* <![CDATA[ *\/\n\/*! This file is auto-generated *\/\n!function(d,l){\"use strict\";l.querySelector&&d.addEventListener&&\"undefined\"!=typeof URL&&(d.wp=d.wp||{},d.wp.receiveEmbedMessage||(d.wp.receiveEmbedMessage=function(e){var t=e.data;if((t||t.secret||t.message||t.value)&&!\/[^a-zA-Z0-9]\/.test(t.secret)){for(var s,r,n,a=l.querySelectorAll('iframe[data-secret=\"'+t.secret+'\"]'),o=l.querySelectorAll('blockquote[data-secret=\"'+t.secret+'\"]'),c=new RegExp(\"^https?:$\",\"i\"),i=0;i<o.length;i++)o[i].style.display=\"none\";for(i=0;i<a.length;i++)s=a[i],e.source===s.contentWindow&&(s.removeAttribute(\"style\"),\"height\"===t.message?(1e3<(r=parseInt(t.value,10))?r=1e3:~~r<200&&(r=200),s.height=r):\"link\"===t.message&&(r=new URL(s.getAttribute(\"src\")),n=new URL(t.value),c.test(n.protocol))&&n.host===r.host&&l.activeElement===s&&(d.top.location.href=t.value))}},d.addEventListener(\"message\",d.wp.receiveEmbedMessage,!1),l.addEventListener(\"DOMContentLoaded\",function(){for(var e,t,s=l.querySelectorAll(\"iframe.wp-embedded-content\"),r=0;r<s.length;r++)(t=(e=s[r]).getAttribute(\"data-secret\"))||(t=Math.random().toString(36).substring(2,12),e.src+=\"#?secret=\"+t,e.setAttribute(\"data-secret\",t)),e.contentWindow.postMessage({message:\"ready\",secret:t},\"*\")},!1)))}(window,document);\n\/* ]]> *\/\n<\/script>\n","description":"Der Direktor Rafa\u0142 Sobczak und das gesamte Team des Polnischen Instituts Wien w\u00fcnschen Ihnen f\u00fcr die Ged\u00e4chtnisfeier der Auferstehung Jesu Christi frohe, friedliche und hoffnugsvolle Ostertage! F\u00fcr diese Zeit haben wir f\u00fcr Sie eine besondere Begegnung mit der polnischen K\u00fcche und Traditionen f\u00fcr Sie vorbereitet. Ab Gr\u00fcndonnerstag beginnen wir unsere Social Media Kampagne #PolnischeOsternIn\u00d6sterreich\u00a0dank der [&hellip;]"}