{"version":"1.0","provider_name":"Instytut Polski w Wiedniu","provider_url":"https:\/\/instytutpolski.pl\/wien","author_name":"madanya","author_url":"https:\/\/instytutpolski.pl\/wien\/author\/madanya\/","title":"Ein Winter auf Mallorca\u00a0 - Instytut Polski w Wiedniu","type":"rich","width":600,"height":338,"html":"<blockquote class=\"wp-embedded-content\" data-secret=\"2j12R8G5o1\"><a href=\"https:\/\/instytutpolski.pl\/wien\/2022\/11\/30\/ein-winter-auf-mallorca\/\">Ein Winter auf Mallorca\u00a0<\/a><\/blockquote><iframe sandbox=\"allow-scripts\" security=\"restricted\" src=\"https:\/\/instytutpolski.pl\/wien\/2022\/11\/30\/ein-winter-auf-mallorca\/embed\/#?secret=2j12R8G5o1\" width=\"600\" height=\"338\" title=\"&#8222;Ein Winter auf Mallorca\u00a0&#8221; &#8212; Instytut Polski w Wiedniu\" data-secret=\"2j12R8G5o1\" frameborder=\"0\" marginwidth=\"0\" marginheight=\"0\" scrolling=\"no\" class=\"wp-embedded-content\"><\/iframe><script type=\"text\/javascript\">\n\/* <![CDATA[ *\/\n\/*! This file is auto-generated *\/\n!function(d,l){\"use strict\";l.querySelector&&d.addEventListener&&\"undefined\"!=typeof URL&&(d.wp=d.wp||{},d.wp.receiveEmbedMessage||(d.wp.receiveEmbedMessage=function(e){var t=e.data;if((t||t.secret||t.message||t.value)&&!\/[^a-zA-Z0-9]\/.test(t.secret)){for(var s,r,n,a=l.querySelectorAll('iframe[data-secret=\"'+t.secret+'\"]'),o=l.querySelectorAll('blockquote[data-secret=\"'+t.secret+'\"]'),c=new RegExp(\"^https?:$\",\"i\"),i=0;i<o.length;i++)o[i].style.display=\"none\";for(i=0;i<a.length;i++)s=a[i],e.source===s.contentWindow&&(s.removeAttribute(\"style\"),\"height\"===t.message?(1e3<(r=parseInt(t.value,10))?r=1e3:~~r<200&&(r=200),s.height=r):\"link\"===t.message&&(r=new URL(s.getAttribute(\"src\")),n=new URL(t.value),c.test(n.protocol))&&n.host===r.host&&l.activeElement===s&&(d.top.location.href=t.value))}},d.addEventListener(\"message\",d.wp.receiveEmbedMessage,!1),l.addEventListener(\"DOMContentLoaded\",function(){for(var e,t,s=l.querySelectorAll(\"iframe.wp-embedded-content\"),r=0;r<s.length;r++)(t=(e=s[r]).getAttribute(\"data-secret\"))||(t=Math.random().toString(36).substring(2,12),e.src+=\"#?secret=\"+t,e.setAttribute(\"data-secret\",t)),e.contentWindow.postMessage({message:\"ready\",secret:t},\"*\")},!1)))}(window,document);\n\/* ]]> *\/\n<\/script>\n","thumbnail_url":"https:\/\/instytutpolski.pl\/wien\/wp-content\/uploads\/sites\/2\/2022\/11\/WINTER-MALLORCA_.jpg","thumbnail_width":595,"thumbnail_height":842,"description":"Eine literarisch \u2013 musikalische Reise \u00a0mit ausgew\u00e4hlten Texten aus dem Buch \u201eEin Winter auf Mallorca\u201c von George Sand sowie Zitaten aus den Briefen und dem Tagebuch von Fr\u00e9d\u00e9ric Chopin. Weitere Texte angelehnt an Chopin-Biographien von Tadeusz A. Zielinski, J\u00fcrgen Lotz u.a., zusammengestellt und erg\u00e4nzt von Elzbieta Mazur. Der zarte, leidende Fr\u00e9d\u00e9ric Chopin und die m\u00e4nnlich-emanzipierte [&hellip;]"}